{"id":6933,"date":"2023-05-11T22:20:55","date_gmt":"2023-05-12T01:20:55","guid":{"rendered":"https:\/\/museu.io\/tema\/?post_type=tribe_events&#038;p=6933"},"modified":"2023-05-12T13:08:56","modified_gmt":"2023-05-12T16:08:56","slug":"modern-mondays","status":"publish","type":"tribe_events","link":"https:\/\/museu.io\/tema\/event\/modern-mondays\/","title":{"rendered":"Modern Mondays"},"content":{"rendered":"<div style=\"--mio-background-blend-mode: normal;--mio-background-attachment: fixed;--mio-hero-background-position--desktop: 50% 50%;--mio-hero-background-position: 50% 50%;--mio-hero-background-image: url(https:\/\/museu.io\/tema\/wp-content\/uploads\/2023\/05\/evento-modern-mondays-02.jpg);--mio-hero-min-height--desktop: 320px;--mio-hero-min-height: 240px;--mio-image-overlay-bg-color: ;\" class=\"alignfull mio-hero-content-boxed has-mio-hero-min-height has-mio-hero-min-height--desktop has-mio-hero-background-image has-mio-hero-content-position-bottom-left wp-block-museuio-companion-hero\"><div class=\"mio-hero__positioner\" style=\"\"><div class=\"mio-hero__content\"><\/div><\/div><\/div>\n\n\n\n\n<div style=\"height:48px\" aria-hidden=\"true\" class=\"wp-block-spacer\"><\/div>\n\n\n\n<p class=\"has-mio-medium-bis-font-size\">Uma plataforma para artistas emergentes e figuras pioneiras que mudaram a maneira como pensamos sobre a imagem em movimento, esta s\u00e9rie apresenta novos projetos, revisita pr\u00e1ticas hist\u00f3ricas de cinema e v\u00eddeo e explora o envolvimento interdisciplinar com performance, som, tecnologia e arte baseada na Web.<\/p>\n\n\n\n<div class=\"wp-block-group alignwide has-background has-global-padding is-content-justification-center is-layout-constrained wp-block-group-is-layout-constrained\" style=\"background-color:#abb7c233;margin-top:var(--wp--preset--spacing--80);margin-bottom:var(--wp--preset--spacing--80);\"><div style=\"--mio-grid-column-gap: 16px;--mio-grid-row-gap: 24px;--mio-grid-columns: 2;\" class=\"mio-auto-grid-row-height alignwide wp-block-museuio-companion-grid\"><div class=\"mio-display-grid__content\">\n<div style=\"--mio-grid-rows--desktop: 4;--mio-grid-rows--mobile: 6;--mio-grid-cols--desktop: 4;--mio-grid-cols--mobile: 1;--mio-item-desktop-height: var(--mio-item-height, auto);--mio-item-desktop-width: var(--mio-item-width, auto);--mio-item-height: auto;--mio-item-width: auto;\" class=\"mio-custom-size align wp-block-museuio-companion-featured-item-custom\">\n\n<div class=\"wp-block-group has-global-padding is-layout-constrained wp-container-core-group-is-layout-0ca39a12 wp-block-group-is-layout-constrained\">\n<div class=\"wp-block-group is-vertical is-content-justification-center is-layout-flex wp-container-core-group-is-layout-ce155fab wp-block-group-is-layout-flex\">\n<h2 class=\"wp-block-heading has-text-align-center is-style-mio-remove-margin-block has-mio-subheader-2-font-size\"><i class=\"fas fa-calendar\"><\/i><\/h2>\n<\/div>\n\n\n\n<div class=\"wp-block-group has-global-padding is-layout-constrained wp-container-core-group-is-layout-d3393552 wp-block-group-is-layout-constrained\">\n<hr class=\"wp-block-separator has-text-color has-mio-black-color has-alpha-channel-opacity has-mio-black-background-color has-background is-style-default wp-container-content-c73ccdec\"\/>\n<\/div>\n\n\n\n<p class=\"has-text-align-center has-mio-regular-font-size\"><strong>01.07<\/strong>.<strong>2023<\/strong><\/p>\n<\/div>\n\n<\/div>\n\n<div style=\"--mio-grid-rows--desktop: 4;--mio-grid-rows--mobile: 6;--mio-grid-cols--desktop: 4;--mio-grid-cols--mobile: 1;--mio-item-desktop-height: var(--mio-item-height, auto);--mio-item-desktop-width: var(--mio-item-width, auto);--mio-item-height: auto;--mio-item-width: auto;\" class=\"mio-custom-size align wp-block-museuio-companion-featured-item-custom\">\n\n<div class=\"wp-block-group has-global-padding is-layout-constrained wp-container-core-group-is-layout-0ca39a12 wp-block-group-is-layout-constrained\">\n<div class=\"wp-block-group is-vertical is-content-justification-center is-layout-flex wp-container-core-group-is-layout-ce155fab wp-block-group-is-layout-flex\">\n<h2 class=\"wp-block-heading has-text-align-center is-style-mio-remove-margin-block has-mio-subheader-2-font-size\" id=\"block-b5d9828b-c92a-487c-bf8b-76402a6dcea6\"><i class=\"fas fa-clock\"><\/i><\/h2>\n<\/div>\n\n\n\n<div class=\"wp-block-group has-global-padding is-layout-constrained wp-container-core-group-is-layout-d3393552 wp-block-group-is-layout-constrained\">\n<hr class=\"wp-block-separator has-text-color has-mio-black-color has-alpha-channel-opacity has-mio-black-background-color has-background is-style-default wp-container-content-c73ccdec\"\/>\n<\/div>\n\n\n\n<p class=\"has-text-align-center has-mio-regular-font-size\"><strong>18h00 \u00e0s 21h30<\/strong><\/p>\n<\/div>\n\n<\/div>\n\n<div style=\"--mio-grid-rows--desktop: 4;--mio-grid-rows--mobile: 6;--mio-grid-cols--desktop: 4;--mio-grid-cols--mobile: 1;--mio-item-desktop-height: var(--mio-item-height, auto);--mio-item-desktop-width: var(--mio-item-width, auto);--mio-item-height: auto;--mio-item-width: auto;\" class=\"mio-custom-size align wp-block-museuio-companion-featured-item-custom\">\n\n<div class=\"wp-block-group has-global-padding is-layout-constrained wp-container-core-group-is-layout-0ca39a12 wp-block-group-is-layout-constrained\">\n<div class=\"wp-block-group is-vertical is-content-justification-center is-layout-flex wp-container-core-group-is-layout-ce155fab wp-block-group-is-layout-flex\">\n<h2 class=\"wp-block-heading has-text-align-center is-style-mio-remove-margin-block has-mio-subheader-2-font-size\" id=\"block-b5d9828b-c92a-487c-bf8b-76402a6dcea6\"><i class=\"fas fa-ticket\"><\/i><\/h2>\n<\/div>\n\n\n\n<div class=\"wp-block-group has-global-padding is-layout-constrained wp-container-core-group-is-layout-d3393552 wp-block-group-is-layout-constrained\">\n<hr class=\"wp-block-separator has-text-color has-mio-black-color has-alpha-channel-opacity has-mio-black-background-color has-background is-style-default wp-container-content-c73ccdec\"\/>\n<\/div>\n\n\n\n<p class=\"has-text-align-center has-mio-regular-font-size\"><strong>Gratu\u00edto<\/strong><\/p>\n<\/div>\n\n<\/div>\n<\/div><\/div><\/div>\n\n\n<div class=\"lightweight-accordion is-style-mio-margin-large\"><details><summary class=\"lightweight-accordion-title\"><span>Reservas<\/span><\/summary><div class=\"lightweight-accordion-body\">\n\n<p>Aenean leo ligula, porttitor eu, consequat vitae, eleifend ac, enim. Aliquam lorem ante, dapibus in, viverra quis, feugiat a, tellus. Phasellus viverra nulla ut metus varius laoreet. Quisque rutrum. Aenean imperdiet. Etiam ultricies nisi vel augue. Curabitur ullamcorper ultricies nisi.<\/p>\n\n<\/div><\/details><\/div>\n\n<div class=\"lightweight-accordion is-style-mio-margin-large\"><details><summary class=\"lightweight-accordion-title\"><span>Como chegar<\/span><\/summary><div class=\"lightweight-accordion-body\">\n\n<p>Aenean leo ligula, porttitor eu, consequat vitae, eleifend ac, enim. Aliquam lorem ante, dapibus in, viverra quis, feugiat a, tellus. Phasellus viverra nulla ut metus varius laoreet. Quisque rutrum. Aenean imperdiet. Etiam ultricies nisi vel augue. Curabitur ullamcorper ultricies nisi.<\/p>\n\n<\/div><\/details><\/div>\n\n\n<div style=\"height:24px\" aria-hidden=\"true\" class=\"wp-block-spacer\"><\/div>\n\n\n\n<p>Esta s\u00e9rie de exibi\u00e7\u00e3o de longa dura\u00e7\u00e3o &#8211; constru\u00edda sobre o legado dos programas Cineprobe (1968\u20132002) e Video Viewpoints (1978\u20132002) &#8211; \u00e9 um lar para a experimenta\u00e7\u00e3o e inova\u00e7\u00e3o de imagens em movimento no MoMA. Modern Mondays convida artistas que trabalham com cinema e v\u00eddeo a apresentarem seus trabalhos em um ambiente intimista, com cada noite apresentando uma oportunidade \u00fanica para o p\u00fablico dialogar com os artistas, juntamente com curadores e outros convidados. <\/p>\n\n\n\n<figure class=\"wp-block-image alignwide size-full\"><img loading=\"lazy\" decoding=\"async\" width=\"1569\" height=\"886\" src=\"https:\/\/museu.io\/tema\/wp-content\/uploads\/2023\/05\/evento-modern-mondays-01.jpg\" alt=\"\" class=\"wp-image-6945\" srcset=\"https:\/\/museu.io\/tema\/wp-content\/uploads\/2023\/05\/evento-modern-mondays-01.jpg 1569w, https:\/\/museu.io\/tema\/wp-content\/uploads\/2023\/05\/evento-modern-mondays-01-800x452.jpg 800w, https:\/\/museu.io\/tema\/wp-content\/uploads\/2023\/05\/evento-modern-mondays-01-768x434.jpg 768w, https:\/\/museu.io\/tema\/wp-content\/uploads\/2023\/05\/evento-modern-mondays-01-1536x867.jpg 1536w, https:\/\/museu.io\/tema\/wp-content\/uploads\/2023\/05\/evento-modern-mondays-01-205x116.jpg 205w, https:\/\/museu.io\/tema\/wp-content\/uploads\/2023\/05\/evento-modern-mondays-01-480x271.jpg 480w, https:\/\/museu.io\/tema\/wp-content\/uploads\/2023\/05\/evento-modern-mondays-01-1360x768.jpg 1360w\" sizes=\"auto, (max-width: 1569px) 100vw, 1569px\" \/><\/figure>\n\n\n\n<h2 class=\"wp-block-heading has-mio-subheader-1-font-size\">Temporada 2022-2023<\/h2>\n\n\n\n<p>A temporada 2022-2023 da s\u00e9rie Modern Mondays do Museu de Arte Moderna, que celebra a experimenta\u00e7\u00e3o e inova\u00e7\u00e3o de imagens em movimento, continua at\u00e9 maio de 2023. A programa\u00e7\u00e3o deste ano inclui apari\u00e7\u00f5es pessoais de artistas e cineastas de v\u00e1rias gera\u00e7\u00f5es e representando a amplitude de pr\u00e1ticas de imagem em movimento hoje.<\/p>\n\n\n\n<p>Esta s\u00e9rie de exibi\u00e7\u00e3o de longa dura\u00e7\u00e3o baseia-se no legado dos programas Cineprobe (1968\u20132002) e Video Viewpoints (1978\u20132002) do MoMA, convidando artistas que trabalham com filmes e v\u00eddeos para apresentar seu trabalho em um ambiente \u00edntimo, com cada noite apresentando uma apresenta\u00e7\u00e3o \u00fanica oportunidade do p\u00fablico dialogar com os artistas, curadores e outros convidados. Frequentemente estreando novos filmes para o p\u00fablico da cidade de Nova York ou desenvolvendo exposi\u00e7\u00f5es simult\u00e2neas no MoMA por meio de um di\u00e1logo profundo, Modern Mondays \u00e9 uma plataforma para artistas emergentes e figuras pioneiras na vanguarda da forma de arte cinematogr\u00e1fica.<\/p>\n\n\n\t<div  class=\"tribe-block tribe-block__events-link\" >\n\t\t<div class=\"tribe-events tribe-common\">\n\t\t\t<div class=\"tribe-events-c-subscribe-dropdown__container\">\n\t\t\t\t<div class=\"tribe-events-c-subscribe-dropdown\">\n\t\t\t\t\t<div class=\"tribe-common-c-btn-border tribe-events-c-subscribe-dropdown__button\">\n\t\t\t\t\t\t<svg\n\t class=\"tribe-common-c-svgicon tribe-common-c-svgicon--cal-export tribe-events-c-subscribe-dropdown__export-icon\" \taria-hidden=\"true\"\n\tviewBox=\"0 0 23 17\"\n\txmlns=\"http:\/\/www.w3.org\/2000\/svg\"\n>\n\t<path fill-rule=\"evenodd\" clip-rule=\"evenodd\" d=\"M.128.896V16.13c0 .211.145.383.323.383h15.354c.179 0 .323-.172.323-.383V.896c0-.212-.144-.383-.323-.383H.451C.273.513.128.684.128.896Zm16 6.742h-.901V4.679H1.009v10.729h14.218v-3.336h.901V7.638ZM1.01 1.614h14.218v2.058H1.009V1.614Z\" \/>\n\t<path d=\"M20.5 9.846H8.312M18.524 6.953l2.89 2.909-2.855 2.855\" stroke-width=\"1.2\" stroke-linecap=\"round\" stroke-linejoin=\"round\"\/>\n<\/svg>\n\t\t\t\t\t\t<button\n\t\t\t\t\t\t\tclass=\"tribe-events-c-subscribe-dropdown__button-text\"\n\t\t\t\t\t\t\taria-expanded=\"false\"\n\t\t\t\t\t\t\taria-controls=\"tribe-events-subscribe-dropdown-content\"\n\t\t\t\t\t\t\taria-label=\"View links to add events to your calendar\"\n\t\t\t\t\t\t>\n\t\t\t\t\t\t\tAdicionar ao calend\u00e1rio\t\t\t\t\t\t<\/button>\n\t\t\t\t\t\t<svg\n\t class=\"tribe-common-c-svgicon tribe-common-c-svgicon--caret-down tribe-events-c-subscribe-dropdown__button-icon\" \taria-hidden=\"true\"\n\tviewBox=\"0 0 10 7\"\n\txmlns=\"http:\/\/www.w3.org\/2000\/svg\"\n>\n\t<path fill-rule=\"evenodd\" clip-rule=\"evenodd\" d=\"M1.008.609L5 4.6 8.992.61l.958.958L5 6.517.05 1.566l.958-.958z\" class=\"tribe-common-c-svgicon__svg-fill\"\/>\n<\/svg>\n\t\t\t\t\t<\/div>\n\t\t\t\t\t<div id=\"tribe-events-subscribe-dropdown-content\" class=\"tribe-events-c-subscribe-dropdown__content\">\n\t\t\t\t\t\t<ul class=\"tribe-events-c-subscribe-dropdown__list\">\n\t\t\t\t\t\t\t\t\t\t\t\t\t\t\t<li class=\"tribe-events-c-subscribe-dropdown__list-item tribe-events-c-subscribe-dropdown__list-item--gcal\">\n\t\t\t\t\t\t\t\t\t<a\n\t\t\t\t\t\t\t\t\t\thref=\"https:\/\/www.google.com\/calendar\/event?action=TEMPLATE&#038;dates=20230701T180000\/20230701T213000&#038;text=Modern%20Mondays&#038;details=%3Cdiv+style%3D%22height%3A48px%22+aria-hidden%3D%22true%22+class%3D%22wp-block-spacer%22%3E%3C%2Fdiv%3E%3Cp+class%3D%22has-mio-medium-bis-font-size%22%3EUma+plataforma+para+artistas+emergentes+e+figuras+pioneiras+que+mudaram+a+maneira+como+pensamos+sobre+a+imagem+em+movimento%2C+esta+s%C3%A9rie+apresenta+novos+projetos%2C+revisita+pr%C3%A1ticas+hist%C3%B3ricas+de+cinema+e+v%C3%ADdeo+e+explora+o+envolvimento+interdisciplinar+com+performance%2C+som%2C+tecnologia+e+arte+baseada+na+Web.%3C%2Fp%3E+%3Cdiv+class%3D%22wp-block-group+alignwide+has-background%22+style%3D%22background-color%3A%23abb7c233%3Bmargin-top%3Avar%28--wp--preset--spacing--80%29%3Bmargin-bottom%3Avar%28--wp--preset--spacing--80%29%22%3E%3Cdiv+class%3D%22wp-block-group%22%3E%3Cdiv+class%3D%22wp-block-group%22%3E%3Ch2+class%3D%22wp-block-heading+has-text-align-center+is-style-mio-remove-margin-block+has-mio-subheader-2-font-size%22%3E%5Bicon+name%3D%22calendar%22+prefix%3D%22fas%22%5D%3C%2Fh2%3E%3C%2Fdiv%3E%3Cdiv+class%3D%22wp-block-group%22%3E%3Chr+class%3D%22wp-block-separator+has-text-color+has-mio-black-color+has-alpha-channel-opacity+has-mio-black-background-color+ha%3C%2Fdiv%3E%3C%2Fdiv%3E%3C%2Fdiv%3E+%28Veja+a+descri%C3%A7%C3%A3o+completa+de+evento+aqui%3A+https%3A%2F%2Fmuseu.io%2Ftema%2Fevent%2Fmodern-mondays%2F%29&#038;trp=false&#038;ctz=America\/Sao_Paulo&#038;sprop=website:https:\/\/museu.io\/tema\"\n\t\t\t\t\t\t\t\t\t\tclass=\"tribe-events-c-subscribe-dropdown__list-item-link\"\n\t\t\t\t\t\t\t\t\t\ttarget=\"_blank\"\n\t\t\t\t\t\t\t\t\t\trel=\"noopener noreferrer nofollow noindex\"\n\t\t\t\t\t\t\t\t\t>\n\t\t\t\t\t\t\t\t\t\tGoogle Agenda\t\t\t\t\t\t\t\t\t<\/a>\n\t\t\t\t\t\t\t\t<\/li>\n\t\t\t\t\t\t\t\t\t\t\t\t\t\t\t<li class=\"tribe-events-c-subscribe-dropdown__list-item tribe-events-c-subscribe-dropdown__list-item--ical\">\n\t\t\t\t\t\t\t\t\t<a\n\t\t\t\t\t\t\t\t\t\thref=\"\"\n\t\t\t\t\t\t\t\t\t\tclass=\"tribe-events-c-subscribe-dropdown__list-item-link\"\n\t\t\t\t\t\t\t\t\t\ttarget=\"_blank\"\n\t\t\t\t\t\t\t\t\t\trel=\"noopener noreferrer nofollow noindex\"\n\t\t\t\t\t\t\t\t\t>\n\t\t\t\t\t\t\t\t\t\tiCalendar\t\t\t\t\t\t\t\t\t<\/a>\n\t\t\t\t\t\t\t\t<\/li>\n\t\t\t\t\t\t\t\t\t\t\t\t\t\t\t<li class=\"tribe-events-c-subscribe-dropdown__list-item tribe-events-c-subscribe-dropdown__list-item--outlook-365\">\n\t\t\t\t\t\t\t\t\t<a\n\t\t\t\t\t\t\t\t\t\thref=\"\"\n\t\t\t\t\t\t\t\t\t\tclass=\"tribe-events-c-subscribe-dropdown__list-item-link\"\n\t\t\t\t\t\t\t\t\t\ttarget=\"_blank\"\n\t\t\t\t\t\t\t\t\t\trel=\"noopener noreferrer nofollow noindex\"\n\t\t\t\t\t\t\t\t\t>\n\t\t\t\t\t\t\t\t\t\tOutlook 365\t\t\t\t\t\t\t\t\t<\/a>\n\t\t\t\t\t\t\t\t<\/li>\n\t\t\t\t\t\t\t\t\t\t\t\t\t\t\t<li class=\"tribe-events-c-subscribe-dropdown__list-item tribe-events-c-subscribe-dropdown__list-item--outlook-live\">\n\t\t\t\t\t\t\t\t\t<a\n\t\t\t\t\t\t\t\t\t\thref=\"\"\n\t\t\t\t\t\t\t\t\t\tclass=\"tribe-events-c-subscribe-dropdown__list-item-link\"\n\t\t\t\t\t\t\t\t\t\ttarget=\"_blank\"\n\t\t\t\t\t\t\t\t\t\trel=\"noopener noreferrer nofollow noindex\"\n\t\t\t\t\t\t\t\t\t>\n\t\t\t\t\t\t\t\t\t\tOutlook Live\t\t\t\t\t\t\t\t\t<\/a>\n\t\t\t\t\t\t\t\t<\/li>\n\t\t\t\t\t\t\t\t\t\t\t\t\t<\/ul>\n\t\t\t\t\t<\/div>\n\t\t\t\t<\/div>\n\t\t\t<\/div>\n\t\t<\/div>\n\t<\/div>\n\n","protected":false},"excerpt":{"rendered":"<p>Uma plataforma para artistas emergentes e figuras pioneiras que mudaram a maneira como pensamos sobre a imagem em movimento, esta s\u00e9rie apresenta novos projetos, revisita pr\u00e1ticas hist\u00f3ricas de cinema e [&hellip;]<\/p>\n","protected":false},"author":3,"featured_media":6939,"template":"","meta":{"_acf_changed":false,"_EventAllDay":false,"_EventTimezone":"America\/Sao_Paulo","_EventStartDate":"2023-07-01 18:00:00","_EventEndDate":"2023-07-01 21:30:00","_EventStartDateUTC":"2023-07-01 21:00:00","_EventEndDateUTC":"2023-07-02 00:30:00","_EventShowMap":true,"_EventShowMapLink":true,"_EventURL":"","_EventCost":"","_EventCostDescription":"","_EventCurrencySymbol":"$","_EventCurrencyCode":"USD","_EventCurrencyPosition":"prefix","_EventDateTimeSeparator":" @ ","_EventTimeRangeSeparator":" - ","_EventOrganizerID":[],"_EventVenueID":[0],"_OrganizerEmail":"","_OrganizerPhone":"","_OrganizerWebsite":"","_VenueAddress":"","_VenueCity":"","_VenueCountry":"","_VenueProvince":"","_VenueState":"","_VenueZip":"","_VenuePhone":"","_VenueURL":"","_VenueStateProvince":"","_VenueLat":"","_VenueLng":"","_VenueShowMap":false,"_VenueShowMapLink":false,"_tribe_events_status":"","_tribe_events_status_reason":"","footnotes":""},"tags":[],"mio_featured_post_classifier":[],"tribe_events_cat":[],"mio_tags":[],"class_list":["post-6933","tribe_events","type-tribe_events","status-publish","has-post-thumbnail","hentry"],"acf":[],"yoast_head":"<!-- This site is optimized with the Yoast SEO plugin v27.5 - https:\/\/yoast.com\/product\/yoast-seo-wordpress\/ -->\n<title>Modern Mondays - Tema museu.io<\/title>\n<meta name=\"robots\" content=\"index, follow, max-snippet:-1, max-image-preview:large, max-video-preview:-1\" \/>\n<link rel=\"canonical\" href=\"https:\/\/museu.io\/tema\/event\/modern-mondays\/\" \/>\n<meta property=\"og:locale\" content=\"pt_BR\" \/>\n<meta property=\"og:type\" content=\"article\" \/>\n<meta property=\"og:title\" content=\"Modern Mondays - Tema museu.io\" \/>\n<meta property=\"og:description\" content=\"Uma plataforma para artistas emergentes e figuras pioneiras que mudaram a maneira como pensamos sobre a imagem em movimento, esta s\u00e9rie apresenta novos projetos, revisita pr\u00e1ticas hist\u00f3ricas de cinema e [&hellip;]\" \/>\n<meta property=\"og:url\" content=\"https:\/\/museu.io\/tema\/event\/modern-mondays\/\" \/>\n<meta property=\"og:site_name\" content=\"Tema museu.io\" \/>\n<meta property=\"article:modified_time\" content=\"2023-05-12T16:08:56+00:00\" \/>\n<meta property=\"og:image\" content=\"https:\/\/museu.io\/tema\/wp-content\/uploads\/2023\/05\/evento-modern-mondays-02.jpg\" \/>\n\t<meta property=\"og:image:width\" content=\"2000\" \/>\n\t<meta property=\"og:image:height\" content=\"667\" \/>\n\t<meta property=\"og:image:type\" content=\"image\/jpeg\" \/>\n<meta name=\"twitter:card\" content=\"summary_large_image\" \/>\n<meta name=\"twitter:label1\" content=\"Est. tempo de leitura\" \/>\n\t<meta name=\"twitter:data1\" content=\"3 minutos\" \/>\n<script type=\"application\/ld+json\" class=\"yoast-schema-graph\">{\"@context\":\"https:\\\/\\\/schema.org\",\"@graph\":[{\"@type\":\"WebPage\",\"@id\":\"https:\\\/\\\/museu.io\\\/tema\\\/event\\\/modern-mondays\\\/\",\"url\":\"https:\\\/\\\/museu.io\\\/tema\\\/event\\\/modern-mondays\\\/\",\"name\":\"Modern Mondays - Tema museu.io\",\"isPartOf\":{\"@id\":\"https:\\\/\\\/museu.io\\\/tema\\\/#website\"},\"primaryImageOfPage\":{\"@id\":\"https:\\\/\\\/museu.io\\\/tema\\\/event\\\/modern-mondays\\\/#primaryimage\"},\"image\":{\"@id\":\"https:\\\/\\\/museu.io\\\/tema\\\/event\\\/modern-mondays\\\/#primaryimage\"},\"thumbnailUrl\":\"https:\\\/\\\/museu.io\\\/tema\\\/wp-content\\\/uploads\\\/2023\\\/05\\\/evento-modern-mondays-02.jpg\",\"datePublished\":\"2023-05-12T01:20:55+00:00\",\"dateModified\":\"2023-05-12T16:08:56+00:00\",\"breadcrumb\":{\"@id\":\"https:\\\/\\\/museu.io\\\/tema\\\/event\\\/modern-mondays\\\/#breadcrumb\"},\"inLanguage\":\"pt-BR\",\"potentialAction\":[{\"@type\":\"ReadAction\",\"target\":[\"https:\\\/\\\/museu.io\\\/tema\\\/event\\\/modern-mondays\\\/\"]}]},{\"@type\":\"ImageObject\",\"inLanguage\":\"pt-BR\",\"@id\":\"https:\\\/\\\/museu.io\\\/tema\\\/event\\\/modern-mondays\\\/#primaryimage\",\"url\":\"https:\\\/\\\/museu.io\\\/tema\\\/wp-content\\\/uploads\\\/2023\\\/05\\\/evento-modern-mondays-02.jpg\",\"contentUrl\":\"https:\\\/\\\/museu.io\\\/tema\\\/wp-content\\\/uploads\\\/2023\\\/05\\\/evento-modern-mondays-02.jpg\",\"width\":2000,\"height\":667},{\"@type\":\"BreadcrumbList\",\"@id\":\"https:\\\/\\\/museu.io\\\/tema\\\/event\\\/modern-mondays\\\/#breadcrumb\",\"itemListElement\":[{\"@type\":\"ListItem\",\"position\":1,\"name\":\"In\u00edcio\",\"item\":\"https:\\\/\\\/museu.io\\\/tema\\\/\"},{\"@type\":\"ListItem\",\"position\":2,\"name\":\"Eventos\",\"item\":\"https:\\\/\\\/dev.museu.io\\\/tema\\\/events\\\/\"},{\"@type\":\"ListItem\",\"position\":3,\"name\":\"Modern Mondays\"}]},{\"@type\":\"WebSite\",\"@id\":\"https:\\\/\\\/museu.io\\\/tema\\\/#website\",\"url\":\"https:\\\/\\\/museu.io\\\/tema\\\/\",\"name\":\"Tema Museu.io\",\"description\":\"Site demonstra\u00e7\u00e3o do tema Museu.io\",\"publisher\":{\"@id\":\"https:\\\/\\\/museu.io\\\/tema\\\/#organization\"},\"potentialAction\":[{\"@type\":\"SearchAction\",\"target\":{\"@type\":\"EntryPoint\",\"urlTemplate\":\"https:\\\/\\\/museu.io\\\/tema\\\/?s={search_term_string}\"},\"query-input\":{\"@type\":\"PropertyValueSpecification\",\"valueRequired\":true,\"valueName\":\"search_term_string\"}}],\"inLanguage\":\"pt-BR\"},{\"@type\":\"Organization\",\"@id\":\"https:\\\/\\\/museu.io\\\/tema\\\/#organization\",\"name\":\"Museu.io\",\"url\":\"https:\\\/\\\/museu.io\\\/tema\\\/\",\"logo\":{\"@type\":\"ImageObject\",\"inLanguage\":\"pt-BR\",\"@id\":\"https:\\\/\\\/museu.io\\\/tema\\\/#\\\/schema\\\/logo\\\/image\\\/\",\"url\":\"https:\\\/\\\/museu.io\\\/tema\\\/wp-content\\\/uploads\\\/2023\\\/02\\\/Artboard-1.png\",\"contentUrl\":\"https:\\\/\\\/museu.io\\\/tema\\\/wp-content\\\/uploads\\\/2023\\\/02\\\/Artboard-1.png\",\"width\":339,\"height\":305,\"caption\":\"Museu.io\"},\"image\":{\"@id\":\"https:\\\/\\\/museu.io\\\/tema\\\/#\\\/schema\\\/logo\\\/image\\\/\"}}]}<\/script>\n<!-- \/ Yoast SEO plugin. -->","yoast_head_json":{"title":"Modern Mondays - Tema museu.io","robots":{"index":"index","follow":"follow","max-snippet":"max-snippet:-1","max-image-preview":"max-image-preview:large","max-video-preview":"max-video-preview:-1"},"canonical":"https:\/\/museu.io\/tema\/event\/modern-mondays\/","og_locale":"pt_BR","og_type":"article","og_title":"Modern Mondays - Tema museu.io","og_description":"Uma plataforma para artistas emergentes e figuras pioneiras que mudaram a maneira como pensamos sobre a imagem em movimento, esta s\u00e9rie apresenta novos projetos, revisita pr\u00e1ticas hist\u00f3ricas de cinema e [&hellip;]","og_url":"https:\/\/museu.io\/tema\/event\/modern-mondays\/","og_site_name":"Tema museu.io","article_modified_time":"2023-05-12T16:08:56+00:00","og_image":[{"width":2000,"height":667,"url":"https:\/\/museu.io\/tema\/wp-content\/uploads\/2023\/05\/evento-modern-mondays-02.jpg","type":"image\/jpeg"}],"twitter_card":"summary_large_image","twitter_misc":{"Est. tempo de leitura":"3 minutos"},"schema":{"@context":"https:\/\/schema.org","@graph":[{"@type":"WebPage","@id":"https:\/\/museu.io\/tema\/event\/modern-mondays\/","url":"https:\/\/museu.io\/tema\/event\/modern-mondays\/","name":"Modern Mondays - Tema museu.io","isPartOf":{"@id":"https:\/\/museu.io\/tema\/#website"},"primaryImageOfPage":{"@id":"https:\/\/museu.io\/tema\/event\/modern-mondays\/#primaryimage"},"image":{"@id":"https:\/\/museu.io\/tema\/event\/modern-mondays\/#primaryimage"},"thumbnailUrl":"https:\/\/museu.io\/tema\/wp-content\/uploads\/2023\/05\/evento-modern-mondays-02.jpg","datePublished":"2023-05-12T01:20:55+00:00","dateModified":"2023-05-12T16:08:56+00:00","breadcrumb":{"@id":"https:\/\/museu.io\/tema\/event\/modern-mondays\/#breadcrumb"},"inLanguage":"pt-BR","potentialAction":[{"@type":"ReadAction","target":["https:\/\/museu.io\/tema\/event\/modern-mondays\/"]}]},{"@type":"ImageObject","inLanguage":"pt-BR","@id":"https:\/\/museu.io\/tema\/event\/modern-mondays\/#primaryimage","url":"https:\/\/museu.io\/tema\/wp-content\/uploads\/2023\/05\/evento-modern-mondays-02.jpg","contentUrl":"https:\/\/museu.io\/tema\/wp-content\/uploads\/2023\/05\/evento-modern-mondays-02.jpg","width":2000,"height":667},{"@type":"BreadcrumbList","@id":"https:\/\/museu.io\/tema\/event\/modern-mondays\/#breadcrumb","itemListElement":[{"@type":"ListItem","position":1,"name":"In\u00edcio","item":"https:\/\/museu.io\/tema\/"},{"@type":"ListItem","position":2,"name":"Eventos","item":"https:\/\/dev.museu.io\/tema\/events\/"},{"@type":"ListItem","position":3,"name":"Modern Mondays"}]},{"@type":"WebSite","@id":"https:\/\/museu.io\/tema\/#website","url":"https:\/\/museu.io\/tema\/","name":"Tema Museu.io","description":"Site demonstra\u00e7\u00e3o do tema Museu.io","publisher":{"@id":"https:\/\/museu.io\/tema\/#organization"},"potentialAction":[{"@type":"SearchAction","target":{"@type":"EntryPoint","urlTemplate":"https:\/\/museu.io\/tema\/?s={search_term_string}"},"query-input":{"@type":"PropertyValueSpecification","valueRequired":true,"valueName":"search_term_string"}}],"inLanguage":"pt-BR"},{"@type":"Organization","@id":"https:\/\/museu.io\/tema\/#organization","name":"Museu.io","url":"https:\/\/museu.io\/tema\/","logo":{"@type":"ImageObject","inLanguage":"pt-BR","@id":"https:\/\/museu.io\/tema\/#\/schema\/logo\/image\/","url":"https:\/\/museu.io\/tema\/wp-content\/uploads\/2023\/02\/Artboard-1.png","contentUrl":"https:\/\/museu.io\/tema\/wp-content\/uploads\/2023\/02\/Artboard-1.png","width":339,"height":305,"caption":"Museu.io"},"image":{"@id":"https:\/\/museu.io\/tema\/#\/schema\/logo\/image\/"}}]}},"_links":{"self":[{"href":"https:\/\/museu.io\/tema\/wp-json\/wp\/v2\/tribe_events\/6933","targetHints":{"allow":["GET"]}}],"collection":[{"href":"https:\/\/museu.io\/tema\/wp-json\/wp\/v2\/tribe_events"}],"about":[{"href":"https:\/\/museu.io\/tema\/wp-json\/wp\/v2\/types\/tribe_events"}],"author":[{"embeddable":true,"href":"https:\/\/museu.io\/tema\/wp-json\/wp\/v2\/users\/3"}],"version-history":[{"count":17,"href":"https:\/\/museu.io\/tema\/wp-json\/wp\/v2\/tribe_events\/6933\/revisions"}],"predecessor-version":[{"id":6962,"href":"https:\/\/museu.io\/tema\/wp-json\/wp\/v2\/tribe_events\/6933\/revisions\/6962"}],"wp:featuredmedia":[{"embeddable":true,"href":"https:\/\/museu.io\/tema\/wp-json\/wp\/v2\/media\/6939"}],"wp:attachment":[{"href":"https:\/\/museu.io\/tema\/wp-json\/wp\/v2\/media?parent=6933"}],"wp:term":[{"taxonomy":"post_tag","embeddable":true,"href":"https:\/\/museu.io\/tema\/wp-json\/wp\/v2\/tags?post=6933"},{"taxonomy":"mio_featured_post_classifier","embeddable":true,"href":"https:\/\/museu.io\/tema\/wp-json\/wp\/v2\/mio_featured_post_classifier?post=6933"},{"taxonomy":"tribe_events_cat","embeddable":true,"href":"https:\/\/museu.io\/tema\/wp-json\/wp\/v2\/tribe_events_cat?post=6933"},{"taxonomy":"mio_tags","embeddable":true,"href":"https:\/\/museu.io\/tema\/wp-json\/wp\/v2\/mio_tags?post=6933"}],"curies":[{"name":"wp","href":"https:\/\/api.w.org\/{rel}","templated":true}]}}