{"id":2980,"date":"2023-02-22T19:13:09","date_gmt":"2023-02-22T22:13:09","guid":{"rendered":"https:\/\/museu.io\/tema\/?post_type=tribe_events&#038;p=2980"},"modified":"2023-05-12T13:09:09","modified_gmt":"2023-05-12T16:09:09","slug":"the-shamrock-handicap-1926-directed-by-john-ford","status":"publish","type":"tribe_events","link":"https:\/\/museu.io\/tema\/event\/the-shamrock-handicap-1926-directed-by-john-ford\/","title":{"rendered":"The Shamrock Handicap. 1926. Directed by John Ford"},"content":{"rendered":"\n\n<div class=\"mio-image has-mio-size-natural alignwide wp-block-museuio-companion-image\"><figure><div class=\"mio-image-wrapper\"  style=\"\"><img loading=\"lazy\" decoding=\"async\" width=\"1920\" height=\"1240\" src=\"https:\/\/museu.io\/tema\/wp-content\/uploads\/2023\/02\/evento_shamrock_01.jpg\" class=\"attachment-full size-full\" alt=\"\" srcset=\"https:\/\/museu.io\/tema\/wp-content\/uploads\/2023\/02\/evento_shamrock_01.jpg 1920w, https:\/\/museu.io\/tema\/wp-content\/uploads\/2023\/02\/evento_shamrock_01-800x517.jpg 800w, https:\/\/museu.io\/tema\/wp-content\/uploads\/2023\/02\/evento_shamrock_01-1672x1080.jpg 1672w, https:\/\/museu.io\/tema\/wp-content\/uploads\/2023\/02\/evento_shamrock_01-768x496.jpg 768w, https:\/\/museu.io\/tema\/wp-content\/uploads\/2023\/02\/evento_shamrock_01-1536x992.jpg 1536w, https:\/\/museu.io\/tema\/wp-content\/uploads\/2023\/02\/evento_shamrock_01-205x132.jpg 205w, https:\/\/museu.io\/tema\/wp-content\/uploads\/2023\/02\/evento_shamrock_01-480x310.jpg 480w, https:\/\/museu.io\/tema\/wp-content\/uploads\/2023\/02\/evento_shamrock_01-1189x768.jpg 1189w\" sizes=\"auto, (max-width: 1920px) 100vw, 1920px\" \/><\/div><\/figure><\/div>\n\n\n<div class=\"wp-block-group alignwide has-background has-global-padding is-content-justification-center is-layout-constrained wp-block-group-is-layout-constrained\" style=\"background-color:#abb7c233;margin-top:var(--wp--preset--spacing--80);margin-bottom:var(--wp--preset--spacing--80);\"><div style=\"--mio-grid-column-gap: 16px;--mio-grid-row-gap: 24px;--mio-grid-columns: 2;\" class=\"mio-auto-grid-row-height alignwide wp-block-museuio-companion-grid\"><div class=\"mio-display-grid__content\">\n<div style=\"--mio-grid-rows--desktop: 4;--mio-grid-rows--mobile: 6;--mio-grid-cols--desktop: 4;--mio-grid-cols--mobile: 1;--mio-item-desktop-height: var(--mio-item-height, auto);--mio-item-desktop-width: var(--mio-item-width, auto);--mio-item-height: auto;--mio-item-width: auto;\" class=\"mio-custom-size align wp-block-museuio-companion-featured-item-custom\">\n\n<div class=\"wp-block-group has-global-padding is-layout-constrained wp-container-core-group-is-layout-0ca39a12 wp-block-group-is-layout-constrained\">\n<div class=\"wp-block-group is-vertical is-content-justification-center is-layout-flex wp-container-core-group-is-layout-ce155fab wp-block-group-is-layout-flex\">\n<h2 class=\"wp-block-heading has-text-align-center is-style-mio-remove-margin-block has-mio-subheader-2-font-size\"><i class=\"fas fa-calendar\"><\/i><\/h2>\n<\/div>\n\n\n\n<div class=\"wp-block-group has-global-padding is-layout-constrained wp-container-core-group-is-layout-d3393552 wp-block-group-is-layout-constrained\">\n<hr class=\"wp-block-separator has-text-color has-mio-black-color has-alpha-channel-opacity has-mio-black-background-color has-background is-style-default wp-container-content-c73ccdec\"\/>\n<\/div>\n\n\n\n<p class=\"has-text-align-center has-mio-regular-font-size\"><strong>01.07<\/strong>.<strong>2023<\/strong><\/p>\n<\/div>\n\n<\/div>\n\n<div style=\"--mio-grid-rows--desktop: 4;--mio-grid-rows--mobile: 6;--mio-grid-cols--desktop: 4;--mio-grid-cols--mobile: 1;--mio-item-desktop-height: var(--mio-item-height, auto);--mio-item-desktop-width: var(--mio-item-width, auto);--mio-item-height: auto;--mio-item-width: auto;\" class=\"mio-custom-size align wp-block-museuio-companion-featured-item-custom\">\n\n<div class=\"wp-block-group has-global-padding is-layout-constrained wp-container-core-group-is-layout-0ca39a12 wp-block-group-is-layout-constrained\">\n<div class=\"wp-block-group is-vertical is-content-justification-center is-layout-flex wp-container-core-group-is-layout-ce155fab wp-block-group-is-layout-flex\">\n<h2 class=\"wp-block-heading has-text-align-center is-style-mio-remove-margin-block has-mio-subheader-2-font-size\" id=\"block-b5d9828b-c92a-487c-bf8b-76402a6dcea6\"><i class=\"fas fa-clock\"><\/i><\/h2>\n<\/div>\n\n\n\n<div class=\"wp-block-group has-global-padding is-layout-constrained wp-container-core-group-is-layout-d3393552 wp-block-group-is-layout-constrained\">\n<hr class=\"wp-block-separator has-text-color has-mio-black-color has-alpha-channel-opacity has-mio-black-background-color has-background is-style-default wp-container-content-c73ccdec\"\/>\n<\/div>\n\n\n\n<p class=\"has-text-align-center has-mio-regular-font-size\"><strong>18h00 \u00e0s 21h30<\/strong><\/p>\n<\/div>\n\n<\/div>\n\n<div style=\"--mio-grid-rows--desktop: 4;--mio-grid-rows--mobile: 6;--mio-grid-cols--desktop: 4;--mio-grid-cols--mobile: 1;--mio-item-desktop-height: var(--mio-item-height, auto);--mio-item-desktop-width: var(--mio-item-width, auto);--mio-item-height: auto;--mio-item-width: auto;\" class=\"mio-custom-size align wp-block-museuio-companion-featured-item-custom\">\n\n<div class=\"wp-block-group has-global-padding is-layout-constrained wp-container-core-group-is-layout-0ca39a12 wp-block-group-is-layout-constrained\">\n<div class=\"wp-block-group is-vertical is-content-justification-center is-layout-flex wp-container-core-group-is-layout-ce155fab wp-block-group-is-layout-flex\">\n<h2 class=\"wp-block-heading has-text-align-center is-style-mio-remove-margin-block has-mio-subheader-2-font-size\" id=\"block-b5d9828b-c92a-487c-bf8b-76402a6dcea6\"><i class=\"fas fa-ticket\"><\/i><\/h2>\n<\/div>\n\n\n\n<div class=\"wp-block-group has-global-padding is-layout-constrained wp-container-core-group-is-layout-d3393552 wp-block-group-is-layout-constrained\">\n<hr class=\"wp-block-separator has-text-color has-mio-black-color has-alpha-channel-opacity has-mio-black-background-color has-background is-style-default wp-container-content-c73ccdec\"\/>\n<\/div>\n\n\n\n<p class=\"has-text-align-center has-mio-regular-font-size\"><strong>Gratu\u00edto<\/strong><\/p>\n<\/div>\n\n<\/div>\n<\/div><\/div><\/div>\n\n\n<div class=\"lightweight-accordion is-style-mio-margin-large\"><details><summary class=\"lightweight-accordion-title\"><span>Reservas<\/span><\/summary><div class=\"lightweight-accordion-body\">\n\n<p>Aenean leo ligula, porttitor eu, consequat vitae, eleifend ac, enim. Aliquam lorem ante, dapibus in, viverra quis, feugiat a, tellus. Phasellus viverra nulla ut metus varius laoreet. Quisque rutrum. Aenean imperdiet. Etiam ultricies nisi vel augue. Curabitur ullamcorper ultricies nisi.<\/p>\n\n<\/div><\/details><\/div>\n\n<div class=\"lightweight-accordion is-style-mio-margin-large\"><details><summary class=\"lightweight-accordion-title\"><span>Como chegar<\/span><\/summary><div class=\"lightweight-accordion-body\">\n\n<p>Aenean leo ligula, porttitor eu, consequat vitae, eleifend ac, enim. Aliquam lorem ante, dapibus in, viverra quis, feugiat a, tellus. Phasellus viverra nulla ut metus varius laoreet. Quisque rutrum. Aenean imperdiet. Etiam ultricies nisi vel augue. Curabitur ullamcorper ultricies nisi.<\/p>\n\n<\/div><\/details><\/div>\n\n\n<p>The Shamrock Handicap \u00e9 um filme mudo de 1926 que conta a hist\u00f3ria de um jovem imigrante irland\u00eas que sonha em se tornar um j\u00f3quei e competir na prestigiada corrida de cavalos Shamrock Handicap. O filme explora temas de classe social e identidade cultural, j\u00e1 que o protagonista deve lidar com os preconceitos e desafios que enfrenta como um estranho no mundo de elite das corridas de cavalos. Dirigido por John Ford, The Shamrock Handicap apresenta visuais impressionantes e trabalho de c\u00e2mera inovador, mostrando os talentos emergentes de Ford como cineasta. Apesar de sua idade, o filme continua sendo um cl\u00e1ssico do in\u00edcio do cinema de Hollywood e uma prova do poder duradouro da narrativa por meio da arte do cinema.<\/p>\n\n\n\t<div  class=\"tribe-block tribe-block__events-link\" >\n\t\t<div class=\"tribe-events tribe-common\">\n\t\t\t<div class=\"tribe-events-c-subscribe-dropdown__container\">\n\t\t\t\t<div class=\"tribe-events-c-subscribe-dropdown\">\n\t\t\t\t\t<div class=\"tribe-common-c-btn-border tribe-events-c-subscribe-dropdown__button\">\n\t\t\t\t\t\t<svg\n\t class=\"tribe-common-c-svgicon tribe-common-c-svgicon--cal-export tribe-events-c-subscribe-dropdown__export-icon\" \taria-hidden=\"true\"\n\tviewBox=\"0 0 23 17\"\n\txmlns=\"http:\/\/www.w3.org\/2000\/svg\"\n>\n\t<path fill-rule=\"evenodd\" clip-rule=\"evenodd\" d=\"M.128.896V16.13c0 .211.145.383.323.383h15.354c.179 0 .323-.172.323-.383V.896c0-.212-.144-.383-.323-.383H.451C.273.513.128.684.128.896Zm16 6.742h-.901V4.679H1.009v10.729h14.218v-3.336h.901V7.638ZM1.01 1.614h14.218v2.058H1.009V1.614Z\" \/>\n\t<path d=\"M20.5 9.846H8.312M18.524 6.953l2.89 2.909-2.855 2.855\" stroke-width=\"1.2\" stroke-linecap=\"round\" stroke-linejoin=\"round\"\/>\n<\/svg>\n\t\t\t\t\t\t<button\n\t\t\t\t\t\t\tclass=\"tribe-events-c-subscribe-dropdown__button-text\"\n\t\t\t\t\t\t\taria-expanded=\"false\"\n\t\t\t\t\t\t\taria-controls=\"tribe-events-subscribe-dropdown-content\"\n\t\t\t\t\t\t\taria-label=\"View links to add events to your calendar\"\n\t\t\t\t\t\t>\n\t\t\t\t\t\t\tAdicionar ao calend\u00e1rio\t\t\t\t\t\t<\/button>\n\t\t\t\t\t\t<svg\n\t class=\"tribe-common-c-svgicon tribe-common-c-svgicon--caret-down tribe-events-c-subscribe-dropdown__button-icon\" \taria-hidden=\"true\"\n\tviewBox=\"0 0 10 7\"\n\txmlns=\"http:\/\/www.w3.org\/2000\/svg\"\n>\n\t<path fill-rule=\"evenodd\" clip-rule=\"evenodd\" d=\"M1.008.609L5 4.6 8.992.61l.958.958L5 6.517.05 1.566l.958-.958z\" class=\"tribe-common-c-svgicon__svg-fill\"\/>\n<\/svg>\n\t\t\t\t\t<\/div>\n\t\t\t\t\t<div id=\"tribe-events-subscribe-dropdown-content\" class=\"tribe-events-c-subscribe-dropdown__content\">\n\t\t\t\t\t\t<ul class=\"tribe-events-c-subscribe-dropdown__list\">\n\t\t\t\t\t\t\t\t\t\t\t\t\t\t\t<li class=\"tribe-events-c-subscribe-dropdown__list-item tribe-events-c-subscribe-dropdown__list-item--gcal\">\n\t\t\t\t\t\t\t\t\t<a\n\t\t\t\t\t\t\t\t\t\thref=\"https:\/\/www.google.com\/calendar\/event?action=TEMPLATE&#038;dates=20230601T120000\/20230601T140000&#038;text=The%20Shamrock%20Handicap.%201926.%20Directed%20by%20John%20Ford&#038;details=%3Cdiv+class%3D%22wp-block-museuio-companion-image+alignwide%22%3E%3C%2Fdiv%3E%3Cdiv+class%3D%22wp-block-group+alignwide+has-background%22+style%3D%22background-color%3A%23abb7c233%3Bmargin-top%3Avar%28--wp--preset--spacing--80%29%3Bmargin-bottom%3Avar%28--wp--preset--spacing--80%29%22%3E%3Cdiv+class%3D%22wp-block-group%22%3E%3Cdiv+class%3D%22wp-block-group%22%3E%3Ch2+class%3D%22wp-block-heading+has-text-align-center+is-style-mio-remove-margin-block+has-mio-subheader-2-font-size%22%3E%5Bicon+name%3D%22calendar%22+prefix%3D%22fas%22%5D%3C%2Fh2%3E%3C%2Fdiv%3E%3Cdiv+class%3D%22wp-block-group%22%3E%3Chr+class%3D%22wp-block-separator+has-text-color+has-mio-black-color+has-alpha-channel-opacity+has-mio-black-background-color+has-background+is-style-default%22%2F%3E%3C%2Fdiv%3E%3Cp+class%3D%22has-text-align-center+has-mio-regular-font-size%22%3E%3Cstrong%3E01.07%3C%2Fstrong%3E.%3Cstrong%3E2023%3C%2Fstrong%3E%3C%2Fp%3E+%3C%2Fdiv%3E%3Cdiv+class%3D%22wp-block-group%22%3E%3Cdiv+class%3D%22wp-block-group%22%3E%3Ch2+class%3D%22wp-block-heading+has-text-align-center+is-style-mio-remove-margin-block+has-mio-subheader-2-font-size%22+id%3D%22block-b5d9828b-c92a-487c-bf8b-764%3C%2Fdiv%3E%3C%2Fdiv%3E%3C%2Fdiv%3E+%28Veja+a+descri%C3%A7%C3%A3o+completa+de+evento+aqui%3A+https%3A%2F%2Fmuseu.io%2Ftema%2Fevent%2Fthe-shamrock-handicap-1926-directed-by-john-ford%2F%29&#038;trp=false&#038;ctz=America\/Sao_Paulo&#038;sprop=website:https:\/\/museu.io\/tema\"\n\t\t\t\t\t\t\t\t\t\tclass=\"tribe-events-c-subscribe-dropdown__list-item-link\"\n\t\t\t\t\t\t\t\t\t\ttarget=\"_blank\"\n\t\t\t\t\t\t\t\t\t\trel=\"noopener noreferrer nofollow noindex\"\n\t\t\t\t\t\t\t\t\t>\n\t\t\t\t\t\t\t\t\t\tGoogle Agenda\t\t\t\t\t\t\t\t\t<\/a>\n\t\t\t\t\t\t\t\t<\/li>\n\t\t\t\t\t\t\t\t\t\t\t\t\t\t\t<li class=\"tribe-events-c-subscribe-dropdown__list-item tribe-events-c-subscribe-dropdown__list-item--ical\">\n\t\t\t\t\t\t\t\t\t<a\n\t\t\t\t\t\t\t\t\t\thref=\"\"\n\t\t\t\t\t\t\t\t\t\tclass=\"tribe-events-c-subscribe-dropdown__list-item-link\"\n\t\t\t\t\t\t\t\t\t\ttarget=\"_blank\"\n\t\t\t\t\t\t\t\t\t\trel=\"noopener noreferrer nofollow noindex\"\n\t\t\t\t\t\t\t\t\t>\n\t\t\t\t\t\t\t\t\t\tiCalendar\t\t\t\t\t\t\t\t\t<\/a>\n\t\t\t\t\t\t\t\t<\/li>\n\t\t\t\t\t\t\t\t\t\t\t\t\t\t\t<li class=\"tribe-events-c-subscribe-dropdown__list-item tribe-events-c-subscribe-dropdown__list-item--outlook-365\">\n\t\t\t\t\t\t\t\t\t<a\n\t\t\t\t\t\t\t\t\t\thref=\"\"\n\t\t\t\t\t\t\t\t\t\tclass=\"tribe-events-c-subscribe-dropdown__list-item-link\"\n\t\t\t\t\t\t\t\t\t\ttarget=\"_blank\"\n\t\t\t\t\t\t\t\t\t\trel=\"noopener noreferrer nofollow noindex\"\n\t\t\t\t\t\t\t\t\t>\n\t\t\t\t\t\t\t\t\t\tOutlook 365\t\t\t\t\t\t\t\t\t<\/a>\n\t\t\t\t\t\t\t\t<\/li>\n\t\t\t\t\t\t\t\t\t\t\t\t\t\t\t<li class=\"tribe-events-c-subscribe-dropdown__list-item tribe-events-c-subscribe-dropdown__list-item--outlook-live\">\n\t\t\t\t\t\t\t\t\t<a\n\t\t\t\t\t\t\t\t\t\thref=\"\"\n\t\t\t\t\t\t\t\t\t\tclass=\"tribe-events-c-subscribe-dropdown__list-item-link\"\n\t\t\t\t\t\t\t\t\t\ttarget=\"_blank\"\n\t\t\t\t\t\t\t\t\t\trel=\"noopener noreferrer nofollow noindex\"\n\t\t\t\t\t\t\t\t\t>\n\t\t\t\t\t\t\t\t\t\tOutlook Live\t\t\t\t\t\t\t\t\t<\/a>\n\t\t\t\t\t\t\t\t<\/li>\n\t\t\t\t\t\t\t\t\t\t\t\t\t<\/ul>\n\t\t\t\t\t<\/div>\n\t\t\t\t<\/div>\n\t\t\t<\/div>\n\t\t<\/div>\n\t<\/div>\n\n","protected":false},"excerpt":{"rendered":"<p>A id\u00edlica Irlanda da imagina\u00e7\u00e3o de John Ford faz uma apari\u00e7\u00e3o inicial neste filme mudo, sobre um criador sem sorte for\u00e7ado a vender a maior parte de seu est\u00e1bulo para um milion\u00e1rio americano.<\/p>\n","protected":false},"author":3,"featured_media":2981,"template":"","meta":{"_acf_changed":false,"_EventAllDay":false,"_EventTimezone":"America\/Sao_Paulo","_EventStartDate":"2023-06-01 12:00:00","_EventEndDate":"2023-06-01 14:00:00","_EventStartDateUTC":"2023-06-01 15:00:00","_EventEndDateUTC":"2023-06-01 17:00:00","_EventShowMap":false,"_EventShowMapLink":false,"_EventURL":"","_EventCost":"","_EventCostDescription":"","_EventCurrencySymbol":"","_EventCurrencyCode":"","_EventCurrencyPosition":"","_EventDateTimeSeparator":"","_EventTimeRangeSeparator":"","_EventOrganizerID":[],"_EventVenueID":[0],"_OrganizerEmail":"","_OrganizerPhone":"","_OrganizerWebsite":"","_VenueAddress":"","_VenueCity":"","_VenueCountry":"","_VenueProvince":"","_VenueState":"","_VenueZip":"","_VenuePhone":"","_VenueURL":"","_VenueStateProvince":"","_VenueLat":"","_VenueLng":"","_VenueShowMap":false,"_VenueShowMapLink":false,"_tribe_events_status":"","_tribe_events_status_reason":"","footnotes":""},"tags":[],"mio_featured_post_classifier":[],"tribe_events_cat":[],"mio_tags":[],"class_list":["post-2980","tribe_events","type-tribe_events","status-publish","has-post-thumbnail","hentry"],"acf":[],"yoast_head":"<!-- This site is optimized with the Yoast SEO plugin v27.5 - https:\/\/yoast.com\/product\/yoast-seo-wordpress\/ -->\n<title>The Shamrock Handicap. 1926. Directed by John Ford - Tema museu.io<\/title>\n<meta name=\"robots\" content=\"index, follow, max-snippet:-1, max-image-preview:large, max-video-preview:-1\" \/>\n<link rel=\"canonical\" href=\"https:\/\/museu.io\/tema\/event\/the-shamrock-handicap-1926-directed-by-john-ford\/\" \/>\n<meta property=\"og:locale\" content=\"pt_BR\" \/>\n<meta property=\"og:type\" content=\"article\" \/>\n<meta property=\"og:title\" content=\"The Shamrock Handicap. 1926. Directed by John Ford - Tema museu.io\" \/>\n<meta property=\"og:description\" content=\"A id\u00edlica Irlanda da imagina\u00e7\u00e3o de John Ford faz uma apari\u00e7\u00e3o inicial neste filme mudo, sobre um criador sem sorte for\u00e7ado a vender a maior parte de seu est\u00e1bulo para um milion\u00e1rio americano.\" \/>\n<meta property=\"og:url\" content=\"https:\/\/museu.io\/tema\/event\/the-shamrock-handicap-1926-directed-by-john-ford\/\" \/>\n<meta property=\"og:site_name\" content=\"Tema museu.io\" \/>\n<meta property=\"article:modified_time\" content=\"2023-05-12T16:09:09+00:00\" \/>\n<meta property=\"og:image\" content=\"https:\/\/museu.io\/tema\/wp-content\/uploads\/2023\/02\/evento_shamrock_01.jpg\" \/>\n\t<meta property=\"og:image:width\" content=\"1920\" \/>\n\t<meta property=\"og:image:height\" content=\"1240\" \/>\n\t<meta property=\"og:image:type\" content=\"image\/jpeg\" \/>\n<meta name=\"twitter:card\" content=\"summary_large_image\" \/>\n<meta name=\"twitter:label1\" content=\"Est. tempo de leitura\" \/>\n\t<meta name=\"twitter:data1\" content=\"2 minutos\" \/>\n<script type=\"application\/ld+json\" class=\"yoast-schema-graph\">{\"@context\":\"https:\\\/\\\/schema.org\",\"@graph\":[{\"@type\":\"WebPage\",\"@id\":\"https:\\\/\\\/museu.io\\\/tema\\\/event\\\/the-shamrock-handicap-1926-directed-by-john-ford\\\/\",\"url\":\"https:\\\/\\\/museu.io\\\/tema\\\/event\\\/the-shamrock-handicap-1926-directed-by-john-ford\\\/\",\"name\":\"The Shamrock Handicap. 1926. Directed by John Ford - Tema museu.io\",\"isPartOf\":{\"@id\":\"https:\\\/\\\/museu.io\\\/tema\\\/#website\"},\"primaryImageOfPage\":{\"@id\":\"https:\\\/\\\/museu.io\\\/tema\\\/event\\\/the-shamrock-handicap-1926-directed-by-john-ford\\\/#primaryimage\"},\"image\":{\"@id\":\"https:\\\/\\\/museu.io\\\/tema\\\/event\\\/the-shamrock-handicap-1926-directed-by-john-ford\\\/#primaryimage\"},\"thumbnailUrl\":\"https:\\\/\\\/museu.io\\\/tema\\\/wp-content\\\/uploads\\\/2023\\\/02\\\/evento_shamrock_01.jpg\",\"datePublished\":\"2023-02-22T22:13:09+00:00\",\"dateModified\":\"2023-05-12T16:09:09+00:00\",\"breadcrumb\":{\"@id\":\"https:\\\/\\\/museu.io\\\/tema\\\/event\\\/the-shamrock-handicap-1926-directed-by-john-ford\\\/#breadcrumb\"},\"inLanguage\":\"pt-BR\",\"potentialAction\":[{\"@type\":\"ReadAction\",\"target\":[\"https:\\\/\\\/museu.io\\\/tema\\\/event\\\/the-shamrock-handicap-1926-directed-by-john-ford\\\/\"]}]},{\"@type\":\"ImageObject\",\"inLanguage\":\"pt-BR\",\"@id\":\"https:\\\/\\\/museu.io\\\/tema\\\/event\\\/the-shamrock-handicap-1926-directed-by-john-ford\\\/#primaryimage\",\"url\":\"https:\\\/\\\/museu.io\\\/tema\\\/wp-content\\\/uploads\\\/2023\\\/02\\\/evento_shamrock_01.jpg\",\"contentUrl\":\"https:\\\/\\\/museu.io\\\/tema\\\/wp-content\\\/uploads\\\/2023\\\/02\\\/evento_shamrock_01.jpg\",\"width\":1920,\"height\":1240},{\"@type\":\"BreadcrumbList\",\"@id\":\"https:\\\/\\\/museu.io\\\/tema\\\/event\\\/the-shamrock-handicap-1926-directed-by-john-ford\\\/#breadcrumb\",\"itemListElement\":[{\"@type\":\"ListItem\",\"position\":1,\"name\":\"In\u00edcio\",\"item\":\"https:\\\/\\\/museu.io\\\/tema\\\/\"},{\"@type\":\"ListItem\",\"position\":2,\"name\":\"Eventos\",\"item\":\"https:\\\/\\\/dev.museu.io\\\/tema\\\/events\\\/\"},{\"@type\":\"ListItem\",\"position\":3,\"name\":\"The Shamrock Handicap. 1926. Directed by John Ford\"}]},{\"@type\":\"WebSite\",\"@id\":\"https:\\\/\\\/museu.io\\\/tema\\\/#website\",\"url\":\"https:\\\/\\\/museu.io\\\/tema\\\/\",\"name\":\"Tema Museu.io\",\"description\":\"Site demonstra\u00e7\u00e3o do tema Museu.io\",\"publisher\":{\"@id\":\"https:\\\/\\\/museu.io\\\/tema\\\/#organization\"},\"potentialAction\":[{\"@type\":\"SearchAction\",\"target\":{\"@type\":\"EntryPoint\",\"urlTemplate\":\"https:\\\/\\\/museu.io\\\/tema\\\/?s={search_term_string}\"},\"query-input\":{\"@type\":\"PropertyValueSpecification\",\"valueRequired\":true,\"valueName\":\"search_term_string\"}}],\"inLanguage\":\"pt-BR\"},{\"@type\":\"Organization\",\"@id\":\"https:\\\/\\\/museu.io\\\/tema\\\/#organization\",\"name\":\"Museu.io\",\"url\":\"https:\\\/\\\/museu.io\\\/tema\\\/\",\"logo\":{\"@type\":\"ImageObject\",\"inLanguage\":\"pt-BR\",\"@id\":\"https:\\\/\\\/museu.io\\\/tema\\\/#\\\/schema\\\/logo\\\/image\\\/\",\"url\":\"https:\\\/\\\/museu.io\\\/tema\\\/wp-content\\\/uploads\\\/2023\\\/02\\\/Artboard-1.png\",\"contentUrl\":\"https:\\\/\\\/museu.io\\\/tema\\\/wp-content\\\/uploads\\\/2023\\\/02\\\/Artboard-1.png\",\"width\":339,\"height\":305,\"caption\":\"Museu.io\"},\"image\":{\"@id\":\"https:\\\/\\\/museu.io\\\/tema\\\/#\\\/schema\\\/logo\\\/image\\\/\"}}]}<\/script>\n<!-- \/ Yoast SEO plugin. -->","yoast_head_json":{"title":"The Shamrock Handicap. 1926. Directed by John Ford - Tema museu.io","robots":{"index":"index","follow":"follow","max-snippet":"max-snippet:-1","max-image-preview":"max-image-preview:large","max-video-preview":"max-video-preview:-1"},"canonical":"https:\/\/museu.io\/tema\/event\/the-shamrock-handicap-1926-directed-by-john-ford\/","og_locale":"pt_BR","og_type":"article","og_title":"The Shamrock Handicap. 1926. Directed by John Ford - Tema museu.io","og_description":"A id\u00edlica Irlanda da imagina\u00e7\u00e3o de John Ford faz uma apari\u00e7\u00e3o inicial neste filme mudo, sobre um criador sem sorte for\u00e7ado a vender a maior parte de seu est\u00e1bulo para um milion\u00e1rio americano.","og_url":"https:\/\/museu.io\/tema\/event\/the-shamrock-handicap-1926-directed-by-john-ford\/","og_site_name":"Tema museu.io","article_modified_time":"2023-05-12T16:09:09+00:00","og_image":[{"width":1920,"height":1240,"url":"https:\/\/museu.io\/tema\/wp-content\/uploads\/2023\/02\/evento_shamrock_01.jpg","type":"image\/jpeg"}],"twitter_card":"summary_large_image","twitter_misc":{"Est. tempo de leitura":"2 minutos"},"schema":{"@context":"https:\/\/schema.org","@graph":[{"@type":"WebPage","@id":"https:\/\/museu.io\/tema\/event\/the-shamrock-handicap-1926-directed-by-john-ford\/","url":"https:\/\/museu.io\/tema\/event\/the-shamrock-handicap-1926-directed-by-john-ford\/","name":"The Shamrock Handicap. 1926. Directed by John Ford - Tema museu.io","isPartOf":{"@id":"https:\/\/museu.io\/tema\/#website"},"primaryImageOfPage":{"@id":"https:\/\/museu.io\/tema\/event\/the-shamrock-handicap-1926-directed-by-john-ford\/#primaryimage"},"image":{"@id":"https:\/\/museu.io\/tema\/event\/the-shamrock-handicap-1926-directed-by-john-ford\/#primaryimage"},"thumbnailUrl":"https:\/\/museu.io\/tema\/wp-content\/uploads\/2023\/02\/evento_shamrock_01.jpg","datePublished":"2023-02-22T22:13:09+00:00","dateModified":"2023-05-12T16:09:09+00:00","breadcrumb":{"@id":"https:\/\/museu.io\/tema\/event\/the-shamrock-handicap-1926-directed-by-john-ford\/#breadcrumb"},"inLanguage":"pt-BR","potentialAction":[{"@type":"ReadAction","target":["https:\/\/museu.io\/tema\/event\/the-shamrock-handicap-1926-directed-by-john-ford\/"]}]},{"@type":"ImageObject","inLanguage":"pt-BR","@id":"https:\/\/museu.io\/tema\/event\/the-shamrock-handicap-1926-directed-by-john-ford\/#primaryimage","url":"https:\/\/museu.io\/tema\/wp-content\/uploads\/2023\/02\/evento_shamrock_01.jpg","contentUrl":"https:\/\/museu.io\/tema\/wp-content\/uploads\/2023\/02\/evento_shamrock_01.jpg","width":1920,"height":1240},{"@type":"BreadcrumbList","@id":"https:\/\/museu.io\/tema\/event\/the-shamrock-handicap-1926-directed-by-john-ford\/#breadcrumb","itemListElement":[{"@type":"ListItem","position":1,"name":"In\u00edcio","item":"https:\/\/museu.io\/tema\/"},{"@type":"ListItem","position":2,"name":"Eventos","item":"https:\/\/dev.museu.io\/tema\/events\/"},{"@type":"ListItem","position":3,"name":"The Shamrock Handicap. 1926. Directed by John Ford"}]},{"@type":"WebSite","@id":"https:\/\/museu.io\/tema\/#website","url":"https:\/\/museu.io\/tema\/","name":"Tema Museu.io","description":"Site demonstra\u00e7\u00e3o do tema Museu.io","publisher":{"@id":"https:\/\/museu.io\/tema\/#organization"},"potentialAction":[{"@type":"SearchAction","target":{"@type":"EntryPoint","urlTemplate":"https:\/\/museu.io\/tema\/?s={search_term_string}"},"query-input":{"@type":"PropertyValueSpecification","valueRequired":true,"valueName":"search_term_string"}}],"inLanguage":"pt-BR"},{"@type":"Organization","@id":"https:\/\/museu.io\/tema\/#organization","name":"Museu.io","url":"https:\/\/museu.io\/tema\/","logo":{"@type":"ImageObject","inLanguage":"pt-BR","@id":"https:\/\/museu.io\/tema\/#\/schema\/logo\/image\/","url":"https:\/\/museu.io\/tema\/wp-content\/uploads\/2023\/02\/Artboard-1.png","contentUrl":"https:\/\/museu.io\/tema\/wp-content\/uploads\/2023\/02\/Artboard-1.png","width":339,"height":305,"caption":"Museu.io"},"image":{"@id":"https:\/\/museu.io\/tema\/#\/schema\/logo\/image\/"}}]}},"_links":{"self":[{"href":"https:\/\/museu.io\/tema\/wp-json\/wp\/v2\/tribe_events\/2980","targetHints":{"allow":["GET"]}}],"collection":[{"href":"https:\/\/museu.io\/tema\/wp-json\/wp\/v2\/tribe_events"}],"about":[{"href":"https:\/\/museu.io\/tema\/wp-json\/wp\/v2\/types\/tribe_events"}],"author":[{"embeddable":true,"href":"https:\/\/museu.io\/tema\/wp-json\/wp\/v2\/users\/3"}],"version-history":[{"count":7,"href":"https:\/\/museu.io\/tema\/wp-json\/wp\/v2\/tribe_events\/2980\/revisions"}],"predecessor-version":[{"id":7015,"href":"https:\/\/museu.io\/tema\/wp-json\/wp\/v2\/tribe_events\/2980\/revisions\/7015"}],"wp:featuredmedia":[{"embeddable":true,"href":"https:\/\/museu.io\/tema\/wp-json\/wp\/v2\/media\/2981"}],"wp:attachment":[{"href":"https:\/\/museu.io\/tema\/wp-json\/wp\/v2\/media?parent=2980"}],"wp:term":[{"taxonomy":"post_tag","embeddable":true,"href":"https:\/\/museu.io\/tema\/wp-json\/wp\/v2\/tags?post=2980"},{"taxonomy":"mio_featured_post_classifier","embeddable":true,"href":"https:\/\/museu.io\/tema\/wp-json\/wp\/v2\/mio_featured_post_classifier?post=2980"},{"taxonomy":"tribe_events_cat","embeddable":true,"href":"https:\/\/museu.io\/tema\/wp-json\/wp\/v2\/tribe_events_cat?post=2980"},{"taxonomy":"mio_tags","embeddable":true,"href":"https:\/\/museu.io\/tema\/wp-json\/wp\/v2\/mio_tags?post=2980"}],"curies":[{"name":"wp","href":"https:\/\/api.w.org\/{rel}","templated":true}]}}