{"id":2622,"date":"2023-02-16T01:08:51","date_gmt":"2023-02-16T04:08:51","guid":{"rendered":"https:\/\/museu.io\/tema\/?post_type=tribe_events&#038;p=2622"},"modified":"2023-05-12T13:08:45","modified_gmt":"2023-05-12T16:08:45","slug":"harald-szeemanns-lecture","status":"publish","type":"tribe_events","link":"https:\/\/museu.io\/tema\/event\/harald-szeemanns-lecture\/","title":{"rendered":"Harald Szeemann&#8217;s Lecture"},"content":{"rendered":"<div style=\"background-color:#0000000f;\" class=\"mio-section-content-boxed align wp-block-museuio-companion-section has-background\"><div class=\"mio-section__content\">\n\n<p><i class=\"fas fa-calendar-check\"><\/i>&nbsp;&nbsp;<strong>Evento realizado em 16\/02\/2024<\/strong><\/p>\n\n\n\n<figure class=\"wp-block-embed is-type-video is-provider-vimeo wp-block-embed-vimeo wp-embed-aspect-16-9 wp-has-aspect-ratio\"><div class=\"wp-block-embed__wrapper\">\n<iframe loading=\"lazy\" title=\"HARALD SZEEMANN \/ Museum der Obsessionen - Kunsthalle D\u00fcsseldorf\" src=\"https:\/\/player.vimeo.com\/video\/310185690?dnt=1&amp;app_id=122963\" width=\"500\" height=\"281\" frameborder=\"0\" allow=\"autoplay; fullscreen; picture-in-picture; clipboard-write\"><\/iframe>\n<\/div><\/figure>\n\n\n\n<p><\/p>\n\n<\/div><\/div>\n\n\n<p><\/p>\n\n\n<div  class=\"tribe-events-schedule tribe-clearfix\" >\n\t<p class=\"tribe-events-schedule__datetime\">\n\t\t<span class=\"tribe-events-schedule__date tribe-events-schedule__date--start\">\n\t\t\t16\/02\/2024\t\t<\/span>\n\n\t\t\t\t\t<span class=\"tribe-events-schedule__separator tribe-events-schedule__separator--date\">\n\t\t\t\t \t\t\t<\/span>\n\t\t\t<span class=\"tribe-events-schedule__time tribe-events-schedule__time--start\">\n\t\t\t\t08:00\t\t\t<\/span>\n\t\t\n\t\t\t\t\t\t\t\t\t<span class=\"tribe-events-schedule__separator tribe-events-schedule__separator--time\">\n\t\t\t\t\t\/\t\t\t\t<\/span>\n\t\t\t\n\t\t\t\t\t\t\t<span class=\"tribe-events-schedule__time tribe-events-schedule__time--end\">\n\t\t\t\t\t17:00\t\t\t\t<\/span>\n\t\t\t\n\t\t\t\t\t\t<\/p>\n<\/div>\n\n\n<div  class=\"tribe-block tribe-block__event-price\" >\n\t\t\t<span class=\"tribe-block__event-price__cost\"> Livre <\/span>\n\t\t\t\t<span class=\"tribe-block__event-price__description\">Pre\u00e7o promocional<\/span>\n\t<\/div>\n\n\n<div  class=\"tribe-block tribe-block__organizer__details tribe-clearfix\" >\n\t<div class=\"tribe-block__organizer__title\">\n\t\t<h3>Hans Ulrich Obrist<\/h3>\n\t<\/div>\n\t\t\t<p class=\"tribe-block__organizer__phone\">+55 55 55555-5555<\/p>\n\t\t\t\t<p class=\"tribe-block__organizer__website\"><a href=\"http:\/\/museu.io\" target=\"_blank\" rel=\"noopener noreferrer\">Ver site do Organizador<\/a><\/p>\n\t\t\t\t<p class=\"tribe-block__organizer__email\">c&#111;nt&#097;&#116;&#111;&#064;abc&#046;c&#111;&#109;<\/p>\n\t<\/div>\n\n\n<div  class=\"tribe-block tribe-block__venue tribe-clearfix tribe-block__venue--has-map\" >\n\t\n\t\n<div class=\"tribe-block__venue__meta\">\n\t<div class=\"tribe-block__venue__name\">\n\t\t<h3>Teatro Municipal<\/h3>\n\t<\/div>\n\n\t\n\t\t\t\t\t\t<address class=\"tribe-block__venue__address\">\n\t\t\t\t<span class=\"tribe-address\">\n\n<span class=\"tribe-street-address\">Pra\u00e7a Ramos de Azevedo, s\/n &#8211; Rep\u00fablica<\/span>\n\t\n\t\t<br>\n\t\t<span class=\"tribe-locality\">S\u00e3o Paulo<\/span><span class=\"tribe-delimiter\">,<\/span>\n\n\t<abbr class=\"tribe-region tribe-events-abbr\" title=\"S\u00e3o Paulo\">S\u00e3o Paulo<\/abbr>\n\n\t<span class=\"tribe-postal-code\">01037-010<\/span>\n\n\t<span class=\"tribe-country-name\">Brasil<\/span>\n\n<\/span>\n\n\t\t\t\t\t\t\t\t\t<a class=\"tribe-events-gmap\" href=\"https:\/\/maps.google.com\/maps?f=q&#038;source=s_q&#038;hl=en&#038;geocode=&#038;q=Pra%C3%A7a+Ramos+de+Azevedo%2C+s%2Fn+-+Rep%C3%BAblica+S%C3%A3o+Paulo+S%C3%A3o+Paulo+01037-010+Brasil\" title=\"Clique para o Google Maps\" target=\"_blank\" rel=\"noreferrer noopener\">+ Google Map<\/a>\t\t\t\t\t\t\t<\/address>\n\t\t\n\t\t\n\t\t\t\t\t<span class=\"tribe-block__venue__website\"><a href=\"https:\/\/theatromunicipal.org.br\/pt-br\/\" target=\"_self\" rel=\"external\">Ver site do Local<\/a><\/span><br \/>\n\t\t\t\n\t<\/div>\n\t\n<div class=\"tribe-block__venue__map\">\n\t\n<iframe loading=\"lazy\"\n  title=\"Google maps iframe displaying the address to Teatro Municipal\"\n  aria-label=\"Mapa de localiza\u00e7\u00e3o do local\"\n  width=\"310px\"\n  height=\"256px\"\n  frameborder=\"0\" style=\"border:0\"\n  src=\"https:\/\/www.google.com\/maps\/embed\/v1\/place?key=AIzaSyDNsicAsP6-VuGtAb1O9riI3oc_NOb7IOU&#038;q=Pra%C3%A7a+Ramos+de+Azevedo%2C+s%2Fn+-+Rep%C3%BAblica+S%C3%A3o+Paulo+S%C3%A3o+Paulo+01037-010+Brasil+&#038;zoom=10\" allowfullscreen>\n<\/iframe>\n<\/div>\n\n\t<\/div>\n\n\n<div  class=\"tribe-block tribe-block__event-website\" >\n\t<a\n\t\thref=\"http:\/\/museu.io\"\n\t\ttarget=\"_self\"\n\t\t\t>\n\t\tSITE\t<\/a>\n<\/div>\n\n\n\t<div  class=\"tribe-block tribe-block__events-link\" >\n\t\t<div class=\"tribe-events tribe-common\">\n\t\t\t<div class=\"tribe-events-c-subscribe-dropdown__container\">\n\t\t\t\t<div class=\"tribe-events-c-subscribe-dropdown\">\n\t\t\t\t\t<div class=\"tribe-common-c-btn-border tribe-events-c-subscribe-dropdown__button\">\n\t\t\t\t\t\t<svg\n\t class=\"tribe-common-c-svgicon tribe-common-c-svgicon--cal-export tribe-events-c-subscribe-dropdown__export-icon\" \taria-hidden=\"true\"\n\tviewBox=\"0 0 23 17\"\n\txmlns=\"http:\/\/www.w3.org\/2000\/svg\"\n>\n\t<path fill-rule=\"evenodd\" clip-rule=\"evenodd\" d=\"M.128.896V16.13c0 .211.145.383.323.383h15.354c.179 0 .323-.172.323-.383V.896c0-.212-.144-.383-.323-.383H.451C.273.513.128.684.128.896Zm16 6.742h-.901V4.679H1.009v10.729h14.218v-3.336h.901V7.638ZM1.01 1.614h14.218v2.058H1.009V1.614Z\" \/>\n\t<path d=\"M20.5 9.846H8.312M18.524 6.953l2.89 2.909-2.855 2.855\" stroke-width=\"1.2\" stroke-linecap=\"round\" stroke-linejoin=\"round\"\/>\n<\/svg>\n\t\t\t\t\t\t<button\n\t\t\t\t\t\t\tclass=\"tribe-events-c-subscribe-dropdown__button-text\"\n\t\t\t\t\t\t\taria-expanded=\"false\"\n\t\t\t\t\t\t\taria-controls=\"tribe-events-subscribe-dropdown-content\"\n\t\t\t\t\t\t\taria-label=\"View links to add events to your calendar\"\n\t\t\t\t\t\t>\n\t\t\t\t\t\t\tAdicionar ao calend\u00e1rio\t\t\t\t\t\t<\/button>\n\t\t\t\t\t\t<svg\n\t class=\"tribe-common-c-svgicon tribe-common-c-svgicon--caret-down tribe-events-c-subscribe-dropdown__button-icon\" \taria-hidden=\"true\"\n\tviewBox=\"0 0 10 7\"\n\txmlns=\"http:\/\/www.w3.org\/2000\/svg\"\n>\n\t<path fill-rule=\"evenodd\" clip-rule=\"evenodd\" d=\"M1.008.609L5 4.6 8.992.61l.958.958L5 6.517.05 1.566l.958-.958z\" class=\"tribe-common-c-svgicon__svg-fill\"\/>\n<\/svg>\n\t\t\t\t\t<\/div>\n\t\t\t\t\t<div id=\"tribe-events-subscribe-dropdown-content\" class=\"tribe-events-c-subscribe-dropdown__content\">\n\t\t\t\t\t\t<ul class=\"tribe-events-c-subscribe-dropdown__list\">\n\t\t\t\t\t\t\t\t\t\t\t\t\t\t\t<li class=\"tribe-events-c-subscribe-dropdown__list-item tribe-events-c-subscribe-dropdown__list-item--gcal\">\n\t\t\t\t\t\t\t\t\t<a\n\t\t\t\t\t\t\t\t\t\thref=\"https:\/\/www.google.com\/calendar\/event?action=TEMPLATE&#038;dates=20240216T080000\/20240216T170000&#038;text=Harald%20Szeemann%26%238217%3Bs%20Lecture&#038;details=%3Cp%3E%5Bicon+name%3D%22calendar-check%22+prefix%3D%22fas%22%5D%26nbsp%3B%26nbsp%3B%3Cstrong%3EEvento+realizado+em+16%2F02%2F2024%3C%2Fstrong%3E%3C%2Fp%3E+%3Cfigure+class%3D%22wp-block-embed+is-type-video+is-provider-vimeo+wp-block-embed-vimeo+wp-embed-aspect-16-9+wp-has-aspect-ratio%22%3E%3Cdiv+class%3D%22wp-block-embed__wrapper%22%3Ehttps%3A%2F%2Fvimeo.com%2F310185690%3C%2Fdiv%3E%3C%2Ffigure%3E%3Cp%3E%3C%2Fp%3E+%3Cp%3E%3C%2Fp%3E+&#038;location=Teatro%20Municipal,%20Pra\u00e7a%20Ramos%20de%20Azevedo,%20s\/n%20-%20Rep\u00fablica,%20S\u00e3o%20Paulo,%20S\u00e3o%20Paulo,%2001037-010,%20Brasil&#038;trp=false&#038;ctz=America\/Sao_Paulo&#038;sprop=website:https:\/\/museu.io\/tema\"\n\t\t\t\t\t\t\t\t\t\tclass=\"tribe-events-c-subscribe-dropdown__list-item-link\"\n\t\t\t\t\t\t\t\t\t\ttarget=\"_blank\"\n\t\t\t\t\t\t\t\t\t\trel=\"noopener noreferrer nofollow noindex\"\n\t\t\t\t\t\t\t\t\t>\n\t\t\t\t\t\t\t\t\t\tGoogle Agenda\t\t\t\t\t\t\t\t\t<\/a>\n\t\t\t\t\t\t\t\t<\/li>\n\t\t\t\t\t\t\t\t\t\t\t\t\t\t\t<li class=\"tribe-events-c-subscribe-dropdown__list-item tribe-events-c-subscribe-dropdown__list-item--ical\">\n\t\t\t\t\t\t\t\t\t<a\n\t\t\t\t\t\t\t\t\t\thref=\"\"\n\t\t\t\t\t\t\t\t\t\tclass=\"tribe-events-c-subscribe-dropdown__list-item-link\"\n\t\t\t\t\t\t\t\t\t\ttarget=\"_blank\"\n\t\t\t\t\t\t\t\t\t\trel=\"noopener noreferrer nofollow noindex\"\n\t\t\t\t\t\t\t\t\t>\n\t\t\t\t\t\t\t\t\t\tiCalendar\t\t\t\t\t\t\t\t\t<\/a>\n\t\t\t\t\t\t\t\t<\/li>\n\t\t\t\t\t\t\t\t\t\t\t\t\t\t\t<li class=\"tribe-events-c-subscribe-dropdown__list-item tribe-events-c-subscribe-dropdown__list-item--outlook-365\">\n\t\t\t\t\t\t\t\t\t<a\n\t\t\t\t\t\t\t\t\t\thref=\"\"\n\t\t\t\t\t\t\t\t\t\tclass=\"tribe-events-c-subscribe-dropdown__list-item-link\"\n\t\t\t\t\t\t\t\t\t\ttarget=\"_blank\"\n\t\t\t\t\t\t\t\t\t\trel=\"noopener noreferrer nofollow noindex\"\n\t\t\t\t\t\t\t\t\t>\n\t\t\t\t\t\t\t\t\t\tOutlook 365\t\t\t\t\t\t\t\t\t<\/a>\n\t\t\t\t\t\t\t\t<\/li>\n\t\t\t\t\t\t\t\t\t\t\t\t\t\t\t<li class=\"tribe-events-c-subscribe-dropdown__list-item tribe-events-c-subscribe-dropdown__list-item--outlook-live\">\n\t\t\t\t\t\t\t\t\t<a\n\t\t\t\t\t\t\t\t\t\thref=\"\"\n\t\t\t\t\t\t\t\t\t\tclass=\"tribe-events-c-subscribe-dropdown__list-item-link\"\n\t\t\t\t\t\t\t\t\t\ttarget=\"_blank\"\n\t\t\t\t\t\t\t\t\t\trel=\"noopener noreferrer nofollow noindex\"\n\t\t\t\t\t\t\t\t\t>\n\t\t\t\t\t\t\t\t\t\tOutlook Live\t\t\t\t\t\t\t\t\t<\/a>\n\t\t\t\t\t\t\t\t<\/li>\n\t\t\t\t\t\t\t\t\t\t\t\t\t<\/ul>\n\t\t\t\t\t<\/div>\n\t\t\t\t<\/div>\n\t\t\t<\/div>\n\t\t<\/div>\n\t<\/div>\n\n\n\n","protected":false},"excerpt":{"rendered":"<p>Assista \u00e0 palestra de Harald Szeemann ao vivo direto do audit\u00f3rio do SESC Pomp\u00e9ia, em S\u00e3o Paulo<\/p>\n","protected":false},"author":3,"featured_media":2883,"template":"","meta":{"_acf_changed":false,"_EventAllDay":false,"_EventTimezone":"America\/Sao_Paulo","_EventStartDate":"2024-02-16 08:00:00","_EventEndDate":"2024-02-16 17:00:00","_EventStartDateUTC":"2024-02-16 11:00:00","_EventEndDateUTC":"2024-02-16 20:00:00","_EventShowMap":true,"_EventShowMapLink":true,"_EventURL":"museu.io","_EventCost":"Livre","_EventCostDescription":"","_EventCurrencySymbol":"$","_EventCurrencyCode":"USD","_EventCurrencyPosition":"prefix","_EventDateTimeSeparator":" ","_EventTimeRangeSeparator":"\/","_EventOrganizerID":[2626],"_EventVenueID":[2383],"_OrganizerEmail":"","_OrganizerPhone":"","_OrganizerWebsite":"","_VenueAddress":"","_VenueCity":"","_VenueCountry":"","_VenueProvince":"","_VenueState":"","_VenueZip":"","_VenuePhone":"","_VenueURL":"","_VenueStateProvince":"","_VenueLat":"","_VenueLng":"","_VenueShowMap":false,"_VenueShowMapLink":false,"_tribe_events_status":"","_tribe_events_status_reason":"","footnotes":""},"tags":[],"mio_featured_post_classifier":[],"tribe_events_cat":[],"mio_tags":[],"class_list":["post-2622","tribe_events","type-tribe_events","status-publish","has-post-thumbnail","hentry"],"acf":[],"yoast_head":"<!-- This site is optimized with the Yoast SEO plugin v27.5 - https:\/\/yoast.com\/product\/yoast-seo-wordpress\/ -->\n<title>Harald Szeemann&#039;s Lecture - Tema museu.io<\/title>\n<meta name=\"robots\" content=\"index, follow, max-snippet:-1, max-image-preview:large, max-video-preview:-1\" \/>\n<link rel=\"canonical\" href=\"https:\/\/museu.io\/tema\/event\/harald-szeemanns-lecture\/\" \/>\n<meta property=\"og:locale\" content=\"pt_BR\" \/>\n<meta property=\"og:type\" content=\"article\" \/>\n<meta property=\"og:title\" content=\"Harald Szeemann&#039;s Lecture - Tema museu.io\" \/>\n<meta property=\"og:description\" content=\"Assista \u00e0 palestra de Harald Szeemann ao vivo direto do audit\u00f3rio do SESC Pomp\u00e9ia, em S\u00e3o Paulo\" \/>\n<meta property=\"og:url\" content=\"https:\/\/museu.io\/tema\/event\/harald-szeemanns-lecture\/\" \/>\n<meta property=\"og:site_name\" content=\"Tema museu.io\" \/>\n<meta property=\"article:modified_time\" content=\"2023-05-12T16:08:45+00:00\" \/>\n<meta property=\"og:image\" content=\"https:\/\/museu.io\/tema\/wp-content\/uploads\/2023\/02\/evento_01.jpg\" \/>\n\t<meta property=\"og:image:width\" content=\"1920\" \/>\n\t<meta property=\"og:image:height\" content=\"1240\" \/>\n\t<meta property=\"og:image:type\" content=\"image\/jpeg\" \/>\n<meta name=\"twitter:card\" content=\"summary_large_image\" \/>\n<meta name=\"twitter:label1\" content=\"Est. tempo de leitura\" \/>\n\t<meta name=\"twitter:data1\" content=\"1 minuto\" \/>\n<script type=\"application\/ld+json\" class=\"yoast-schema-graph\">{\"@context\":\"https:\\\/\\\/schema.org\",\"@graph\":[{\"@type\":\"WebPage\",\"@id\":\"https:\\\/\\\/museu.io\\\/tema\\\/event\\\/harald-szeemanns-lecture\\\/\",\"url\":\"https:\\\/\\\/museu.io\\\/tema\\\/event\\\/harald-szeemanns-lecture\\\/\",\"name\":\"Harald Szeemann's Lecture - Tema museu.io\",\"isPartOf\":{\"@id\":\"https:\\\/\\\/museu.io\\\/tema\\\/#website\"},\"primaryImageOfPage\":{\"@id\":\"https:\\\/\\\/museu.io\\\/tema\\\/event\\\/harald-szeemanns-lecture\\\/#primaryimage\"},\"image\":{\"@id\":\"https:\\\/\\\/museu.io\\\/tema\\\/event\\\/harald-szeemanns-lecture\\\/#primaryimage\"},\"thumbnailUrl\":\"https:\\\/\\\/museu.io\\\/tema\\\/wp-content\\\/uploads\\\/2023\\\/02\\\/evento_01.jpg\",\"datePublished\":\"2023-02-16T04:08:51+00:00\",\"dateModified\":\"2023-05-12T16:08:45+00:00\",\"breadcrumb\":{\"@id\":\"https:\\\/\\\/museu.io\\\/tema\\\/event\\\/harald-szeemanns-lecture\\\/#breadcrumb\"},\"inLanguage\":\"pt-BR\",\"potentialAction\":[{\"@type\":\"ReadAction\",\"target\":[\"https:\\\/\\\/museu.io\\\/tema\\\/event\\\/harald-szeemanns-lecture\\\/\"]}]},{\"@type\":\"ImageObject\",\"inLanguage\":\"pt-BR\",\"@id\":\"https:\\\/\\\/museu.io\\\/tema\\\/event\\\/harald-szeemanns-lecture\\\/#primaryimage\",\"url\":\"https:\\\/\\\/museu.io\\\/tema\\\/wp-content\\\/uploads\\\/2023\\\/02\\\/evento_01.jpg\",\"contentUrl\":\"https:\\\/\\\/museu.io\\\/tema\\\/wp-content\\\/uploads\\\/2023\\\/02\\\/evento_01.jpg\",\"width\":1920,\"height\":1240},{\"@type\":\"BreadcrumbList\",\"@id\":\"https:\\\/\\\/museu.io\\\/tema\\\/event\\\/harald-szeemanns-lecture\\\/#breadcrumb\",\"itemListElement\":[{\"@type\":\"ListItem\",\"position\":1,\"name\":\"In\u00edcio\",\"item\":\"https:\\\/\\\/museu.io\\\/tema\\\/\"},{\"@type\":\"ListItem\",\"position\":2,\"name\":\"Eventos\",\"item\":\"https:\\\/\\\/dev.museu.io\\\/tema\\\/events\\\/\"},{\"@type\":\"ListItem\",\"position\":3,\"name\":\"Harald Szeemann&#8217;s Lecture\"}]},{\"@type\":\"WebSite\",\"@id\":\"https:\\\/\\\/museu.io\\\/tema\\\/#website\",\"url\":\"https:\\\/\\\/museu.io\\\/tema\\\/\",\"name\":\"Tema Museu.io\",\"description\":\"Site demonstra\u00e7\u00e3o do tema Museu.io\",\"publisher\":{\"@id\":\"https:\\\/\\\/museu.io\\\/tema\\\/#organization\"},\"potentialAction\":[{\"@type\":\"SearchAction\",\"target\":{\"@type\":\"EntryPoint\",\"urlTemplate\":\"https:\\\/\\\/museu.io\\\/tema\\\/?s={search_term_string}\"},\"query-input\":{\"@type\":\"PropertyValueSpecification\",\"valueRequired\":true,\"valueName\":\"search_term_string\"}}],\"inLanguage\":\"pt-BR\"},{\"@type\":\"Organization\",\"@id\":\"https:\\\/\\\/museu.io\\\/tema\\\/#organization\",\"name\":\"Museu.io\",\"url\":\"https:\\\/\\\/museu.io\\\/tema\\\/\",\"logo\":{\"@type\":\"ImageObject\",\"inLanguage\":\"pt-BR\",\"@id\":\"https:\\\/\\\/museu.io\\\/tema\\\/#\\\/schema\\\/logo\\\/image\\\/\",\"url\":\"https:\\\/\\\/museu.io\\\/tema\\\/wp-content\\\/uploads\\\/2023\\\/02\\\/Artboard-1.png\",\"contentUrl\":\"https:\\\/\\\/museu.io\\\/tema\\\/wp-content\\\/uploads\\\/2023\\\/02\\\/Artboard-1.png\",\"width\":339,\"height\":305,\"caption\":\"Museu.io\"},\"image\":{\"@id\":\"https:\\\/\\\/museu.io\\\/tema\\\/#\\\/schema\\\/logo\\\/image\\\/\"}}]}<\/script>\n<!-- \/ Yoast SEO plugin. -->","yoast_head_json":{"title":"Harald Szeemann's Lecture - Tema museu.io","robots":{"index":"index","follow":"follow","max-snippet":"max-snippet:-1","max-image-preview":"max-image-preview:large","max-video-preview":"max-video-preview:-1"},"canonical":"https:\/\/museu.io\/tema\/event\/harald-szeemanns-lecture\/","og_locale":"pt_BR","og_type":"article","og_title":"Harald Szeemann's Lecture - Tema museu.io","og_description":"Assista \u00e0 palestra de Harald Szeemann ao vivo direto do audit\u00f3rio do SESC Pomp\u00e9ia, em S\u00e3o Paulo","og_url":"https:\/\/museu.io\/tema\/event\/harald-szeemanns-lecture\/","og_site_name":"Tema museu.io","article_modified_time":"2023-05-12T16:08:45+00:00","og_image":[{"width":1920,"height":1240,"url":"https:\/\/museu.io\/tema\/wp-content\/uploads\/2023\/02\/evento_01.jpg","type":"image\/jpeg"}],"twitter_card":"summary_large_image","twitter_misc":{"Est. tempo de leitura":"1 minuto"},"schema":{"@context":"https:\/\/schema.org","@graph":[{"@type":"WebPage","@id":"https:\/\/museu.io\/tema\/event\/harald-szeemanns-lecture\/","url":"https:\/\/museu.io\/tema\/event\/harald-szeemanns-lecture\/","name":"Harald Szeemann's Lecture - Tema museu.io","isPartOf":{"@id":"https:\/\/museu.io\/tema\/#website"},"primaryImageOfPage":{"@id":"https:\/\/museu.io\/tema\/event\/harald-szeemanns-lecture\/#primaryimage"},"image":{"@id":"https:\/\/museu.io\/tema\/event\/harald-szeemanns-lecture\/#primaryimage"},"thumbnailUrl":"https:\/\/museu.io\/tema\/wp-content\/uploads\/2023\/02\/evento_01.jpg","datePublished":"2023-02-16T04:08:51+00:00","dateModified":"2023-05-12T16:08:45+00:00","breadcrumb":{"@id":"https:\/\/museu.io\/tema\/event\/harald-szeemanns-lecture\/#breadcrumb"},"inLanguage":"pt-BR","potentialAction":[{"@type":"ReadAction","target":["https:\/\/museu.io\/tema\/event\/harald-szeemanns-lecture\/"]}]},{"@type":"ImageObject","inLanguage":"pt-BR","@id":"https:\/\/museu.io\/tema\/event\/harald-szeemanns-lecture\/#primaryimage","url":"https:\/\/museu.io\/tema\/wp-content\/uploads\/2023\/02\/evento_01.jpg","contentUrl":"https:\/\/museu.io\/tema\/wp-content\/uploads\/2023\/02\/evento_01.jpg","width":1920,"height":1240},{"@type":"BreadcrumbList","@id":"https:\/\/museu.io\/tema\/event\/harald-szeemanns-lecture\/#breadcrumb","itemListElement":[{"@type":"ListItem","position":1,"name":"In\u00edcio","item":"https:\/\/museu.io\/tema\/"},{"@type":"ListItem","position":2,"name":"Eventos","item":"https:\/\/dev.museu.io\/tema\/events\/"},{"@type":"ListItem","position":3,"name":"Harald Szeemann&#8217;s Lecture"}]},{"@type":"WebSite","@id":"https:\/\/museu.io\/tema\/#website","url":"https:\/\/museu.io\/tema\/","name":"Tema Museu.io","description":"Site demonstra\u00e7\u00e3o do tema Museu.io","publisher":{"@id":"https:\/\/museu.io\/tema\/#organization"},"potentialAction":[{"@type":"SearchAction","target":{"@type":"EntryPoint","urlTemplate":"https:\/\/museu.io\/tema\/?s={search_term_string}"},"query-input":{"@type":"PropertyValueSpecification","valueRequired":true,"valueName":"search_term_string"}}],"inLanguage":"pt-BR"},{"@type":"Organization","@id":"https:\/\/museu.io\/tema\/#organization","name":"Museu.io","url":"https:\/\/museu.io\/tema\/","logo":{"@type":"ImageObject","inLanguage":"pt-BR","@id":"https:\/\/museu.io\/tema\/#\/schema\/logo\/image\/","url":"https:\/\/museu.io\/tema\/wp-content\/uploads\/2023\/02\/Artboard-1.png","contentUrl":"https:\/\/museu.io\/tema\/wp-content\/uploads\/2023\/02\/Artboard-1.png","width":339,"height":305,"caption":"Museu.io"},"image":{"@id":"https:\/\/museu.io\/tema\/#\/schema\/logo\/image\/"}}]}},"_links":{"self":[{"href":"https:\/\/museu.io\/tema\/wp-json\/wp\/v2\/tribe_events\/2622","targetHints":{"allow":["GET"]}}],"collection":[{"href":"https:\/\/museu.io\/tema\/wp-json\/wp\/v2\/tribe_events"}],"about":[{"href":"https:\/\/museu.io\/tema\/wp-json\/wp\/v2\/types\/tribe_events"}],"author":[{"embeddable":true,"href":"https:\/\/museu.io\/tema\/wp-json\/wp\/v2\/users\/3"}],"version-history":[{"count":7,"href":"https:\/\/museu.io\/tema\/wp-json\/wp\/v2\/tribe_events\/2622\/revisions"}],"predecessor-version":[{"id":2667,"href":"https:\/\/museu.io\/tema\/wp-json\/wp\/v2\/tribe_events\/2622\/revisions\/2667"}],"wp:featuredmedia":[{"embeddable":true,"href":"https:\/\/museu.io\/tema\/wp-json\/wp\/v2\/media\/2883"}],"wp:attachment":[{"href":"https:\/\/museu.io\/tema\/wp-json\/wp\/v2\/media?parent=2622"}],"wp:term":[{"taxonomy":"post_tag","embeddable":true,"href":"https:\/\/museu.io\/tema\/wp-json\/wp\/v2\/tags?post=2622"},{"taxonomy":"mio_featured_post_classifier","embeddable":true,"href":"https:\/\/museu.io\/tema\/wp-json\/wp\/v2\/mio_featured_post_classifier?post=2622"},{"taxonomy":"tribe_events_cat","embeddable":true,"href":"https:\/\/museu.io\/tema\/wp-json\/wp\/v2\/tribe_events_cat?post=2622"},{"taxonomy":"mio_tags","embeddable":true,"href":"https:\/\/museu.io\/tema\/wp-json\/wp\/v2\/mio_tags?post=2622"}],"curies":[{"name":"wp","href":"https:\/\/api.w.org\/{rel}","templated":true}]}}