{"id":5775,"date":"2023-04-16T14:25:48","date_gmt":"2023-04-16T17:25:48","guid":{"rendered":"https:\/\/museu.io\/tema\/?page_id=5775"},"modified":"2024-10-22T16:56:08","modified_gmt":"2024-10-22T19:56:08","slug":"programacao-2","status":"publish","type":"page","link":"https:\/\/museu.io\/tema\/programacao-2\/","title":{"rendered":"Programa\u00e7\u00e3o"},"content":{"rendered":"<div style=\"margin-bottom:var(--wp--preset--spacing--50);\" class=\"mio-section-content-boxed align wp-block-museuio-companion-section\"><div class=\"mio-section__content\">\n\n<p class=\"is-style-mio-remove-margin-block\"><strong><i class=\"fas fa-arrow-down\"><\/i>&nbsp;&nbsp;Programa\u00e7\u00e3o<\/strong>&nbsp;&nbsp;\/&nbsp;&nbsp;<a href=\"http:\/\/museu.io\/tema\/events\/\">Acessar calend\u00e1rio<\/a><\/p>\n\n<\/div><\/div>\n\n<div style=\"padding-top:0;padding-bottom:0;margin-bottom:var(--wp--preset--spacing--60);\" class=\"mio-section-content-boxed align wp-block-museuio-companion-section\"><div class=\"mio-section__content\">\n<div style=\"padding-top:0;padding-right:0;padding-bottom:0;padding-left:0;\" class=\"mio-display-carousel spacing-mode-default has-sizing-mode-item align wp-block-museuio-companion-carousel\" data-option-free-scroll=\"1\" data-option-wrap-around=\"\" data-option-auto-play=\"\" data-option-fade=\"\" data-option-contain=\"1\" data-option-prev-next-buttons=\"1\" data-option-cell-align=\"left\"><div class=\"mio-display-carousel__content\">\n<div style=\"--mio-grid-rows--desktop: 4;--mio-grid-rows--mobile: 6;--mio-grid-cols--desktop: 6;--mio-grid-cols--mobile: 1;--mio-item-desktop-height: var(--mio-item-height, auto);--mio-item-desktop-width: 60%;--mio-item-height: auto;--mio-item-width: 80vw;\" class=\"mio-custom-size align wp-block-museuio-companion-featured-item-custom\"><a class=\"mio-featured-item-custom-wrapper-link\" href=\"https:\/\/museu.io\/tema\/exposicao\/ai-weiwei-according-to-what\/\">\n\n<div class=\"wp-block-cover is-light has-custom-content-position is-position-bottom-left\" style=\"padding-top:var(--wp--preset--spacing--40);padding-right:var(--wp--preset--spacing--40);padding-bottom:var(--wp--preset--spacing--40);padding-left:var(--wp--preset--spacing--40);min-height:480px;aspect-ratio:unset;\"><span aria-hidden=\"true\" class=\"wp-block-cover__background has-background-dim-0 has-background-dim\"><\/span><img loading=\"lazy\" decoding=\"async\" width=\"1920\" height=\"1626\" class=\"wp-block-cover__image-background wp-image-6646\" alt=\"\" src=\"https:\/\/museu.io\/tema\/wp-content\/uploads\/2023\/05\/expo-weiwei-04.jpg\" data-object-fit=\"cover\" srcset=\"https:\/\/museu.io\/tema\/wp-content\/uploads\/2023\/05\/expo-weiwei-04.jpg 1920w, https:\/\/museu.io\/tema\/wp-content\/uploads\/2023\/05\/expo-weiwei-04-800x678.jpg 800w, https:\/\/museu.io\/tema\/wp-content\/uploads\/2023\/05\/expo-weiwei-04-1275x1080.jpg 1275w, https:\/\/museu.io\/tema\/wp-content\/uploads\/2023\/05\/expo-weiwei-04-768x650.jpg 768w, https:\/\/museu.io\/tema\/wp-content\/uploads\/2023\/05\/expo-weiwei-04-1536x1301.jpg 1536w, https:\/\/museu.io\/tema\/wp-content\/uploads\/2023\/05\/expo-weiwei-04-205x174.jpg 205w, https:\/\/museu.io\/tema\/wp-content\/uploads\/2023\/05\/expo-weiwei-04-480x407.jpg 480w, https:\/\/museu.io\/tema\/wp-content\/uploads\/2023\/05\/expo-weiwei-04-907x768.jpg 907w\" sizes=\"auto, (max-width: 1920px) 100vw, 1920px\" \/><div class=\"wp-block-cover__inner-container is-layout-flow wp-block-cover-is-layout-flow\">\n<div class=\"wp-block-group has-background has-global-padding is-content-justification-left is-layout-constrained wp-container-core-group-is-layout-a5df894e wp-block-group-is-layout-constrained\" style=\"background-color:#e7c397;padding-top:var(--wp--preset--spacing--50);padding-right:var(--wp--preset--spacing--50);padding-bottom:var(--wp--preset--spacing--50);padding-left:var(--wp--preset--spacing--50);\">\n<p class=\"has-text-align-left has-mio-regular-font-size\" style=\"font-style:normal;font-weight:700;text-transform:uppercase\">EXPOSI\u00c7\u00c3O TEMPOR\u00c1RIA<\/p>\n\n\n\n<h2 class=\"wp-block-heading has-mio-subheader-1-font-size\">Ai Weiwei: According to What?<\/h2>\n\n\n\n<p>Um dos artistas mais controversos da China para um p\u00fablico global.<\/p>\n<\/div>\n<\/div><\/div>\n\n<\/a><\/div>\n\n<div style=\"--mio-grid-rows--desktop: 4;--mio-grid-rows--mobile: 6;--mio-grid-cols--desktop: 6;--mio-grid-cols--mobile: 1;--mio-item-desktop-height: var(--mio-item-height, auto);--mio-item-desktop-width: 64vw;--mio-item-height: auto;--mio-item-width: 82vw;\" class=\"mio-custom-size align wp-block-museuio-companion-featured-item-custom\"><a class=\"mio-featured-item-custom-wrapper-link\" href=\"https:\/\/museu.io\/tema\/exposicao\/infinity-mirror-room\/\">\n\n<div class=\"wp-block-cover is-light has-custom-content-position is-position-bottom-left\" style=\"padding-top:var(--wp--preset--spacing--40);padding-right:var(--wp--preset--spacing--40);padding-bottom:var(--wp--preset--spacing--40);padding-left:var(--wp--preset--spacing--40);min-height:480px;aspect-ratio:unset;\"><span aria-hidden=\"true\" class=\"wp-block-cover__background has-background-dim-0 has-background-dim\"><\/span><img loading=\"lazy\" decoding=\"async\" width=\"1920\" height=\"1373\" class=\"wp-block-cover__image-background wp-image-6518\" alt=\"\" src=\"https:\/\/museu.io\/tema\/wp-content\/uploads\/2023\/05\/expo_yayoi-01.jpg\" data-object-fit=\"cover\" srcset=\"https:\/\/museu.io\/tema\/wp-content\/uploads\/2023\/05\/expo_yayoi-01.jpg 1920w, https:\/\/museu.io\/tema\/wp-content\/uploads\/2023\/05\/expo_yayoi-01-800x572.jpg 800w, https:\/\/museu.io\/tema\/wp-content\/uploads\/2023\/05\/expo_yayoi-01-1510x1080.jpg 1510w, https:\/\/museu.io\/tema\/wp-content\/uploads\/2023\/05\/expo_yayoi-01-768x549.jpg 768w, https:\/\/museu.io\/tema\/wp-content\/uploads\/2023\/05\/expo_yayoi-01-1536x1098.jpg 1536w, https:\/\/museu.io\/tema\/wp-content\/uploads\/2023\/05\/expo_yayoi-01-205x147.jpg 205w, https:\/\/museu.io\/tema\/wp-content\/uploads\/2023\/05\/expo_yayoi-01-480x343.jpg 480w, https:\/\/museu.io\/tema\/wp-content\/uploads\/2023\/05\/expo_yayoi-01-1074x768.jpg 1074w\" sizes=\"auto, (max-width: 1920px) 100vw, 1920px\" \/><div class=\"wp-block-cover__inner-container is-layout-flow wp-block-cover-is-layout-flow\">\n<div class=\"wp-block-group has-luminous-vivid-amber-background-color has-background has-global-padding is-content-justification-left is-layout-constrained wp-container-core-group-is-layout-e9bb4b9a wp-block-group-is-layout-constrained\" style=\"padding-top:var(--wp--preset--spacing--50);padding-right:var(--wp--preset--spacing--50);padding-bottom:var(--wp--preset--spacing--50);padding-left:var(--wp--preset--spacing--50);\">\n<p class=\"has-text-align-left has-mio-regular-font-size\" style=\"font-style:normal;font-weight:700;text-transform:uppercase\">EXPOSI\u00c7\u00c3O TEMPOR\u00c1RIA<\/p>\n\n\n\n<h2 class=\"wp-block-heading has-mio-subheader-1-font-size\">Infinity Mirror Room<\/h2>\n\n\n\n<p>De 04 de abril at\u00e9 30 de setembro<\/p>\n<\/div>\n<\/div><\/div>\n\n<\/a><\/div>\n<\/div><\/div>\n<\/div><\/div>\n\n<div style=\"padding-top:0;padding-bottom:0;margin-bottom:var(--wp--preset--spacing--80);\" class=\"mio-section-content-boxed align wp-block-museuio-companion-section\"><div class=\"mio-section__content\">\n\n<hr class=\"wp-block-separator has-alpha-channel-opacity is-style-mio-separator-thick\" style=\"margin-top:0;margin-bottom:var(--wp--preset--spacing--50)\"\/>\n\n\n<div style=\"--mio-grid-column-gap: 24px;--mio-grid-row-gap: 32px;--mio-grid-columns: 2; padding-top:0;padding-bottom:0;\" class=\"mio-auto-grid-row-height align wp-block-museuio-companion-grid\"><div class=\"mio-display-grid__content\">\n<div style=\"--mio-grid-rows--desktop: 4;--mio-grid-rows--mobile: 6;--mio-grid-cols--desktop: 4;--mio-grid-cols--mobile: 2;--mio-item-desktop-height: var(--mio-item-height, auto);--mio-item-desktop-width: var(--mio-item-width, auto);--mio-item-height: auto;--mio-item-width: auto;\" class=\"mio-custom-size align wp-block-museuio-companion-featured-item-custom\"><a class=\"mio-featured-item-custom-wrapper-link\" href=\"https:\/\/museu.io\/tema\/event\/laboratorio-de-pintura\/\">\n\n<div class=\"wp-block-columns is-not-stacked-on-mobile is-layout-flex wp-container-core-columns-is-layout-40b27d5e wp-block-columns-is-layout-flex\" style=\"margin-top:0;margin-bottom:0\">\n<div class=\"wp-block-column is-layout-flow wp-block-column-is-layout-flow\"><div style=\"--mio-image-box-position--desktop: 50% 30%;--mio-image-box-position: 50% 30%;--mio-image-box-height: 140px;--mio-image-box-width: 100%;--mio-object-fit--desktop: cover;--mio-object-fit: cover;--mio-image-box-mode: cover;\" class=\"mio-image has-mio-size-fit-box align wp-block-museuio-companion-image\"><figure><div class=\"mio-image-wrapper\"  style=\"\"><img loading=\"lazy\" decoding=\"async\" width=\"1920\" height=\"1279\" src=\"https:\/\/museu.io\/tema\/wp-content\/uploads\/2023\/05\/evento-met-children-01.jpg\" class=\"attachment-full size-full\" alt=\"\" srcset=\"https:\/\/museu.io\/tema\/wp-content\/uploads\/2023\/05\/evento-met-children-01.jpg 1920w, https:\/\/museu.io\/tema\/wp-content\/uploads\/2023\/05\/evento-met-children-01-800x533.jpg 800w, https:\/\/museu.io\/tema\/wp-content\/uploads\/2023\/05\/evento-met-children-01-1621x1080.jpg 1621w, https:\/\/museu.io\/tema\/wp-content\/uploads\/2023\/05\/evento-met-children-01-768x512.jpg 768w, https:\/\/museu.io\/tema\/wp-content\/uploads\/2023\/05\/evento-met-children-01-1536x1023.jpg 1536w, https:\/\/museu.io\/tema\/wp-content\/uploads\/2023\/05\/evento-met-children-01-205x137.jpg 205w, https:\/\/museu.io\/tema\/wp-content\/uploads\/2023\/05\/evento-met-children-01-480x320.jpg 480w, https:\/\/museu.io\/tema\/wp-content\/uploads\/2023\/05\/evento-met-children-01-1153x768.jpg 1153w\" sizes=\"auto, (max-width: 1920px) 100vw, 1920px\" \/><\/div><\/figure><\/div><\/div>\n\n\n\n<div class=\"wp-block-column is-layout-flow wp-block-column-is-layout-flow\" style=\"padding-left:var(--wp--preset--spacing--30)\">\n<div class=\"wp-block-group has-global-padding is-content-justification-left is-layout-constrained wp-container-core-group-is-layout-2857f9a9 wp-block-group-is-layout-constrained\" style=\"padding-top:var(--wp--preset--spacing--40);padding-right:var(--wp--preset--spacing--30);\">\n<p class=\"is-style-mio-remove-margin-block has-mio-small-font-size\" style=\"text-transform:uppercase\"><strong>Infantil<\/strong><\/p>\n\n\n\n<h2 class=\"wp-block-heading is-style-mio-remove-margin-block has-mio-regular-font-size\">Laborat\u00f3rio de pintura<\/h2>\n\n\n\n<p class=\"has-mio-small-font-size\">34.03 &#8211; 14:00\/16:00<\/p>\n<\/div>\n<\/div>\n<\/div>\n\n<\/a><\/div>\n\n<div style=\"--mio-grid-rows--desktop: 4;--mio-grid-rows--mobile: 6;--mio-grid-cols--desktop: 4;--mio-grid-cols--mobile: 2;--mio-item-desktop-height: var(--mio-item-height, auto);--mio-item-desktop-width: var(--mio-item-width, auto);--mio-item-height: auto;--mio-item-width: auto; padding-top:0;padding-bottom:0;padding-left:0;padding-right:0;\" class=\"mio-custom-size align wp-block-museuio-companion-featured-item-custom\"><a class=\"mio-featured-item-custom-wrapper-link\" href=\"https:\/\/museu.io\/tema\/event\/criando-personagens\/\">\n\n<div class=\"wp-block-columns is-not-stacked-on-mobile is-layout-flex wp-container-core-columns-is-layout-40b27d5e wp-block-columns-is-layout-flex\" style=\"margin-top:0;margin-bottom:0\">\n<div class=\"wp-block-column is-layout-flow wp-block-column-is-layout-flow\"><div style=\"--mio-image-box-position--desktop: 50% 50%;--mio-image-box-position: 50% 30%;--mio-image-box-height: 140px;--mio-image-box-max-width: 40vw;--mio-image-box-width: 100%;--mio-object-fit--desktop: cover;--mio-object-fit: cover;--mio-image-box-mode: cover;\" class=\"mio-image has-mio-size-fit-box align wp-block-museuio-companion-image\"><figure><div class=\"mio-image-wrapper\"  style=\"\"><img loading=\"lazy\" decoding=\"async\" width=\"1920\" height=\"1240\" src=\"https:\/\/museu.io\/tema\/wp-content\/uploads\/2023\/02\/evento_family_01.jpg\" class=\"attachment-full size-full\" alt=\"\" srcset=\"https:\/\/museu.io\/tema\/wp-content\/uploads\/2023\/02\/evento_family_01.jpg 1920w, https:\/\/museu.io\/tema\/wp-content\/uploads\/2023\/02\/evento_family_01-800x517.jpg 800w, https:\/\/museu.io\/tema\/wp-content\/uploads\/2023\/02\/evento_family_01-1672x1080.jpg 1672w, https:\/\/museu.io\/tema\/wp-content\/uploads\/2023\/02\/evento_family_01-768x496.jpg 768w, https:\/\/museu.io\/tema\/wp-content\/uploads\/2023\/02\/evento_family_01-1536x992.jpg 1536w, https:\/\/museu.io\/tema\/wp-content\/uploads\/2023\/02\/evento_family_01-205x132.jpg 205w, https:\/\/museu.io\/tema\/wp-content\/uploads\/2023\/02\/evento_family_01-480x310.jpg 480w, https:\/\/museu.io\/tema\/wp-content\/uploads\/2023\/02\/evento_family_01-1189x768.jpg 1189w\" sizes=\"auto, (max-width: 1920px) 100vw, 1920px\" \/><\/div><\/figure><\/div><\/div>\n\n\n\n<div class=\"wp-block-column is-layout-flow wp-block-column-is-layout-flow\" style=\"padding-left:var(--wp--preset--spacing--30)\">\n<div class=\"wp-block-group has-global-padding is-content-justification-left is-layout-constrained wp-container-core-group-is-layout-b32e4284 wp-block-group-is-layout-constrained\" style=\"padding-top:var(--wp--preset--spacing--40);padding-right:var(--wp--preset--spacing--30);padding-left:0;\">\n<p class=\"is-style-mio-remove-margin-block has-mio-small-font-size\" style=\"text-transform:uppercase\"><strong>Workshop<\/strong><\/p>\n\n\n\n<h2 class=\"wp-block-heading is-style-mio-remove-margin-block has-mio-regular-font-size\">Criando personagens<\/h2>\n\n\n\n<p class=\"has-mio-small-font-size\">34.03 &#8211; 14:00\/16:00<\/p>\n<\/div>\n<\/div>\n<\/div>\n\n<\/a><\/div>\n\n<div style=\"--mio-grid-rows--desktop: 4;--mio-grid-rows--mobile: 6;--mio-grid-cols--desktop: 4;--mio-grid-cols--mobile: 2;--mio-item-desktop-height: var(--mio-item-height, auto);--mio-item-desktop-width: var(--mio-item-width, auto);--mio-item-height: auto;--mio-item-width: auto;\" class=\"mio-custom-size align wp-block-museuio-companion-featured-item-custom\"><a class=\"mio-featured-item-custom-wrapper-link\" href=\"https:\/\/museu.io\/tema\/event\/the-shamrock-handicap-1926-directed-by-john-ford\/\">\n\n<div class=\"wp-block-columns is-not-stacked-on-mobile is-layout-flex wp-container-core-columns-is-layout-40b27d5e wp-block-columns-is-layout-flex\" style=\"margin-top:0;margin-bottom:0\">\n<div class=\"wp-block-column is-layout-flow wp-block-column-is-layout-flow\"><div style=\"--mio-image-box-position--desktop: 50% 50%;--mio-image-box-position: 50% 30%;--mio-image-box-height: 140px;--mio-image-box-max-width: 40vw;--mio-image-box-width: 100%;--mio-object-fit--desktop: cover;--mio-object-fit: cover;--mio-image-box-mode: cover;\" class=\"mio-image has-mio-size-fit-box align wp-block-museuio-companion-image\"><figure><div class=\"mio-image-wrapper\"  style=\"\"><img loading=\"lazy\" decoding=\"async\" width=\"1920\" height=\"1240\" src=\"https:\/\/museu.io\/tema\/wp-content\/uploads\/2023\/02\/evento_shamrock_01.jpg\" class=\"attachment-full size-full\" alt=\"\" srcset=\"https:\/\/museu.io\/tema\/wp-content\/uploads\/2023\/02\/evento_shamrock_01.jpg 1920w, https:\/\/museu.io\/tema\/wp-content\/uploads\/2023\/02\/evento_shamrock_01-800x517.jpg 800w, https:\/\/museu.io\/tema\/wp-content\/uploads\/2023\/02\/evento_shamrock_01-1672x1080.jpg 1672w, https:\/\/museu.io\/tema\/wp-content\/uploads\/2023\/02\/evento_shamrock_01-768x496.jpg 768w, https:\/\/museu.io\/tema\/wp-content\/uploads\/2023\/02\/evento_shamrock_01-1536x992.jpg 1536w, https:\/\/museu.io\/tema\/wp-content\/uploads\/2023\/02\/evento_shamrock_01-205x132.jpg 205w, https:\/\/museu.io\/tema\/wp-content\/uploads\/2023\/02\/evento_shamrock_01-480x310.jpg 480w, https:\/\/museu.io\/tema\/wp-content\/uploads\/2023\/02\/evento_shamrock_01-1189x768.jpg 1189w\" sizes=\"auto, (max-width: 1920px) 100vw, 1920px\" \/><\/div><\/figure><\/div><\/div>\n\n\n\n<div class=\"wp-block-column is-layout-flow wp-block-column-is-layout-flow\" style=\"padding-left:var(--wp--preset--spacing--30)\">\n<div class=\"wp-block-group has-global-padding is-content-justification-left is-layout-constrained wp-container-core-group-is-layout-2857f9a9 wp-block-group-is-layout-constrained\" style=\"padding-top:var(--wp--preset--spacing--40);padding-right:var(--wp--preset--spacing--30);\">\n<p class=\"is-style-mio-remove-margin-block has-mio-small-font-size\" style=\"text-transform:uppercase\"><strong>Cinema<\/strong><\/p>\n\n\n\n<h2 class=\"wp-block-heading is-style-mio-remove-margin-block has-mio-regular-font-size\">The Shamrock Handicap<\/h2>\n\n\n\n<p class=\"has-mio-small-font-size\">34.03 &#8211; 14:00\/16:00<\/p>\n<\/div>\n<\/div>\n<\/div>\n\n<\/a><\/div>\n<\/div><\/div>\n<\/div><\/div>\n\n<div style=\"background-color:#abb7c278; padding-top:var(--wp--preset--spacing--80);padding-right:var(--wp--preset--spacing--80);padding-bottom:var(--wp--preset--spacing--80);padding-left:var(--wp--preset--spacing--80);margin-top:var(--wp--preset--spacing--80);margin-bottom:var(--wp--preset--spacing--80);\" class=\"mio-section-content-boxed align wp-block-museuio-companion-section has-background\"><div class=\"mio-section__content\">\n<div style=\"--mio-grid-column-gap: 40px;--mio-grid-row-gap: 32px;--mio-grid-columns: 2;\" class=\"mio-auto-grid-row-height align wp-block-museuio-companion-grid\"><div class=\"mio-display-grid__content\">\n<div style=\"--mio-grid-rows--desktop: 1;--mio-grid-rows--mobile: 1;--mio-grid-cols--desktop: 8;--mio-grid-cols--mobile: 2;--mio-item-desktop-height: var(--mio-item-height, auto);--mio-item-desktop-width: var(--mio-item-width, auto);--mio-item-height: auto;--mio-item-width: auto;\" class=\"mio-custom-size align wp-block-museuio-companion-featured-item-custom\"><a class=\"mio-featured-item-custom-wrapper-link\" href=\"https:\/\/museu.io\/tema\/event\/modern-mondays\/\">\n\n<div class=\"wp-block-cover has-custom-content-position is-position-bottom-left\" style=\"padding-top:var(--wp--preset--spacing--60);padding-right:var(--wp--preset--spacing--60);padding-bottom:var(--wp--preset--spacing--60);padding-left:var(--wp--preset--spacing--60);\"><span aria-hidden=\"true\" class=\"wp-block-cover__background has-background-dim\"><\/span><img loading=\"lazy\" decoding=\"async\" width=\"2000\" height=\"667\" class=\"wp-block-cover__image-background wp-image-6939\" alt=\"\" src=\"https:\/\/museu.io\/tema\/wp-content\/uploads\/2023\/05\/evento-modern-mondays-02.jpg\" data-object-fit=\"cover\" srcset=\"https:\/\/museu.io\/tema\/wp-content\/uploads\/2023\/05\/evento-modern-mondays-02.jpg 2000w, https:\/\/museu.io\/tema\/wp-content\/uploads\/2023\/05\/evento-modern-mondays-02-800x267.jpg 800w, https:\/\/museu.io\/tema\/wp-content\/uploads\/2023\/05\/evento-modern-mondays-02-1920x640.jpg 1920w, https:\/\/museu.io\/tema\/wp-content\/uploads\/2023\/05\/evento-modern-mondays-02-768x256.jpg 768w, https:\/\/museu.io\/tema\/wp-content\/uploads\/2023\/05\/evento-modern-mondays-02-1536x512.jpg 1536w, https:\/\/museu.io\/tema\/wp-content\/uploads\/2023\/05\/evento-modern-mondays-02-205x68.jpg 205w, https:\/\/museu.io\/tema\/wp-content\/uploads\/2023\/05\/evento-modern-mondays-02-480x160.jpg 480w, https:\/\/museu.io\/tema\/wp-content\/uploads\/2023\/05\/evento-modern-mondays-02-1366x456.jpg 1366w\" sizes=\"auto, (max-width: 2000px) 100vw, 2000px\" \/><div class=\"wp-block-cover__inner-container is-layout-flow wp-block-cover-is-layout-flow\">\n<div class=\"wp-block-group has-global-padding is-content-justification-left is-layout-constrained wp-container-core-group-is-layout-e196ba4c wp-block-group-is-layout-constrained\">\n<p class=\"is-style-mio-remove-margin-block has-mio-white-color has-text-color has-mio-regular-font-size\"><strong>WORKSHOP<\/strong><\/p>\n\n\n\n<h2 class=\"wp-block-heading is-style-mio-remove-margin-block has-mio-white-color has-text-color has-mio-subheader-1-font-size\">Modern Mondays<\/h2>\n\n\n\n<p class=\"is-style-mio-remove-margin-block has-mio-white-color has-text-color has-mio-medium-font-size\">Thu, Feb&nbsp;23,<br>10:00&nbsp;&#8211; 12:00<\/p>\n<\/div>\n<\/div><\/div>\n\n<\/a><\/div>\n\n<div style=\"--mio-grid-rows--desktop: 1;--mio-grid-rows--mobile: 1;--mio-grid-cols--desktop: 4;--mio-grid-cols--mobile: 2;--mio-item-desktop-height: var(--mio-item-height, auto);--mio-item-desktop-width: var(--mio-item-width, auto);--mio-item-height: auto;--mio-item-width: auto;\" class=\"mio-custom-size align wp-block-museuio-companion-featured-item-custom\">\n\n<h2 class=\"wp-block-heading is-style-mio-remove-margin-block has-mio-subheader-2-font-size\" style=\"margin-bottom:var(--wp--preset--spacing--40)\">Pr\u00f3ximos eventos<\/h2>\n\n\n\n<div class=\"wp-block-query is-layout-flow wp-block-query-is-layout-flow\"><ul class=\"wp-block-post-template is-layout-flow wp-block-post-template-is-layout-flow\"><li class=\"wp-block-post post-2525 tribe_events type-tribe_events status-publish has-post-thumbnail hentry\">\n\n<div class=\"wp-block-columns is-not-stacked-on-mobile is-layout-flex wp-container-core-columns-is-layout-6b6bfc04 wp-block-columns-is-layout-flex\" style=\"margin-top:0;margin-bottom:var(--wp--preset--spacing--30)\">\n<div class=\"wp-block-column is-layout-flow wp-block-column-is-layout-flow\" style=\"flex-basis:40%\"><figure style=\"width:100%;height:100px;\" class=\"wp-block-post-featured-image\"><a href=\"https:\/\/museu.io\/tema\/event\/workshop-with-harald-szeemann\/\" target=\"_self\"  style=\"height:100px\"><img loading=\"lazy\" decoding=\"async\" width=\"1280\" height=\"844\" src=\"https:\/\/museu.io\/tema\/wp-content\/uploads\/2023\/01\/expo_wabf_26.jpg\" class=\"attachment-post-thumbnail size-post-thumbnail wp-post-image\" alt=\"Workshop with Harald Szeemann\" style=\"height:100px;object-fit:cover;\" srcset=\"https:\/\/museu.io\/tema\/wp-content\/uploads\/2023\/01\/expo_wabf_26.jpg 1280w, https:\/\/museu.io\/tema\/wp-content\/uploads\/2023\/01\/expo_wabf_26-800x528.jpg 800w, https:\/\/museu.io\/tema\/wp-content\/uploads\/2023\/01\/expo_wabf_26-768x506.jpg 768w, https:\/\/museu.io\/tema\/wp-content\/uploads\/2023\/01\/expo_wabf_26-205x135.jpg 205w, https:\/\/museu.io\/tema\/wp-content\/uploads\/2023\/01\/expo_wabf_26-480x317.jpg 480w, https:\/\/museu.io\/tema\/wp-content\/uploads\/2023\/01\/expo_wabf_26-1165x768.jpg 1165w, https:\/\/museu.io\/tema\/wp-content\/uploads\/2023\/01\/expo_wabf_26-600x396.jpg 600w\" sizes=\"auto, (max-width: 1280px) 100vw, 1280px\" \/><\/a><\/figure><\/div>\n\n\n\n<div class=\"wp-block-column is-layout-flow wp-block-column-is-layout-flow\" style=\"flex-basis:60%\">\n<div class=\"wp-block-group has-global-padding is-content-justification-left is-layout-constrained wp-container-core-group-is-layout-0b710646 wp-block-group-is-layout-constrained\"><div style=\"margin-top:var(--wp--preset--spacing--30);\" class=\"wp-block-post-date has-mio-small-font-size\"><time datetime=\"2023-02-15T16:26:35-03:00\"><a href=\"https:\/\/museu.io\/tema\/event\/workshop-with-harald-szeemann\/\">15\/02\/2023<\/a><\/time><\/div>\n\n<h2 style=\"font-style:normal;font-weight:700;\" class=\"wp-block-post-title has-mio-regular-font-size\"><a href=\"https:\/\/museu.io\/tema\/event\/workshop-with-harald-szeemann\/\" target=\"_self\" >Workshop with Harald Szeemann<\/a><\/h2><\/div>\n<\/div>\n<\/div>\n\n<\/li><li class=\"wp-block-post post-7016 tribe_events type-tribe_events status-publish has-post-thumbnail hentry\">\n\n<div class=\"wp-block-columns is-not-stacked-on-mobile is-layout-flex wp-container-core-columns-is-layout-6b6bfc04 wp-block-columns-is-layout-flex\" style=\"margin-top:0;margin-bottom:var(--wp--preset--spacing--30)\">\n<div class=\"wp-block-column is-layout-flow wp-block-column-is-layout-flow\" style=\"flex-basis:40%\"><figure style=\"width:100%;height:100px;\" class=\"wp-block-post-featured-image\"><a href=\"https:\/\/museu.io\/tema\/event\/criando-personagens\/\" target=\"_self\"  style=\"height:100px\"><img loading=\"lazy\" decoding=\"async\" width=\"1920\" height=\"1240\" src=\"https:\/\/museu.io\/tema\/wp-content\/uploads\/2023\/02\/evento_family_01.jpg\" class=\"attachment-post-thumbnail size-post-thumbnail wp-post-image\" alt=\"Criando personagens\" style=\"height:100px;object-fit:cover;\" srcset=\"https:\/\/museu.io\/tema\/wp-content\/uploads\/2023\/02\/evento_family_01.jpg 1920w, https:\/\/museu.io\/tema\/wp-content\/uploads\/2023\/02\/evento_family_01-800x517.jpg 800w, https:\/\/museu.io\/tema\/wp-content\/uploads\/2023\/02\/evento_family_01-1672x1080.jpg 1672w, https:\/\/museu.io\/tema\/wp-content\/uploads\/2023\/02\/evento_family_01-768x496.jpg 768w, https:\/\/museu.io\/tema\/wp-content\/uploads\/2023\/02\/evento_family_01-1536x992.jpg 1536w, https:\/\/museu.io\/tema\/wp-content\/uploads\/2023\/02\/evento_family_01-205x132.jpg 205w, https:\/\/museu.io\/tema\/wp-content\/uploads\/2023\/02\/evento_family_01-480x310.jpg 480w, https:\/\/museu.io\/tema\/wp-content\/uploads\/2023\/02\/evento_family_01-1189x768.jpg 1189w\" sizes=\"auto, (max-width: 1920px) 100vw, 1920px\" \/><\/a><\/figure><\/div>\n\n\n\n<div class=\"wp-block-column is-layout-flow wp-block-column-is-layout-flow\" style=\"flex-basis:60%\">\n<div class=\"wp-block-group has-global-padding is-content-justification-left is-layout-constrained wp-container-core-group-is-layout-0b710646 wp-block-group-is-layout-constrained\"><div style=\"margin-top:var(--wp--preset--spacing--30);\" class=\"wp-block-post-date has-mio-small-font-size\"><time datetime=\"2023-05-12T01:12:40-03:00\"><a href=\"https:\/\/museu.io\/tema\/event\/criando-personagens\/\">12\/05\/2023<\/a><\/time><\/div>\n\n<h2 style=\"font-style:normal;font-weight:700;\" class=\"wp-block-post-title has-mio-regular-font-size\"><a href=\"https:\/\/museu.io\/tema\/event\/criando-personagens\/\" target=\"_self\" >Criando personagens<\/a><\/h2><\/div>\n<\/div>\n<\/div>\n\n<\/li><li class=\"wp-block-post post-2616 tribe_events type-tribe_events status-publish has-post-thumbnail hentry tribe_events_cat-conversa cat_conversa\">\n\n<div class=\"wp-block-columns is-not-stacked-on-mobile is-layout-flex wp-container-core-columns-is-layout-6b6bfc04 wp-block-columns-is-layout-flex\" style=\"margin-top:0;margin-bottom:var(--wp--preset--spacing--30)\">\n<div class=\"wp-block-column is-layout-flow wp-block-column-is-layout-flow\" style=\"flex-basis:40%\"><figure style=\"width:100%;height:100px;\" class=\"wp-block-post-featured-image\"><a href=\"https:\/\/museu.io\/tema\/event\/talk-with-harald-szeemann\/\" target=\"_self\"  style=\"height:100px\"><img loading=\"lazy\" decoding=\"async\" width=\"1920\" height=\"1240\" src=\"https:\/\/museu.io\/tema\/wp-content\/uploads\/2023\/02\/expo_wabf_35.jpg\" class=\"attachment-post-thumbnail size-post-thumbnail wp-post-image\" alt=\"Talk with Harald Szeemann\" style=\"height:100px;object-fit:cover;\" srcset=\"https:\/\/museu.io\/tema\/wp-content\/uploads\/2023\/02\/expo_wabf_35.jpg 1920w, https:\/\/museu.io\/tema\/wp-content\/uploads\/2023\/02\/expo_wabf_35-800x517.jpg 800w, https:\/\/museu.io\/tema\/wp-content\/uploads\/2023\/02\/expo_wabf_35-1672x1080.jpg 1672w, https:\/\/museu.io\/tema\/wp-content\/uploads\/2023\/02\/expo_wabf_35-768x496.jpg 768w, https:\/\/museu.io\/tema\/wp-content\/uploads\/2023\/02\/expo_wabf_35-1536x992.jpg 1536w, https:\/\/museu.io\/tema\/wp-content\/uploads\/2023\/02\/expo_wabf_35-205x132.jpg 205w, https:\/\/museu.io\/tema\/wp-content\/uploads\/2023\/02\/expo_wabf_35-480x310.jpg 480w, https:\/\/museu.io\/tema\/wp-content\/uploads\/2023\/02\/expo_wabf_35-1189x768.jpg 1189w\" sizes=\"auto, (max-width: 1920px) 100vw, 1920px\" \/><\/a><\/figure><\/div>\n\n\n\n<div class=\"wp-block-column is-layout-flow wp-block-column-is-layout-flow\" style=\"flex-basis:60%\">\n<div class=\"wp-block-group has-global-padding is-content-justification-left is-layout-constrained wp-container-core-group-is-layout-0b710646 wp-block-group-is-layout-constrained\"><div style=\"margin-top:var(--wp--preset--spacing--30);\" class=\"wp-block-post-date has-mio-small-font-size\"><time datetime=\"2023-02-16T01:02:06-03:00\"><a href=\"https:\/\/museu.io\/tema\/event\/talk-with-harald-szeemann\/\">16\/02\/2023<\/a><\/time><\/div>\n\n<h2 style=\"font-style:normal;font-weight:700;\" class=\"wp-block-post-title has-mio-regular-font-size\"><a href=\"https:\/\/museu.io\/tema\/event\/talk-with-harald-szeemann\/\" target=\"_self\" >Talk with Harald Szeemann<\/a><\/h2><\/div>\n<\/div>\n<\/div>\n\n<\/li><\/ul>\n\n\n\n<\/div>\n\n<\/div>\n<\/div><\/div>\n<\/div><\/div>\n\n\n<div style=\"height:var(--wp--preset--spacing--50)\" aria-hidden=\"true\" class=\"wp-block-spacer\"><\/div>\n\n\n\n<div class=\"wp-block-columns alignfull is-layout-flex wp-container-core-columns-is-layout-08c01c1c wp-block-columns-is-layout-flex\">\n<div class=\"wp-block-column is-vertically-aligned-stretch is-layout-flow wp-block-column-is-layout-flow\">\n<div class=\"wp-block-group has-global-padding is-content-justification-left is-layout-constrained wp-container-core-group-is-layout-e41f6705 wp-block-group-is-layout-constrained\" style=\"border-width:4px;border-radius:4px;margin-bottom:0;padding-top:var(--wp--preset--spacing--50);padding-right:var(--wp--preset--spacing--50);padding-bottom:var(--wp--preset--spacing--50);padding-left:var(--wp--preset--spacing--50);\">\n<p class=\"has-mio-medium-bis-font-size\" style=\"font-style:normal;font-weight:700\"><i class=\"fas fa-ticket\"><\/i>&nbsp;&nbsp;<a href=\"https:\/\/museu.io\/tema\/ingressos\/\">Ingressos<\/a><\/p>\n\n\n\n<p>Sed consequat, leo eget bibendum sodales cursus,<\/p>\n<\/div>\n<\/div>\n\n\n\n<div class=\"wp-block-column is-vertically-aligned-stretch is-layout-flow wp-block-column-is-layout-flow\" style=\"border-style:none;border-width:0px\">\n<div class=\"wp-block-group has-global-padding is-content-justification-left is-layout-constrained wp-container-core-group-is-layout-d8f9ca4b wp-block-group-is-layout-constrained\" style=\"border-width:4px;border-radius:4px;padding-top:var(--wp--preset--spacing--50);padding-right:var(--wp--preset--spacing--50);padding-bottom:var(--wp--preset--spacing--50);padding-left:var(--wp--preset--spacing--50);\">\n<p class=\"has-mio-medium-bis-font-size\" style=\"font-style:normal;font-weight:700\"><i class=\"fas fa-map-location-dot\"><\/i>&nbsp;&nbsp;<a href=\"https:\/\/museu.io\/tema\/visite-o-museu\/\">Planeje sua visita<\/a><\/p>\n\n\n\n<p>Etiam sit amet orci eget eros faucibus tincidunt.<\/p>\n<\/div>\n<\/div>\n\n\n\n<div class=\"wp-block-column is-vertically-aligned-stretch is-layout-flow wp-block-column-is-layout-flow\">\n<div class=\"wp-block-group has-global-padding is-content-justification-left is-layout-constrained wp-container-core-group-is-layout-d8f9ca4b wp-block-group-is-layout-constrained\" style=\"border-width:4px;border-radius:4px;padding-top:var(--wp--preset--spacing--50);padding-right:var(--wp--preset--spacing--50);padding-bottom:var(--wp--preset--spacing--50);padding-left:var(--wp--preset--spacing--50);\">\n<p class=\"has-mio-medium-bis-font-size\" style=\"font-style:normal;font-weight:700\"><i class=\"fas fa-person-chalkboard\"><\/i>&nbsp;&nbsp;<a href=\"https:\/\/museu.io\/tema\/visita-educativa\/\">Visita educativa<\/a><\/p>\n\n\n\n<p>Maecenas tempus, tellus eget condimentum rhoncus.<\/p>\n<\/div>\n<\/div>\n<\/div>\n\n\n\n<div class=\"wp-block-columns is-layout-flex wp-container-core-columns-is-layout-8e19df02 wp-block-columns-is-layout-flex\" style=\"margin-top:var(--wp--preset--spacing--80);margin-bottom:var(--wp--preset--spacing--80)\">\n<div class=\"wp-block-column is-vertically-aligned-stretch has-background is-layout-flow wp-block-column-is-layout-flow\" style=\"background-color:#0000000d\"><div class=\"align wp-block-museuio-companion-featured-item-custom\">\n<div style=\"border-radius:8px;\" class=\"align wp-block-museuio-companion-featured-item-custom\">\n<div class=\"mio-image has-mio-size-natural align wp-block-museuio-companion-image\"><figure><div class=\"mio-image-wrapper\"  style=\"\"><img loading=\"lazy\" decoding=\"async\" width=\"1920\" height=\"1240\" src=\"https:\/\/museu.io\/tema\/wp-content\/uploads\/2023\/12\/expo-1.jpg\" class=\"attachment-full size-full\" alt=\"\" srcset=\"https:\/\/museu.io\/tema\/wp-content\/uploads\/2023\/12\/expo-1.jpg 1920w, https:\/\/museu.io\/tema\/wp-content\/uploads\/2023\/12\/expo-1-800x517.jpg 800w, https:\/\/museu.io\/tema\/wp-content\/uploads\/2023\/12\/expo-1-1672x1080.jpg 1672w, https:\/\/museu.io\/tema\/wp-content\/uploads\/2023\/12\/expo-1-768x496.jpg 768w, https:\/\/museu.io\/tema\/wp-content\/uploads\/2023\/12\/expo-1-1536x992.jpg 1536w, https:\/\/museu.io\/tema\/wp-content\/uploads\/2023\/12\/expo-1-205x132.jpg 205w, https:\/\/museu.io\/tema\/wp-content\/uploads\/2023\/12\/expo-1-480x310.jpg 480w, https:\/\/museu.io\/tema\/wp-content\/uploads\/2023\/12\/expo-1-1189x768.jpg 1189w\" sizes=\"auto, (max-width: 1920px) 100vw, 1920px\" \/><\/div><\/figure><\/div>\n<\/div>\n\n<div style=\"border-radius:8px; padding-top:var(--wp--preset--spacing--50);padding-bottom:var(--wp--preset--spacing--50);padding-left:var(--wp--preset--spacing--50);padding-right:var(--wp--preset--spacing--50);margin-top:8px;\" class=\"align wp-block-museuio-companion-featured-item-custom has-background has-mio-demo-light-blue-background-color\">\n\n<div class=\"wp-block-group has-global-padding is-layout-constrained wp-container-core-group-is-layout-92b9201d wp-block-group-is-layout-constrained\">\n<h2 class=\"wp-block-heading is-style-mio-remove-margin-block has-mio-medium-font-size\" style=\"font-style:normal;font-weight:700\">T\u00edtulo<\/h2>\n\n\n\n<p>las alksjd alskdja ls\u00e7dja\u00e7lsdj a\u00e7lskjda\u00e7lks\u00e7ld \u00e7sldk asjs\u00e7ldkfj a\u00e7sldkfja\u00e7sl dkfja\u00e7lsdfjas\u00e7dk<\/p>\n<\/div>\n\n<\/div>\n<\/div><\/div>\n\n\n\n<div class=\"wp-block-column is-vertically-aligned-stretch has-background is-layout-flow wp-block-column-is-layout-flow\" style=\"background-color:#0000000d\"><div class=\"align wp-block-museuio-companion-featured-item-custom\">\n<div style=\"border-radius:8px;\" class=\"align wp-block-museuio-companion-featured-item-custom\">\n<div class=\"mio-image has-mio-size-natural align wp-block-museuio-companion-image\"><figure><div class=\"mio-image-wrapper\"  style=\"\"><img loading=\"lazy\" decoding=\"async\" width=\"1920\" height=\"1240\" src=\"https:\/\/museu.io\/tema\/wp-content\/uploads\/2023\/12\/expo-2.jpg\" class=\"attachment-full size-full\" alt=\"\" srcset=\"https:\/\/museu.io\/tema\/wp-content\/uploads\/2023\/12\/expo-2.jpg 1920w, https:\/\/museu.io\/tema\/wp-content\/uploads\/2023\/12\/expo-2-800x517.jpg 800w, https:\/\/museu.io\/tema\/wp-content\/uploads\/2023\/12\/expo-2-1672x1080.jpg 1672w, https:\/\/museu.io\/tema\/wp-content\/uploads\/2023\/12\/expo-2-768x496.jpg 768w, https:\/\/museu.io\/tema\/wp-content\/uploads\/2023\/12\/expo-2-1536x992.jpg 1536w, https:\/\/museu.io\/tema\/wp-content\/uploads\/2023\/12\/expo-2-205x132.jpg 205w, https:\/\/museu.io\/tema\/wp-content\/uploads\/2023\/12\/expo-2-480x310.jpg 480w, https:\/\/museu.io\/tema\/wp-content\/uploads\/2023\/12\/expo-2-1189x768.jpg 1189w\" sizes=\"auto, (max-width: 1920px) 100vw, 1920px\" \/><\/div><\/figure><\/div>\n<\/div>\n\n<div style=\"border-radius:8px; padding-top:var(--wp--preset--spacing--50);padding-bottom:var(--wp--preset--spacing--50);padding-left:var(--wp--preset--spacing--50);padding-right:var(--wp--preset--spacing--50);margin-top:8px;\" class=\"align wp-block-museuio-companion-featured-item-custom has-background has-mio-demo-light-blue-background-color\">\n\n<div class=\"wp-block-group has-global-padding is-layout-constrained wp-container-core-group-is-layout-92b9201d wp-block-group-is-layout-constrained\">\n<h2 class=\"wp-block-heading is-style-mio-remove-margin-block has-mio-medium-font-size\" style=\"font-style:normal;font-weight:700\">T\u00edtulo<\/h2>\n\n\n\n<p>las alksjd alskdja ls\u00e7dja\u00e7lsdj<\/p>\n<\/div>\n\n<\/div>\n<\/div><\/div>\n<\/div>\n\n\n\n<div class=\"wp-block-group is-nowrap is-layout-flex wp-container-core-group-is-layout-30664c0f wp-block-group-is-layout-flex\" style=\"margin-top:var(--wp--preset--spacing--80);margin-bottom:var(--wp--preset--spacing--80);\"><div class=\"align wp-block-museuio-companion-featured-item-custom\">\n<div style=\"border-radius:8px;\" class=\"align wp-block-museuio-companion-featured-item-custom\">\n<div class=\"mio-image has-mio-size-natural align wp-block-museuio-companion-image\"><figure><div class=\"mio-image-wrapper\"  style=\"\"><img loading=\"lazy\" decoding=\"async\" width=\"1920\" height=\"1240\" src=\"https:\/\/museu.io\/tema\/wp-content\/uploads\/2023\/12\/expo-1.jpg\" class=\"attachment-full size-full\" alt=\"\" srcset=\"https:\/\/museu.io\/tema\/wp-content\/uploads\/2023\/12\/expo-1.jpg 1920w, https:\/\/museu.io\/tema\/wp-content\/uploads\/2023\/12\/expo-1-800x517.jpg 800w, https:\/\/museu.io\/tema\/wp-content\/uploads\/2023\/12\/expo-1-1672x1080.jpg 1672w, https:\/\/museu.io\/tema\/wp-content\/uploads\/2023\/12\/expo-1-768x496.jpg 768w, https:\/\/museu.io\/tema\/wp-content\/uploads\/2023\/12\/expo-1-1536x992.jpg 1536w, https:\/\/museu.io\/tema\/wp-content\/uploads\/2023\/12\/expo-1-205x132.jpg 205w, https:\/\/museu.io\/tema\/wp-content\/uploads\/2023\/12\/expo-1-480x310.jpg 480w, https:\/\/museu.io\/tema\/wp-content\/uploads\/2023\/12\/expo-1-1189x768.jpg 1189w\" sizes=\"auto, (max-width: 1920px) 100vw, 1920px\" \/><\/div><\/figure><\/div>\n<\/div>\n\n<div style=\"border-radius:8px; padding-top:var(--wp--preset--spacing--50);padding-bottom:var(--wp--preset--spacing--50);padding-left:var(--wp--preset--spacing--50);padding-right:var(--wp--preset--spacing--50);margin-top:8px;\" class=\"align wp-block-museuio-companion-featured-item-custom has-background has-mio-demo-light-blue-background-color\">\n\n<div class=\"wp-block-group has-global-padding is-layout-constrained wp-container-core-group-is-layout-92b9201d wp-block-group-is-layout-constrained\">\n<h2 class=\"wp-block-heading is-style-mio-remove-margin-block has-mio-medium-font-size\" style=\"font-style:normal;font-weight:700\">T\u00edtulo<\/h2>\n\n\n\n<p>las alksjd alskdja ls\u00e7dja\u00e7lsdj a\u00e7lskjda\u00e7lks\u00e7ld \u00e7sldk asjs\u00e7ldkfj a\u00e7sldkfja\u00e7sl dkfja\u00e7lsdfjas\u00e7dk<\/p>\n<\/div>\n\n<\/div>\n<\/div>\n\n<div class=\"align wp-block-museuio-companion-featured-item-custom\">\n<div style=\"border-radius:8px;\" class=\"align wp-block-museuio-companion-featured-item-custom\">\n<div class=\"mio-image has-mio-size-natural align wp-block-museuio-companion-image\"><figure><div class=\"mio-image-wrapper\"  style=\"\"><img loading=\"lazy\" decoding=\"async\" width=\"1920\" height=\"1240\" src=\"https:\/\/museu.io\/tema\/wp-content\/uploads\/2023\/12\/expo-2.jpg\" class=\"attachment-full size-full\" alt=\"\" srcset=\"https:\/\/museu.io\/tema\/wp-content\/uploads\/2023\/12\/expo-2.jpg 1920w, https:\/\/museu.io\/tema\/wp-content\/uploads\/2023\/12\/expo-2-800x517.jpg 800w, https:\/\/museu.io\/tema\/wp-content\/uploads\/2023\/12\/expo-2-1672x1080.jpg 1672w, https:\/\/museu.io\/tema\/wp-content\/uploads\/2023\/12\/expo-2-768x496.jpg 768w, https:\/\/museu.io\/tema\/wp-content\/uploads\/2023\/12\/expo-2-1536x992.jpg 1536w, https:\/\/museu.io\/tema\/wp-content\/uploads\/2023\/12\/expo-2-205x132.jpg 205w, https:\/\/museu.io\/tema\/wp-content\/uploads\/2023\/12\/expo-2-480x310.jpg 480w, https:\/\/museu.io\/tema\/wp-content\/uploads\/2023\/12\/expo-2-1189x768.jpg 1189w\" sizes=\"auto, (max-width: 1920px) 100vw, 1920px\" \/><\/div><\/figure><\/div>\n<\/div>\n\n<div style=\"border-radius:8px; padding-top:var(--wp--preset--spacing--50);padding-bottom:var(--wp--preset--spacing--50);padding-left:var(--wp--preset--spacing--50);padding-right:var(--wp--preset--spacing--50);margin-top:8px;\" class=\"align wp-block-museuio-companion-featured-item-custom has-background has-mio-demo-light-blue-background-color\">\n\n<div class=\"wp-block-group has-global-padding is-layout-constrained wp-container-core-group-is-layout-92b9201d wp-block-group-is-layout-constrained\">\n<h2 class=\"wp-block-heading is-style-mio-remove-margin-block has-mio-medium-font-size\" style=\"font-style:normal;font-weight:700\">T\u00edtulo<\/h2>\n\n\n\n<p>las alksjd alskdja ls\u00e7dja\u00e7lsdj<\/p>\n<\/div>\n\n<\/div>\n<\/div><\/div>\n\n\n\n<div class=\"wp-block-group is-nowrap is-layout-flex wp-container-core-group-is-layout-30664c0f wp-block-group-is-layout-flex\" style=\"margin-top:var(--wp--preset--spacing--80);margin-bottom:var(--wp--preset--spacing--80);\"><div class=\"align wp-block-museuio-companion-featured-item-custom\">\n<div style=\"border-radius:8px;\" class=\"mio-image has-mio-size-natural align wp-block-museuio-companion-image\"><figure><div class=\"mio-image-wrapper\"  style=\"border-radius: 8px\"><img loading=\"lazy\" decoding=\"async\" width=\"1920\" height=\"1240\" src=\"https:\/\/museu.io\/tema\/wp-content\/uploads\/2023\/12\/expo-1.jpg\" class=\"attachment-full size-full\" alt=\"\" srcset=\"https:\/\/museu.io\/tema\/wp-content\/uploads\/2023\/12\/expo-1.jpg 1920w, https:\/\/museu.io\/tema\/wp-content\/uploads\/2023\/12\/expo-1-800x517.jpg 800w, https:\/\/museu.io\/tema\/wp-content\/uploads\/2023\/12\/expo-1-1672x1080.jpg 1672w, https:\/\/museu.io\/tema\/wp-content\/uploads\/2023\/12\/expo-1-768x496.jpg 768w, https:\/\/museu.io\/tema\/wp-content\/uploads\/2023\/12\/expo-1-1536x992.jpg 1536w, https:\/\/museu.io\/tema\/wp-content\/uploads\/2023\/12\/expo-1-205x132.jpg 205w, https:\/\/museu.io\/tema\/wp-content\/uploads\/2023\/12\/expo-1-480x310.jpg 480w, https:\/\/museu.io\/tema\/wp-content\/uploads\/2023\/12\/expo-1-1189x768.jpg 1189w\" sizes=\"auto, (max-width: 1920px) 100vw, 1920px\" \/><\/div><\/figure><\/div>\n\n\n<div class=\"wp-block-group has-mio-demo-light-blue-background-color has-background has-global-padding is-layout-constrained wp-container-core-group-is-layout-cdd72cd5 wp-block-group-is-layout-constrained\" style=\"border-radius:8px;padding-top:var(--wp--preset--spacing--40);padding-right:var(--wp--preset--spacing--40);padding-bottom:var(--wp--preset--spacing--40);padding-left:var(--wp--preset--spacing--40);\">\n<h2 class=\"wp-block-heading is-style-mio-remove-margin-block has-mio-medium-font-size\" style=\"font-style:normal;font-weight:700\">T\u00edtulo<\/h2>\n\n\n\n<p>las alksjd alskdja ls\u00e7dja\u00e7lsdj a\u00e7lskjda\u00e7lks\u00e7ld \u00e7sldk asjs\u00e7ldkfj a\u00e7sldkfja\u00e7sl dkfja\u00e7lsdfjas\u00e7dk<\/p>\n<\/div>\n\n<\/div>\n\n<div class=\"align wp-block-museuio-companion-featured-item-custom\">\n<div style=\"border-radius:8px;\" class=\"mio-image has-mio-size-natural align wp-block-museuio-companion-image\"><figure><div class=\"mio-image-wrapper\"  style=\"border-radius: 8px\"><img loading=\"lazy\" decoding=\"async\" width=\"1920\" height=\"1240\" src=\"https:\/\/museu.io\/tema\/wp-content\/uploads\/2023\/12\/expo-2.jpg\" class=\"attachment-full size-full\" alt=\"\" srcset=\"https:\/\/museu.io\/tema\/wp-content\/uploads\/2023\/12\/expo-2.jpg 1920w, https:\/\/museu.io\/tema\/wp-content\/uploads\/2023\/12\/expo-2-800x517.jpg 800w, https:\/\/museu.io\/tema\/wp-content\/uploads\/2023\/12\/expo-2-1672x1080.jpg 1672w, https:\/\/museu.io\/tema\/wp-content\/uploads\/2023\/12\/expo-2-768x496.jpg 768w, https:\/\/museu.io\/tema\/wp-content\/uploads\/2023\/12\/expo-2-1536x992.jpg 1536w, https:\/\/museu.io\/tema\/wp-content\/uploads\/2023\/12\/expo-2-205x132.jpg 205w, https:\/\/museu.io\/tema\/wp-content\/uploads\/2023\/12\/expo-2-480x310.jpg 480w, https:\/\/museu.io\/tema\/wp-content\/uploads\/2023\/12\/expo-2-1189x768.jpg 1189w\" sizes=\"auto, (max-width: 1920px) 100vw, 1920px\" \/><\/div><\/figure><\/div>\n\n\n<div class=\"wp-block-group has-mio-demo-light-blue-background-color has-background has-global-padding is-layout-constrained wp-container-core-group-is-layout-a9ae2ed9 wp-block-group-is-layout-constrained\" style=\"border-radius:8px;padding-top:var(--wp--preset--spacing--40);padding-right:var(--wp--preset--spacing--40);padding-bottom:var(--wp--preset--spacing--40);padding-left:var(--wp--preset--spacing--40);\">\n<h2 class=\"wp-block-heading is-style-mio-remove-margin-block has-mio-medium-font-size\" style=\"font-style:normal;font-weight:700\">T\u00edtulo<\/h2>\n\n\n\n<p>las alksjd alskdja ls\u00e7dja\u00e7lsdj<\/p>\n<\/div>\n\n<\/div><\/div>\n\n\n\n<div class=\"wp-block-group is-nowrap is-layout-flex wp-container-core-group-is-layout-30664c0f wp-block-group-is-layout-flex\" style=\"margin-top:var(--wp--preset--spacing--80);margin-bottom:var(--wp--preset--spacing--80);\">\n<div class=\"wp-block-group has-global-padding is-content-justification-left is-layout-constrained wp-container-core-group-is-layout-12dd3699 wp-block-group-is-layout-constrained\"><div style=\"border-radius:8px;\" class=\"mio-image has-mio-size-natural align wp-block-museuio-companion-image\"><figure><div class=\"mio-image-wrapper\"  style=\"border-radius: 8px\"><img loading=\"lazy\" decoding=\"async\" width=\"1920\" height=\"1240\" src=\"https:\/\/museu.io\/tema\/wp-content\/uploads\/2023\/12\/expo-1.jpg\" class=\"attachment-full size-full\" alt=\"\" srcset=\"https:\/\/museu.io\/tema\/wp-content\/uploads\/2023\/12\/expo-1.jpg 1920w, https:\/\/museu.io\/tema\/wp-content\/uploads\/2023\/12\/expo-1-800x517.jpg 800w, https:\/\/museu.io\/tema\/wp-content\/uploads\/2023\/12\/expo-1-1672x1080.jpg 1672w, https:\/\/museu.io\/tema\/wp-content\/uploads\/2023\/12\/expo-1-768x496.jpg 768w, https:\/\/museu.io\/tema\/wp-content\/uploads\/2023\/12\/expo-1-1536x992.jpg 1536w, https:\/\/museu.io\/tema\/wp-content\/uploads\/2023\/12\/expo-1-205x132.jpg 205w, https:\/\/museu.io\/tema\/wp-content\/uploads\/2023\/12\/expo-1-480x310.jpg 480w, https:\/\/museu.io\/tema\/wp-content\/uploads\/2023\/12\/expo-1-1189x768.jpg 1189w\" sizes=\"auto, (max-width: 1920px) 100vw, 1920px\" \/><\/div><\/figure><\/div>\n\n\n<div class=\"wp-block-group has-mio-demo-light-blue-background-color has-background has-global-padding is-layout-constrained wp-container-core-group-is-layout-cdd72cd5 wp-block-group-is-layout-constrained\" style=\"border-radius:8px;padding-top:var(--wp--preset--spacing--40);padding-right:var(--wp--preset--spacing--40);padding-bottom:var(--wp--preset--spacing--40);padding-left:var(--wp--preset--spacing--40);\">\n<h2 class=\"wp-block-heading is-style-mio-remove-margin-block has-mio-medium-font-size\" style=\"font-style:normal;font-weight:700\">T\u00edtulo<\/h2>\n\n\n\n<p>las alksjd alskdja ls\u00e7dja\u00e7lsdj a\u00e7lskjda\u00e7lks\u00e7ld \u00e7sldk asjs\u00e7ldkfj a\u00e7sldkfja\u00e7sl dkfja\u00e7lsdfjas\u00e7dk<\/p>\n<\/div>\n<\/div>\n\n\n\n<div class=\"wp-block-group has-global-padding is-layout-constrained wp-block-group-is-layout-constrained\"><div style=\"border-radius:8px;\" class=\"mio-image has-mio-size-natural align wp-block-museuio-companion-image\"><figure><div class=\"mio-image-wrapper\"  style=\"border-radius: 8px\"><img loading=\"lazy\" decoding=\"async\" width=\"1920\" height=\"1240\" src=\"https:\/\/museu.io\/tema\/wp-content\/uploads\/2023\/12\/expo-2.jpg\" class=\"attachment-full size-full\" alt=\"\" srcset=\"https:\/\/museu.io\/tema\/wp-content\/uploads\/2023\/12\/expo-2.jpg 1920w, https:\/\/museu.io\/tema\/wp-content\/uploads\/2023\/12\/expo-2-800x517.jpg 800w, https:\/\/museu.io\/tema\/wp-content\/uploads\/2023\/12\/expo-2-1672x1080.jpg 1672w, https:\/\/museu.io\/tema\/wp-content\/uploads\/2023\/12\/expo-2-768x496.jpg 768w, https:\/\/museu.io\/tema\/wp-content\/uploads\/2023\/12\/expo-2-1536x992.jpg 1536w, https:\/\/museu.io\/tema\/wp-content\/uploads\/2023\/12\/expo-2-205x132.jpg 205w, https:\/\/museu.io\/tema\/wp-content\/uploads\/2023\/12\/expo-2-480x310.jpg 480w, https:\/\/museu.io\/tema\/wp-content\/uploads\/2023\/12\/expo-2-1189x768.jpg 1189w\" sizes=\"auto, (max-width: 1920px) 100vw, 1920px\" \/><\/div><\/figure><\/div>\n\n\n<div class=\"wp-block-group has-mio-demo-light-blue-background-color has-background has-global-padding is-layout-constrained wp-container-core-group-is-layout-a9ae2ed9 wp-block-group-is-layout-constrained\" style=\"border-radius:8px;padding-top:var(--wp--preset--spacing--40);padding-right:var(--wp--preset--spacing--40);padding-bottom:var(--wp--preset--spacing--40);padding-left:var(--wp--preset--spacing--40);\">\n<h2 class=\"wp-block-heading is-style-mio-remove-margin-block has-mio-medium-font-size\" style=\"font-style:normal;font-weight:700\">T\u00edtulo<\/h2>\n\n\n\n<p>las alksjd alskdja ls\u00e7dja\u00e7lsdj<\/p>\n<\/div>\n<\/div>\n<\/div>\n","protected":false},"excerpt":{"rendered":"<p>Fique ligado na programa\u00e7\u00e3o completa e todos os destaques.<\/p>\n","protected":false},"author":3,"featured_media":3972,"parent":0,"menu_order":0,"comment_status":"closed","ping_status":"closed","template":"","meta":{"_acf_changed":false,"_EventAllDay":false,"_EventTimezone":"","_EventStartDate":"","_EventEndDate":"","_EventStartDateUTC":"","_EventEndDateUTC":"","_EventShowMap":false,"_EventShowMapLink":false,"_EventURL":"","_EventCost":"","_EventCostDescription":"","_EventCurrencySymbol":"","_EventCurrencyCode":"","_EventCurrencyPosition":"","_EventDateTimeSeparator":"","_EventTimeRangeSeparator":"","_EventOrganizerID":[],"_EventVenueID":[],"_OrganizerEmail":"","_OrganizerPhone":"","_OrganizerWebsite":"","_VenueAddress":"","_VenueCity":"","_VenueCountry":"","_VenueProvince":"","_VenueState":"","_VenueZip":"","_VenuePhone":"","_VenueURL":"","_VenueStateProvince":"","_VenueLat":"","_VenueLng":"","_VenueShowMap":false,"_VenueShowMapLink":false,"mio_support_image":0,"mio_support_text":"","mio_alternative_title":"","mio_custom_heading":"","footnotes":""},"mio_featured_post_classifier":[],"mio_tags":[],"class_list":["post-5775","page","type-page","status-publish","has-post-thumbnail","hentry"],"acf":[],"yoast_head":"<!-- This site is optimized with the Yoast SEO plugin v27.5 - https:\/\/yoast.com\/product\/yoast-seo-wordpress\/ -->\n<title>Programa\u00e7\u00e3o - Tema museu.io<\/title>\n<meta name=\"robots\" content=\"index, follow, max-snippet:-1, max-image-preview:large, max-video-preview:-1\" \/>\n<link rel=\"canonical\" href=\"https:\/\/museu.io\/tema\/programacao-2\/\" \/>\n<link rel=\"next\" href=\"https:\/\/museu.io\/tema\/programacao-2\/5775?query-0-page=2\" \/>\n<meta property=\"og:locale\" content=\"pt_BR\" \/>\n<meta property=\"og:type\" content=\"article\" \/>\n<meta property=\"og:title\" content=\"Programa\u00e7\u00e3o - Tema museu.io\" \/>\n<meta property=\"og:description\" content=\"Fique ligado na programa\u00e7\u00e3o completa e todos os destaques.\" \/>\n<meta property=\"og:url\" content=\"https:\/\/museu.io\/tema\/programacao-2\/\" \/>\n<meta property=\"og:site_name\" content=\"Tema museu.io\" \/>\n<meta property=\"article:modified_time\" content=\"2024-10-22T19:56:08+00:00\" \/>\n<meta property=\"og:image\" content=\"https:\/\/museu.io\/tema\/wp-content\/uploads\/2023\/04\/img_pattern.jpg\" \/>\n\t<meta property=\"og:image:width\" content=\"1920\" \/>\n\t<meta property=\"og:image:height\" content=\"1240\" \/>\n\t<meta property=\"og:image:type\" content=\"image\/jpeg\" \/>\n<meta name=\"twitter:card\" content=\"summary_large_image\" \/>\n<meta name=\"twitter:label1\" content=\"Est. tempo de leitura\" \/>\n\t<meta name=\"twitter:data1\" content=\"2 minutos\" \/>\n<script type=\"application\/ld+json\" class=\"yoast-schema-graph\">{\"@context\":\"https:\\\/\\\/schema.org\",\"@graph\":[{\"@type\":\"WebPage\",\"@id\":\"https:\\\/\\\/museu.io\\\/tema\\\/programacao-2\\\/\",\"url\":\"https:\\\/\\\/museu.io\\\/tema\\\/programacao-2\\\/\",\"name\":\"Programa\u00e7\u00e3o - Tema museu.io\",\"isPartOf\":{\"@id\":\"https:\\\/\\\/museu.io\\\/tema\\\/#website\"},\"primaryImageOfPage\":{\"@id\":\"https:\\\/\\\/museu.io\\\/tema\\\/programacao-2\\\/#primaryimage\"},\"image\":{\"@id\":\"https:\\\/\\\/museu.io\\\/tema\\\/programacao-2\\\/#primaryimage\"},\"thumbnailUrl\":\"https:\\\/\\\/museu.io\\\/tema\\\/wp-content\\\/uploads\\\/2023\\\/04\\\/img_pattern.jpg\",\"datePublished\":\"2023-04-16T17:25:48+00:00\",\"dateModified\":\"2024-10-22T19:56:08+00:00\",\"breadcrumb\":{\"@id\":\"https:\\\/\\\/museu.io\\\/tema\\\/programacao-2\\\/#breadcrumb\"},\"inLanguage\":\"pt-BR\",\"potentialAction\":[{\"@type\":\"ReadAction\",\"target\":[\"https:\\\/\\\/museu.io\\\/tema\\\/programacao-2\\\/\"]}]},{\"@type\":\"ImageObject\",\"inLanguage\":\"pt-BR\",\"@id\":\"https:\\\/\\\/museu.io\\\/tema\\\/programacao-2\\\/#primaryimage\",\"url\":\"https:\\\/\\\/museu.io\\\/tema\\\/wp-content\\\/uploads\\\/2023\\\/04\\\/img_pattern.jpg\",\"contentUrl\":\"https:\\\/\\\/museu.io\\\/tema\\\/wp-content\\\/uploads\\\/2023\\\/04\\\/img_pattern.jpg\",\"width\":1920,\"height\":1240,\"caption\":\"Sed ut perspiciatis unde omnis iste natus error sit voluptatem\"},{\"@type\":\"BreadcrumbList\",\"@id\":\"https:\\\/\\\/museu.io\\\/tema\\\/programacao-2\\\/#breadcrumb\",\"itemListElement\":[{\"@type\":\"ListItem\",\"position\":1,\"name\":\"In\u00edcio\",\"item\":\"https:\\\/\\\/museu.io\\\/tema\\\/\"},{\"@type\":\"ListItem\",\"position\":2,\"name\":\"Programa\u00e7\u00e3o\"}]},{\"@type\":\"WebSite\",\"@id\":\"https:\\\/\\\/museu.io\\\/tema\\\/#website\",\"url\":\"https:\\\/\\\/museu.io\\\/tema\\\/\",\"name\":\"Tema Museu.io\",\"description\":\"Site demonstra\u00e7\u00e3o do tema Museu.io\",\"publisher\":{\"@id\":\"https:\\\/\\\/museu.io\\\/tema\\\/#organization\"},\"potentialAction\":[{\"@type\":\"SearchAction\",\"target\":{\"@type\":\"EntryPoint\",\"urlTemplate\":\"https:\\\/\\\/museu.io\\\/tema\\\/?s={search_term_string}\"},\"query-input\":{\"@type\":\"PropertyValueSpecification\",\"valueRequired\":true,\"valueName\":\"search_term_string\"}}],\"inLanguage\":\"pt-BR\"},{\"@type\":\"Organization\",\"@id\":\"https:\\\/\\\/museu.io\\\/tema\\\/#organization\",\"name\":\"Museu.io\",\"url\":\"https:\\\/\\\/museu.io\\\/tema\\\/\",\"logo\":{\"@type\":\"ImageObject\",\"inLanguage\":\"pt-BR\",\"@id\":\"https:\\\/\\\/museu.io\\\/tema\\\/#\\\/schema\\\/logo\\\/image\\\/\",\"url\":\"https:\\\/\\\/museu.io\\\/tema\\\/wp-content\\\/uploads\\\/2023\\\/02\\\/Artboard-1.png\",\"contentUrl\":\"https:\\\/\\\/museu.io\\\/tema\\\/wp-content\\\/uploads\\\/2023\\\/02\\\/Artboard-1.png\",\"width\":339,\"height\":305,\"caption\":\"Museu.io\"},\"image\":{\"@id\":\"https:\\\/\\\/museu.io\\\/tema\\\/#\\\/schema\\\/logo\\\/image\\\/\"}}]}<\/script>\n<!-- \/ Yoast SEO plugin. -->","yoast_head_json":{"title":"Programa\u00e7\u00e3o - Tema museu.io","robots":{"index":"index","follow":"follow","max-snippet":"max-snippet:-1","max-image-preview":"max-image-preview:large","max-video-preview":"max-video-preview:-1"},"canonical":"https:\/\/museu.io\/tema\/programacao-2\/","next":"https:\/\/museu.io\/tema\/programacao-2\/5775?query-0-page=2","og_locale":"pt_BR","og_type":"article","og_title":"Programa\u00e7\u00e3o - Tema museu.io","og_description":"Fique ligado na programa\u00e7\u00e3o completa e todos os destaques.","og_url":"https:\/\/museu.io\/tema\/programacao-2\/","og_site_name":"Tema museu.io","article_modified_time":"2024-10-22T19:56:08+00:00","og_image":[{"width":1920,"height":1240,"url":"https:\/\/museu.io\/tema\/wp-content\/uploads\/2023\/04\/img_pattern.jpg","type":"image\/jpeg"}],"twitter_card":"summary_large_image","twitter_misc":{"Est. tempo de leitura":"2 minutos"},"schema":{"@context":"https:\/\/schema.org","@graph":[{"@type":"WebPage","@id":"https:\/\/museu.io\/tema\/programacao-2\/","url":"https:\/\/museu.io\/tema\/programacao-2\/","name":"Programa\u00e7\u00e3o - Tema museu.io","isPartOf":{"@id":"https:\/\/museu.io\/tema\/#website"},"primaryImageOfPage":{"@id":"https:\/\/museu.io\/tema\/programacao-2\/#primaryimage"},"image":{"@id":"https:\/\/museu.io\/tema\/programacao-2\/#primaryimage"},"thumbnailUrl":"https:\/\/museu.io\/tema\/wp-content\/uploads\/2023\/04\/img_pattern.jpg","datePublished":"2023-04-16T17:25:48+00:00","dateModified":"2024-10-22T19:56:08+00:00","breadcrumb":{"@id":"https:\/\/museu.io\/tema\/programacao-2\/#breadcrumb"},"inLanguage":"pt-BR","potentialAction":[{"@type":"ReadAction","target":["https:\/\/museu.io\/tema\/programacao-2\/"]}]},{"@type":"ImageObject","inLanguage":"pt-BR","@id":"https:\/\/museu.io\/tema\/programacao-2\/#primaryimage","url":"https:\/\/museu.io\/tema\/wp-content\/uploads\/2023\/04\/img_pattern.jpg","contentUrl":"https:\/\/museu.io\/tema\/wp-content\/uploads\/2023\/04\/img_pattern.jpg","width":1920,"height":1240,"caption":"Sed ut perspiciatis unde omnis iste natus error sit voluptatem"},{"@type":"BreadcrumbList","@id":"https:\/\/museu.io\/tema\/programacao-2\/#breadcrumb","itemListElement":[{"@type":"ListItem","position":1,"name":"In\u00edcio","item":"https:\/\/museu.io\/tema\/"},{"@type":"ListItem","position":2,"name":"Programa\u00e7\u00e3o"}]},{"@type":"WebSite","@id":"https:\/\/museu.io\/tema\/#website","url":"https:\/\/museu.io\/tema\/","name":"Tema Museu.io","description":"Site demonstra\u00e7\u00e3o do tema Museu.io","publisher":{"@id":"https:\/\/museu.io\/tema\/#organization"},"potentialAction":[{"@type":"SearchAction","target":{"@type":"EntryPoint","urlTemplate":"https:\/\/museu.io\/tema\/?s={search_term_string}"},"query-input":{"@type":"PropertyValueSpecification","valueRequired":true,"valueName":"search_term_string"}}],"inLanguage":"pt-BR"},{"@type":"Organization","@id":"https:\/\/museu.io\/tema\/#organization","name":"Museu.io","url":"https:\/\/museu.io\/tema\/","logo":{"@type":"ImageObject","inLanguage":"pt-BR","@id":"https:\/\/museu.io\/tema\/#\/schema\/logo\/image\/","url":"https:\/\/museu.io\/tema\/wp-content\/uploads\/2023\/02\/Artboard-1.png","contentUrl":"https:\/\/museu.io\/tema\/wp-content\/uploads\/2023\/02\/Artboard-1.png","width":339,"height":305,"caption":"Museu.io"},"image":{"@id":"https:\/\/museu.io\/tema\/#\/schema\/logo\/image\/"}}]}},"_links":{"self":[{"href":"https:\/\/museu.io\/tema\/wp-json\/wp\/v2\/pages\/5775","targetHints":{"allow":["GET"]}}],"collection":[{"href":"https:\/\/museu.io\/tema\/wp-json\/wp\/v2\/pages"}],"about":[{"href":"https:\/\/museu.io\/tema\/wp-json\/wp\/v2\/types\/page"}],"author":[{"embeddable":true,"href":"https:\/\/museu.io\/tema\/wp-json\/wp\/v2\/users\/3"}],"replies":[{"embeddable":true,"href":"https:\/\/museu.io\/tema\/wp-json\/wp\/v2\/comments?post=5775"}],"version-history":[{"count":130,"href":"https:\/\/museu.io\/tema\/wp-json\/wp\/v2\/pages\/5775\/revisions"}],"predecessor-version":[{"id":8731,"href":"https:\/\/museu.io\/tema\/wp-json\/wp\/v2\/pages\/5775\/revisions\/8731"}],"wp:featuredmedia":[{"embeddable":true,"href":"https:\/\/museu.io\/tema\/wp-json\/wp\/v2\/media\/3972"}],"wp:attachment":[{"href":"https:\/\/museu.io\/tema\/wp-json\/wp\/v2\/media?parent=5775"}],"wp:term":[{"taxonomy":"mio_featured_post_classifier","embeddable":true,"href":"https:\/\/museu.io\/tema\/wp-json\/wp\/v2\/mio_featured_post_classifier?post=5775"},{"taxonomy":"mio_tags","embeddable":true,"href":"https:\/\/museu.io\/tema\/wp-json\/wp\/v2\/mio_tags?post=5775"}],"curies":[{"name":"wp","href":"https:\/\/api.w.org\/{rel}","templated":true}]}}