{"id":5,"date":"2022-06-17T10:16:38","date_gmt":"2022-06-17T13:16:38","guid":{"rendered":"https:\/\/museu.io\/tema\/?page_id=5"},"modified":"2023-05-11T18:27:13","modified_gmt":"2023-05-11T21:27:13","slug":"sobre","status":"publish","type":"page","link":"https:\/\/museu.io\/tema\/sobre\/","title":{"rendered":"Sobre"},"content":{"rendered":"<div style=\"--mio-background-blend-mode: normal;--mio-background-attachment: scroll;--mio-hero-background-position--desktop: 50% 50%;--mio-hero-background-position: 50% 50%;--mio-hero-background-image: url(https:\/\/museu.io\/tema\/wp-content\/uploads\/2023\/02\/tema_museuio_vitrine-1.jpg);--mio-hero-min-height: 80vh;--mio-image-overlay-bg-color: ;\" class=\"alignfull mio-hero-content-boxed has-mio-hero-min-height has-mio-hero-background-image has-mio-hero-content-position-bottom-left wp-block-museuio-companion-hero\"><div class=\"mio-hero__positioner\" style=\"\"><div class=\"mio-hero__content\"><\/div><\/div><\/div>\n\n\n<div style=\"height:32px\" aria-hidden=\"true\" class=\"wp-block-spacer\"><\/div>\n\n\n\n<h2 class=\"wp-block-heading has-mio-subheader-1-font-size\"><mark style=\"background-color:#cce8e6\" class=\"has-inline-color\">Tema Museu.io<\/mark> organiza o espa\u00e7o digital de museus, centro culturais, galerias, exposi\u00e7\u00f5es, acervos, cole\u00e7\u00f5es entre outros.<\/h2>\n\n\n\n<p class=\"has-mio-medium-bis-font-size\">Com desenho extremamente refinado e experi\u00eancia equilibrada no computador e no celular, o Tema Museu.io \u00e9 uma ferramenta poderosa para potencializar a comunica\u00e7\u00e3o e intera\u00e7\u00e3o de institui\u00e7\u00f5es s\u00f3cio-culturais, seus espa\u00e7os e seus acervos com a sociedade.<\/p>\n\n\n\n<div style=\"height:24px\" aria-hidden=\"true\" class=\"wp-block-spacer\"><\/div>\n\n\n<div class=\"mio-section-content-boxed align wp-block-museuio-companion-section\"><div class=\"mio-section__content\">\n<div style=\"--mio-carousel-custom-spacing: 4px;\" class=\"mio-display-carousel spacing-mode-custom has-sizing-mode-item align wp-block-museuio-companion-carousel\" data-option-free-scroll=\"1\" data-option-wrap-around=\"\" data-option-auto-play=\"\" data-option-fade=\"\" data-option-contain=\"1\" data-option-prev-next-buttons=\"1\" data-option-cell-align=\"left\"><div class=\"mio-display-carousel__content\">\n<div class=\"align wp-block-museuio-companion-featured-item-custom\">\n<div style=\"--mio-image-dimension--desktop: 280px;--mio-image-dimension: 280px;\" class=\"mio-image has-mio-size-fix-dimension has-mio-fixed-width align wp-block-museuio-companion-image\"><figure><div class=\"mio-image-wrapper\"  style=\"\"><img loading=\"lazy\" decoding=\"async\" width=\"1920\" height=\"1240\" src=\"https:\/\/museu.io\/tema\/wp-content\/uploads\/2023\/02\/cliente_museu-afro-brasil.jpg\" class=\"attachment-full size-full\" alt=\"\" srcset=\"https:\/\/museu.io\/tema\/wp-content\/uploads\/2023\/02\/cliente_museu-afro-brasil.jpg 1920w, https:\/\/museu.io\/tema\/wp-content\/uploads\/2023\/02\/cliente_museu-afro-brasil-800x517.jpg 800w, https:\/\/museu.io\/tema\/wp-content\/uploads\/2023\/02\/cliente_museu-afro-brasil-1672x1080.jpg 1672w, https:\/\/museu.io\/tema\/wp-content\/uploads\/2023\/02\/cliente_museu-afro-brasil-768x496.jpg 768w, https:\/\/museu.io\/tema\/wp-content\/uploads\/2023\/02\/cliente_museu-afro-brasil-1536x992.jpg 1536w, https:\/\/museu.io\/tema\/wp-content\/uploads\/2023\/02\/cliente_museu-afro-brasil-205x132.jpg 205w, https:\/\/museu.io\/tema\/wp-content\/uploads\/2023\/02\/cliente_museu-afro-brasil-480x310.jpg 480w, https:\/\/museu.io\/tema\/wp-content\/uploads\/2023\/02\/cliente_museu-afro-brasil-1189x768.jpg 1189w\" sizes=\"auto, (max-width: 1920px) 100vw, 1920px\" \/><\/div><\/figure><\/div>\n<\/div>\n\n<div class=\"align wp-block-museuio-companion-featured-item-custom\">\n<div style=\"--mio-image-dimension--desktop: 280px;--mio-image-dimension: 280px;\" class=\"mio-image has-mio-size-fix-dimension has-mio-fixed-width align wp-block-museuio-companion-image\"><figure><div class=\"mio-image-wrapper\"  style=\"\"><img loading=\"lazy\" decoding=\"async\" width=\"1920\" height=\"1240\" src=\"https:\/\/museu.io\/tema\/wp-content\/uploads\/2023\/05\/cliente_mlp.jpg\" class=\"attachment-full size-full\" alt=\"\" srcset=\"https:\/\/museu.io\/tema\/wp-content\/uploads\/2023\/05\/cliente_mlp.jpg 1920w, https:\/\/museu.io\/tema\/wp-content\/uploads\/2023\/05\/cliente_mlp-800x517.jpg 800w, https:\/\/museu.io\/tema\/wp-content\/uploads\/2023\/05\/cliente_mlp-1672x1080.jpg 1672w, https:\/\/museu.io\/tema\/wp-content\/uploads\/2023\/05\/cliente_mlp-768x496.jpg 768w, https:\/\/museu.io\/tema\/wp-content\/uploads\/2023\/05\/cliente_mlp-1536x992.jpg 1536w, https:\/\/museu.io\/tema\/wp-content\/uploads\/2023\/05\/cliente_mlp-205x132.jpg 205w, https:\/\/museu.io\/tema\/wp-content\/uploads\/2023\/05\/cliente_mlp-480x310.jpg 480w, https:\/\/museu.io\/tema\/wp-content\/uploads\/2023\/05\/cliente_mlp-1189x768.jpg 1189w\" sizes=\"auto, (max-width: 1920px) 100vw, 1920px\" \/><\/div><\/figure><\/div>\n<\/div>\n\n<div class=\"align wp-block-museuio-companion-featured-item-custom\">\n<div style=\"--mio-image-dimension--desktop: 280px;--mio-image-dimension: 280px;\" class=\"mio-image has-mio-size-fix-dimension has-mio-fixed-width align wp-block-museuio-companion-image\"><figure><div class=\"mio-image-wrapper\"  style=\"\"><img loading=\"lazy\" decoding=\"async\" width=\"1920\" height=\"1240\" src=\"https:\/\/museu.io\/tema\/wp-content\/uploads\/2023\/02\/cliente_paco-das-artes.jpg\" class=\"attachment-full size-full\" alt=\"\" srcset=\"https:\/\/museu.io\/tema\/wp-content\/uploads\/2023\/02\/cliente_paco-das-artes.jpg 1920w, https:\/\/museu.io\/tema\/wp-content\/uploads\/2023\/02\/cliente_paco-das-artes-800x517.jpg 800w, https:\/\/museu.io\/tema\/wp-content\/uploads\/2023\/02\/cliente_paco-das-artes-1672x1080.jpg 1672w, https:\/\/museu.io\/tema\/wp-content\/uploads\/2023\/02\/cliente_paco-das-artes-768x496.jpg 768w, https:\/\/museu.io\/tema\/wp-content\/uploads\/2023\/02\/cliente_paco-das-artes-1536x992.jpg 1536w, https:\/\/museu.io\/tema\/wp-content\/uploads\/2023\/02\/cliente_paco-das-artes-205x132.jpg 205w, https:\/\/museu.io\/tema\/wp-content\/uploads\/2023\/02\/cliente_paco-das-artes-480x310.jpg 480w, https:\/\/museu.io\/tema\/wp-content\/uploads\/2023\/02\/cliente_paco-das-artes-1189x768.jpg 1189w\" sizes=\"auto, (max-width: 1920px) 100vw, 1920px\" \/><\/div><\/figure><\/div>\n<\/div>\n\n<div class=\"align wp-block-museuio-companion-featured-item-custom\">\n<div style=\"--mio-image-dimension--desktop: 280px;--mio-image-dimension: 280px;\" class=\"mio-image has-mio-size-fix-dimension has-mio-fixed-width align wp-block-museuio-companion-image\"><figure><div class=\"mio-image-wrapper\"  style=\"\"><img loading=\"lazy\" decoding=\"async\" width=\"1920\" height=\"1240\" src=\"https:\/\/museu.io\/tema\/wp-content\/uploads\/2023\/02\/cliente_mis.jpg\" class=\"attachment-full size-full\" alt=\"\" srcset=\"https:\/\/museu.io\/tema\/wp-content\/uploads\/2023\/02\/cliente_mis.jpg 1920w, https:\/\/museu.io\/tema\/wp-content\/uploads\/2023\/02\/cliente_mis-800x517.jpg 800w, https:\/\/museu.io\/tema\/wp-content\/uploads\/2023\/02\/cliente_mis-1672x1080.jpg 1672w, https:\/\/museu.io\/tema\/wp-content\/uploads\/2023\/02\/cliente_mis-768x496.jpg 768w, https:\/\/museu.io\/tema\/wp-content\/uploads\/2023\/02\/cliente_mis-1536x992.jpg 1536w, https:\/\/museu.io\/tema\/wp-content\/uploads\/2023\/02\/cliente_mis-205x132.jpg 205w, https:\/\/museu.io\/tema\/wp-content\/uploads\/2023\/02\/cliente_mis-480x310.jpg 480w, https:\/\/museu.io\/tema\/wp-content\/uploads\/2023\/02\/cliente_mis-1189x768.jpg 1189w\" sizes=\"auto, (max-width: 1920px) 100vw, 1920px\" \/><\/div><\/figure><\/div>\n<\/div>\n\n<div class=\"align wp-block-museuio-companion-featured-item-custom\">\n<div style=\"--mio-image-dimension--desktop: 280px;--mio-image-dimension: 280px;\" class=\"mio-image has-mio-size-fix-dimension has-mio-fixed-width align wp-block-museuio-companion-image\"><figure><div class=\"mio-image-wrapper\"  style=\"\"><img loading=\"lazy\" decoding=\"async\" width=\"1920\" height=\"1240\" src=\"https:\/\/museu.io\/tema\/wp-content\/uploads\/2023\/02\/cliente_mis-experience.jpg\" class=\"attachment-full size-full\" alt=\"\" srcset=\"https:\/\/museu.io\/tema\/wp-content\/uploads\/2023\/02\/cliente_mis-experience.jpg 1920w, https:\/\/museu.io\/tema\/wp-content\/uploads\/2023\/02\/cliente_mis-experience-800x517.jpg 800w, https:\/\/museu.io\/tema\/wp-content\/uploads\/2023\/02\/cliente_mis-experience-1672x1080.jpg 1672w, https:\/\/museu.io\/tema\/wp-content\/uploads\/2023\/02\/cliente_mis-experience-768x496.jpg 768w, https:\/\/museu.io\/tema\/wp-content\/uploads\/2023\/02\/cliente_mis-experience-1536x992.jpg 1536w, https:\/\/museu.io\/tema\/wp-content\/uploads\/2023\/02\/cliente_mis-experience-205x132.jpg 205w, https:\/\/museu.io\/tema\/wp-content\/uploads\/2023\/02\/cliente_mis-experience-480x310.jpg 480w, https:\/\/museu.io\/tema\/wp-content\/uploads\/2023\/02\/cliente_mis-experience-1189x768.jpg 1189w\" sizes=\"auto, (max-width: 1920px) 100vw, 1920px\" \/><\/div><\/figure><\/div>\n<\/div>\n\n<div class=\"align wp-block-museuio-companion-featured-item-custom\">\n<div style=\"--mio-image-dimension--desktop: 280px;--mio-image-dimension: 280px;\" class=\"mio-image has-mio-size-fix-dimension has-mio-fixed-width align wp-block-museuio-companion-image\"><figure><div class=\"mio-image-wrapper\"  style=\"\"><img loading=\"lazy\" decoding=\"async\" width=\"1920\" height=\"1240\" src=\"https:\/\/museu.io\/tema\/wp-content\/uploads\/2023\/02\/cliente_mrsp.jpg\" class=\"attachment-full size-full\" alt=\"\" srcset=\"https:\/\/museu.io\/tema\/wp-content\/uploads\/2023\/02\/cliente_mrsp.jpg 1920w, https:\/\/museu.io\/tema\/wp-content\/uploads\/2023\/02\/cliente_mrsp-800x517.jpg 800w, https:\/\/museu.io\/tema\/wp-content\/uploads\/2023\/02\/cliente_mrsp-1672x1080.jpg 1672w, https:\/\/museu.io\/tema\/wp-content\/uploads\/2023\/02\/cliente_mrsp-768x496.jpg 768w, https:\/\/museu.io\/tema\/wp-content\/uploads\/2023\/02\/cliente_mrsp-1536x992.jpg 1536w, https:\/\/museu.io\/tema\/wp-content\/uploads\/2023\/02\/cliente_mrsp-205x132.jpg 205w, https:\/\/museu.io\/tema\/wp-content\/uploads\/2023\/02\/cliente_mrsp-480x310.jpg 480w, https:\/\/museu.io\/tema\/wp-content\/uploads\/2023\/02\/cliente_mrsp-1189x768.jpg 1189w\" sizes=\"auto, (max-width: 1920px) 100vw, 1920px\" \/><\/div><\/figure><\/div>\n<\/div>\n\n<div class=\"align wp-block-museuio-companion-featured-item-custom\">\n<div style=\"--mio-image-dimension--desktop: 280px;--mio-image-dimension: 280px;\" class=\"mio-image has-mio-size-fix-dimension has-mio-fixed-width align wp-block-museuio-companion-image\"><figure><div class=\"mio-image-wrapper\"  style=\"\"><img loading=\"lazy\" decoding=\"async\" width=\"1920\" height=\"1240\" src=\"https:\/\/museu.io\/tema\/wp-content\/uploads\/2023\/02\/cliente_rede-artesol.jpg\" class=\"attachment-full size-full\" alt=\"\" srcset=\"https:\/\/museu.io\/tema\/wp-content\/uploads\/2023\/02\/cliente_rede-artesol.jpg 1920w, https:\/\/museu.io\/tema\/wp-content\/uploads\/2023\/02\/cliente_rede-artesol-800x517.jpg 800w, https:\/\/museu.io\/tema\/wp-content\/uploads\/2023\/02\/cliente_rede-artesol-1672x1080.jpg 1672w, https:\/\/museu.io\/tema\/wp-content\/uploads\/2023\/02\/cliente_rede-artesol-768x496.jpg 768w, https:\/\/museu.io\/tema\/wp-content\/uploads\/2023\/02\/cliente_rede-artesol-1536x992.jpg 1536w, https:\/\/museu.io\/tema\/wp-content\/uploads\/2023\/02\/cliente_rede-artesol-205x132.jpg 205w, https:\/\/museu.io\/tema\/wp-content\/uploads\/2023\/02\/cliente_rede-artesol-480x310.jpg 480w, https:\/\/museu.io\/tema\/wp-content\/uploads\/2023\/02\/cliente_rede-artesol-1189x768.jpg 1189w\" sizes=\"auto, (max-width: 1920px) 100vw, 1920px\" \/><\/div><\/figure><\/div>\n<\/div>\n<\/div><\/div>\n<\/div><\/div>\n\n\n<div style=\"height:16px\" aria-hidden=\"true\" class=\"wp-block-spacer\"><\/div>\n\n\n\n<p class=\"has-mio-subheader-1-font-size\">Design<\/p>\n\n\n\n<p>O Tema Museu.io foi projetado para proporcionar uma experi\u00eancia an\u00e1loga em diferentes dispositivos \u2014 n\u00e3o apenas apresentar um conte\u00fado em diferentes formatos. Sua responsividade \u00e9 tratada de forma minuciosa para garantir a dif\u00edcil tarefa de manter a mesma hierarquia de informa\u00e7\u00f5es em diferentes telas.<\/p>\n\n\n\n<p>Sua estrutura e todos os seus componentes foram pensados para manter um refinamento visual seja qual for o conte\u00fado a ser exposto. Alinhamentos, espa\u00e7amentos, tipografia, foram projetadas para garantir um alto padr\u00e3o visual sem perder a liberdade e flexibilidade gr\u00e1fica na formata\u00e7\u00e3o das p\u00e1ginas.<\/p>\n\n\n\n<p class=\"has-mio-medium-font-size\" style=\"font-style:normal;font-weight:700\">Personaliza\u00e7\u00e3o<\/p>\n\n\n\n<p>O tema pode ser adaptado a diferentes linguagens visuais, criando sites distintos em estrutura e identidade visual, mas todos seguindo os mesmos preceitos t\u00e9cnicos de design.<\/p>\n\n\n\n<p class=\"has-mio-subheader-1-font-size\">Acervo<\/p>\n\n\n\n<p>Reposit\u00f3rios online s\u00e3o cada vez mais presentes na internet. A extrovers\u00e3o do patrim\u00f4nio s\u00f3ciocultural \u00e9 uma realidade e se aplica n\u00e3o apenas a obras art\u00edsticas, mas a documentos, m\u00eddias, patrim\u00f4nio imaterial, entre outros.Organizar uma cole\u00e7\u00e3o em um reposit\u00f3rio online \u00e9 um primeiro passo para tornar esse conte\u00fado acess\u00edvel \u00e0 sociedade.<\/p>\n\n\n\n<p class=\"has-mio-medium-font-size\" style=\"font-style:normal;font-weight:700\">Tainacan<\/p>\n\n\n\n<p>O Tainacan \u00e9 um software livre, desenvolvido pelo Laborat\u00f3rio de Intelig\u00eancia de Redes da Universidade de Bras\u00edlia \u2014 com apoio da Universidade Federal de Goi\u00e1s, Instituto Brasileiro de Informa\u00e7\u00e3o em Ci\u00eancia e Tecnologia e do Instituto Brasileiro de Museus \u2014, para cria\u00e7\u00e3o de reposit\u00f3rios de acervos digitais em WordPress.<\/p>\n\n\n\n<p>A integra\u00e7\u00e3o com a plataforma de reposit\u00f3rios Tainacan \u00e9 parte central do Tema Museu.io, permitindo a museus e institui\u00e7\u00f5es culturais apresentarem seus acervos e cole\u00e7\u00f5es em um mesmo ambiente refinado, com identidade gr\u00e1fica e navega\u00e7\u00e3o integradas.<\/p>\n\n\n\n<figure class=\"wp-block-image alignwide size-full\"><img loading=\"lazy\" decoding=\"async\" width=\"1920\" height=\"1080\" src=\"https:\/\/museu.io\/tema\/wp-content\/uploads\/2023\/05\/sobre-acervo-1.jpg\" alt=\"\" class=\"wp-image-6115\" srcset=\"https:\/\/museu.io\/tema\/wp-content\/uploads\/2023\/05\/sobre-acervo-1.jpg 1920w, https:\/\/museu.io\/tema\/wp-content\/uploads\/2023\/05\/sobre-acervo-1-800x450.jpg 800w, https:\/\/museu.io\/tema\/wp-content\/uploads\/2023\/05\/sobre-acervo-1-768x432.jpg 768w, https:\/\/museu.io\/tema\/wp-content\/uploads\/2023\/05\/sobre-acervo-1-1536x864.jpg 1536w, https:\/\/museu.io\/tema\/wp-content\/uploads\/2023\/05\/sobre-acervo-1-205x115.jpg 205w, https:\/\/museu.io\/tema\/wp-content\/uploads\/2023\/05\/sobre-acervo-1-480x270.jpg 480w, https:\/\/museu.io\/tema\/wp-content\/uploads\/2023\/05\/sobre-acervo-1-1366x768.jpg 1366w\" sizes=\"auto, (max-width: 1920px) 100vw, 1920px\" \/><figcaption class=\"wp-element-caption\">O Tainacan dentro do Tema Museu.io possui desenho refinado e integrado ao design geral do tema.<\/figcaption><\/figure>\n\n\n\n<p class=\"has-mio-subheader-1-font-size\">Exposi\u00e7\u00f5es<\/p>\n\n\n\n<p class=\"has-mio-medium-bis-font-size\">N\u00f3s acreditamos que o site de uma institui\u00e7\u00e3o s\u00f3ciocultural \u00e9 mais que um conjunto de informa\u00e7\u00f5es sobre a institui\u00e7\u00e3o e seus espa\u00e7os f\u00edsicos de visita\u00e7\u00e3o. O site de um museu \u00e9 a inst\u00e2ncia digital do museu e, sendo assim, este espa\u00e7o precisa se portar como o museu em si. Precisa estar apto a oferecer experi\u00eancias an\u00e1logas e\/ou complementares \u00e0s oferecidas nos seus espa\u00e7os f\u00edsicos e, se poss\u00edvel, promover a conex\u00e3o dos seus espa\u00e7os material e imaterial.<\/p>\n\n\n\n<p>O Tema Museu.io \u00e9 concebido a partir do conceito da natureza do espa\u00e7o como colocado por te\u00f3ricos como Milton Santos, Manuel Castells, entre outros, para os quais o espa\u00e7o \u00e9 constitu\u00eddo e entendido em sua integralidade, tanto por sua por\u00e7\u00e3o material, quanto pela imaterial.<br>Milton Santos entendia que a configura\u00e7\u00e3o do espa\u00e7o \u00e9 dada pelo conjunto dos elementos fixos, fixados ao solo, que permitem a\u00e7\u00f5es que os modifiquem, e dos fluxos, resultado destas a\u00e7\u00f5es, que atravessam e se instalam nos fixos. Fixos e fluxos, interagindo, expressam, para ele, a realidade geogr\u00e1fica. (SANTOS, 1996, p. 62).<\/p>\n\n\n\n<p>J\u00e1 Castells entende o espa\u00e7o h\u00edbrido como um espa\u00e7o \u00fanico e organizado em fluxos de comunica\u00e7\u00e3o eletr\u00f4nica e sistemas de transporte r\u00e1pido que ligam os lugares f\u00edsicos numa verdadeira rede. \u201c[A] articula\u00e7\u00e3o entre o real e o virtual, o f\u00edsico e o simb\u00f3lico est\u00e1 cada vez mais desenvolvendo novos h\u00edbridos culturais que geram a renova\u00e7\u00e3o da comunica\u00e7\u00e3o cultural no mundo, utilizando novas formas de tecnologia de informa\u00e7\u00e3o e comunica\u00e7\u00e3o\u201d (CASTELLS, 2011, p8).<\/p>\n\n\n\n<p>SANTOS, Milton. <strong>Por uma Geografia Nova<\/strong>. 4a ed. \u2014 S\u00e3o Paulo: Hucitec, 1996 (1a ed. 1978).<\/p>\n\n\n\n<p>CASTELLS, Manuel. Museus na era da informa\u00e7\u00e3o: conectores culturais de tempo e espa\u00e7o em: <strong>MUSAS &#8211; Revista Brasileira de Museus e Museologia<\/strong>, n.5, 2011. Bras\u00edlia: Instituto Brasileiro de Museus, 2011.<\/p>\n\n\n\n<figure class=\"wp-block-image alignwide size-full\"><img loading=\"lazy\" decoding=\"async\" width=\"1920\" height=\"1080\" src=\"https:\/\/museu.io\/tema\/wp-content\/uploads\/2023\/05\/sobre-expo-1.jpg\" alt=\"\" class=\"wp-image-6133\" srcset=\"https:\/\/museu.io\/tema\/wp-content\/uploads\/2023\/05\/sobre-expo-1.jpg 1920w, https:\/\/museu.io\/tema\/wp-content\/uploads\/2023\/05\/sobre-expo-1-800x450.jpg 800w, https:\/\/museu.io\/tema\/wp-content\/uploads\/2023\/05\/sobre-expo-1-768x432.jpg 768w, https:\/\/museu.io\/tema\/wp-content\/uploads\/2023\/05\/sobre-expo-1-1536x864.jpg 1536w, https:\/\/museu.io\/tema\/wp-content\/uploads\/2023\/05\/sobre-expo-1-205x115.jpg 205w, https:\/\/museu.io\/tema\/wp-content\/uploads\/2023\/05\/sobre-expo-1-480x270.jpg 480w, https:\/\/museu.io\/tema\/wp-content\/uploads\/2023\/05\/sobre-expo-1-1366x768.jpg 1366w\" sizes=\"auto, (max-width: 1920px) 100vw, 1920px\" \/><\/figure>\n\n\n\n<p>O Tema Museu.io permite diferentes formas de trabalhar uma exposi\u00e7\u00e3o ou cole\u00e7\u00e3o no seu espa\u00e7o digital, desde a sua promo\u00e7\u00e3o antes de uma visita, passando por intera\u00e7\u00f5es realizadas durante a visita e culminando no registro hist\u00f3rico daquele evento..<\/p>\n\n\n\n<div style=\"height:24px\" aria-hidden=\"true\" class=\"wp-block-spacer\"><\/div>\n\n\n<div class=\"lightweight-accordion is-style-mio-margin-large\"><details><summary class=\"lightweight-accordion-title\"><span>Promo\u00e7\u00e3o e registro das exposi\u00e7\u00f5es<\/span><\/summary><div class=\"lightweight-accordion-body\">\n\n<p>\u00c1rea para cadastro de exposi\u00e7\u00f5es, informa\u00e7\u00f5es de servi\u00e7o, v\u00eddeos, entre outros. A mesma p\u00e1gina pode ser utilizada como material promocional \u2014 antes e durante a exposi\u00e7\u00e3o \u2014 e como registro hist\u00f3rico ou catalogr\u00e1fico.<\/p>\n\n<\/div><\/details><\/div>\n\n<div class=\"lightweight-accordion is-style-mio-margin-large\"><details><summary class=\"lightweight-accordion-title\"><span>Exposi\u00e7\u00f5es Online<\/span><\/summary><div class=\"lightweight-accordion-body\">\n\n<p>O tema tamb\u00e9m possui \u00e1rea para o cadastro de exposi\u00e7\u00f5es online em forma de narrativas expositivas. Com o Tainacan ativo, \u00e9 poss\u00edvel integrar o acervo \u00e0s exposi\u00e7\u00f5es online.<\/p>\n\n<\/div><\/details><\/div>\n\n<div class=\"lightweight-accordion is-style-mio-no-margin\"><details><summary class=\"lightweight-accordion-title\"><span>Narrativas h\u00edbridas (em breve)<\/span><\/summary><div class=\"lightweight-accordion-body\">\n\n<p>Aplica\u00e7\u00e3o Web para ser utilizada no espa\u00e7o f\u00edsico de uma exposi\u00e7\u00e3o que, atrav\u00e9s de intelig\u00eancia artificial, identifica a obra e fornece ao visitante sua ficha t\u00e9cnica, recortes curatoriais, links relacionados, etc.<\/p>\n\n<\/div><\/details><\/div>\n\n\n<h2 class=\"wp-block-heading has-mio-subheader-1-font-size\">Eventos<\/h2>\n\n\n\n<p class=\"has-mio-regular-font-size\">O Tema Museu.io possui uma \u00e1rea espec\u00edfica para o cadastro e publica\u00e7\u00e3o de eventos com visualiza\u00e7\u00e3o em lista e em calend\u00e1rio. Ideal para palestras, cursos, workshops, encontros e outras atividades.<\/p>\n\n\n\n<figure class=\"wp-block-image alignwide size-full\"><img loading=\"lazy\" decoding=\"async\" width=\"1920\" height=\"1080\" src=\"https:\/\/museu.io\/tema\/wp-content\/uploads\/2023\/05\/sobre-eventos.jpg\" alt=\"\" class=\"wp-image-6153\" srcset=\"https:\/\/museu.io\/tema\/wp-content\/uploads\/2023\/05\/sobre-eventos.jpg 1920w, https:\/\/museu.io\/tema\/wp-content\/uploads\/2023\/05\/sobre-eventos-800x450.jpg 800w, https:\/\/museu.io\/tema\/wp-content\/uploads\/2023\/05\/sobre-eventos-768x432.jpg 768w, https:\/\/museu.io\/tema\/wp-content\/uploads\/2023\/05\/sobre-eventos-1536x864.jpg 1536w, https:\/\/museu.io\/tema\/wp-content\/uploads\/2023\/05\/sobre-eventos-205x115.jpg 205w, https:\/\/museu.io\/tema\/wp-content\/uploads\/2023\/05\/sobre-eventos-480x270.jpg 480w, https:\/\/museu.io\/tema\/wp-content\/uploads\/2023\/05\/sobre-eventos-1366x768.jpg 1366w\" sizes=\"auto, (max-width: 1920px) 100vw, 1920px\" \/><\/figure>\n\n\n\n<p class=\"has-mio-regular-font-size\">A gest\u00e3o de eventos \u00e9 realizada atrav\u00e9s do plugin The events calendar que tamb\u00e9m est\u00e1 visualmente integrado \u00e0 estrutura e aos par\u00e2metros gr\u00e1ficos do Tema Museu.io.<\/p>\n\n\n\n<div style=\"height:48px\" aria-hidden=\"true\" class=\"wp-block-spacer\"><\/div>\n\n\n<div style=\"margin-top:var(--wp--preset--spacing--80);margin-bottom:var(--wp--preset--spacing--80);\" class=\"mio-section-content-boxed align wp-block-museuio-companion-section has-background has-mio-demo-light-blue-background-color\"><div class=\"mio-section__content\">\n\n<div class=\"wp-block-columns is-layout-flex wp-container-core-columns-is-layout-ae7d3c9b wp-block-columns-is-layout-flex\" style=\"margin-bottom:0;padding-top:var(--wp--preset--spacing--50);padding-bottom:var(--wp--preset--spacing--50)\">\n<div class=\"wp-block-column is-vertically-aligned-top is-layout-flow wp-block-column-is-layout-flow\" style=\"flex-basis:33.33%\">\n<h2 class=\"wp-block-heading is-style-mio-remove-margin-block has-mio-subheader-2-font-size\" style=\"margin-bottom:var(--wp--preset--spacing--40)\">Outros recursos<\/h2>\n\n\n\n<p>O Tema Museu.io ainda conta com diversos outros recursos para proporcionar uma jornada completa do visitante pelo site.<\/p>\n\n\n\n<div style=\"height:56px\" aria-hidden=\"true\" class=\"wp-block-spacer\"><\/div>\n<\/div>\n\n\n\n<div class=\"wp-block-column is-layout-flow wp-block-column-is-layout-flow\" style=\"flex-basis:66.66%\"><div style=\"--mio-grid-column-gap: 16px;--mio-grid-row-gap: 40px;--mio-grid-columns: 2;\" class=\"mio-auto-grid-row-height align wp-block-museuio-companion-grid\"><div class=\"mio-display-grid__content\">\n<div style=\"--mio-grid-rows--desktop: 4;--mio-grid-rows--mobile: 6;--mio-grid-cols--desktop: 4;--mio-grid-cols--mobile: 1;--mio-item-desktop-height: var(--mio-item-height, auto);--mio-item-desktop-width: var(--mio-item-width, auto);--mio-item-height: auto;--mio-item-width: auto;\" class=\"mio-custom-size align wp-block-museuio-companion-featured-item-custom\">\n\n<div class=\"wp-block-group has-global-padding is-layout-constrained wp-container-core-group-is-layout-0ca39a12 wp-block-group-is-layout-constrained\">\n<div class=\"wp-block-group is-vertical is-content-justification-center is-layout-flex wp-container-core-group-is-layout-ce155fab wp-block-group-is-layout-flex\">\n<h2 class=\"wp-block-heading has-text-align-center is-style-mio-remove-margin-block has-mio-subheader-1-font-size\"><i class=\"fas fa-building-columns\"><\/i><\/h2>\n<\/div>\n\n\n\n<div class=\"wp-block-group has-global-padding is-layout-constrained wp-container-core-group-is-layout-d3393552 wp-block-group-is-layout-constrained\">\n<hr class=\"wp-block-separator has-text-color has-mio-black-color has-alpha-channel-opacity has-mio-black-background-color has-background is-style-default wp-container-content-c73ccdec\"\/>\n<\/div>\n\n\n\n<p class=\"has-text-align-center has-mio-medium-font-size\"><strong>Conte\u00fado institucional<\/strong><\/p>\n<\/div>\n\n<\/div>\n\n<div style=\"--mio-grid-rows--desktop: 4;--mio-grid-rows--mobile: 6;--mio-grid-cols--desktop: 4;--mio-grid-cols--mobile: 1;--mio-item-desktop-height: var(--mio-item-height, auto);--mio-item-desktop-width: var(--mio-item-width, auto);--mio-item-height: auto;--mio-item-width: auto;\" class=\"mio-custom-size align wp-block-museuio-companion-featured-item-custom\">\n\n<div class=\"wp-block-group has-global-padding is-layout-constrained wp-container-core-group-is-layout-0ca39a12 wp-block-group-is-layout-constrained\">\n<div class=\"wp-block-group is-vertical is-content-justification-center is-layout-flex wp-container-core-group-is-layout-ce155fab wp-block-group-is-layout-flex\">\n<h2 class=\"wp-block-heading has-text-align-center is-style-mio-remove-margin-block has-mio-subheader-1-font-size\" id=\"block-b5d9828b-c92a-487c-bf8b-76402a6dcea6\"><i class=\"fas fa-rss\"><\/i><\/h2>\n<\/div>\n\n\n\n<div class=\"wp-block-group has-global-padding is-layout-constrained wp-container-core-group-is-layout-d3393552 wp-block-group-is-layout-constrained\">\n<hr class=\"wp-block-separator has-text-color has-mio-black-color has-alpha-channel-opacity has-mio-black-background-color has-background is-style-default wp-container-content-c73ccdec\"\/>\n<\/div>\n\n\n\n<p class=\"has-text-align-center has-mio-medium-font-size\"><strong>\u00c1rea e destaques para not\u00edcias<\/strong><\/p>\n<\/div>\n\n<\/div>\n\n<div style=\"--mio-grid-rows--desktop: 4;--mio-grid-rows--mobile: 6;--mio-grid-cols--desktop: 4;--mio-grid-cols--mobile: 1;--mio-item-desktop-height: var(--mio-item-height, auto);--mio-item-desktop-width: var(--mio-item-width, auto);--mio-item-height: auto;--mio-item-width: auto;\" class=\"mio-custom-size align wp-block-museuio-companion-featured-item-custom\">\n\n<div class=\"wp-block-group has-global-padding is-layout-constrained wp-container-core-group-is-layout-0ca39a12 wp-block-group-is-layout-constrained\">\n<div class=\"wp-block-group is-vertical is-content-justification-center is-layout-flex wp-container-core-group-is-layout-ce155fab wp-block-group-is-layout-flex\">\n<h2 class=\"wp-block-heading has-text-align-center is-style-mio-remove-margin-block has-mio-subheader-1-font-size\" id=\"block-b5d9828b-c92a-487c-bf8b-76402a6dcea6\"><i class=\"fas fa-universal-access\"><\/i><\/h2>\n<\/div>\n\n\n\n<div class=\"wp-block-group has-global-padding is-layout-constrained wp-container-core-group-is-layout-d3393552 wp-block-group-is-layout-constrained\">\n<hr class=\"wp-block-separator has-text-color has-mio-black-color has-alpha-channel-opacity has-mio-black-background-color has-background is-style-default wp-container-content-c73ccdec\"\/>\n<\/div>\n\n\n\n<p class=\"has-text-align-center has-mio-medium-font-size\"><strong>Acessibilidade<\/strong><\/p>\n<\/div>\n\n<\/div>\n\n<div style=\"--mio-grid-rows--desktop: 4;--mio-grid-rows--mobile: 6;--mio-grid-cols--desktop: 4;--mio-grid-cols--mobile: 1;--mio-item-desktop-height: var(--mio-item-height, auto);--mio-item-desktop-width: var(--mio-item-width, auto);--mio-item-height: auto;--mio-item-width: auto;\" class=\"mio-custom-size align wp-block-museuio-companion-featured-item-custom\">\n\n<div class=\"wp-block-group has-global-padding is-layout-constrained wp-container-core-group-is-layout-0ca39a12 wp-block-group-is-layout-constrained\">\n<div class=\"wp-block-group is-vertical is-content-justification-center is-layout-flex wp-container-core-group-is-layout-ce155fab wp-block-group-is-layout-flex\">\n<h2 class=\"wp-block-heading has-text-align-center is-style-mio-remove-margin-block has-mio-subheader-1-font-size\" id=\"block-b5d9828b-c92a-487c-bf8b-76402a6dcea6\"><i class=\"fas fa-share-nodes\"><\/i><\/h2>\n<\/div>\n\n\n\n<div class=\"wp-block-group has-global-padding is-layout-constrained wp-container-core-group-is-layout-d3393552 wp-block-group-is-layout-constrained\">\n<hr class=\"wp-block-separator has-text-color has-mio-black-color has-alpha-channel-opacity has-mio-black-background-color has-background is-style-default wp-container-content-c73ccdec\"\/>\n<\/div>\n\n\n\n<p class=\"has-text-align-center has-mio-medium-font-size\"><strong>Integra\u00e7\u00e3o com redes sociais<\/strong><\/p>\n<\/div>\n\n<\/div>\n\n<div style=\"--mio-grid-rows--desktop: 4;--mio-grid-rows--mobile: 6;--mio-grid-cols--desktop: 4;--mio-grid-cols--mobile: 1;--mio-item-desktop-height: var(--mio-item-height, auto);--mio-item-desktop-width: var(--mio-item-width, auto);--mio-item-height: auto;--mio-item-width: auto;\" class=\"mio-custom-size align wp-block-museuio-companion-featured-item-custom\">\n\n<div class=\"wp-block-group has-global-padding is-layout-constrained wp-container-core-group-is-layout-0ca39a12 wp-block-group-is-layout-constrained\">\n<div class=\"wp-block-group is-vertical is-content-justification-center is-layout-flex wp-container-core-group-is-layout-ce155fab wp-block-group-is-layout-flex\">\n<h2 class=\"wp-block-heading has-text-align-center is-style-mio-remove-margin-block has-mio-subheader-1-font-size\" id=\"block-b5d9828b-c92a-487c-bf8b-76402a6dcea6\"><i class=\"fas fa-grip\"><\/i><\/h2>\n<\/div>\n\n\n\n<div class=\"wp-block-group has-global-padding is-layout-constrained wp-container-core-group-is-layout-d3393552 wp-block-group-is-layout-constrained\">\n<hr class=\"wp-block-separator has-text-color has-mio-black-color has-alpha-channel-opacity has-mio-black-background-color has-background is-style-default wp-container-content-c73ccdec\"\/>\n<\/div>\n\n\n\n<p class=\"has-text-align-center has-mio-medium-font-size\"><strong>Gerenciamento de barra de logos<\/strong><\/p>\n<\/div>\n\n<\/div>\n\n<div style=\"--mio-grid-rows--desktop: 4;--mio-grid-rows--mobile: 6;--mio-grid-cols--desktop: 4;--mio-grid-cols--mobile: 1;--mio-item-desktop-height: var(--mio-item-height, auto);--mio-item-desktop-width: var(--mio-item-width, auto);--mio-item-height: auto;--mio-item-width: auto;\" class=\"mio-custom-size align wp-block-museuio-companion-featured-item-custom\">\n\n<div class=\"wp-block-group has-global-padding is-layout-constrained wp-container-core-group-is-layout-0ca39a12 wp-block-group-is-layout-constrained\">\n<div class=\"wp-block-group is-vertical is-content-justification-center is-layout-flex wp-container-core-group-is-layout-ce155fab wp-block-group-is-layout-flex\">\n<h2 class=\"wp-block-heading has-text-align-center is-style-mio-remove-margin-block has-mio-subheader-1-font-size\" id=\"block-b5d9828b-c92a-487c-bf8b-76402a6dcea6\"><i class=\"fas fa-envelope\"><\/i><\/h2>\n<\/div>\n\n\n\n<div class=\"wp-block-group has-global-padding is-layout-constrained wp-container-core-group-is-layout-d3393552 wp-block-group-is-layout-constrained\">\n<hr class=\"wp-block-separator has-text-color has-mio-black-color has-alpha-channel-opacity has-mio-black-background-color has-background is-style-default wp-container-content-c73ccdec\"\/>\n<\/div>\n\n\n\n<p class=\"has-text-align-center has-mio-medium-font-size\"><strong>Integra\u00e7\u00e3o com servi\u00e7o de newsletter<\/strong><\/p>\n<\/div>\n\n<\/div>\n<\/div><\/div><\/div>\n<\/div>\n\n<\/div><\/div>\n\n\n<div style=\"height:56px\" aria-hidden=\"true\" class=\"wp-block-spacer\"><\/div>\n\n\n<div class=\"mio-section-content-max align wp-block-museuio-companion-section\"><div class=\"mio-section__content\">\n<div class=\"mio-display-carousel spacing-mode-default has-mio-preset-large mio-carousel-height-carousel-defined mio-carousel-height-preset-large align wp-block-museuio-companion-carousel\" data-option-free-scroll=\"1\" data-option-wrap-around=\"\" data-option-auto-play=\"\" data-option-fade=\"\" data-option-contain=\"1\" data-option-prev-next-buttons=\"1\" data-option-cell-align=\"left\"><div class=\"mio-display-carousel__content\">\n<div style=\"--mio-bg-image-position: 50% 50%;--mio-bg-image-url: url(https:\/\/museu.io\/tema\/wp-content\/uploads\/2023\/02\/case_mab_01-2.jpg);--mio-cta-bg-color: #CCE8E6;--mio-cta-fg-color: #000000;--mio-title-bg-color: #ffffff;--mio-title-fg-color: #000000;--mio-top-bg-color: #ffffff;--mio-top-fg-color: #000000;--mio-image-overlay-bg-color: #00000078;\" class=\"--mio-in-carousel has-mio-padding-block-large has-mio-padding-inline-large mio-preset-medium has-mio-detached-tag has-mio-detached-info align wp-block-museuio-companion-featured-item-a\"><a class=\"mio-piece-display\" href=\"https:\/\/online.museuafrobrasil.org.br\/acervo\/\" target=\"_blank\">\n\t\t\t<div class=\"mio-piece-display__top-wrapper\">\n\t\t\t\t<div class=\"mio-piece-display__top-box\">\n\t\t\t\t\t<p class=\"mio-piece-display__top\">ACERVO<\/p> \n\t\t\t\t<\/div>\n\t\t\t<\/div>\n\t\t\t<div class=\"mio-piece-display__info\">\n\t\t\t\t<h2 class=\"mio-piece-display__title\">Museu Afro Brasil Emanuel Araujo<\/h2>\n\t\t\t\t<p class=\"mio-piece-display__description\">Fase I &#8211; Implementa\u00e7\u00e3o do Tainacan<\/p>\n\t\t\t\t<div class=\"mio-piece-display__cta-wrapper\"><p class=\"mio-piece-display__cta\">VISITE<\/div>\n    \n\t\t\t<\/div>\n    <\/a><\/div>\n\n<div style=\"--mio-bg-image-position: 50% 50%;--mio-bg-image-url: url(https:\/\/museu.io\/tema\/wp-content\/uploads\/2023\/02\/case_mxp_01.jpg);--mio-cta-bg-color: #ff00a6;--mio-cta-fg-color: #ffffff;--mio-title-bg-color: #ffffff;--mio-title-fg-color: #000000;--mio-top-bg-color: #ffffff;--mio-top-fg-color: #000000;--mio-image-overlay-bg-color: #00000078;\" class=\"--mio-in-carousel has-mio-padding-block-large has-mio-padding-inline-large mio-preset-medium has-mio-detached-tag has-mio-detached-info align wp-block-museuio-companion-featured-item-a\"><a class=\"mio-piece-display\" href=\"https:\/\/misexperience.org.br\/\" target=\"_blank\">\n\t\t\t<div class=\"mio-piece-display__top-wrapper\">\n\t\t\t\t<div class=\"mio-piece-display__top-box\">\n\t\t\t\t\t<p class=\"mio-piece-display__top\">SITE<\/p> \n\t\t\t\t<\/div>\n\t\t\t<\/div>\n\t\t\t<div class=\"mio-piece-display__info\">\n\t\t\t\t<h2 class=\"mio-piece-display__title\">MIS Experience<\/h2>\n\t\t\t\t<p class=\"mio-piece-display__description\">Site institucional<\/p>\n\t\t\t\t<div class=\"mio-piece-display__cta-wrapper\"><p class=\"mio-piece-display__cta\">VISITE<\/div>\n    \n\t\t\t<\/div>\n    <\/a><\/div>\n<\/div><\/div>\n<\/div><\/div>","protected":false},"excerpt":{"rendered":"<p>Tema Museu.io foi idealizado para atender de forma precisa e refinada a demanda de museus, centro culturais, exposi\u00e7\u00f5es, cole\u00e7\u00f5es para organizar seu espa\u00e7o digital.<\/p>\n","protected":false},"author":1,"featured_media":2705,"parent":0,"menu_order":0,"comment_status":"closed","ping_status":"closed","template":"","meta":{"_acf_changed":false,"_EventAllDay":false,"_EventTimezone":"","_EventStartDate":"","_EventEndDate":"","_EventStartDateUTC":"","_EventEndDateUTC":"","_EventShowMap":false,"_EventShowMapLink":false,"_EventURL":"","_EventCost":"","_EventCostDescription":"","_EventCurrencySymbol":"","_EventCurrencyCode":"","_EventCurrencyPosition":"","_EventDateTimeSeparator":"","_EventTimeRangeSeparator":"","_EventOrganizerID":[],"_EventVenueID":[],"_OrganizerEmail":"","_OrganizerPhone":"","_OrganizerWebsite":"","_VenueAddress":"","_VenueCity":"","_VenueCountry":"","_VenueProvince":"","_VenueState":"","_VenueZip":"","_VenuePhone":"","_VenueURL":"","_VenueStateProvince":"","_VenueLat":"","_VenueLng":"","_VenueShowMap":false,"_VenueShowMapLink":false,"mio_support_image":0,"mio_support_text":"","mio_alternative_title":"","mio_custom_heading":"","footnotes":""},"mio_featured_post_classifier":[],"mio_tags":[],"class_list":["post-5","page","type-page","status-publish","has-post-thumbnail","hentry"],"acf":[],"yoast_head":"<!-- This site is optimized with the Yoast SEO plugin v27.5 - https:\/\/yoast.com\/product\/yoast-seo-wordpress\/ -->\n<title>Sobre - Tema museu.io<\/title>\n<meta name=\"robots\" content=\"index, follow, max-snippet:-1, max-image-preview:large, max-video-preview:-1\" \/>\n<link rel=\"canonical\" href=\"https:\/\/museu.io\/tema\/sobre\/\" \/>\n<meta property=\"og:locale\" content=\"pt_BR\" \/>\n<meta property=\"og:type\" content=\"article\" \/>\n<meta property=\"og:title\" content=\"Sobre - Tema museu.io\" \/>\n<meta property=\"og:description\" content=\"Tema Museu.io foi idealizado para atender de forma precisa e refinada a demanda de museus, centro culturais, exposi\u00e7\u00f5es, cole\u00e7\u00f5es para organizar seu espa\u00e7o digital.\" \/>\n<meta property=\"og:url\" content=\"https:\/\/museu.io\/tema\/sobre\/\" \/>\n<meta property=\"og:site_name\" content=\"Tema museu.io\" \/>\n<meta property=\"article:modified_time\" content=\"2023-05-11T21:27:13+00:00\" \/>\n<meta property=\"og:image\" content=\"https:\/\/museu.io\/tema\/wp-content\/uploads\/2023\/02\/tema_museuio-1.jpg\" \/>\n\t<meta property=\"og:image:width\" content=\"1920\" \/>\n\t<meta property=\"og:image:height\" content=\"1240\" \/>\n\t<meta property=\"og:image:type\" content=\"image\/jpeg\" \/>\n<meta name=\"twitter:card\" content=\"summary_large_image\" \/>\n<meta name=\"twitter:label1\" content=\"Est. tempo de leitura\" \/>\n\t<meta name=\"twitter:data1\" content=\"6 minutos\" \/>\n<script type=\"application\/ld+json\" class=\"yoast-schema-graph\">{\"@context\":\"https:\\\/\\\/schema.org\",\"@graph\":[{\"@type\":\"WebPage\",\"@id\":\"https:\\\/\\\/museu.io\\\/tema\\\/sobre\\\/\",\"url\":\"https:\\\/\\\/museu.io\\\/tema\\\/sobre\\\/\",\"name\":\"Sobre - Tema museu.io\",\"isPartOf\":{\"@id\":\"https:\\\/\\\/museu.io\\\/tema\\\/#website\"},\"primaryImageOfPage\":{\"@id\":\"https:\\\/\\\/museu.io\\\/tema\\\/sobre\\\/#primaryimage\"},\"image\":{\"@id\":\"https:\\\/\\\/museu.io\\\/tema\\\/sobre\\\/#primaryimage\"},\"thumbnailUrl\":\"https:\\\/\\\/museu.io\\\/tema\\\/wp-content\\\/uploads\\\/2023\\\/02\\\/tema_museuio-1.jpg\",\"datePublished\":\"2022-06-17T13:16:38+00:00\",\"dateModified\":\"2023-05-11T21:27:13+00:00\",\"breadcrumb\":{\"@id\":\"https:\\\/\\\/museu.io\\\/tema\\\/sobre\\\/#breadcrumb\"},\"inLanguage\":\"pt-BR\",\"potentialAction\":[{\"@type\":\"ReadAction\",\"target\":[\"https:\\\/\\\/museu.io\\\/tema\\\/sobre\\\/\"]}]},{\"@type\":\"ImageObject\",\"inLanguage\":\"pt-BR\",\"@id\":\"https:\\\/\\\/museu.io\\\/tema\\\/sobre\\\/#primaryimage\",\"url\":\"https:\\\/\\\/museu.io\\\/tema\\\/wp-content\\\/uploads\\\/2023\\\/02\\\/tema_museuio-1.jpg\",\"contentUrl\":\"https:\\\/\\\/museu.io\\\/tema\\\/wp-content\\\/uploads\\\/2023\\\/02\\\/tema_museuio-1.jpg\",\"width\":1920,\"height\":1240},{\"@type\":\"BreadcrumbList\",\"@id\":\"https:\\\/\\\/museu.io\\\/tema\\\/sobre\\\/#breadcrumb\",\"itemListElement\":[{\"@type\":\"ListItem\",\"position\":1,\"name\":\"In\u00edcio\",\"item\":\"https:\\\/\\\/museu.io\\\/tema\\\/\"},{\"@type\":\"ListItem\",\"position\":2,\"name\":\"Sobre\"}]},{\"@type\":\"WebSite\",\"@id\":\"https:\\\/\\\/museu.io\\\/tema\\\/#website\",\"url\":\"https:\\\/\\\/museu.io\\\/tema\\\/\",\"name\":\"Tema Museu.io\",\"description\":\"Site demonstra\u00e7\u00e3o do tema Museu.io\",\"publisher\":{\"@id\":\"https:\\\/\\\/museu.io\\\/tema\\\/#organization\"},\"potentialAction\":[{\"@type\":\"SearchAction\",\"target\":{\"@type\":\"EntryPoint\",\"urlTemplate\":\"https:\\\/\\\/museu.io\\\/tema\\\/?s={search_term_string}\"},\"query-input\":{\"@type\":\"PropertyValueSpecification\",\"valueRequired\":true,\"valueName\":\"search_term_string\"}}],\"inLanguage\":\"pt-BR\"},{\"@type\":\"Organization\",\"@id\":\"https:\\\/\\\/museu.io\\\/tema\\\/#organization\",\"name\":\"Museu.io\",\"url\":\"https:\\\/\\\/museu.io\\\/tema\\\/\",\"logo\":{\"@type\":\"ImageObject\",\"inLanguage\":\"pt-BR\",\"@id\":\"https:\\\/\\\/museu.io\\\/tema\\\/#\\\/schema\\\/logo\\\/image\\\/\",\"url\":\"https:\\\/\\\/museu.io\\\/tema\\\/wp-content\\\/uploads\\\/2023\\\/02\\\/Artboard-1.png\",\"contentUrl\":\"https:\\\/\\\/museu.io\\\/tema\\\/wp-content\\\/uploads\\\/2023\\\/02\\\/Artboard-1.png\",\"width\":339,\"height\":305,\"caption\":\"Museu.io\"},\"image\":{\"@id\":\"https:\\\/\\\/museu.io\\\/tema\\\/#\\\/schema\\\/logo\\\/image\\\/\"}}]}<\/script>\n<!-- \/ Yoast SEO plugin. -->","yoast_head_json":{"title":"Sobre - Tema museu.io","robots":{"index":"index","follow":"follow","max-snippet":"max-snippet:-1","max-image-preview":"max-image-preview:large","max-video-preview":"max-video-preview:-1"},"canonical":"https:\/\/museu.io\/tema\/sobre\/","og_locale":"pt_BR","og_type":"article","og_title":"Sobre - Tema museu.io","og_description":"Tema Museu.io foi idealizado para atender de forma precisa e refinada a demanda de museus, centro culturais, exposi\u00e7\u00f5es, cole\u00e7\u00f5es para organizar seu espa\u00e7o digital.","og_url":"https:\/\/museu.io\/tema\/sobre\/","og_site_name":"Tema museu.io","article_modified_time":"2023-05-11T21:27:13+00:00","og_image":[{"width":1920,"height":1240,"url":"https:\/\/museu.io\/tema\/wp-content\/uploads\/2023\/02\/tema_museuio-1.jpg","type":"image\/jpeg"}],"twitter_card":"summary_large_image","twitter_misc":{"Est. tempo de leitura":"6 minutos"},"schema":{"@context":"https:\/\/schema.org","@graph":[{"@type":"WebPage","@id":"https:\/\/museu.io\/tema\/sobre\/","url":"https:\/\/museu.io\/tema\/sobre\/","name":"Sobre - Tema museu.io","isPartOf":{"@id":"https:\/\/museu.io\/tema\/#website"},"primaryImageOfPage":{"@id":"https:\/\/museu.io\/tema\/sobre\/#primaryimage"},"image":{"@id":"https:\/\/museu.io\/tema\/sobre\/#primaryimage"},"thumbnailUrl":"https:\/\/museu.io\/tema\/wp-content\/uploads\/2023\/02\/tema_museuio-1.jpg","datePublished":"2022-06-17T13:16:38+00:00","dateModified":"2023-05-11T21:27:13+00:00","breadcrumb":{"@id":"https:\/\/museu.io\/tema\/sobre\/#breadcrumb"},"inLanguage":"pt-BR","potentialAction":[{"@type":"ReadAction","target":["https:\/\/museu.io\/tema\/sobre\/"]}]},{"@type":"ImageObject","inLanguage":"pt-BR","@id":"https:\/\/museu.io\/tema\/sobre\/#primaryimage","url":"https:\/\/museu.io\/tema\/wp-content\/uploads\/2023\/02\/tema_museuio-1.jpg","contentUrl":"https:\/\/museu.io\/tema\/wp-content\/uploads\/2023\/02\/tema_museuio-1.jpg","width":1920,"height":1240},{"@type":"BreadcrumbList","@id":"https:\/\/museu.io\/tema\/sobre\/#breadcrumb","itemListElement":[{"@type":"ListItem","position":1,"name":"In\u00edcio","item":"https:\/\/museu.io\/tema\/"},{"@type":"ListItem","position":2,"name":"Sobre"}]},{"@type":"WebSite","@id":"https:\/\/museu.io\/tema\/#website","url":"https:\/\/museu.io\/tema\/","name":"Tema Museu.io","description":"Site demonstra\u00e7\u00e3o do tema Museu.io","publisher":{"@id":"https:\/\/museu.io\/tema\/#organization"},"potentialAction":[{"@type":"SearchAction","target":{"@type":"EntryPoint","urlTemplate":"https:\/\/museu.io\/tema\/?s={search_term_string}"},"query-input":{"@type":"PropertyValueSpecification","valueRequired":true,"valueName":"search_term_string"}}],"inLanguage":"pt-BR"},{"@type":"Organization","@id":"https:\/\/museu.io\/tema\/#organization","name":"Museu.io","url":"https:\/\/museu.io\/tema\/","logo":{"@type":"ImageObject","inLanguage":"pt-BR","@id":"https:\/\/museu.io\/tema\/#\/schema\/logo\/image\/","url":"https:\/\/museu.io\/tema\/wp-content\/uploads\/2023\/02\/Artboard-1.png","contentUrl":"https:\/\/museu.io\/tema\/wp-content\/uploads\/2023\/02\/Artboard-1.png","width":339,"height":305,"caption":"Museu.io"},"image":{"@id":"https:\/\/museu.io\/tema\/#\/schema\/logo\/image\/"}}]}},"_links":{"self":[{"href":"https:\/\/museu.io\/tema\/wp-json\/wp\/v2\/pages\/5","targetHints":{"allow":["GET"]}}],"collection":[{"href":"https:\/\/museu.io\/tema\/wp-json\/wp\/v2\/pages"}],"about":[{"href":"https:\/\/museu.io\/tema\/wp-json\/wp\/v2\/types\/page"}],"author":[{"embeddable":true,"href":"https:\/\/museu.io\/tema\/wp-json\/wp\/v2\/users\/1"}],"replies":[{"embeddable":true,"href":"https:\/\/museu.io\/tema\/wp-json\/wp\/v2\/comments?post=5"}],"version-history":[{"count":389,"href":"https:\/\/museu.io\/tema\/wp-json\/wp\/v2\/pages\/5\/revisions"}],"predecessor-version":[{"id":6879,"href":"https:\/\/museu.io\/tema\/wp-json\/wp\/v2\/pages\/5\/revisions\/6879"}],"wp:featuredmedia":[{"embeddable":true,"href":"https:\/\/museu.io\/tema\/wp-json\/wp\/v2\/media\/2705"}],"wp:attachment":[{"href":"https:\/\/museu.io\/tema\/wp-json\/wp\/v2\/media?parent=5"}],"wp:term":[{"taxonomy":"mio_featured_post_classifier","embeddable":true,"href":"https:\/\/museu.io\/tema\/wp-json\/wp\/v2\/mio_featured_post_classifier?post=5"},{"taxonomy":"mio_tags","embeddable":true,"href":"https:\/\/museu.io\/tema\/wp-json\/wp\/v2\/mio_tags?post=5"}],"curies":[{"name":"wp","href":"https:\/\/api.w.org\/{rel}","templated":true}]}}