{"id":4814,"date":"2023-04-12T22:53:33","date_gmt":"2023-04-13T01:53:33","guid":{"rendered":"https:\/\/museu.io\/tema\/?page_id=4814"},"modified":"2023-05-12T14:48:11","modified_gmt":"2023-05-12T17:48:11","slug":"linha-do-tempo","status":"publish","type":"page","link":"https:\/\/museu.io\/tema\/linha-do-tempo\/","title":{"rendered":"Linha do tempo"},"content":{"rendered":"\n<div class=\"wp-block-group has-global-padding is-layout-constrained wp-block-group-is-layout-constrained\">\n<div class=\"wp-block-group has-global-padding is-content-justification-left is-layout-constrained wp-container-core-group-is-layout-e196ba4c wp-block-group-is-layout-constrained\">\n<h2 class=\"wp-block-heading is-style-mio-remove-margin-block has-mio-subheader-1-font-size\" id=\"1970\">1970<\/h2>\n\n\n\n<h2 class=\"wp-block-heading is-style-mio-remove-margin-block has-mio-medium-font-size\">Nasce o museu<\/h2>\n<\/div>\n\n\n\n<div class=\"wp-block-group has-global-padding is-content-justification-left is-layout-constrained wp-container-core-group-is-layout-54bb3fbf wp-block-group-is-layout-constrained\" style=\"margin-top:var(--wp--preset--spacing--50);\">\n<hr class=\"wp-block-separator has-alpha-channel-opacity is-style-mio-separator-thick\"\/>\n<\/div>\n\n\n\n<div style=\"height:16px\" aria-hidden=\"true\" class=\"wp-block-spacer\"><\/div>\n<\/div>\n\n\n\n<p>A ideia do Museu do Audiovisual surgiu \u00e0 sua fundadora, Maria, durante a exibi\u00e7\u00e3o de um cl\u00e1ssico num cinema local. \u00c0 medida que os cr\u00e9ditos rolavam, ela percebeu que a verdadeira magia do cinema n\u00e3o estava apenas na hist\u00f3ria contada, mas na forma como era contada &#8211; por meio do visual, da m\u00fasica e do som.<\/p>\n\n\n\n<figure class=\"wp-block-image alignwide size-large\"><img loading=\"lazy\" decoding=\"async\" width=\"1672\" height=\"1080\" src=\"https:\/\/museu.io\/tema\/wp-content\/uploads\/2023\/04\/img_pattern-1672x1080.jpg\" alt=\"\" class=\"wp-image-3972\" srcset=\"https:\/\/museu.io\/tema\/wp-content\/uploads\/2023\/04\/img_pattern-1672x1080.jpg 1672w, https:\/\/museu.io\/tema\/wp-content\/uploads\/2023\/04\/img_pattern-800x517.jpg 800w, https:\/\/museu.io\/tema\/wp-content\/uploads\/2023\/04\/img_pattern-768x496.jpg 768w, https:\/\/museu.io\/tema\/wp-content\/uploads\/2023\/04\/img_pattern-1536x992.jpg 1536w, https:\/\/museu.io\/tema\/wp-content\/uploads\/2023\/04\/img_pattern-205x132.jpg 205w, https:\/\/museu.io\/tema\/wp-content\/uploads\/2023\/04\/img_pattern-480x310.jpg 480w, https:\/\/museu.io\/tema\/wp-content\/uploads\/2023\/04\/img_pattern-1189x768.jpg 1189w, https:\/\/museu.io\/tema\/wp-content\/uploads\/2023\/04\/img_pattern.jpg 1920w\" sizes=\"auto, (max-width: 1672px) 100vw, 1672px\" \/><figcaption class=\"wp-element-caption\">Sed ut perspiciatis unde omnis iste natus error sit voluptatem<\/figcaption><\/figure>\n\n\n\n<div style=\"height:40px\" aria-hidden=\"true\" class=\"wp-block-spacer\"><\/div>\n\n\n\n<div class=\"wp-block-group has-global-padding is-layout-constrained wp-block-group-is-layout-constrained\">\n<div class=\"wp-block-group has-global-padding is-content-justification-left is-layout-constrained wp-container-core-group-is-layout-e196ba4c wp-block-group-is-layout-constrained\">\n<h2 class=\"wp-block-heading is-style-mio-remove-margin-block has-mio-subheader-1-font-size\" id=\"1971\">1971<\/h2>\n\n\n\n<h2 class=\"wp-block-heading is-style-mio-remove-margin-block has-mio-medium-font-size\">O museu expande seus muros<\/h2>\n<\/div>\n\n\n\n<div class=\"wp-block-group has-global-padding is-content-justification-left is-layout-constrained wp-container-core-group-is-layout-54bb3fbf wp-block-group-is-layout-constrained\" style=\"margin-top:var(--wp--preset--spacing--50);\">\n<hr class=\"wp-block-separator has-alpha-channel-opacity is-style-mio-separator-thick\"\/>\n<\/div>\n\n\n\n<div style=\"height:16px\" aria-hidden=\"true\" class=\"wp-block-spacer\"><\/div>\n<\/div>\n\n\n\n<p>A ideia do Museu do Audiovisual surgiu \u00e0 sua fundadora, Maria, durante a exibi\u00e7\u00e3o de um cl\u00e1ssico num cinema local. \u00c0 medida que os cr\u00e9ditos rolavam, ela percebeu que a verdadeira magia do cinema n\u00e3o estava apenas na hist\u00f3ria contada, mas na forma como era contada &#8211; por meio do visual, da m\u00fasica e do som.<\/p>\n\n\n<div class=\"mio-section-content-wide align wp-block-museuio-companion-section\"><div class=\"mio-section__content\">\n<div class=\"mio-display-carousel spacing-mode-default has-sizing-mode-item mio-gallery-enabled align wp-block-museuio-companion-carousel\" data-option-free-scroll=\"1\" data-option-wrap-around=\"\" data-option-auto-play=\"\" data-option-fade=\"\" data-option-contain=\"1\" data-option-prev-next-buttons=\"1\" data-option-cell-align=\"left\"><div class=\"mio-display-carousel__content\">\n<div style=\"--mio-item-height: auto;--mio-item-width: auto;\" class=\"mio-preset-size-content-defined align wp-block-museuio-companion-featured-item-custom\"><a class=\"mio-featured-item-custom-wrapper-link\" href=\"javascript:void(0)\">\n<div style=\"--mio-image-box-position--desktop: 50% 50%;--mio-image-box-position: 50% 50%;--mio-image-box-height--desktop: 400px;--mio-image-box-height: 300px;--mio-object-fit--desktop: cover;--mio-object-fit: cover;--mio-image-box-mode: cover;\" class=\"mio-image has-mio-size-fit-box has-mio-auto-width align wp-block-museuio-companion-image\"><figure><div class=\"mio-image-wrapper\"  style=\"\"><img loading=\"lazy\" decoding=\"async\" width=\"800\" height=\"1240\" src=\"https:\/\/museu.io\/tema\/wp-content\/uploads\/2023\/04\/img_pattern_3.jpg\" class=\"attachment-full size-full\" alt=\"\" srcset=\"https:\/\/museu.io\/tema\/wp-content\/uploads\/2023\/04\/img_pattern_3.jpg 800w, https:\/\/museu.io\/tema\/wp-content\/uploads\/2023\/04\/img_pattern_3-516x800.jpg 516w, https:\/\/museu.io\/tema\/wp-content\/uploads\/2023\/04\/img_pattern_3-697x1080.jpg 697w, https:\/\/museu.io\/tema\/wp-content\/uploads\/2023\/04\/img_pattern_3-768x1190.jpg 768w, https:\/\/museu.io\/tema\/wp-content\/uploads\/2023\/04\/img_pattern_3-205x318.jpg 205w, https:\/\/museu.io\/tema\/wp-content\/uploads\/2023\/04\/img_pattern_3-480x744.jpg 480w, https:\/\/museu.io\/tema\/wp-content\/uploads\/2023\/04\/img_pattern_3-495x768.jpg 495w\" sizes=\"auto, (max-width: 800px) 100vw, 800px\" \/><\/div><\/figure><\/div>\n<\/a><\/div>\n\n<div style=\"--mio-item-height: auto;--mio-item-width: auto;\" class=\"mio-preset-size-content-defined align wp-block-museuio-companion-featured-item-custom\"><a class=\"mio-featured-item-custom-wrapper-link\" href=\"javascript:void(0)\">\n<div style=\"--mio-image-box-position--desktop: 50% 50%;--mio-image-box-position: 50% 50%;--mio-image-box-height--desktop: 400px;--mio-image-box-height: 300px;--mio-object-fit--desktop: cover;--mio-object-fit: cover;--mio-image-box-mode: cover;\" class=\"mio-image has-mio-size-fit-box has-mio-auto-width align wp-block-museuio-companion-image\"><figure><div class=\"mio-image-wrapper\"  style=\"\"><img loading=\"lazy\" decoding=\"async\" width=\"1920\" height=\"1240\" src=\"https:\/\/museu.io\/tema\/wp-content\/uploads\/2023\/04\/img_pattern.jpg\" class=\"attachment-full size-full\" alt=\"\" srcset=\"https:\/\/museu.io\/tema\/wp-content\/uploads\/2023\/04\/img_pattern.jpg 1920w, https:\/\/museu.io\/tema\/wp-content\/uploads\/2023\/04\/img_pattern-800x517.jpg 800w, https:\/\/museu.io\/tema\/wp-content\/uploads\/2023\/04\/img_pattern-1672x1080.jpg 1672w, https:\/\/museu.io\/tema\/wp-content\/uploads\/2023\/04\/img_pattern-768x496.jpg 768w, https:\/\/museu.io\/tema\/wp-content\/uploads\/2023\/04\/img_pattern-1536x992.jpg 1536w, https:\/\/museu.io\/tema\/wp-content\/uploads\/2023\/04\/img_pattern-205x132.jpg 205w, https:\/\/museu.io\/tema\/wp-content\/uploads\/2023\/04\/img_pattern-480x310.jpg 480w, https:\/\/museu.io\/tema\/wp-content\/uploads\/2023\/04\/img_pattern-1189x768.jpg 1189w\" sizes=\"auto, (max-width: 1920px) 100vw, 1920px\" \/><\/div><\/figure><\/div>\n<\/a><\/div>\n\n<div style=\"--mio-item-height: auto;--mio-item-width: auto;\" class=\"mio-preset-size-content-defined align wp-block-museuio-companion-featured-item-custom\"><a class=\"mio-featured-item-custom-wrapper-link\" href=\"javascript:void(0)\">\n<div style=\"--mio-image-box-position--desktop: 50% 50%;--mio-image-box-position: 50% 50%;--mio-image-box-height--desktop: 400px;--mio-image-box-height: 300px;--mio-object-fit--desktop: cover;--mio-object-fit: cover;--mio-image-box-mode: cover;\" class=\"mio-image has-mio-size-fit-box has-mio-auto-width align wp-block-museuio-companion-image\"><figure><div class=\"mio-image-wrapper\"  style=\"\"><img loading=\"lazy\" decoding=\"async\" width=\"1240\" height=\"1240\" src=\"https:\/\/museu.io\/tema\/wp-content\/uploads\/2023\/04\/img_pattern_2.jpg\" class=\"attachment-full size-full\" alt=\"\" srcset=\"https:\/\/museu.io\/tema\/wp-content\/uploads\/2023\/04\/img_pattern_2.jpg 1240w, https:\/\/museu.io\/tema\/wp-content\/uploads\/2023\/04\/img_pattern_2-800x800.jpg 800w, https:\/\/museu.io\/tema\/wp-content\/uploads\/2023\/04\/img_pattern_2-1080x1080.jpg 1080w, https:\/\/museu.io\/tema\/wp-content\/uploads\/2023\/04\/img_pattern_2-420x420.jpg 420w, https:\/\/museu.io\/tema\/wp-content\/uploads\/2023\/04\/img_pattern_2-768x768.jpg 768w, https:\/\/museu.io\/tema\/wp-content\/uploads\/2023\/04\/img_pattern_2-40x40.jpg 40w, https:\/\/museu.io\/tema\/wp-content\/uploads\/2023\/04\/img_pattern_2-275x275.jpg 275w, https:\/\/museu.io\/tema\/wp-content\/uploads\/2023\/04\/img_pattern_2-205x205.jpg 205w, https:\/\/museu.io\/tema\/wp-content\/uploads\/2023\/04\/img_pattern_2-480x480.jpg 480w\" sizes=\"auto, (max-width: 1240px) 100vw, 1240px\" \/><\/div><\/figure><\/div>\n<\/a><\/div>\n<\/div><\/div>\n<\/div><\/div>\n\n\n<div style=\"height:40px\" aria-hidden=\"true\" class=\"wp-block-spacer\"><\/div>\n\n\n\n<div class=\"wp-block-group has-global-padding is-layout-constrained wp-block-group-is-layout-constrained\">\n<div class=\"wp-block-group has-global-padding is-content-justification-left is-layout-constrained wp-container-core-group-is-layout-e196ba4c wp-block-group-is-layout-constrained\">\n<h2 class=\"wp-block-heading is-style-mio-remove-margin-block has-mio-subheader-1-font-size\" id=\"2000\">2000- 2006<\/h2>\n\n\n\n<h2 class=\"wp-block-heading is-style-mio-remove-margin-block has-mio-medium-font-size\">Continuidade da Hist\u00f3ria<\/h2>\n<\/div>\n\n\n\n<div class=\"wp-block-group has-global-padding is-content-justification-left is-layout-constrained wp-container-core-group-is-layout-54bb3fbf wp-block-group-is-layout-constrained\" style=\"margin-top:var(--wp--preset--spacing--50);\">\n<hr class=\"wp-block-separator has-alpha-channel-opacity is-style-mio-separator-thick\"\/>\n<\/div>\n\n\n\n<div style=\"height:16px\" aria-hidden=\"true\" class=\"wp-block-spacer\"><\/div>\n<\/div>\n\n\n\n<p>A ideia do Museu do Audiovisual surgiu \u00e0 sua fundadora, Maria, durante a exibi\u00e7\u00e3o de um cl\u00e1ssico num cinema local. \u00c0 medida que os cr\u00e9ditos rolavam, ela percebeu que a verdadeira magia do cinema n\u00e3o estava apenas na hist\u00f3ria contada, mas na forma como era contada &#8211; por meio do visual, da m\u00fasica e do som.<\/p>\n","protected":false},"excerpt":{"rendered":"<p>Nulla consequat massa quis enim. Donec pede justo, fringilla vel, aliquet nec, vulputate eget<\/p>\n","protected":false},"author":3,"featured_media":3972,"parent":0,"menu_order":0,"comment_status":"closed","ping_status":"closed","template":"","meta":{"_acf_changed":false,"_EventAllDay":false,"_EventTimezone":"","_EventStartDate":"","_EventEndDate":"","_EventStartDateUTC":"","_EventEndDateUTC":"","_EventShowMap":false,"_EventShowMapLink":false,"_EventURL":"","_EventCost":"","_EventCostDescription":"","_EventCurrencySymbol":"","_EventCurrencyCode":"","_EventCurrencyPosition":"","_EventDateTimeSeparator":"","_EventTimeRangeSeparator":"","_EventOrganizerID":[],"_EventVenueID":[],"_OrganizerEmail":"","_OrganizerPhone":"","_OrganizerWebsite":"","_VenueAddress":"","_VenueCity":"","_VenueCountry":"","_VenueProvince":"","_VenueState":"","_VenueZip":"","_VenuePhone":"","_VenueURL":"","_VenueStateProvince":"","_VenueLat":"","_VenueLng":"","_VenueShowMap":false,"_VenueShowMapLink":false,"mio_support_image":0,"mio_support_text":"","mio_alternative_title":"","mio_custom_heading":"","footnotes":""},"mio_featured_post_classifier":[],"mio_tags":[],"class_list":["post-4814","page","type-page","status-publish","has-post-thumbnail","hentry"],"acf":[],"yoast_head":"<!-- This site is optimized with the Yoast SEO plugin v27.5 - https:\/\/yoast.com\/product\/yoast-seo-wordpress\/ -->\n<title>Linha do tempo - Tema museu.io<\/title>\n<meta name=\"robots\" content=\"index, follow, max-snippet:-1, max-image-preview:large, max-video-preview:-1\" \/>\n<link rel=\"canonical\" href=\"https:\/\/museu.io\/tema\/linha-do-tempo\/\" \/>\n<meta property=\"og:locale\" content=\"pt_BR\" \/>\n<meta property=\"og:type\" content=\"article\" \/>\n<meta property=\"og:title\" content=\"Linha do tempo - Tema museu.io\" \/>\n<meta property=\"og:description\" content=\"Nulla consequat massa quis enim. Donec pede justo, fringilla vel, aliquet nec, vulputate eget\" \/>\n<meta property=\"og:url\" content=\"https:\/\/museu.io\/tema\/linha-do-tempo\/\" \/>\n<meta property=\"og:site_name\" content=\"Tema museu.io\" \/>\n<meta property=\"article:modified_time\" content=\"2023-05-12T17:48:11+00:00\" \/>\n<meta property=\"og:image\" content=\"https:\/\/museu.io\/tema\/wp-content\/uploads\/2023\/04\/img_pattern.jpg\" \/>\n\t<meta property=\"og:image:width\" content=\"1920\" \/>\n\t<meta property=\"og:image:height\" content=\"1240\" \/>\n\t<meta property=\"og:image:type\" content=\"image\/jpeg\" \/>\n<meta name=\"twitter:card\" content=\"summary_large_image\" \/>\n<meta name=\"twitter:label1\" content=\"Est. tempo de leitura\" \/>\n\t<meta name=\"twitter:data1\" content=\"2 minutos\" \/>\n<script type=\"application\/ld+json\" class=\"yoast-schema-graph\">{\"@context\":\"https:\\\/\\\/schema.org\",\"@graph\":[{\"@type\":\"WebPage\",\"@id\":\"https:\\\/\\\/museu.io\\\/tema\\\/linha-do-tempo\\\/\",\"url\":\"https:\\\/\\\/museu.io\\\/tema\\\/linha-do-tempo\\\/\",\"name\":\"Linha do tempo - Tema museu.io\",\"isPartOf\":{\"@id\":\"https:\\\/\\\/museu.io\\\/tema\\\/#website\"},\"primaryImageOfPage\":{\"@id\":\"https:\\\/\\\/museu.io\\\/tema\\\/linha-do-tempo\\\/#primaryimage\"},\"image\":{\"@id\":\"https:\\\/\\\/museu.io\\\/tema\\\/linha-do-tempo\\\/#primaryimage\"},\"thumbnailUrl\":\"https:\\\/\\\/museu.io\\\/tema\\\/wp-content\\\/uploads\\\/2023\\\/04\\\/img_pattern.jpg\",\"datePublished\":\"2023-04-13T01:53:33+00:00\",\"dateModified\":\"2023-05-12T17:48:11+00:00\",\"breadcrumb\":{\"@id\":\"https:\\\/\\\/museu.io\\\/tema\\\/linha-do-tempo\\\/#breadcrumb\"},\"inLanguage\":\"pt-BR\",\"potentialAction\":[{\"@type\":\"ReadAction\",\"target\":[\"https:\\\/\\\/museu.io\\\/tema\\\/linha-do-tempo\\\/\"]}]},{\"@type\":\"ImageObject\",\"inLanguage\":\"pt-BR\",\"@id\":\"https:\\\/\\\/museu.io\\\/tema\\\/linha-do-tempo\\\/#primaryimage\",\"url\":\"https:\\\/\\\/museu.io\\\/tema\\\/wp-content\\\/uploads\\\/2023\\\/04\\\/img_pattern.jpg\",\"contentUrl\":\"https:\\\/\\\/museu.io\\\/tema\\\/wp-content\\\/uploads\\\/2023\\\/04\\\/img_pattern.jpg\",\"width\":1920,\"height\":1240,\"caption\":\"Sed ut perspiciatis unde omnis iste natus error sit voluptatem\"},{\"@type\":\"BreadcrumbList\",\"@id\":\"https:\\\/\\\/museu.io\\\/tema\\\/linha-do-tempo\\\/#breadcrumb\",\"itemListElement\":[{\"@type\":\"ListItem\",\"position\":1,\"name\":\"In\u00edcio\",\"item\":\"https:\\\/\\\/museu.io\\\/tema\\\/\"},{\"@type\":\"ListItem\",\"position\":2,\"name\":\"Linha do tempo\"}]},{\"@type\":\"WebSite\",\"@id\":\"https:\\\/\\\/museu.io\\\/tema\\\/#website\",\"url\":\"https:\\\/\\\/museu.io\\\/tema\\\/\",\"name\":\"Tema Museu.io\",\"description\":\"Site demonstra\u00e7\u00e3o do tema Museu.io\",\"publisher\":{\"@id\":\"https:\\\/\\\/museu.io\\\/tema\\\/#organization\"},\"potentialAction\":[{\"@type\":\"SearchAction\",\"target\":{\"@type\":\"EntryPoint\",\"urlTemplate\":\"https:\\\/\\\/museu.io\\\/tema\\\/?s={search_term_string}\"},\"query-input\":{\"@type\":\"PropertyValueSpecification\",\"valueRequired\":true,\"valueName\":\"search_term_string\"}}],\"inLanguage\":\"pt-BR\"},{\"@type\":\"Organization\",\"@id\":\"https:\\\/\\\/museu.io\\\/tema\\\/#organization\",\"name\":\"Museu.io\",\"url\":\"https:\\\/\\\/museu.io\\\/tema\\\/\",\"logo\":{\"@type\":\"ImageObject\",\"inLanguage\":\"pt-BR\",\"@id\":\"https:\\\/\\\/museu.io\\\/tema\\\/#\\\/schema\\\/logo\\\/image\\\/\",\"url\":\"https:\\\/\\\/museu.io\\\/tema\\\/wp-content\\\/uploads\\\/2023\\\/02\\\/Artboard-1.png\",\"contentUrl\":\"https:\\\/\\\/museu.io\\\/tema\\\/wp-content\\\/uploads\\\/2023\\\/02\\\/Artboard-1.png\",\"width\":339,\"height\":305,\"caption\":\"Museu.io\"},\"image\":{\"@id\":\"https:\\\/\\\/museu.io\\\/tema\\\/#\\\/schema\\\/logo\\\/image\\\/\"}}]}<\/script>\n<!-- \/ Yoast SEO plugin. -->","yoast_head_json":{"title":"Linha do tempo - Tema museu.io","robots":{"index":"index","follow":"follow","max-snippet":"max-snippet:-1","max-image-preview":"max-image-preview:large","max-video-preview":"max-video-preview:-1"},"canonical":"https:\/\/museu.io\/tema\/linha-do-tempo\/","og_locale":"pt_BR","og_type":"article","og_title":"Linha do tempo - Tema museu.io","og_description":"Nulla consequat massa quis enim. Donec pede justo, fringilla vel, aliquet nec, vulputate eget","og_url":"https:\/\/museu.io\/tema\/linha-do-tempo\/","og_site_name":"Tema museu.io","article_modified_time":"2023-05-12T17:48:11+00:00","og_image":[{"width":1920,"height":1240,"url":"https:\/\/museu.io\/tema\/wp-content\/uploads\/2023\/04\/img_pattern.jpg","type":"image\/jpeg"}],"twitter_card":"summary_large_image","twitter_misc":{"Est. tempo de leitura":"2 minutos"},"schema":{"@context":"https:\/\/schema.org","@graph":[{"@type":"WebPage","@id":"https:\/\/museu.io\/tema\/linha-do-tempo\/","url":"https:\/\/museu.io\/tema\/linha-do-tempo\/","name":"Linha do tempo - Tema museu.io","isPartOf":{"@id":"https:\/\/museu.io\/tema\/#website"},"primaryImageOfPage":{"@id":"https:\/\/museu.io\/tema\/linha-do-tempo\/#primaryimage"},"image":{"@id":"https:\/\/museu.io\/tema\/linha-do-tempo\/#primaryimage"},"thumbnailUrl":"https:\/\/museu.io\/tema\/wp-content\/uploads\/2023\/04\/img_pattern.jpg","datePublished":"2023-04-13T01:53:33+00:00","dateModified":"2023-05-12T17:48:11+00:00","breadcrumb":{"@id":"https:\/\/museu.io\/tema\/linha-do-tempo\/#breadcrumb"},"inLanguage":"pt-BR","potentialAction":[{"@type":"ReadAction","target":["https:\/\/museu.io\/tema\/linha-do-tempo\/"]}]},{"@type":"ImageObject","inLanguage":"pt-BR","@id":"https:\/\/museu.io\/tema\/linha-do-tempo\/#primaryimage","url":"https:\/\/museu.io\/tema\/wp-content\/uploads\/2023\/04\/img_pattern.jpg","contentUrl":"https:\/\/museu.io\/tema\/wp-content\/uploads\/2023\/04\/img_pattern.jpg","width":1920,"height":1240,"caption":"Sed ut perspiciatis unde omnis iste natus error sit voluptatem"},{"@type":"BreadcrumbList","@id":"https:\/\/museu.io\/tema\/linha-do-tempo\/#breadcrumb","itemListElement":[{"@type":"ListItem","position":1,"name":"In\u00edcio","item":"https:\/\/museu.io\/tema\/"},{"@type":"ListItem","position":2,"name":"Linha do tempo"}]},{"@type":"WebSite","@id":"https:\/\/museu.io\/tema\/#website","url":"https:\/\/museu.io\/tema\/","name":"Tema Museu.io","description":"Site demonstra\u00e7\u00e3o do tema Museu.io","publisher":{"@id":"https:\/\/museu.io\/tema\/#organization"},"potentialAction":[{"@type":"SearchAction","target":{"@type":"EntryPoint","urlTemplate":"https:\/\/museu.io\/tema\/?s={search_term_string}"},"query-input":{"@type":"PropertyValueSpecification","valueRequired":true,"valueName":"search_term_string"}}],"inLanguage":"pt-BR"},{"@type":"Organization","@id":"https:\/\/museu.io\/tema\/#organization","name":"Museu.io","url":"https:\/\/museu.io\/tema\/","logo":{"@type":"ImageObject","inLanguage":"pt-BR","@id":"https:\/\/museu.io\/tema\/#\/schema\/logo\/image\/","url":"https:\/\/museu.io\/tema\/wp-content\/uploads\/2023\/02\/Artboard-1.png","contentUrl":"https:\/\/museu.io\/tema\/wp-content\/uploads\/2023\/02\/Artboard-1.png","width":339,"height":305,"caption":"Museu.io"},"image":{"@id":"https:\/\/museu.io\/tema\/#\/schema\/logo\/image\/"}}]}},"_links":{"self":[{"href":"https:\/\/museu.io\/tema\/wp-json\/wp\/v2\/pages\/4814","targetHints":{"allow":["GET"]}}],"collection":[{"href":"https:\/\/museu.io\/tema\/wp-json\/wp\/v2\/pages"}],"about":[{"href":"https:\/\/museu.io\/tema\/wp-json\/wp\/v2\/types\/page"}],"author":[{"embeddable":true,"href":"https:\/\/museu.io\/tema\/wp-json\/wp\/v2\/users\/3"}],"replies":[{"embeddable":true,"href":"https:\/\/museu.io\/tema\/wp-json\/wp\/v2\/comments?post=4814"}],"version-history":[{"count":77,"href":"https:\/\/museu.io\/tema\/wp-json\/wp\/v2\/pages\/4814\/revisions"}],"predecessor-version":[{"id":7093,"href":"https:\/\/museu.io\/tema\/wp-json\/wp\/v2\/pages\/4814\/revisions\/7093"}],"wp:featuredmedia":[{"embeddable":true,"href":"https:\/\/museu.io\/tema\/wp-json\/wp\/v2\/media\/3972"}],"wp:attachment":[{"href":"https:\/\/museu.io\/tema\/wp-json\/wp\/v2\/media?parent=4814"}],"wp:term":[{"taxonomy":"mio_featured_post_classifier","embeddable":true,"href":"https:\/\/museu.io\/tema\/wp-json\/wp\/v2\/mio_featured_post_classifier?post=4814"},{"taxonomy":"mio_tags","embeddable":true,"href":"https:\/\/museu.io\/tema\/wp-json\/wp\/v2\/mio_tags?post=4814"}],"curies":[{"name":"wp","href":"https:\/\/api.w.org\/{rel}","templated":true}]}}