{"id":4531,"date":"2023-04-12T20:03:37","date_gmt":"2023-04-12T23:03:37","guid":{"rendered":"https:\/\/museu.io\/tema\/?page_id=4531"},"modified":"2023-07-27T17:01:58","modified_gmt":"2023-07-27T20:01:58","slug":"visite-o-museu","status":"publish","type":"page","link":"https:\/\/museu.io\/tema\/visite-o-museu\/","title":{"rendered":"Visite o museu"},"content":{"rendered":"<div style=\"--mio-background-blend-mode: normal;--mio-background-attachment: scroll;--mio-image-overlay-bg-color: #00000078;\" class=\"alignfull mio-hero-content-max has-mio-hero-content-position-bottom-left wp-block-museuio-companion-hero\"><div class=\"mio-hero__positioner\" style=\"\"><div class=\"mio-hero__content\">\n\n<div class=\"wp-block-cover alignfull is-light has-custom-content-position is-position-center-left\"><span aria-hidden=\"true\" class=\"wp-block-cover__background has-background-dim\"><\/span><video class=\"wp-block-cover__video-background intrinsic-ignore\" autoplay muted loop playsinline src=\"https:\/\/museu.io\/tema\/wp-content\/uploads\/2023\/04\/Leica_-Liberte-se-das-cores-_-Titulo_-Everything-In-Black-White.mp4\" data-object-fit=\"cover\"><\/video><div class=\"wp-block-cover__inner-container is-layout-flow wp-block-cover-is-layout-flow\">\n<p class=\"has-text-align-center has-large-font-size\"><\/p>\n<\/div><\/div>\n\n<\/div><\/div><\/div>\n\n\n<div class=\"wp-block-group alignwide has-global-padding is-content-justification-left is-layout-constrained wp-container-core-group-is-layout-290ac55d wp-block-group-is-layout-constrained\" style=\"padding-top:var(--wp--preset--spacing--80);padding-bottom:var(--wp--preset--spacing--80);\"><h2 class=\"wp-block-post-title has-mio-title-font-size\">Visite o museu<\/h2>\n\n<div class=\"wp-block-post-excerpt\"><p class=\"wp-block-post-excerpt__excerpt\">Nullam dictum felis eu pede mollis pretium. Integer tincidunt. Cras dapibus. <\/p><\/div><\/div>\n\n\n\n<div class=\"wp-block-group alignwide has-global-padding is-content-justification-left is-layout-constrained wp-container-core-group-is-layout-6615f8f8 wp-block-group-is-layout-constrained\">\n<div class=\"wp-block-group alignwide has-mio-demo-light-blue-background-color has-background has-global-padding is-content-justification-left is-layout-constrained wp-container-core-group-is-layout-9408d461 wp-block-group-is-layout-constrained\" style=\"padding-top:var(--wp--preset--spacing--80);padding-right:var(--wp--preset--spacing--80);padding-bottom:var(--wp--preset--spacing--80);padding-left:var(--wp--preset--spacing--80);\">\n<p class=\"has-mio-medium-bis-font-size\">O Museu \u00e9 um ref\u00fagio cultural \u00fanico, projetado para transportar voc\u00ea atrav\u00e9s das eras e culturas diversas. Desde as antigas civiliza\u00e7\u00f5es at\u00e9 os avan\u00e7os cient\u00edficos e art\u00edsticos mais not\u00e1veis, cada sala e exposi\u00e7\u00e3o \u00e9 uma janela para o passado, uma chance de compreender como nossa hist\u00f3ria moldou o mundo em que vivemos hoje.<\/p>\n<\/div>\n<\/div>\n\n\n\n<h2 class=\"wp-block-heading has-mio-subheader-2-font-size\">Planeje sua visita<\/h2>\n\n\n\n<div class=\"wp-block-group has-global-padding is-content-justification-left is-layout-constrained wp-container-core-group-is-layout-12dd3699 wp-block-group-is-layout-constrained\">\n<div class=\"wp-block-group has-border-color has-mio-black-border-color has-global-padding is-content-justification-left is-layout-constrained wp-container-core-group-is-layout-d8f9ca4b wp-block-group-is-layout-constrained\" style=\"border-width:3px;padding-top:var(--wp--preset--spacing--50);padding-right:var(--wp--preset--spacing--50);padding-bottom:var(--wp--preset--spacing--50);padding-left:var(--wp--preset--spacing--50);\">\n<p><i class=\"fas fa-triangle-exclamation\"><\/i>&nbsp;&nbsp;<strong>Fique atento \u00e0s&nbsp;regras de visita\u00e7\u00e3o para garantir a sua seguran\u00e7a e seu bem-estar na visita ao Museu, assim como dos demais visitantes.<\/strong><\/p>\n<\/div>\n<\/div>\n\n\n\n<div style=\"height:24px\" aria-hidden=\"true\" class=\"wp-block-spacer\"><\/div>\n\n\n\n<p><strong>Importante!<\/strong>&nbsp;Fique em casa se tiver algum sintoma da&nbsp;covid-19 ou se voc\u00ea entrou em contato recentemente com algu\u00e9m que tenha contra\u00eddo. Para troca ou cancelamento de ingresso, entre em contato com o Museu.<\/p>\n\n\n\n<div style=\"height:40px\" aria-hidden=\"true\" class=\"wp-block-spacer\"><\/div>\n\n\n<div class=\"lightweight-accordion is-style-mio-margin-large\"><details><summary class=\"lightweight-accordion-title\"><span><strong>Ingressos<\/strong><\/span><\/summary><div class=\"lightweight-accordion-body\">\n\n<p>Para adquirir seus ingressos, voc\u00ea tem duas op\u00e7\u00f5es convenientes: a compra online antecipada atrav\u00e9s de nosso site, ou a aquisi\u00e7\u00e3o diretamente em nossa bilheteria no local. <\/p>\n\n\n\n<p>Recomendamos a compra antecipada online para garantir sua visita na data e hor\u00e1rio desejados, al\u00e9m de aproveitar poss\u00edveis descontos exclusivos.<\/p>\n\n<\/div><\/details><\/div>\n\n<div class=\"lightweight-accordion is-style-mio-margin-large\"><details><summary class=\"lightweight-accordion-title\"><span><strong><strong>Estacionamento<\/strong><\/strong><\/span><\/summary><div class=\"lightweight-accordion-body\">\n\n<p>O estacionamento possui servi\u00e7os de vagas fixas e valet.<\/p>\n\n\n\n<p>Valor: R$10,00\u00a0<\/p>\n\n<\/div><\/details><\/div>\n\n<div class=\"lightweight-accordion is-style-mio-margin-large\"><details><summary class=\"lightweight-accordion-title\"><span><strong><strong><strong>Guarda-volumes<\/strong><\/strong><\/strong><\/span><\/summary><div class=\"lightweight-accordion-body\">\n\n<p>oferecemos um servi\u00e7o de guarda-volumes seguro e conveniente para garantir que sua visita seja leve e despreocupada. Nossos espa\u00e7osos arm\u00e1rios est\u00e3o dispon\u00edveis para guardar seus pertences pessoais, como bolsas, mochilas e casacos, permitindo que voc\u00ea desfrute das exposi\u00e7\u00f5es com conforto e tranquilidade.<\/p>\n\n<\/div><\/details><\/div>\n\n<div class=\"lightweight-accordion is-style-mio-margin-large\"><details><summary class=\"lightweight-accordion-title\"><span><strong><strong><strong>Endere\u00e7o<\/strong><\/strong><\/strong><\/span><\/summary><div class=\"lightweight-accordion-body\">\n\n<p>760 United Nations Plaza<br>Manhattan<br>New York City, New York, US<br>CEP 00000-000<\/p>\n\n<\/div><\/details><\/div>\n\n<div class=\"lightweight-accordion is-style-mio-margin-large\"><details><summary class=\"lightweight-accordion-title\"><span><strong><strong><strong>Hor\u00e1rio de visita\u00e7\u00e3o<\/strong><\/strong><\/strong><\/span><\/summary><div class=\"lightweight-accordion-body\">\n\n<p>ter\u00e7as a sextas<br>9h \u00e0s 18h<br>s\u00e1bados, domingos e feriados<br>10h \u00e0s 19h<\/p>\n\n<\/div><\/details><\/div>\n\n<div class=\"lightweight-accordion is-style-mio-margin-large\"><details><summary class=\"lightweight-accordion-title\"><span><strong><strong><strong>Ingresso<\/strong><\/strong><\/strong><\/span><\/summary><div class=\"lightweight-accordion-body\">\n\n<p>Entrada gratuita.<\/p>\n\n<\/div><\/details><\/div>\n\n<div class=\"lightweight-accordion is-style-mio-margin-large\"><details><summary class=\"lightweight-accordion-title\"><span><strong><strong><strong>Pol\u00edtica de gratuidade e meia-entrada<\/strong><\/strong><\/strong><\/span><\/summary><div class=\"lightweight-accordion-body\">\n\n<p>Nullam dictum felis eu pede mollis <a href=\"https:\/\/museu.io\/tema\/\">pretium<\/a>.<\/p>\n\n<\/div><\/details><\/div>\n\n<div style=\"padding-top:0;padding-bottom:0;\" class=\"mio-section-content-boxed align wp-block-museuio-companion-section\"><div class=\"mio-section__content\">\n\n<h2 class=\"wp-block-heading is-style-default has-mio-subheader-2-font-size\">Exposi\u00e7\u00f5es em cartaz<\/h2>\n\n\n<div style=\"padding-top:0;padding-bottom:0;\" class=\"mio-display-carousel spacing-mode-default has-sizing-mode-item align wp-block-museuio-companion-carousel\" data-option-free-scroll=\"1\" data-option-wrap-around=\"\" data-option-auto-play=\"\" data-option-fade=\"\" data-option-contain=\"1\" data-option-prev-next-buttons=\"1\" data-option-cell-align=\"left\"><div class=\"mio-display-carousel__content\">\n<div style=\"--mio-grid-rows--desktop: 4;--mio-grid-rows--mobile: 6;--mio-grid-cols--desktop: 6;--mio-grid-cols--mobile: 1;--mio-item-desktop-height: var(--mio-item-height, auto);--mio-item-desktop-width: 320px;--mio-item-height: auto;--mio-item-width: 200px;\" class=\"mio-custom-size align wp-block-museuio-companion-featured-item-custom\">\n<div style=\"--mio-image-box-position--desktop: 50% 50%;--mio-image-box-position: 50% 50%;--mio-image-box-height--desktop: 200px;--mio-image-box-width--desktop: 100%;--mio-image-box-height: 120px;--mio-image-box-width: 100%;--mio-object-fit--desktop: cover;--mio-object-fit: cover;--mio-image-box-mode: cover;\" class=\"mio-image has-mio-size-fit-box align wp-block-museuio-companion-image\"><figure><div class=\"mio-image-wrapper\"  style=\"\"><img loading=\"lazy\" decoding=\"async\" width=\"800\" height=\"1240\" src=\"https:\/\/museu.io\/tema\/wp-content\/uploads\/2023\/04\/img_pattern_3.jpg\" class=\"attachment-full size-full\" alt=\"\" srcset=\"https:\/\/museu.io\/tema\/wp-content\/uploads\/2023\/04\/img_pattern_3.jpg 800w, https:\/\/museu.io\/tema\/wp-content\/uploads\/2023\/04\/img_pattern_3-516x800.jpg 516w, https:\/\/museu.io\/tema\/wp-content\/uploads\/2023\/04\/img_pattern_3-697x1080.jpg 697w, https:\/\/museu.io\/tema\/wp-content\/uploads\/2023\/04\/img_pattern_3-768x1190.jpg 768w, https:\/\/museu.io\/tema\/wp-content\/uploads\/2023\/04\/img_pattern_3-205x318.jpg 205w, https:\/\/museu.io\/tema\/wp-content\/uploads\/2023\/04\/img_pattern_3-480x744.jpg 480w, https:\/\/museu.io\/tema\/wp-content\/uploads\/2023\/04\/img_pattern_3-495x768.jpg 495w\" sizes=\"auto, (max-width: 800px) 100vw, 800px\" \/><\/div><\/figure><\/div>\n\n\n<div class=\"wp-block-group has-global-padding is-content-justification-left is-layout-constrained wp-container-core-group-is-layout-0623c79c wp-block-group-is-layout-constrained\" style=\"padding-top:var(--wp--preset--spacing--30);padding-right:var(--wp--preset--spacing--30);\">\n<h2 class=\"wp-block-heading is-style-mio-remove-margin-block has-mio-regular-font-size\"><strong>Nome da exposi\u00e7\u00e3o<\/strong><\/h2>\n\n\n\n<p class=\"is-style-mio-remove-margin-block has-mio-regular-font-size\">Etiam ultricies nisi vel augue. Curabitur ullamcorper ultricies nisi.<\/p>\n<\/div>\n\n<\/div>\n\n<div style=\"--mio-grid-rows--desktop: 4;--mio-grid-rows--mobile: 6;--mio-grid-cols--desktop: 6;--mio-grid-cols--mobile: 1;--mio-item-desktop-height: var(--mio-item-height, auto);--mio-item-desktop-width: 320px;--mio-item-height: auto;--mio-item-width: 200px;\" class=\"mio-custom-size align wp-block-museuio-companion-featured-item-custom\">\n<div style=\"--mio-image-box-position--desktop: 50% 50%;--mio-image-box-position: 50% 50%;--mio-image-box-height--desktop: 200px;--mio-image-box-width--desktop: 100%;--mio-image-box-height: 120px;--mio-image-box-width: 100%;--mio-object-fit--desktop: cover;--mio-object-fit: cover;--mio-image-box-mode: cover;\" class=\"mio-image has-mio-size-fit-box align wp-block-museuio-companion-image\"><figure><div class=\"mio-image-wrapper\"  style=\"\"><img loading=\"lazy\" decoding=\"async\" width=\"1240\" height=\"1240\" src=\"https:\/\/museu.io\/tema\/wp-content\/uploads\/2023\/04\/img_pattern_2.jpg\" class=\"attachment-full size-full\" alt=\"\" srcset=\"https:\/\/museu.io\/tema\/wp-content\/uploads\/2023\/04\/img_pattern_2.jpg 1240w, https:\/\/museu.io\/tema\/wp-content\/uploads\/2023\/04\/img_pattern_2-800x800.jpg 800w, https:\/\/museu.io\/tema\/wp-content\/uploads\/2023\/04\/img_pattern_2-1080x1080.jpg 1080w, https:\/\/museu.io\/tema\/wp-content\/uploads\/2023\/04\/img_pattern_2-420x420.jpg 420w, https:\/\/museu.io\/tema\/wp-content\/uploads\/2023\/04\/img_pattern_2-768x768.jpg 768w, https:\/\/museu.io\/tema\/wp-content\/uploads\/2023\/04\/img_pattern_2-40x40.jpg 40w, https:\/\/museu.io\/tema\/wp-content\/uploads\/2023\/04\/img_pattern_2-275x275.jpg 275w, https:\/\/museu.io\/tema\/wp-content\/uploads\/2023\/04\/img_pattern_2-205x205.jpg 205w, https:\/\/museu.io\/tema\/wp-content\/uploads\/2023\/04\/img_pattern_2-480x480.jpg 480w\" sizes=\"auto, (max-width: 1240px) 100vw, 1240px\" \/><\/div><\/figure><\/div>\n\n\n<div class=\"wp-block-group has-global-padding is-content-justification-left is-layout-constrained wp-container-core-group-is-layout-0623c79c wp-block-group-is-layout-constrained\" style=\"padding-top:var(--wp--preset--spacing--30);padding-right:var(--wp--preset--spacing--30);\">\n<h2 class=\"wp-block-heading is-style-mio-remove-margin-block has-mio-regular-font-size\"><strong>Nome da exposi\u00e7\u00e3o<\/strong><\/h2>\n\n\n\n<p class=\"is-style-mio-remove-margin-block has-mio-regular-font-size\">Etiam ultricies nisi vel augue. Curabitur ullamcorper ultricies nisi.<\/p>\n<\/div>\n\n<\/div>\n\n<div style=\"--mio-grid-rows--desktop: 4;--mio-grid-rows--mobile: 6;--mio-grid-cols--desktop: 6;--mio-grid-cols--mobile: 1;--mio-item-desktop-height: var(--mio-item-height, auto);--mio-item-desktop-width: 320px;--mio-item-height: auto;--mio-item-width: 200px;\" class=\"mio-custom-size align wp-block-museuio-companion-featured-item-custom\">\n<div style=\"--mio-image-box-position--desktop: 50% 50%;--mio-image-box-position: 50% 50%;--mio-image-box-height--desktop: 200px;--mio-image-box-width--desktop: 100%;--mio-image-box-height: 120px;--mio-image-box-width: 100%;--mio-object-fit--desktop: cover;--mio-object-fit: cover;--mio-image-box-mode: cover;\" class=\"mio-image has-mio-size-fit-box align wp-block-museuio-companion-image\"><figure><div class=\"mio-image-wrapper\"  style=\"\"><img loading=\"lazy\" decoding=\"async\" width=\"1920\" height=\"1240\" src=\"https:\/\/museu.io\/tema\/wp-content\/uploads\/2023\/04\/img_pattern.jpg\" class=\"attachment-full size-full\" alt=\"\" srcset=\"https:\/\/museu.io\/tema\/wp-content\/uploads\/2023\/04\/img_pattern.jpg 1920w, https:\/\/museu.io\/tema\/wp-content\/uploads\/2023\/04\/img_pattern-800x517.jpg 800w, https:\/\/museu.io\/tema\/wp-content\/uploads\/2023\/04\/img_pattern-1672x1080.jpg 1672w, https:\/\/museu.io\/tema\/wp-content\/uploads\/2023\/04\/img_pattern-768x496.jpg 768w, https:\/\/museu.io\/tema\/wp-content\/uploads\/2023\/04\/img_pattern-1536x992.jpg 1536w, https:\/\/museu.io\/tema\/wp-content\/uploads\/2023\/04\/img_pattern-205x132.jpg 205w, https:\/\/museu.io\/tema\/wp-content\/uploads\/2023\/04\/img_pattern-480x310.jpg 480w, https:\/\/museu.io\/tema\/wp-content\/uploads\/2023\/04\/img_pattern-1189x768.jpg 1189w\" sizes=\"auto, (max-width: 1920px) 100vw, 1920px\" \/><\/div><\/figure><\/div>\n\n\n<div class=\"wp-block-group has-global-padding is-content-justification-left is-layout-constrained wp-container-core-group-is-layout-0623c79c wp-block-group-is-layout-constrained\" style=\"padding-top:var(--wp--preset--spacing--30);padding-right:var(--wp--preset--spacing--30);\">\n<h2 class=\"wp-block-heading is-style-mio-remove-margin-block has-mio-regular-font-size\"><strong>Nome da exposi\u00e7\u00e3o<\/strong><\/h2>\n\n\n\n<p class=\"is-style-mio-remove-margin-block has-mio-regular-font-size\">Etiam ultricies nisi vel augue. Curabitur ullamcorper ultricies nisi.<\/p>\n<\/div>\n\n<\/div>\n\n<div style=\"--mio-grid-rows--desktop: 4;--mio-grid-rows--mobile: 6;--mio-grid-cols--desktop: 6;--mio-grid-cols--mobile: 1;--mio-item-desktop-height: var(--mio-item-height, auto);--mio-item-desktop-width: 320px;--mio-item-height: auto;--mio-item-width: 200px;\" class=\"mio-custom-size align wp-block-museuio-companion-featured-item-custom\">\n<div style=\"--mio-image-box-position--desktop: 50% 50%;--mio-image-box-position: 50% 50%;--mio-image-box-height--desktop: 200px;--mio-image-box-width--desktop: 100%;--mio-image-box-height: 120px;--mio-image-box-width: 100%;--mio-object-fit--desktop: cover;--mio-object-fit: cover;--mio-image-box-mode: cover;\" class=\"mio-image has-mio-size-fit-box align wp-block-museuio-companion-image\"><figure><div class=\"mio-image-wrapper\"  style=\"\"><img loading=\"lazy\" decoding=\"async\" width=\"1240\" height=\"1240\" src=\"https:\/\/museu.io\/tema\/wp-content\/uploads\/2023\/04\/img_pattern_2.jpg\" class=\"attachment-full size-full\" alt=\"\" srcset=\"https:\/\/museu.io\/tema\/wp-content\/uploads\/2023\/04\/img_pattern_2.jpg 1240w, https:\/\/museu.io\/tema\/wp-content\/uploads\/2023\/04\/img_pattern_2-800x800.jpg 800w, https:\/\/museu.io\/tema\/wp-content\/uploads\/2023\/04\/img_pattern_2-1080x1080.jpg 1080w, https:\/\/museu.io\/tema\/wp-content\/uploads\/2023\/04\/img_pattern_2-420x420.jpg 420w, https:\/\/museu.io\/tema\/wp-content\/uploads\/2023\/04\/img_pattern_2-768x768.jpg 768w, https:\/\/museu.io\/tema\/wp-content\/uploads\/2023\/04\/img_pattern_2-40x40.jpg 40w, https:\/\/museu.io\/tema\/wp-content\/uploads\/2023\/04\/img_pattern_2-275x275.jpg 275w, https:\/\/museu.io\/tema\/wp-content\/uploads\/2023\/04\/img_pattern_2-205x205.jpg 205w, https:\/\/museu.io\/tema\/wp-content\/uploads\/2023\/04\/img_pattern_2-480x480.jpg 480w\" sizes=\"auto, (max-width: 1240px) 100vw, 1240px\" \/><\/div><\/figure><\/div>\n\n\n<div class=\"wp-block-group has-global-padding is-content-justification-left is-layout-constrained wp-container-core-group-is-layout-0623c79c wp-block-group-is-layout-constrained\" style=\"padding-top:var(--wp--preset--spacing--30);padding-right:var(--wp--preset--spacing--30);\">\n<h2 class=\"wp-block-heading is-style-mio-remove-margin-block has-mio-regular-font-size\"><strong>Nome da exposi\u00e7\u00e3o<\/strong><\/h2>\n\n\n\n<p class=\"is-style-mio-remove-margin-block has-mio-regular-font-size\">Etiam ultricies nisi vel augue. Curabitur ullamcorper ultricies nisi.<\/p>\n<\/div>\n\n<\/div>\n\n<div style=\"--mio-grid-rows--desktop: 4;--mio-grid-rows--mobile: 6;--mio-grid-cols--desktop: 6;--mio-grid-cols--mobile: 1;--mio-item-desktop-height: var(--mio-item-height, auto);--mio-item-desktop-width: 320px;--mio-item-height: auto;--mio-item-width: 200px;\" class=\"mio-custom-size align wp-block-museuio-companion-featured-item-custom\">\n<div style=\"--mio-image-box-position--desktop: 50% 50%;--mio-image-box-position: 50% 50%;--mio-image-box-height--desktop: 200px;--mio-image-box-width--desktop: 100%;--mio-image-box-height: 120px;--mio-image-box-width: 100%;--mio-object-fit--desktop: cover;--mio-object-fit: cover;--mio-image-box-mode: cover;\" class=\"mio-image has-mio-size-fit-box align wp-block-museuio-companion-image\"><figure><div class=\"mio-image-wrapper\"  style=\"\"><img loading=\"lazy\" decoding=\"async\" width=\"800\" height=\"1240\" src=\"https:\/\/museu.io\/tema\/wp-content\/uploads\/2023\/04\/img_pattern_3.jpg\" class=\"attachment-full size-full\" alt=\"\" srcset=\"https:\/\/museu.io\/tema\/wp-content\/uploads\/2023\/04\/img_pattern_3.jpg 800w, https:\/\/museu.io\/tema\/wp-content\/uploads\/2023\/04\/img_pattern_3-516x800.jpg 516w, https:\/\/museu.io\/tema\/wp-content\/uploads\/2023\/04\/img_pattern_3-697x1080.jpg 697w, https:\/\/museu.io\/tema\/wp-content\/uploads\/2023\/04\/img_pattern_3-768x1190.jpg 768w, https:\/\/museu.io\/tema\/wp-content\/uploads\/2023\/04\/img_pattern_3-205x318.jpg 205w, https:\/\/museu.io\/tema\/wp-content\/uploads\/2023\/04\/img_pattern_3-480x744.jpg 480w, https:\/\/museu.io\/tema\/wp-content\/uploads\/2023\/04\/img_pattern_3-495x768.jpg 495w\" sizes=\"auto, (max-width: 800px) 100vw, 800px\" \/><\/div><\/figure><\/div>\n\n\n<div class=\"wp-block-group has-global-padding is-content-justification-left is-layout-constrained wp-container-core-group-is-layout-0623c79c wp-block-group-is-layout-constrained\" style=\"padding-top:var(--wp--preset--spacing--30);padding-right:var(--wp--preset--spacing--30);\">\n<h2 class=\"wp-block-heading is-style-mio-remove-margin-block has-mio-regular-font-size\"><strong>Nome da exposi\u00e7\u00e3o<\/strong><\/h2>\n\n\n\n<p class=\"is-style-mio-remove-margin-block has-mio-regular-font-size\">Etiam ultricies nisi vel augue. Curabitur ullamcorper ultricies nisi.<\/p>\n<\/div>\n\n<\/div>\n<\/div><\/div>\n<\/div><\/div>\n\n\n<div style=\"height:80px\" aria-hidden=\"true\" class=\"wp-block-spacer\"><\/div>\n\n\n<div class=\"mio-section-content-boxed align wp-block-museuio-companion-section has-background has-mio-demo-light-blue-background-color\"><div class=\"mio-section__content\">\n\n<div class=\"wp-block-columns is-layout-flex wp-container-core-columns-is-layout-a88bf583 wp-block-columns-is-layout-flex\" style=\"margin-bottom:0;padding-top:var(--wp--preset--spacing--50);padding-bottom:var(--wp--preset--spacing--50)\">\n<div class=\"wp-block-column is-vertically-aligned-top is-layout-flow wp-block-column-is-layout-flow\" style=\"flex-basis:33.33%\">\n<h2 class=\"wp-block-heading is-style-mio-remove-margin-block has-mio-subheader-2-font-size\">Fa\u00e7a uma visita segura ao museu!<\/h2>\n\n\n\n<div style=\"height:56px\" aria-hidden=\"true\" class=\"wp-block-spacer\"><\/div>\n<\/div>\n\n\n\n<div class=\"wp-block-column is-layout-flow wp-block-column-is-layout-flow\" style=\"flex-basis:66.66%\"><div style=\"--mio-grid-column-gap: 16px;--mio-grid-row-gap: 32px;--mio-grid-columns: 2;\" class=\"mio-auto-grid-row-height align wp-block-museuio-companion-grid\"><div class=\"mio-display-grid__content\">\n<div style=\"--mio-grid-rows--desktop: 4;--mio-grid-rows--mobile: 6;--mio-grid-cols--desktop: 3;--mio-grid-cols--mobile: 1;--mio-item-desktop-height: var(--mio-item-height, auto);--mio-item-desktop-width: var(--mio-item-width, auto);--mio-item-height: auto;--mio-item-width: auto;\" class=\"mio-custom-size align wp-block-museuio-companion-featured-item-custom\">\n\n<div class=\"wp-block-group has-global-padding is-layout-constrained wp-container-core-group-is-layout-0ca39a12 wp-block-group-is-layout-constrained\">\n<div class=\"wp-block-group is-vertical is-content-justification-center is-layout-flex wp-container-core-group-is-layout-ce155fab wp-block-group-is-layout-flex\"><div style=\"--mio-image-box-position--desktop: 50% 50%;--mio-image-box-position: 50% 50%;--mio-image-box-height: 60px;--mio-object-fit--desktop: cover;--mio-object-fit: cover;--mio-image-box-mode: cover;\" class=\"mio-image has-mio-size-fit-box has-mio-auto-width align wp-block-museuio-companion-image\"><figure><div class=\"mio-image-wrapper\"  style=\"\"><img loading=\"lazy\" decoding=\"async\" width=\"329\" height=\"339\" src=\"https:\/\/museu.io\/tema\/wp-content\/uploads\/2023\/04\/OrientacoesDirecao_entrada_ICONE-01.png\" class=\"attachment-full size-full\" alt=\"\" srcset=\"https:\/\/museu.io\/tema\/wp-content\/uploads\/2023\/04\/OrientacoesDirecao_entrada_ICONE-01.png 329w, https:\/\/museu.io\/tema\/wp-content\/uploads\/2023\/04\/OrientacoesDirecao_entrada_ICONE-01-40x40.png 40w, https:\/\/museu.io\/tema\/wp-content\/uploads\/2023\/04\/OrientacoesDirecao_entrada_ICONE-01-205x211.png 205w\" sizes=\"auto, (max-width: 329px) 100vw, 329px\" \/><\/div><\/figure><\/div><\/div>\n\n\n\n<div class=\"wp-block-group has-global-padding is-layout-constrained wp-container-core-group-is-layout-d3393552 wp-block-group-is-layout-constrained\">\n<hr class=\"wp-block-separator has-text-color has-mio-black-color has-alpha-channel-opacity has-mio-black-background-color has-background is-style-default wp-container-content-c73ccdec\"\/>\n<\/div>\n\n\n\n<p class=\"has-text-align-center has-mio-regular-font-size\">Obrigat\u00f3rio o uso de m\u00e1scara a partir dos 6 anos, inclusive ao tirar fotos e selfies.<\/p>\n<\/div>\n\n<\/div>\n\n<div style=\"--mio-grid-rows--desktop: 4;--mio-grid-rows--mobile: 6;--mio-grid-cols--desktop: 3;--mio-grid-cols--mobile: 1;--mio-item-desktop-height: var(--mio-item-height, auto);--mio-item-desktop-width: var(--mio-item-width, auto);--mio-item-height: auto;--mio-item-width: auto;\" class=\"mio-custom-size align wp-block-museuio-companion-featured-item-custom\">\n\n<div class=\"wp-block-group has-global-padding is-layout-constrained wp-container-core-group-is-layout-0ca39a12 wp-block-group-is-layout-constrained\">\n<div class=\"wp-block-group is-vertical is-content-justification-center is-layout-flex wp-container-core-group-is-layout-ce155fab wp-block-group-is-layout-flex\"><div style=\"--mio-image-box-position--desktop: 50% 50%;--mio-image-box-position: 50% 50%;--mio-image-box-height: 60px;--mio-object-fit--desktop: cover;--mio-object-fit: cover;--mio-image-box-mode: cover;\" class=\"mio-image has-mio-size-fit-box has-mio-auto-width align wp-block-museuio-companion-image\"><figure><div class=\"mio-image-wrapper\"  style=\"\"><img loading=\"lazy\" decoding=\"async\" width=\"329\" height=\"339\" src=\"https:\/\/museu.io\/tema\/wp-content\/uploads\/2023\/04\/OrientacoesDirecao_entrada_ICONE-01.png\" class=\"attachment-full size-full\" alt=\"\" srcset=\"https:\/\/museu.io\/tema\/wp-content\/uploads\/2023\/04\/OrientacoesDirecao_entrada_ICONE-01.png 329w, https:\/\/museu.io\/tema\/wp-content\/uploads\/2023\/04\/OrientacoesDirecao_entrada_ICONE-01-40x40.png 40w, https:\/\/museu.io\/tema\/wp-content\/uploads\/2023\/04\/OrientacoesDirecao_entrada_ICONE-01-205x211.png 205w\" sizes=\"auto, (max-width: 329px) 100vw, 329px\" \/><\/div><\/figure><\/div><\/div>\n\n\n\n<div class=\"wp-block-group has-global-padding is-layout-constrained wp-container-core-group-is-layout-d3393552 wp-block-group-is-layout-constrained\">\n<hr class=\"wp-block-separator has-text-color has-mio-black-color has-alpha-channel-opacity has-mio-black-background-color has-background is-style-default wp-container-content-c73ccdec\"\/>\n<\/div>\n\n\n\n<p class=\"has-text-align-center has-mio-regular-font-size\">Obrigat\u00f3rio o uso de m\u00e1scara a partir dos 6 anos, inclusive ao tirar fotos e selfies.<\/p>\n<\/div>\n\n<\/div>\n\n<div style=\"--mio-grid-rows--desktop: 4;--mio-grid-rows--mobile: 6;--mio-grid-cols--desktop: 3;--mio-grid-cols--mobile: 1;--mio-item-desktop-height: var(--mio-item-height, auto);--mio-item-desktop-width: var(--mio-item-width, auto);--mio-item-height: auto;--mio-item-width: auto;\" class=\"mio-custom-size align wp-block-museuio-companion-featured-item-custom\">\n\n<div class=\"wp-block-group has-global-padding is-layout-constrained wp-container-core-group-is-layout-0ca39a12 wp-block-group-is-layout-constrained\">\n<div class=\"wp-block-group is-vertical is-content-justification-center is-layout-flex wp-container-core-group-is-layout-ce155fab wp-block-group-is-layout-flex\"><div style=\"--mio-image-box-position--desktop: 50% 50%;--mio-image-box-position: 50% 50%;--mio-image-box-height: 60px;--mio-object-fit--desktop: cover;--mio-object-fit: cover;--mio-image-box-mode: cover;\" class=\"mio-image has-mio-size-fit-box has-mio-auto-width align wp-block-museuio-companion-image\"><figure><div class=\"mio-image-wrapper\"  style=\"\"><img loading=\"lazy\" decoding=\"async\" width=\"329\" height=\"339\" src=\"https:\/\/museu.io\/tema\/wp-content\/uploads\/2023\/04\/OrientacoesDirecao_entrada_ICONE-01.png\" class=\"attachment-full size-full\" alt=\"\" srcset=\"https:\/\/museu.io\/tema\/wp-content\/uploads\/2023\/04\/OrientacoesDirecao_entrada_ICONE-01.png 329w, https:\/\/museu.io\/tema\/wp-content\/uploads\/2023\/04\/OrientacoesDirecao_entrada_ICONE-01-40x40.png 40w, https:\/\/museu.io\/tema\/wp-content\/uploads\/2023\/04\/OrientacoesDirecao_entrada_ICONE-01-205x211.png 205w\" sizes=\"auto, (max-width: 329px) 100vw, 329px\" \/><\/div><\/figure><\/div><\/div>\n\n\n\n<div class=\"wp-block-group has-global-padding is-layout-constrained wp-container-core-group-is-layout-d3393552 wp-block-group-is-layout-constrained\">\n<hr class=\"wp-block-separator has-text-color has-mio-black-color has-alpha-channel-opacity has-mio-black-background-color has-background is-style-default wp-container-content-c73ccdec\"\/>\n<\/div>\n\n\n\n<p class=\"has-text-align-center has-mio-regular-font-size\">Obrigat\u00f3rio o uso de m\u00e1scara a partir dos 6 anos, inclusive ao tirar fotos e selfies.<\/p>\n<\/div>\n\n<\/div>\n\n<div style=\"--mio-grid-rows--desktop: 4;--mio-grid-rows--mobile: 6;--mio-grid-cols--desktop: 3;--mio-grid-cols--mobile: 1;--mio-item-desktop-height: var(--mio-item-height, auto);--mio-item-desktop-width: var(--mio-item-width, auto);--mio-item-height: auto;--mio-item-width: auto;\" class=\"mio-custom-size align wp-block-museuio-companion-featured-item-custom\">\n\n<div class=\"wp-block-group has-global-padding is-layout-constrained wp-container-core-group-is-layout-0ca39a12 wp-block-group-is-layout-constrained\">\n<div class=\"wp-block-group is-vertical is-content-justification-center is-layout-flex wp-container-core-group-is-layout-ce155fab wp-block-group-is-layout-flex\"><div style=\"--mio-image-box-position--desktop: 50% 50%;--mio-image-box-position: 50% 50%;--mio-image-box-height: 60px;--mio-object-fit--desktop: cover;--mio-object-fit: cover;--mio-image-box-mode: cover;\" class=\"mio-image has-mio-size-fit-box has-mio-auto-width align wp-block-museuio-companion-image\"><figure><div class=\"mio-image-wrapper\"  style=\"\"><img loading=\"lazy\" decoding=\"async\" width=\"329\" height=\"339\" src=\"https:\/\/museu.io\/tema\/wp-content\/uploads\/2023\/04\/OrientacoesDirecao_entrada_ICONE-01.png\" class=\"attachment-full size-full\" alt=\"\" srcset=\"https:\/\/museu.io\/tema\/wp-content\/uploads\/2023\/04\/OrientacoesDirecao_entrada_ICONE-01.png 329w, https:\/\/museu.io\/tema\/wp-content\/uploads\/2023\/04\/OrientacoesDirecao_entrada_ICONE-01-40x40.png 40w, https:\/\/museu.io\/tema\/wp-content\/uploads\/2023\/04\/OrientacoesDirecao_entrada_ICONE-01-205x211.png 205w\" sizes=\"auto, (max-width: 329px) 100vw, 329px\" \/><\/div><\/figure><\/div><\/div>\n\n\n\n<div class=\"wp-block-group has-global-padding is-layout-constrained wp-container-core-group-is-layout-d3393552 wp-block-group-is-layout-constrained\">\n<hr class=\"wp-block-separator has-text-color has-mio-black-color has-alpha-channel-opacity has-mio-black-background-color has-background is-style-default wp-container-content-c73ccdec\"\/>\n<\/div>\n\n\n\n<p class=\"has-text-align-center has-mio-regular-font-size\">Obrigat\u00f3rio o uso de m\u00e1scara a partir dos 6 anos, inclusive ao tirar fotos e selfies.<\/p>\n<\/div>\n\n<\/div>\n\n<div style=\"--mio-grid-rows--desktop: 4;--mio-grid-rows--mobile: 6;--mio-grid-cols--desktop: 3;--mio-grid-cols--mobile: 1;--mio-item-desktop-height: var(--mio-item-height, auto);--mio-item-desktop-width: var(--mio-item-width, auto);--mio-item-height: auto;--mio-item-width: auto;\" class=\"mio-custom-size align wp-block-museuio-companion-featured-item-custom\">\n\n<div class=\"wp-block-group has-global-padding is-layout-constrained wp-container-core-group-is-layout-0ca39a12 wp-block-group-is-layout-constrained\">\n<div class=\"wp-block-group is-vertical is-content-justification-center is-layout-flex wp-container-core-group-is-layout-ce155fab wp-block-group-is-layout-flex\"><div style=\"--mio-image-box-position--desktop: 50% 50%;--mio-image-box-position: 50% 50%;--mio-image-box-height: 60px;--mio-object-fit--desktop: cover;--mio-object-fit: cover;--mio-image-box-mode: cover;\" class=\"mio-image has-mio-size-fit-box has-mio-auto-width align wp-block-museuio-companion-image\"><figure><div class=\"mio-image-wrapper\"  style=\"\"><img loading=\"lazy\" decoding=\"async\" width=\"329\" height=\"339\" src=\"https:\/\/museu.io\/tema\/wp-content\/uploads\/2023\/04\/OrientacoesDirecao_entrada_ICONE-01.png\" class=\"attachment-full size-full\" alt=\"\" srcset=\"https:\/\/museu.io\/tema\/wp-content\/uploads\/2023\/04\/OrientacoesDirecao_entrada_ICONE-01.png 329w, https:\/\/museu.io\/tema\/wp-content\/uploads\/2023\/04\/OrientacoesDirecao_entrada_ICONE-01-40x40.png 40w, https:\/\/museu.io\/tema\/wp-content\/uploads\/2023\/04\/OrientacoesDirecao_entrada_ICONE-01-205x211.png 205w\" sizes=\"auto, (max-width: 329px) 100vw, 329px\" \/><\/div><\/figure><\/div><\/div>\n\n\n\n<div class=\"wp-block-group has-global-padding is-layout-constrained wp-container-core-group-is-layout-d3393552 wp-block-group-is-layout-constrained\">\n<hr class=\"wp-block-separator has-text-color has-mio-black-color has-alpha-channel-opacity has-mio-black-background-color has-background is-style-default wp-container-content-c73ccdec\"\/>\n<\/div>\n\n\n\n<p class=\"has-text-align-center has-mio-regular-font-size\">Obrigat\u00f3rio o uso de m\u00e1scara a partir dos 6 anos, inclusive ao tirar fotos e selfies.<\/p>\n<\/div>\n\n<\/div>\n\n<div style=\"--mio-grid-rows--desktop: 4;--mio-grid-rows--mobile: 6;--mio-grid-cols--desktop: 3;--mio-grid-cols--mobile: 1;--mio-item-desktop-height: var(--mio-item-height, auto);--mio-item-desktop-width: var(--mio-item-width, auto);--mio-item-height: auto;--mio-item-width: auto;\" class=\"mio-custom-size align wp-block-museuio-companion-featured-item-custom\">\n\n<div class=\"wp-block-group has-global-padding is-layout-constrained wp-container-core-group-is-layout-0ca39a12 wp-block-group-is-layout-constrained\">\n<div class=\"wp-block-group is-vertical is-content-justification-center is-layout-flex wp-container-core-group-is-layout-ce155fab wp-block-group-is-layout-flex\"><div style=\"--mio-image-box-position--desktop: 50% 50%;--mio-image-box-position: 50% 50%;--mio-image-box-height: 60px;--mio-object-fit--desktop: cover;--mio-object-fit: cover;--mio-image-box-mode: cover;\" class=\"mio-image has-mio-size-fit-box has-mio-auto-width align wp-block-museuio-companion-image\"><figure><div class=\"mio-image-wrapper\"  style=\"\"><img loading=\"lazy\" decoding=\"async\" width=\"329\" height=\"339\" src=\"https:\/\/museu.io\/tema\/wp-content\/uploads\/2023\/04\/OrientacoesDirecao_entrada_ICONE-01.png\" class=\"attachment-full size-full\" alt=\"\" srcset=\"https:\/\/museu.io\/tema\/wp-content\/uploads\/2023\/04\/OrientacoesDirecao_entrada_ICONE-01.png 329w, https:\/\/museu.io\/tema\/wp-content\/uploads\/2023\/04\/OrientacoesDirecao_entrada_ICONE-01-40x40.png 40w, https:\/\/museu.io\/tema\/wp-content\/uploads\/2023\/04\/OrientacoesDirecao_entrada_ICONE-01-205x211.png 205w\" sizes=\"auto, (max-width: 329px) 100vw, 329px\" \/><\/div><\/figure><\/div><\/div>\n\n\n\n<div class=\"wp-block-group has-global-padding is-layout-constrained wp-container-core-group-is-layout-d3393552 wp-block-group-is-layout-constrained\">\n<hr class=\"wp-block-separator has-text-color has-mio-black-color has-alpha-channel-opacity has-mio-black-background-color has-background is-style-default wp-container-content-c73ccdec\"\/>\n<\/div>\n\n\n\n<p class=\"has-text-align-center has-mio-regular-font-size\">Obrigat\u00f3rio o uso de m\u00e1scara a partir dos 6 anos, inclusive ao tirar fotos e selfies.<\/p>\n<\/div>\n\n<\/div>\n\n<div style=\"--mio-grid-rows--desktop: 4;--mio-grid-rows--mobile: 6;--mio-grid-cols--desktop: 3;--mio-grid-cols--mobile: 1;--mio-item-desktop-height: var(--mio-item-height, auto);--mio-item-desktop-width: var(--mio-item-width, auto);--mio-item-height: auto;--mio-item-width: auto;\" class=\"mio-custom-size align wp-block-museuio-companion-featured-item-custom\">\n\n<div class=\"wp-block-group has-global-padding is-layout-constrained wp-container-core-group-is-layout-0ca39a12 wp-block-group-is-layout-constrained\">\n<div class=\"wp-block-group is-vertical is-content-justification-center is-layout-flex wp-container-core-group-is-layout-ce155fab wp-block-group-is-layout-flex\"><div style=\"--mio-image-box-position--desktop: 50% 50%;--mio-image-box-position: 50% 50%;--mio-image-box-height: 60px;--mio-object-fit--desktop: cover;--mio-object-fit: cover;--mio-image-box-mode: cover;\" class=\"mio-image has-mio-size-fit-box has-mio-auto-width align wp-block-museuio-companion-image\"><figure><div class=\"mio-image-wrapper\"  style=\"\"><img loading=\"lazy\" decoding=\"async\" width=\"329\" height=\"339\" src=\"https:\/\/museu.io\/tema\/wp-content\/uploads\/2023\/04\/OrientacoesDirecao_entrada_ICONE-01.png\" class=\"attachment-full size-full\" alt=\"\" srcset=\"https:\/\/museu.io\/tema\/wp-content\/uploads\/2023\/04\/OrientacoesDirecao_entrada_ICONE-01.png 329w, https:\/\/museu.io\/tema\/wp-content\/uploads\/2023\/04\/OrientacoesDirecao_entrada_ICONE-01-40x40.png 40w, https:\/\/museu.io\/tema\/wp-content\/uploads\/2023\/04\/OrientacoesDirecao_entrada_ICONE-01-205x211.png 205w\" sizes=\"auto, (max-width: 329px) 100vw, 329px\" \/><\/div><\/figure><\/div><\/div>\n\n\n\n<div class=\"wp-block-group has-global-padding is-layout-constrained wp-container-core-group-is-layout-d3393552 wp-block-group-is-layout-constrained\">\n<hr class=\"wp-block-separator has-text-color has-mio-black-color has-alpha-channel-opacity has-mio-black-background-color has-background is-style-default wp-container-content-c73ccdec\"\/>\n<\/div>\n\n\n\n<p class=\"has-text-align-center has-mio-regular-font-size\">Obrigat\u00f3rio o uso de m\u00e1scara a partir dos 6 anos, inclusive ao tirar fotos e selfies.<\/p>\n<\/div>\n\n<\/div>\n<\/div><\/div><\/div>\n<\/div>\n\n<\/div><\/div>\n\n\n<div style=\"height:80px\" aria-hidden=\"true\" class=\"wp-block-spacer\"><\/div>\n\n\n<div class=\"mio-section-content-boxed align wp-block-museuio-companion-section\"><div class=\"mio-section__content\">\n<div style=\"--mio-grid-column-gap: 16px;--mio-grid-row-gap: 32px;--mio-grid-columns: 2;\" class=\"mio-auto-grid-row-height align wp-block-museuio-companion-grid\"><div class=\"mio-display-grid__content\">\n<div style=\"--mio-grid-rows--desktop: 4;--mio-grid-rows--mobile: 6;--mio-grid-cols--desktop: 4;--mio-grid-cols--mobile: 2;--mio-item-desktop-height: var(--mio-item-height, auto);--mio-item-desktop-width: var(--mio-item-width, auto);--mio-item-height: auto;--mio-item-width: auto;\" class=\"mio-custom-size align wp-block-museuio-companion-featured-item-custom\">\n<div style=\"--mio-image-box-position--desktop: 50% 50%;--mio-image-box-position: 50% 50%;--mio-image-box-height--desktop: 200px;--mio-image-box-height: 160px;--mio-image-box-width: 100%;--mio-object-fit--desktop: cover;--mio-object-fit: cover;--mio-image-box-mode: cover;\" class=\"mio-image has-mio-size-fit-box align wp-block-museuio-companion-image\"><figure><div class=\"mio-image-wrapper\"  style=\"\"><img loading=\"lazy\" decoding=\"async\" width=\"1920\" height=\"1240\" src=\"https:\/\/museu.io\/tema\/wp-content\/uploads\/2023\/04\/img_pattern.jpg\" class=\"attachment-full size-full\" alt=\"\" srcset=\"https:\/\/museu.io\/tema\/wp-content\/uploads\/2023\/04\/img_pattern.jpg 1920w, https:\/\/museu.io\/tema\/wp-content\/uploads\/2023\/04\/img_pattern-800x517.jpg 800w, https:\/\/museu.io\/tema\/wp-content\/uploads\/2023\/04\/img_pattern-1672x1080.jpg 1672w, https:\/\/museu.io\/tema\/wp-content\/uploads\/2023\/04\/img_pattern-768x496.jpg 768w, https:\/\/museu.io\/tema\/wp-content\/uploads\/2023\/04\/img_pattern-1536x992.jpg 1536w, https:\/\/museu.io\/tema\/wp-content\/uploads\/2023\/04\/img_pattern-205x132.jpg 205w, https:\/\/museu.io\/tema\/wp-content\/uploads\/2023\/04\/img_pattern-480x310.jpg 480w, https:\/\/museu.io\/tema\/wp-content\/uploads\/2023\/04\/img_pattern-1189x768.jpg 1189w\" sizes=\"auto, (max-width: 1920px) 100vw, 1920px\" \/><\/div><\/figure><\/div>\n\n\n<div class=\"wp-block-group has-global-padding is-content-justification-left is-layout-constrained wp-container-core-group-is-layout-84a50e6d wp-block-group-is-layout-constrained\" style=\"padding-top:var(--wp--preset--spacing--40);padding-right:var(--wp--preset--spacing--30);\">\n<h2 class=\"wp-block-heading is-style-mio-remove-margin-block has-mio-medium-font-size\"><strong>Caf\u00e9<\/strong><\/h2>\n\n\n\n<p>Nullam dictum felis eu pede mollis pretium. Integer tincidunt. Cras dapibus. Vivamus elementum semper nisi. Aenean vulputate eleifend tellus. Aenean leo ligula, porttitor eu, consequat vitae, eleifend ac, enim.<\/p>\n\n\n\n<p><strong>Hor\u00e1rio de funcionamento<\/strong><\/p>\n\n\n\n<p>ter\u00e7as a sextas<br>9h \u00e0s 18h<\/p>\n\n\n\n<p>s\u00e1bado, domingo e feriados<br>10h \u00e0s 19h<\/p>\n<\/div>\n\n<\/div>\n\n<div style=\"--mio-grid-rows--desktop: 4;--mio-grid-rows--mobile: 6;--mio-grid-cols--desktop: 4;--mio-grid-cols--mobile: 2;--mio-item-desktop-height: var(--mio-item-height, auto);--mio-item-desktop-width: var(--mio-item-width, auto);--mio-item-height: auto;--mio-item-width: auto;\" class=\"mio-custom-size align wp-block-museuio-companion-featured-item-custom\">\n<div style=\"--mio-image-box-position--desktop: 50% 50%;--mio-image-box-position: 50% 50%;--mio-image-box-height--desktop: 200px;--mio-image-box-height: 160px;--mio-image-box-width: 100%;--mio-object-fit--desktop: cover;--mio-object-fit: cover;--mio-image-box-mode: cover;\" class=\"mio-image has-mio-size-fit-box align wp-block-museuio-companion-image\"><figure><div class=\"mio-image-wrapper\"  style=\"\"><img loading=\"lazy\" decoding=\"async\" width=\"1240\" height=\"1240\" src=\"https:\/\/museu.io\/tema\/wp-content\/uploads\/2023\/04\/img_pattern_2.jpg\" class=\"attachment-full size-full\" alt=\"\" srcset=\"https:\/\/museu.io\/tema\/wp-content\/uploads\/2023\/04\/img_pattern_2.jpg 1240w, https:\/\/museu.io\/tema\/wp-content\/uploads\/2023\/04\/img_pattern_2-800x800.jpg 800w, https:\/\/museu.io\/tema\/wp-content\/uploads\/2023\/04\/img_pattern_2-1080x1080.jpg 1080w, https:\/\/museu.io\/tema\/wp-content\/uploads\/2023\/04\/img_pattern_2-420x420.jpg 420w, https:\/\/museu.io\/tema\/wp-content\/uploads\/2023\/04\/img_pattern_2-768x768.jpg 768w, https:\/\/museu.io\/tema\/wp-content\/uploads\/2023\/04\/img_pattern_2-40x40.jpg 40w, https:\/\/museu.io\/tema\/wp-content\/uploads\/2023\/04\/img_pattern_2-275x275.jpg 275w, https:\/\/museu.io\/tema\/wp-content\/uploads\/2023\/04\/img_pattern_2-205x205.jpg 205w, https:\/\/museu.io\/tema\/wp-content\/uploads\/2023\/04\/img_pattern_2-480x480.jpg 480w\" sizes=\"auto, (max-width: 1240px) 100vw, 1240px\" \/><\/div><\/figure><\/div>\n\n\n<div class=\"wp-block-group has-global-padding is-content-justification-left is-layout-constrained wp-container-core-group-is-layout-84a50e6d wp-block-group-is-layout-constrained\" style=\"padding-top:var(--wp--preset--spacing--40);padding-right:var(--wp--preset--spacing--30);\">\n<h2 class=\"wp-block-heading is-style-mio-remove-margin-block has-mio-medium-font-size\"><strong>Loja<\/strong><\/h2>\n\n\n\n<p>Lam eget dui. Etiam rhoncus. Maecenas tempus, tellus eget condimentum rhoncus, sem quam semper libero, sit amet adipiscing sem neque sed ipsum.<\/p>\n\n\n\n<p><strong>Hor\u00e1rio de funcionamento<\/strong><\/p>\n\n\n\n<p>ter\u00e7as a sextas<br>9h \u00e0s 18h<\/p>\n\n\n\n<p>s\u00e1bado, domingo e feriados<br>10h \u00e0s 19h<\/p>\n<\/div>\n\n<\/div>\n\n<div style=\"--mio-grid-rows--desktop: 4;--mio-grid-rows--mobile: 6;--mio-grid-cols--desktop: 4;--mio-grid-cols--mobile: 2;--mio-item-desktop-height: var(--mio-item-height, auto);--mio-item-desktop-width: var(--mio-item-width, auto);--mio-item-height: auto;--mio-item-width: auto;\" class=\"mio-custom-size align wp-block-museuio-companion-featured-item-custom\">\n<div style=\"--mio-image-box-position--desktop: 50% 50%;--mio-image-box-position: 50% 50%;--mio-image-box-height--desktop: 200px;--mio-image-box-height: 160px;--mio-image-box-width: 100%;--mio-object-fit--desktop: cover;--mio-object-fit: cover;--mio-image-box-mode: cover;\" class=\"mio-image has-mio-size-fit-box align wp-block-museuio-companion-image\"><figure><div class=\"mio-image-wrapper\"  style=\"\"><img loading=\"lazy\" decoding=\"async\" width=\"800\" height=\"1240\" src=\"https:\/\/museu.io\/tema\/wp-content\/uploads\/2023\/04\/img_pattern_3.jpg\" class=\"attachment-full size-full\" alt=\"\" srcset=\"https:\/\/museu.io\/tema\/wp-content\/uploads\/2023\/04\/img_pattern_3.jpg 800w, https:\/\/museu.io\/tema\/wp-content\/uploads\/2023\/04\/img_pattern_3-516x800.jpg 516w, https:\/\/museu.io\/tema\/wp-content\/uploads\/2023\/04\/img_pattern_3-697x1080.jpg 697w, https:\/\/museu.io\/tema\/wp-content\/uploads\/2023\/04\/img_pattern_3-768x1190.jpg 768w, https:\/\/museu.io\/tema\/wp-content\/uploads\/2023\/04\/img_pattern_3-205x318.jpg 205w, https:\/\/museu.io\/tema\/wp-content\/uploads\/2023\/04\/img_pattern_3-480x744.jpg 480w, https:\/\/museu.io\/tema\/wp-content\/uploads\/2023\/04\/img_pattern_3-495x768.jpg 495w\" sizes=\"auto, (max-width: 800px) 100vw, 800px\" \/><\/div><\/figure><\/div>\n\n\n<div class=\"wp-block-group has-global-padding is-content-justification-left is-layout-constrained wp-container-core-group-is-layout-84a50e6d wp-block-group-is-layout-constrained\" style=\"padding-top:var(--wp--preset--spacing--40);padding-right:var(--wp--preset--spacing--30);\">\n<h2 class=\"wp-block-heading is-style-mio-remove-margin-block has-mio-medium-font-size\"><strong>Reseva t\u00e9cnica<\/strong><\/h2>\n\n\n\n<p>Nam pretium turpis et arcu. Duis arcu tortor, suscipit eget, imperdiet nec, imperdiet iaculis, ipsum. Sed aliquam ultrices mauris.<\/p>\n\n\n\n<p><strong>Hor\u00e1rio de funcionamento<\/strong><\/p>\n\n\n\n<p>ter\u00e7as a sextas<br>9h \u00e0s 18h<\/p>\n\n\n\n<p>s\u00e1bado, domingo e feriados<br>10h \u00e0s 19h<\/p>\n<\/div>\n\n<\/div>\n<\/div><\/div>\n<\/div><\/div>","protected":false},"excerpt":{"rendered":"<p>Nullam dictum felis eu pede mollis pretium. Integer tincidunt. Cras dapibus.<\/p>\n","protected":false},"author":3,"featured_media":3972,"parent":0,"menu_order":0,"comment_status":"closed","ping_status":"closed","template":"","meta":{"_acf_changed":false,"_EventAllDay":false,"_EventTimezone":"","_EventStartDate":"","_EventEndDate":"","_EventStartDateUTC":"","_EventEndDateUTC":"","_EventShowMap":false,"_EventShowMapLink":false,"_EventURL":"","_EventCost":"","_EventCostDescription":"","_EventCurrencySymbol":"","_EventCurrencyCode":"","_EventCurrencyPosition":"","_EventDateTimeSeparator":"","_EventTimeRangeSeparator":"","_EventOrganizerID":[],"_EventVenueID":[],"_OrganizerEmail":"","_OrganizerPhone":"","_OrganizerWebsite":"","_VenueAddress":"","_VenueCity":"","_VenueCountry":"","_VenueProvince":"","_VenueState":"","_VenueZip":"","_VenuePhone":"","_VenueURL":"","_VenueStateProvince":"","_VenueLat":"","_VenueLng":"","_VenueShowMap":false,"_VenueShowMapLink":false,"mio_support_image":0,"mio_support_text":"","mio_alternative_title":"","mio_custom_heading":"","footnotes":""},"mio_featured_post_classifier":[],"mio_tags":[],"class_list":["post-4531","page","type-page","status-publish","has-post-thumbnail","hentry"],"acf":[],"yoast_head":"<!-- This site is optimized with the Yoast SEO plugin v27.5 - https:\/\/yoast.com\/product\/yoast-seo-wordpress\/ -->\n<title>Visite o museu - Tema museu.io<\/title>\n<meta name=\"robots\" content=\"index, follow, max-snippet:-1, max-image-preview:large, max-video-preview:-1\" \/>\n<link rel=\"canonical\" href=\"https:\/\/museu.io\/tema\/visite-o-museu\/\" \/>\n<meta property=\"og:locale\" content=\"pt_BR\" \/>\n<meta property=\"og:type\" content=\"article\" \/>\n<meta property=\"og:title\" content=\"Visite o museu - Tema museu.io\" \/>\n<meta property=\"og:description\" content=\"Nullam dictum felis eu pede mollis pretium. Integer tincidunt. Cras dapibus.\" \/>\n<meta property=\"og:url\" content=\"https:\/\/museu.io\/tema\/visite-o-museu\/\" \/>\n<meta property=\"og:site_name\" content=\"Tema museu.io\" \/>\n<meta property=\"article:modified_time\" content=\"2023-07-27T20:01:58+00:00\" \/>\n<meta property=\"og:image\" content=\"https:\/\/museu.io\/tema\/wp-content\/uploads\/2023\/04\/img_pattern.jpg\" \/>\n\t<meta property=\"og:image:width\" content=\"1920\" \/>\n\t<meta property=\"og:image:height\" content=\"1240\" \/>\n\t<meta property=\"og:image:type\" content=\"image\/jpeg\" \/>\n<meta name=\"twitter:card\" content=\"summary_large_image\" \/>\n<meta name=\"twitter:label1\" content=\"Est. tempo de leitura\" \/>\n\t<meta name=\"twitter:data1\" content=\"4 minutos\" \/>\n<script type=\"application\/ld+json\" class=\"yoast-schema-graph\">{\"@context\":\"https:\\\/\\\/schema.org\",\"@graph\":[{\"@type\":\"WebPage\",\"@id\":\"https:\\\/\\\/museu.io\\\/tema\\\/visite-o-museu\\\/\",\"url\":\"https:\\\/\\\/museu.io\\\/tema\\\/visite-o-museu\\\/\",\"name\":\"Visite o museu - Tema museu.io\",\"isPartOf\":{\"@id\":\"https:\\\/\\\/museu.io\\\/tema\\\/#website\"},\"primaryImageOfPage\":{\"@id\":\"https:\\\/\\\/museu.io\\\/tema\\\/visite-o-museu\\\/#primaryimage\"},\"image\":{\"@id\":\"https:\\\/\\\/museu.io\\\/tema\\\/visite-o-museu\\\/#primaryimage\"},\"thumbnailUrl\":\"https:\\\/\\\/museu.io\\\/tema\\\/wp-content\\\/uploads\\\/2023\\\/04\\\/img_pattern.jpg\",\"datePublished\":\"2023-04-12T23:03:37+00:00\",\"dateModified\":\"2023-07-27T20:01:58+00:00\",\"breadcrumb\":{\"@id\":\"https:\\\/\\\/museu.io\\\/tema\\\/visite-o-museu\\\/#breadcrumb\"},\"inLanguage\":\"pt-BR\",\"potentialAction\":[{\"@type\":\"ReadAction\",\"target\":[\"https:\\\/\\\/museu.io\\\/tema\\\/visite-o-museu\\\/\"]}]},{\"@type\":\"ImageObject\",\"inLanguage\":\"pt-BR\",\"@id\":\"https:\\\/\\\/museu.io\\\/tema\\\/visite-o-museu\\\/#primaryimage\",\"url\":\"https:\\\/\\\/museu.io\\\/tema\\\/wp-content\\\/uploads\\\/2023\\\/04\\\/img_pattern.jpg\",\"contentUrl\":\"https:\\\/\\\/museu.io\\\/tema\\\/wp-content\\\/uploads\\\/2023\\\/04\\\/img_pattern.jpg\",\"width\":1920,\"height\":1240,\"caption\":\"Sed ut perspiciatis unde omnis iste natus error sit voluptatem\"},{\"@type\":\"BreadcrumbList\",\"@id\":\"https:\\\/\\\/museu.io\\\/tema\\\/visite-o-museu\\\/#breadcrumb\",\"itemListElement\":[{\"@type\":\"ListItem\",\"position\":1,\"name\":\"In\u00edcio\",\"item\":\"https:\\\/\\\/museu.io\\\/tema\\\/\"},{\"@type\":\"ListItem\",\"position\":2,\"name\":\"Visite o museu\"}]},{\"@type\":\"WebSite\",\"@id\":\"https:\\\/\\\/museu.io\\\/tema\\\/#website\",\"url\":\"https:\\\/\\\/museu.io\\\/tema\\\/\",\"name\":\"Tema Museu.io\",\"description\":\"Site demonstra\u00e7\u00e3o do tema Museu.io\",\"publisher\":{\"@id\":\"https:\\\/\\\/museu.io\\\/tema\\\/#organization\"},\"potentialAction\":[{\"@type\":\"SearchAction\",\"target\":{\"@type\":\"EntryPoint\",\"urlTemplate\":\"https:\\\/\\\/museu.io\\\/tema\\\/?s={search_term_string}\"},\"query-input\":{\"@type\":\"PropertyValueSpecification\",\"valueRequired\":true,\"valueName\":\"search_term_string\"}}],\"inLanguage\":\"pt-BR\"},{\"@type\":\"Organization\",\"@id\":\"https:\\\/\\\/museu.io\\\/tema\\\/#organization\",\"name\":\"Museu.io\",\"url\":\"https:\\\/\\\/museu.io\\\/tema\\\/\",\"logo\":{\"@type\":\"ImageObject\",\"inLanguage\":\"pt-BR\",\"@id\":\"https:\\\/\\\/museu.io\\\/tema\\\/#\\\/schema\\\/logo\\\/image\\\/\",\"url\":\"https:\\\/\\\/museu.io\\\/tema\\\/wp-content\\\/uploads\\\/2023\\\/02\\\/Artboard-1.png\",\"contentUrl\":\"https:\\\/\\\/museu.io\\\/tema\\\/wp-content\\\/uploads\\\/2023\\\/02\\\/Artboard-1.png\",\"width\":339,\"height\":305,\"caption\":\"Museu.io\"},\"image\":{\"@id\":\"https:\\\/\\\/museu.io\\\/tema\\\/#\\\/schema\\\/logo\\\/image\\\/\"}}]}<\/script>\n<!-- \/ Yoast SEO plugin. -->","yoast_head_json":{"title":"Visite o museu - Tema museu.io","robots":{"index":"index","follow":"follow","max-snippet":"max-snippet:-1","max-image-preview":"max-image-preview:large","max-video-preview":"max-video-preview:-1"},"canonical":"https:\/\/museu.io\/tema\/visite-o-museu\/","og_locale":"pt_BR","og_type":"article","og_title":"Visite o museu - Tema museu.io","og_description":"Nullam dictum felis eu pede mollis pretium. Integer tincidunt. Cras dapibus.","og_url":"https:\/\/museu.io\/tema\/visite-o-museu\/","og_site_name":"Tema museu.io","article_modified_time":"2023-07-27T20:01:58+00:00","og_image":[{"width":1920,"height":1240,"url":"https:\/\/museu.io\/tema\/wp-content\/uploads\/2023\/04\/img_pattern.jpg","type":"image\/jpeg"}],"twitter_card":"summary_large_image","twitter_misc":{"Est. tempo de leitura":"4 minutos"},"schema":{"@context":"https:\/\/schema.org","@graph":[{"@type":"WebPage","@id":"https:\/\/museu.io\/tema\/visite-o-museu\/","url":"https:\/\/museu.io\/tema\/visite-o-museu\/","name":"Visite o museu - Tema museu.io","isPartOf":{"@id":"https:\/\/museu.io\/tema\/#website"},"primaryImageOfPage":{"@id":"https:\/\/museu.io\/tema\/visite-o-museu\/#primaryimage"},"image":{"@id":"https:\/\/museu.io\/tema\/visite-o-museu\/#primaryimage"},"thumbnailUrl":"https:\/\/museu.io\/tema\/wp-content\/uploads\/2023\/04\/img_pattern.jpg","datePublished":"2023-04-12T23:03:37+00:00","dateModified":"2023-07-27T20:01:58+00:00","breadcrumb":{"@id":"https:\/\/museu.io\/tema\/visite-o-museu\/#breadcrumb"},"inLanguage":"pt-BR","potentialAction":[{"@type":"ReadAction","target":["https:\/\/museu.io\/tema\/visite-o-museu\/"]}]},{"@type":"ImageObject","inLanguage":"pt-BR","@id":"https:\/\/museu.io\/tema\/visite-o-museu\/#primaryimage","url":"https:\/\/museu.io\/tema\/wp-content\/uploads\/2023\/04\/img_pattern.jpg","contentUrl":"https:\/\/museu.io\/tema\/wp-content\/uploads\/2023\/04\/img_pattern.jpg","width":1920,"height":1240,"caption":"Sed ut perspiciatis unde omnis iste natus error sit voluptatem"},{"@type":"BreadcrumbList","@id":"https:\/\/museu.io\/tema\/visite-o-museu\/#breadcrumb","itemListElement":[{"@type":"ListItem","position":1,"name":"In\u00edcio","item":"https:\/\/museu.io\/tema\/"},{"@type":"ListItem","position":2,"name":"Visite o museu"}]},{"@type":"WebSite","@id":"https:\/\/museu.io\/tema\/#website","url":"https:\/\/museu.io\/tema\/","name":"Tema Museu.io","description":"Site demonstra\u00e7\u00e3o do tema Museu.io","publisher":{"@id":"https:\/\/museu.io\/tema\/#organization"},"potentialAction":[{"@type":"SearchAction","target":{"@type":"EntryPoint","urlTemplate":"https:\/\/museu.io\/tema\/?s={search_term_string}"},"query-input":{"@type":"PropertyValueSpecification","valueRequired":true,"valueName":"search_term_string"}}],"inLanguage":"pt-BR"},{"@type":"Organization","@id":"https:\/\/museu.io\/tema\/#organization","name":"Museu.io","url":"https:\/\/museu.io\/tema\/","logo":{"@type":"ImageObject","inLanguage":"pt-BR","@id":"https:\/\/museu.io\/tema\/#\/schema\/logo\/image\/","url":"https:\/\/museu.io\/tema\/wp-content\/uploads\/2023\/02\/Artboard-1.png","contentUrl":"https:\/\/museu.io\/tema\/wp-content\/uploads\/2023\/02\/Artboard-1.png","width":339,"height":305,"caption":"Museu.io"},"image":{"@id":"https:\/\/museu.io\/tema\/#\/schema\/logo\/image\/"}}]}},"_links":{"self":[{"href":"https:\/\/museu.io\/tema\/wp-json\/wp\/v2\/pages\/4531","targetHints":{"allow":["GET"]}}],"collection":[{"href":"https:\/\/museu.io\/tema\/wp-json\/wp\/v2\/pages"}],"about":[{"href":"https:\/\/museu.io\/tema\/wp-json\/wp\/v2\/types\/page"}],"author":[{"embeddable":true,"href":"https:\/\/museu.io\/tema\/wp-json\/wp\/v2\/users\/3"}],"replies":[{"embeddable":true,"href":"https:\/\/museu.io\/tema\/wp-json\/wp\/v2\/comments?post=4531"}],"version-history":[{"count":286,"href":"https:\/\/museu.io\/tema\/wp-json\/wp\/v2\/pages\/4531\/revisions"}],"predecessor-version":[{"id":7809,"href":"https:\/\/museu.io\/tema\/wp-json\/wp\/v2\/pages\/4531\/revisions\/7809"}],"wp:featuredmedia":[{"embeddable":true,"href":"https:\/\/museu.io\/tema\/wp-json\/wp\/v2\/media\/3972"}],"wp:attachment":[{"href":"https:\/\/museu.io\/tema\/wp-json\/wp\/v2\/media?parent=4531"}],"wp:term":[{"taxonomy":"mio_featured_post_classifier","embeddable":true,"href":"https:\/\/museu.io\/tema\/wp-json\/wp\/v2\/mio_featured_post_classifier?post=4531"},{"taxonomy":"mio_tags","embeddable":true,"href":"https:\/\/museu.io\/tema\/wp-json\/wp\/v2\/mio_tags?post=4531"}],"curies":[{"name":"wp","href":"https:\/\/api.w.org\/{rel}","templated":true}]}}