{"id":2939,"date":"2023-02-22T16:47:07","date_gmt":"2023-02-22T19:47:07","guid":{"rendered":"https:\/\/museu.io\/tema\/?post_type=mio_exhibition&#038;p=2939"},"modified":"2023-05-12T15:12:11","modified_gmt":"2023-05-12T18:12:11","slug":"insite","status":"publish","type":"mio_exhibition","link":"https:\/\/museu.io\/tema\/exposicao\/insite\/","title":{"rendered":"inSITE"},"content":{"rendered":"\n<figure class=\"wp-block-image alignwide size-large\"><img loading=\"lazy\" decoding=\"async\" width=\"1672\" height=\"1080\" src=\"https:\/\/museu.io\/tema\/wp-content\/uploads\/2023\/02\/expo_inSITE_01-1672x1080.jpg\" alt=\"\" class=\"wp-image-2940\" srcset=\"https:\/\/museu.io\/tema\/wp-content\/uploads\/2023\/02\/expo_inSITE_01-1672x1080.jpg 1672w, https:\/\/museu.io\/tema\/wp-content\/uploads\/2023\/02\/expo_inSITE_01-800x517.jpg 800w, https:\/\/museu.io\/tema\/wp-content\/uploads\/2023\/02\/expo_inSITE_01-768x496.jpg 768w, https:\/\/museu.io\/tema\/wp-content\/uploads\/2023\/02\/expo_inSITE_01-1536x992.jpg 1536w, https:\/\/museu.io\/tema\/wp-content\/uploads\/2023\/02\/expo_inSITE_01-205x132.jpg 205w, https:\/\/museu.io\/tema\/wp-content\/uploads\/2023\/02\/expo_inSITE_01-480x310.jpg 480w, https:\/\/museu.io\/tema\/wp-content\/uploads\/2023\/02\/expo_inSITE_01-1189x768.jpg 1189w, https:\/\/museu.io\/tema\/wp-content\/uploads\/2023\/02\/expo_inSITE_01.jpg 1920w\" sizes=\"auto, (max-width: 1672px) 100vw, 1672px\" \/><\/figure>\n\n\n\n<p>1992, 1994, 1997, 2000\u20131 e 2005<br>V\u00e1rios sites em Tijuana, M\u00e9xico e San Diego, Calif\u00f3rnia<br>Curadores: Comiss\u00e3o; Jessica Bradley, Olivier Debroise, Ivo Mesquita, Sally Yard<\/p>\n\n\n\n<p>Originalmente fundado para atender a uma falta percebida de institui\u00e7\u00f5es culturais em San Diego, com sua segunda itera\u00e7\u00e3o em 1994, &#8220;inSITE&#8221; se expandiu para locais que abrangem a \u00e1rea imediatamente ao redor da fronteira EUA-M\u00e9xico com artistas como Gary Simmons, Lorna Simpson e Nari Ward, entre muitos outros, iniciando projetos em Tijuana e San Diego. A faceta mais impressionante do evento foram os grandes esfor\u00e7os de colabora\u00e7\u00e3o necess\u00e1rios para reuni-lo \u2013 n\u00e3o apenas entre curadores e artistas, mas tamb\u00e9m entre institui\u00e7\u00f5es e comunidades de ambos os lados da fronteira. Hoje damos por certo que grandes mostras semestrais (como as in\u00fameras Bienais de hoje) t\u00eam alcance internacional, mas ao basear seu formato inteiramente em um local espec\u00edfico dessa disputa pol\u00edtica e social \u2013 e ao facilitar um interc\u00e2mbio cultural aberto atrav\u00e9s de uma fronteira pol\u00edtica delimitada &#8211; os organizadores do &#8220;inSITE&#8221; abriram novas possibilidades de engajamento pol\u00edtico e estabeleceram um novo precedente na cria\u00e7\u00e3o de espa\u00e7os h\u00edbridos na arte contempor\u00e2nea.<\/p>\n\n\n\n<p>O &#8220;inSITE&#8221; original foi t\u00e3o bem recebido pelo mundo da arte e pelas comunidades locais de ambos os lados da fronteira que foi repetido v\u00e1rias vezes, embora n\u00e3o em intervalos regulares. A exposi\u00e7\u00e3o tamb\u00e9m trouxe artistas de todo o mundo para a regi\u00e3o fronteiri\u00e7a, com grande foco em trabalhos perform\u00e1ticos, incluindo One Flew Over the Void (Balla Perdida) (2005), em que o artista venezuelano Javier T\u00e9llez recrutou pacientes do CESAM de Tijuana mental institui\u00e7\u00e3o para usar m\u00e1scaras de animais e carregar cartazes feitos \u00e0 m\u00e3o em um evento carnavalesco que culminou com o lan\u00e7amento de uma bala de canh\u00e3o humana por cima da cerca da fronteira. &#8220;inSITE&#8221; mostrou o potencial da exposi\u00e7\u00e3o contempor\u00e2nea para se envolver de forma eficaz e sincera com quest\u00f5es pol\u00edticas em escala internacional.<\/p>\n\n\n<div style=\"margin-top:var(--wp--preset--spacing--80);margin-bottom:var(--wp--preset--spacing--80);\" class=\"mio-section-content-boxed align wp-block-museuio-companion-section\"><div class=\"mio-section__content\">\n\n<h2 class=\"wp-block-heading has-mio-subheader-2-font-size\">Exposi\u00e7\u00f5es em destaque<\/h2>\n\n\n<div style=\"padding-top:0px;padding-right:0px;padding-bottom:0px;padding-left:0px;\" class=\"mio-display-carousel spacing-mode-default has-sizing-mode-item align wp-block-museuio-companion-carousel\" data-option-free-scroll=\"1\" data-option-wrap-around=\"\" data-option-auto-play=\"\" data-option-fade=\"\" data-option-contain=\"1\" data-option-prev-next-buttons=\"1\" data-option-cell-align=\"left\"><div class=\"mio-display-carousel__content\">\n<div style=\"--mio-grid-rows--desktop: 4;--mio-grid-rows--mobile: 6;--mio-grid-cols--desktop: 6;--mio-grid-cols--mobile: 1;--mio-item-desktop-height: var(--mio-item-height, auto);--mio-item-desktop-width: 40%;--mio-item-height: auto;--mio-item-width: 85%;\" class=\"mio-custom-size has-percent-item-width align wp-block-museuio-companion-featured-item-custom\"><a class=\"mio-featured-item-custom-wrapper-link\" href=\"https:\/\/museu.io\/tema\/exposicao\/infinity-mirror-room\/\">\n<div style=\"--mio-image-box-position--desktop: 50% 20%;--mio-image-box-position: 50% 40%;--mio-image-box-height--desktop: 240px;--mio-image-box-height: 240px;--mio-image-box-width: 100%;--mio-object-fit--desktop: cover;--mio-object-fit: cover;--mio-image-box-mode: cover;\" class=\"mio-image has-mio-size-fit-box align wp-block-museuio-companion-image\"><figure><div class=\"mio-image-wrapper\"  style=\"\"><img loading=\"lazy\" decoding=\"async\" width=\"1920\" height=\"1373\" src=\"https:\/\/museu.io\/tema\/wp-content\/uploads\/2023\/05\/expo_yayoi-01.jpg\" class=\"attachment-full size-full\" alt=\"\" srcset=\"https:\/\/museu.io\/tema\/wp-content\/uploads\/2023\/05\/expo_yayoi-01.jpg 1920w, https:\/\/museu.io\/tema\/wp-content\/uploads\/2023\/05\/expo_yayoi-01-800x572.jpg 800w, https:\/\/museu.io\/tema\/wp-content\/uploads\/2023\/05\/expo_yayoi-01-1510x1080.jpg 1510w, https:\/\/museu.io\/tema\/wp-content\/uploads\/2023\/05\/expo_yayoi-01-768x549.jpg 768w, https:\/\/museu.io\/tema\/wp-content\/uploads\/2023\/05\/expo_yayoi-01-1536x1098.jpg 1536w, https:\/\/museu.io\/tema\/wp-content\/uploads\/2023\/05\/expo_yayoi-01-205x147.jpg 205w, https:\/\/museu.io\/tema\/wp-content\/uploads\/2023\/05\/expo_yayoi-01-480x343.jpg 480w, https:\/\/museu.io\/tema\/wp-content\/uploads\/2023\/05\/expo_yayoi-01-1074x768.jpg 1074w\" sizes=\"auto, (max-width: 1920px) 100vw, 1920px\" \/><\/div><\/figure><\/div>\n\n\n<div class=\"wp-block-group has-luminous-vivid-amber-background-color has-background has-global-padding is-content-justification-left is-layout-constrained wp-container-core-group-is-layout-275490c1 wp-block-group-is-layout-constrained\" style=\"padding-top:var(--wp--preset--spacing--50);padding-right:var(--wp--preset--spacing--50);padding-bottom:var(--wp--preset--spacing--50);padding-left:var(--wp--preset--spacing--50);\">\n<p class=\"has-text-align-left has-mio-small-font-size\" style=\"font-style:normal;font-weight:700;text-transform:uppercase\">EXPOSI\u00c7\u00c3O TEMPOR\u00c1RIA<\/p>\n\n\n\n<h2 class=\"wp-block-heading is-style-mio-remove-margin-block has-mio-medium-font-size\">Infinity Mirror Room<\/h2>\n\n\n\n<p class=\"has-mio-small-font-size\">De 04 de abril at\u00e9 30 de setembro<\/p>\n<\/div>\n\n<\/a><\/div>\n\n<div style=\"--mio-grid-rows--desktop: 4;--mio-grid-rows--mobile: 6;--mio-grid-cols--desktop: 6;--mio-grid-cols--mobile: 1;--mio-item-desktop-height: var(--mio-item-height, auto);--mio-item-desktop-width: 40%;--mio-item-height: auto;--mio-item-width: 85%;\" class=\"mio-custom-size has-percent-item-width align wp-block-museuio-companion-featured-item-custom\"><a class=\"mio-featured-item-custom-wrapper-link\" href=\"https:\/\/museu.io\/tema\/exposicao\/ai-weiwei-according-to-what\/\">\n<div style=\"--mio-image-box-position--desktop: 50% 20%;--mio-image-box-position: 50% 40%;--mio-image-box-height--desktop: 240px;--mio-image-box-height: 240px;--mio-image-box-width: 100%;--mio-object-fit--desktop: cover;--mio-object-fit: cover;--mio-image-box-mode: cover;\" class=\"mio-image has-mio-size-fit-box align wp-block-museuio-companion-image\"><figure><div class=\"mio-image-wrapper\"  style=\"\"><img loading=\"lazy\" decoding=\"async\" width=\"1920\" height=\"1626\" src=\"https:\/\/museu.io\/tema\/wp-content\/uploads\/2023\/05\/expo-weiwei-04.jpg\" class=\"attachment-full size-full\" alt=\"\" srcset=\"https:\/\/museu.io\/tema\/wp-content\/uploads\/2023\/05\/expo-weiwei-04.jpg 1920w, https:\/\/museu.io\/tema\/wp-content\/uploads\/2023\/05\/expo-weiwei-04-800x678.jpg 800w, https:\/\/museu.io\/tema\/wp-content\/uploads\/2023\/05\/expo-weiwei-04-1275x1080.jpg 1275w, https:\/\/museu.io\/tema\/wp-content\/uploads\/2023\/05\/expo-weiwei-04-768x650.jpg 768w, https:\/\/museu.io\/tema\/wp-content\/uploads\/2023\/05\/expo-weiwei-04-1536x1301.jpg 1536w, https:\/\/museu.io\/tema\/wp-content\/uploads\/2023\/05\/expo-weiwei-04-205x174.jpg 205w, https:\/\/museu.io\/tema\/wp-content\/uploads\/2023\/05\/expo-weiwei-04-480x407.jpg 480w, https:\/\/museu.io\/tema\/wp-content\/uploads\/2023\/05\/expo-weiwei-04-907x768.jpg 907w\" sizes=\"auto, (max-width: 1920px) 100vw, 1920px\" \/><\/div><\/figure><\/div>\n\n\n<div class=\"wp-block-group has-background has-global-padding is-content-justification-left is-layout-constrained wp-container-core-group-is-layout-275490c1 wp-block-group-is-layout-constrained\" style=\"background-color:#e7c397;padding-top:var(--wp--preset--spacing--50);padding-right:var(--wp--preset--spacing--50);padding-bottom:var(--wp--preset--spacing--50);padding-left:var(--wp--preset--spacing--50);\">\n<p class=\"has-text-align-left has-mio-small-font-size\" style=\"font-style:normal;font-weight:700;text-transform:uppercase\">EXPOSI\u00c7\u00c3O TEMPOR\u00c1RIA<\/p>\n\n\n\n<h2 class=\"wp-block-heading is-style-mio-remove-margin-block has-mio-medium-font-size\">Ai Weiwei: According to What?<\/h2>\n\n\n\n<p class=\"has-mio-small-font-size\">De 07 de outubro at\u00e9 24 de fevereiro<\/p>\n<\/div>\n\n<\/a><\/div>\n\n<div style=\"--mio-grid-rows--desktop: 4;--mio-grid-rows--mobile: 6;--mio-grid-cols--desktop: 6;--mio-grid-cols--mobile: 1;--mio-item-desktop-height: var(--mio-item-height, auto);--mio-item-desktop-width: 40%;--mio-item-height: auto;--mio-item-width: 85%;\" class=\"mio-custom-size has-percent-item-width align wp-block-museuio-companion-featured-item-custom\"><a class=\"mio-featured-item-custom-wrapper-link\" href=\"https:\/\/museu.io\/tema\/exposicao\/when-attitudes-become-form-1969\/\">\n<div style=\"--mio-image-box-position--desktop: 50% 20%;--mio-image-box-position: 50% 30%;--mio-image-box-height--desktop: 240px;--mio-image-box-height: 240px;--mio-image-box-width: 100%;--mio-object-fit--desktop: cover;--mio-object-fit: cover;--mio-image-box-mode: cover;\" class=\"mio-image has-mio-size-fit-box align wp-block-museuio-companion-image\"><figure><div class=\"mio-image-wrapper\"  style=\"\"><img loading=\"lazy\" decoding=\"async\" width=\"1280\" height=\"850\" src=\"https:\/\/museu.io\/tema\/wp-content\/uploads\/2023\/01\/expo_wabf_11.jpg\" class=\"attachment-full size-full\" alt=\"\" srcset=\"https:\/\/museu.io\/tema\/wp-content\/uploads\/2023\/01\/expo_wabf_11.jpg 1280w, https:\/\/museu.io\/tema\/wp-content\/uploads\/2023\/01\/expo_wabf_11-800x531.jpg 800w, https:\/\/museu.io\/tema\/wp-content\/uploads\/2023\/01\/expo_wabf_11-768x510.jpg 768w, https:\/\/museu.io\/tema\/wp-content\/uploads\/2023\/01\/expo_wabf_11-205x136.jpg 205w, https:\/\/museu.io\/tema\/wp-content\/uploads\/2023\/01\/expo_wabf_11-480x319.jpg 480w, https:\/\/museu.io\/tema\/wp-content\/uploads\/2023\/01\/expo_wabf_11-1157x768.jpg 1157w, https:\/\/museu.io\/tema\/wp-content\/uploads\/2023\/01\/expo_wabf_11-600x398.jpg 600w\" sizes=\"auto, (max-width: 1280px) 100vw, 1280px\" \/><\/div><\/figure><\/div>\n\n\n<div class=\"wp-block-group has-mio-black-background-color has-background has-global-padding is-content-justification-left is-layout-constrained wp-container-core-group-is-layout-275490c1 wp-block-group-is-layout-constrained\" style=\"padding-top:var(--wp--preset--spacing--50);padding-right:var(--wp--preset--spacing--50);padding-bottom:var(--wp--preset--spacing--50);padding-left:var(--wp--preset--spacing--50);\">\n<p class=\"has-text-align-left has-mio-white-color has-text-color has-mio-small-font-size\" style=\"font-style:normal;font-weight:700;text-transform:uppercase\">EXPOSI\u00c7\u00c3O TEMPOR\u00c1RIA<\/p>\n\n\n\n<h2 class=\"wp-block-heading is-style-mio-remove-margin-block has-mio-white-color has-text-color has-mio-medium-font-size\">When Attitudes Become Form<\/h2>\n\n\n\n<p class=\"has-mio-white-color has-text-color has-mio-small-font-size\">De 04 de abril at\u00e9 30 de setembro<\/p>\n<\/div>\n\n<\/a><\/div>\n<\/div><\/div>\n<\/div><\/div>","protected":false},"excerpt":{"rendered":"<p>Originalmente fundado para atender a uma falta percebida de institui\u00e7\u00f5es culturais em San Diego, com sua segunda itera\u00e7\u00e3o em 1994, &#8220;inSITE&#8221; se expandiu para locais abrangendo a \u00e1rea imediatamente ao redor dos EUA.<\/p>\n","protected":false},"featured_media":2940,"menu_order":0,"template":"","meta":{"_acf_changed":false,"_EventAllDay":false,"_EventTimezone":"","_EventStartDate":"","_EventEndDate":"","_EventStartDateUTC":"","_EventEndDateUTC":"","_EventShowMap":false,"_EventShowMapLink":false,"_EventURL":"","_EventCost":"","_EventCostDescription":"","_EventCurrencySymbol":"","_EventCurrencyCode":"","_EventCurrencyPosition":"","_EventDateTimeSeparator":"","_EventTimeRangeSeparator":"","_EventOrganizerID":[],"_EventVenueID":[],"_OrganizerEmail":"","_OrganizerPhone":"","_OrganizerWebsite":"","_VenueAddress":"","_VenueCity":"","_VenueCountry":"","_VenueProvince":"","_VenueState":"","_VenueZip":"","_VenuePhone":"","_VenueURL":"","_VenueStateProvince":"","_VenueLat":"","_VenueLng":"","_VenueShowMap":false,"_VenueShowMapLink":false,"mio_support_image":0,"mio_support_text":"","mio_alternative_title":"","mio_custom_heading":"","exhibition_opening_date":"19920101","exhibition_closing_date":"","footnotes":""},"mio_exhibition_type":[],"mio_featured_post_classifier":[],"mio_tags":[],"class_list":["post-2939","mio_exhibition","type-mio_exhibition","status-publish","has-post-thumbnail","hentry"],"acf":[],"yoast_head":"<!-- This site is optimized with the Yoast SEO plugin v27.5 - https:\/\/yoast.com\/product\/yoast-seo-wordpress\/ -->\n<title>inSITE - Tema museu.io<\/title>\n<meta name=\"robots\" content=\"index, follow, max-snippet:-1, max-image-preview:large, max-video-preview:-1\" \/>\n<link rel=\"canonical\" href=\"https:\/\/museu.io\/tema\/exposicao\/insite\/\" \/>\n<meta property=\"og:locale\" content=\"pt_BR\" \/>\n<meta property=\"og:type\" content=\"article\" \/>\n<meta property=\"og:title\" content=\"inSITE - Tema museu.io\" \/>\n<meta property=\"og:description\" content=\"Originalmente fundado para atender a uma falta percebida de institui\u00e7\u00f5es culturais em San Diego, com sua segunda itera\u00e7\u00e3o em 1994, &quot;inSITE&quot; se expandiu para locais abrangendo a \u00e1rea imediatamente ao redor dos EUA.\" \/>\n<meta property=\"og:url\" content=\"https:\/\/museu.io\/tema\/exposicao\/insite\/\" \/>\n<meta property=\"og:site_name\" content=\"Tema museu.io\" \/>\n<meta property=\"article:modified_time\" content=\"2023-05-12T18:12:11+00:00\" \/>\n<meta property=\"og:image\" content=\"https:\/\/museu.io\/tema\/wp-content\/uploads\/2023\/02\/expo_inSITE_01.jpg\" \/>\n\t<meta property=\"og:image:width\" content=\"1920\" \/>\n\t<meta property=\"og:image:height\" content=\"1240\" \/>\n\t<meta property=\"og:image:type\" content=\"image\/jpeg\" \/>\n<meta name=\"twitter:card\" content=\"summary_large_image\" \/>\n<meta name=\"twitter:label1\" content=\"Est. tempo de leitura\" \/>\n\t<meta name=\"twitter:data1\" content=\"2 minutos\" \/>\n<script type=\"application\/ld+json\" class=\"yoast-schema-graph\">{\"@context\":\"https:\\\/\\\/schema.org\",\"@graph\":[{\"@type\":\"WebPage\",\"@id\":\"https:\\\/\\\/museu.io\\\/tema\\\/exposicao\\\/insite\\\/\",\"url\":\"https:\\\/\\\/museu.io\\\/tema\\\/exposicao\\\/insite\\\/\",\"name\":\"inSITE - Tema museu.io\",\"isPartOf\":{\"@id\":\"https:\\\/\\\/museu.io\\\/tema\\\/#website\"},\"primaryImageOfPage\":{\"@id\":\"https:\\\/\\\/museu.io\\\/tema\\\/exposicao\\\/insite\\\/#primaryimage\"},\"image\":{\"@id\":\"https:\\\/\\\/museu.io\\\/tema\\\/exposicao\\\/insite\\\/#primaryimage\"},\"thumbnailUrl\":\"https:\\\/\\\/museu.io\\\/tema\\\/wp-content\\\/uploads\\\/2023\\\/02\\\/expo_inSITE_01.jpg\",\"datePublished\":\"2023-02-22T19:47:07+00:00\",\"dateModified\":\"2023-05-12T18:12:11+00:00\",\"breadcrumb\":{\"@id\":\"https:\\\/\\\/museu.io\\\/tema\\\/exposicao\\\/insite\\\/#breadcrumb\"},\"inLanguage\":\"pt-BR\",\"potentialAction\":[{\"@type\":\"ReadAction\",\"target\":[\"https:\\\/\\\/museu.io\\\/tema\\\/exposicao\\\/insite\\\/\"]}]},{\"@type\":\"ImageObject\",\"inLanguage\":\"pt-BR\",\"@id\":\"https:\\\/\\\/museu.io\\\/tema\\\/exposicao\\\/insite\\\/#primaryimage\",\"url\":\"https:\\\/\\\/museu.io\\\/tema\\\/wp-content\\\/uploads\\\/2023\\\/02\\\/expo_inSITE_01.jpg\",\"contentUrl\":\"https:\\\/\\\/museu.io\\\/tema\\\/wp-content\\\/uploads\\\/2023\\\/02\\\/expo_inSITE_01.jpg\",\"width\":1920,\"height\":1240},{\"@type\":\"BreadcrumbList\",\"@id\":\"https:\\\/\\\/museu.io\\\/tema\\\/exposicao\\\/insite\\\/#breadcrumb\",\"itemListElement\":[{\"@type\":\"ListItem\",\"position\":1,\"name\":\"In\u00edcio\",\"item\":\"https:\\\/\\\/museu.io\\\/tema\\\/\"},{\"@type\":\"ListItem\",\"position\":2,\"name\":\"Exhibitions\",\"item\":\"https:\\\/\\\/dev.museu.io\\\/tema\\\/exposicoes\\\/\"},{\"@type\":\"ListItem\",\"position\":3,\"name\":\"inSITE\"}]},{\"@type\":\"WebSite\",\"@id\":\"https:\\\/\\\/museu.io\\\/tema\\\/#website\",\"url\":\"https:\\\/\\\/museu.io\\\/tema\\\/\",\"name\":\"Tema Museu.io\",\"description\":\"Site demonstra\u00e7\u00e3o do tema Museu.io\",\"publisher\":{\"@id\":\"https:\\\/\\\/museu.io\\\/tema\\\/#organization\"},\"potentialAction\":[{\"@type\":\"SearchAction\",\"target\":{\"@type\":\"EntryPoint\",\"urlTemplate\":\"https:\\\/\\\/museu.io\\\/tema\\\/?s={search_term_string}\"},\"query-input\":{\"@type\":\"PropertyValueSpecification\",\"valueRequired\":true,\"valueName\":\"search_term_string\"}}],\"inLanguage\":\"pt-BR\"},{\"@type\":\"Organization\",\"@id\":\"https:\\\/\\\/museu.io\\\/tema\\\/#organization\",\"name\":\"Museu.io\",\"url\":\"https:\\\/\\\/museu.io\\\/tema\\\/\",\"logo\":{\"@type\":\"ImageObject\",\"inLanguage\":\"pt-BR\",\"@id\":\"https:\\\/\\\/museu.io\\\/tema\\\/#\\\/schema\\\/logo\\\/image\\\/\",\"url\":\"https:\\\/\\\/museu.io\\\/tema\\\/wp-content\\\/uploads\\\/2023\\\/02\\\/Artboard-1.png\",\"contentUrl\":\"https:\\\/\\\/museu.io\\\/tema\\\/wp-content\\\/uploads\\\/2023\\\/02\\\/Artboard-1.png\",\"width\":339,\"height\":305,\"caption\":\"Museu.io\"},\"image\":{\"@id\":\"https:\\\/\\\/museu.io\\\/tema\\\/#\\\/schema\\\/logo\\\/image\\\/\"}}]}<\/script>\n<!-- \/ Yoast SEO plugin. -->","yoast_head_json":{"title":"inSITE - Tema museu.io","robots":{"index":"index","follow":"follow","max-snippet":"max-snippet:-1","max-image-preview":"max-image-preview:large","max-video-preview":"max-video-preview:-1"},"canonical":"https:\/\/museu.io\/tema\/exposicao\/insite\/","og_locale":"pt_BR","og_type":"article","og_title":"inSITE - Tema museu.io","og_description":"Originalmente fundado para atender a uma falta percebida de institui\u00e7\u00f5es culturais em San Diego, com sua segunda itera\u00e7\u00e3o em 1994, \"inSITE\" se expandiu para locais abrangendo a \u00e1rea imediatamente ao redor dos EUA.","og_url":"https:\/\/museu.io\/tema\/exposicao\/insite\/","og_site_name":"Tema museu.io","article_modified_time":"2023-05-12T18:12:11+00:00","og_image":[{"width":1920,"height":1240,"url":"https:\/\/museu.io\/tema\/wp-content\/uploads\/2023\/02\/expo_inSITE_01.jpg","type":"image\/jpeg"}],"twitter_card":"summary_large_image","twitter_misc":{"Est. tempo de leitura":"2 minutos"},"schema":{"@context":"https:\/\/schema.org","@graph":[{"@type":"WebPage","@id":"https:\/\/museu.io\/tema\/exposicao\/insite\/","url":"https:\/\/museu.io\/tema\/exposicao\/insite\/","name":"inSITE - Tema museu.io","isPartOf":{"@id":"https:\/\/museu.io\/tema\/#website"},"primaryImageOfPage":{"@id":"https:\/\/museu.io\/tema\/exposicao\/insite\/#primaryimage"},"image":{"@id":"https:\/\/museu.io\/tema\/exposicao\/insite\/#primaryimage"},"thumbnailUrl":"https:\/\/museu.io\/tema\/wp-content\/uploads\/2023\/02\/expo_inSITE_01.jpg","datePublished":"2023-02-22T19:47:07+00:00","dateModified":"2023-05-12T18:12:11+00:00","breadcrumb":{"@id":"https:\/\/museu.io\/tema\/exposicao\/insite\/#breadcrumb"},"inLanguage":"pt-BR","potentialAction":[{"@type":"ReadAction","target":["https:\/\/museu.io\/tema\/exposicao\/insite\/"]}]},{"@type":"ImageObject","inLanguage":"pt-BR","@id":"https:\/\/museu.io\/tema\/exposicao\/insite\/#primaryimage","url":"https:\/\/museu.io\/tema\/wp-content\/uploads\/2023\/02\/expo_inSITE_01.jpg","contentUrl":"https:\/\/museu.io\/tema\/wp-content\/uploads\/2023\/02\/expo_inSITE_01.jpg","width":1920,"height":1240},{"@type":"BreadcrumbList","@id":"https:\/\/museu.io\/tema\/exposicao\/insite\/#breadcrumb","itemListElement":[{"@type":"ListItem","position":1,"name":"In\u00edcio","item":"https:\/\/museu.io\/tema\/"},{"@type":"ListItem","position":2,"name":"Exhibitions","item":"https:\/\/dev.museu.io\/tema\/exposicoes\/"},{"@type":"ListItem","position":3,"name":"inSITE"}]},{"@type":"WebSite","@id":"https:\/\/museu.io\/tema\/#website","url":"https:\/\/museu.io\/tema\/","name":"Tema Museu.io","description":"Site demonstra\u00e7\u00e3o do tema Museu.io","publisher":{"@id":"https:\/\/museu.io\/tema\/#organization"},"potentialAction":[{"@type":"SearchAction","target":{"@type":"EntryPoint","urlTemplate":"https:\/\/museu.io\/tema\/?s={search_term_string}"},"query-input":{"@type":"PropertyValueSpecification","valueRequired":true,"valueName":"search_term_string"}}],"inLanguage":"pt-BR"},{"@type":"Organization","@id":"https:\/\/museu.io\/tema\/#organization","name":"Museu.io","url":"https:\/\/museu.io\/tema\/","logo":{"@type":"ImageObject","inLanguage":"pt-BR","@id":"https:\/\/museu.io\/tema\/#\/schema\/logo\/image\/","url":"https:\/\/museu.io\/tema\/wp-content\/uploads\/2023\/02\/Artboard-1.png","contentUrl":"https:\/\/museu.io\/tema\/wp-content\/uploads\/2023\/02\/Artboard-1.png","width":339,"height":305,"caption":"Museu.io"},"image":{"@id":"https:\/\/museu.io\/tema\/#\/schema\/logo\/image\/"}}]}},"_links":{"self":[{"href":"https:\/\/museu.io\/tema\/wp-json\/wp\/v2\/mio_exhibition\/2939","targetHints":{"allow":["GET"]}}],"collection":[{"href":"https:\/\/museu.io\/tema\/wp-json\/wp\/v2\/mio_exhibition"}],"about":[{"href":"https:\/\/museu.io\/tema\/wp-json\/wp\/v2\/types\/mio_exhibition"}],"version-history":[{"count":8,"href":"https:\/\/museu.io\/tema\/wp-json\/wp\/v2\/mio_exhibition\/2939\/revisions"}],"predecessor-version":[{"id":7102,"href":"https:\/\/museu.io\/tema\/wp-json\/wp\/v2\/mio_exhibition\/2939\/revisions\/7102"}],"wp:featuredmedia":[{"embeddable":true,"href":"https:\/\/museu.io\/tema\/wp-json\/wp\/v2\/media\/2940"}],"wp:attachment":[{"href":"https:\/\/museu.io\/tema\/wp-json\/wp\/v2\/media?parent=2939"}],"wp:term":[{"taxonomy":"mio_exhibition_type","embeddable":true,"href":"https:\/\/museu.io\/tema\/wp-json\/wp\/v2\/mio_exhibition_type?post=2939"},{"taxonomy":"mio_featured_post_classifier","embeddable":true,"href":"https:\/\/museu.io\/tema\/wp-json\/wp\/v2\/mio_featured_post_classifier?post=2939"},{"taxonomy":"mio_tags","embeddable":true,"href":"https:\/\/museu.io\/tema\/wp-json\/wp\/v2\/mio_tags?post=2939"}],"curies":[{"name":"wp","href":"https:\/\/api.w.org\/{rel}","templated":true}]}}