{"id":2928,"date":"2023-02-22T16:31:18","date_gmt":"2023-02-22T19:31:18","guid":{"rendered":"https:\/\/museu.io\/tema\/?post_type=mio_exhibition&#038;p=2928"},"modified":"2023-05-12T15:17:49","modified_gmt":"2023-05-12T18:17:49","slug":"magiciens-de-la-terre","status":"publish","type":"mio_exhibition","link":"https:\/\/museu.io\/tema\/exposicao\/magiciens-de-la-terre\/","title":{"rendered":"Magiciens de la Terre"},"content":{"rendered":"<div style=\"--mio-background-blend-mode: normal;--mio-background-attachment: scroll;--mio-hero-background-position--desktop: 50% 50%;--mio-hero-background-position: 50% 50%;--mio-hero-background-image: url(https:\/\/museu.io\/tema\/wp-content\/uploads\/2023\/02\/expo_magiciens_vitrine_01.jpg);--mio-hero-min-height: 320px;--mio-image-overlay-bg-color: ;\" class=\"alignfull mio-hero-content-max has-mio-hero-min-height has-mio-hero-background-image has-mio-hero-content-position-bottom-left wp-block-museuio-companion-hero\"><div class=\"mio-hero__positioner\" style=\"\"><div class=\"mio-hero__content\"><\/div><\/div><\/div>\n\n\n<div style=\"height:40px\" aria-hidden=\"true\" class=\"wp-block-spacer\"><\/div>\n\n\n\n<div class=\"wp-block-group alignwide wp-embed-aspect-16-9 wp-has-aspect-ratio has-background has-global-padding is-layout-constrained wp-block-group-is-layout-constrained\" style=\"background-color:#abb7c233;margin-top:var(--wp--preset--spacing--80);margin-bottom:var(--wp--preset--spacing--80);\"><div style=\"--mio-grid-column-gap: 16px;--mio-grid-row-gap: 24px;--mio-grid-columns: 2;\" class=\"mio-auto-grid-row-height alignwide wp-block-museuio-companion-grid\"><div class=\"mio-display-grid__content\">\n<div style=\"--mio-grid-rows--desktop: 4;--mio-grid-rows--mobile: 6;--mio-grid-cols--desktop: 4;--mio-grid-cols--mobile: 1;--mio-item-desktop-height: var(--mio-item-height, auto);--mio-item-desktop-width: var(--mio-item-width, auto);--mio-item-height: auto;--mio-item-width: auto;\" class=\"mio-custom-size align wp-block-museuio-companion-featured-item-custom\">\n\n<div class=\"wp-block-group has-global-padding is-layout-constrained wp-container-core-group-is-layout-0ca39a12 wp-block-group-is-layout-constrained\">\n<div class=\"wp-block-group is-vertical is-content-justification-center is-layout-flex wp-container-core-group-is-layout-ce155fab wp-block-group-is-layout-flex\">\n<h2 class=\"wp-block-heading has-text-align-center is-style-mio-remove-margin-block has-mio-subheader-2-font-size\"><i class=\"fas fa-calendar\"><\/i><\/h2>\n<\/div>\n\n\n\n<div class=\"wp-block-group has-global-padding is-layout-constrained wp-container-core-group-is-layout-d3393552 wp-block-group-is-layout-constrained\">\n<hr class=\"wp-block-separator has-text-color has-mio-black-color has-alpha-channel-opacity has-mio-black-background-color has-background is-style-default wp-container-content-c73ccdec\"\/>\n<\/div>\n\n\n\n<p class=\"has-text-align-center has-mio-regular-font-size\">18.05 at\u00e9 14.08<br>1089<\/p>\n<\/div>\n\n<\/div>\n\n<div style=\"--mio-grid-rows--desktop: 4;--mio-grid-rows--mobile: 6;--mio-grid-cols--desktop: 4;--mio-grid-cols--mobile: 1;--mio-item-desktop-height: var(--mio-item-height, auto);--mio-item-desktop-width: var(--mio-item-width, auto);--mio-item-height: auto;--mio-item-width: auto;\" class=\"mio-custom-size align wp-block-museuio-companion-featured-item-custom\">\n\n<div class=\"wp-block-group has-global-padding is-layout-constrained wp-container-core-group-is-layout-0ca39a12 wp-block-group-is-layout-constrained\">\n<div class=\"wp-block-group is-vertical is-content-justification-center is-layout-flex wp-container-core-group-is-layout-ce155fab wp-block-group-is-layout-flex\">\n<h2 class=\"wp-block-heading has-text-align-center is-style-mio-remove-margin-block has-mio-subheader-2-font-size\" id=\"block-b5d9828b-c92a-487c-bf8b-76402a6dcea6\"><i class=\"fas fa-location-dot\"><\/i><\/h2>\n<\/div>\n\n\n\n<div class=\"wp-block-group has-global-padding is-layout-constrained wp-container-core-group-is-layout-d3393552 wp-block-group-is-layout-constrained\">\n<hr class=\"wp-block-separator has-text-color has-mio-black-color has-alpha-channel-opacity has-mio-black-background-color has-background is-style-default wp-container-content-c73ccdec\"\/>\n<\/div>\n\n\n\n<p class=\"has-text-align-center has-mio-regular-font-size\">Centro Georges Pompidou<br>Paris, Fran\u00e7a<\/p>\n<\/div>\n\n<\/div>\n\n<div style=\"--mio-grid-rows--desktop: 4;--mio-grid-rows--mobile: 6;--mio-grid-cols--desktop: 4;--mio-grid-cols--mobile: 1;--mio-item-desktop-height: var(--mio-item-height, auto);--mio-item-desktop-width: var(--mio-item-width, auto);--mio-item-height: auto;--mio-item-width: auto;\" class=\"mio-custom-size align wp-block-museuio-companion-featured-item-custom\">\n\n<div class=\"wp-block-group has-global-padding is-layout-constrained wp-container-core-group-is-layout-0ca39a12 wp-block-group-is-layout-constrained\">\n<div class=\"wp-block-group is-vertical is-content-justification-center is-layout-flex wp-container-core-group-is-layout-ce155fab wp-block-group-is-layout-flex\">\n<h2 class=\"wp-block-heading has-text-align-center is-style-mio-remove-margin-block has-mio-subheader-2-font-size\" id=\"block-b5d9828b-c92a-487c-bf8b-76402a6dcea6\"><i class=\"fas fa-person\"><\/i><\/h2>\n<\/div>\n\n\n\n<div class=\"wp-block-group has-global-padding is-layout-constrained wp-container-core-group-is-layout-d3393552 wp-block-group-is-layout-constrained\">\n<hr class=\"wp-block-separator has-text-color has-mio-black-color has-alpha-channel-opacity has-mio-black-background-color has-background is-style-default wp-container-content-c73ccdec\"\/>\n<\/div>\n\n\n\n<p class=\"has-text-align-center has-mio-regular-font-size\">Curador: Jean-Hubert Martin<\/p>\n<\/div>\n\n<\/div>\n<\/div><\/div><\/div>\n\n\n<div class=\"lightweight-accordion wp-embed-aspect-16-9 wp-has-aspect-ratio is-style-mio-margin-large\"><details><summary class=\"lightweight-accordion-title\"><span>Pol\u00edtica de gratuidade<\/span><\/summary><div class=\"lightweight-accordion-body\">\n\n<p>Aenean leo ligula, porttitor eu, consequat vitae, eleifend ac, enim. Aliquam lorem ante, dapibus in, viverra quis, feugiat a, tellus. Phasellus viverra nulla ut metus varius laoreet. Quisque rutrum. Aenean imperdiet. Etiam ultricies nisi vel augue. Curabitur ullamcorper ultricies nisi.<\/p>\n\n<\/div><\/details><\/div>\n\n<div class=\"lightweight-accordion wp-embed-aspect-16-9 wp-has-aspect-ratio is-style-mio-margin-large\"><details><summary class=\"lightweight-accordion-title\"><span>Como chegar<\/span><\/summary><div class=\"lightweight-accordion-body\">\n\n<p>Aenean leo ligula, porttitor eu, consequat vitae, eleifend ac, enim. Aliquam lorem ante, dapibus in, viverra quis, feugiat a, tellus. Phasellus viverra nulla ut metus varius laoreet. Quisque rutrum. Aenean imperdiet. Etiam ultricies nisi vel augue. Curabitur ullamcorper ultricies nisi.<\/p>\n\n<\/div><\/details><\/div>\n\n\n<p>A exposi\u00e7\u00e3o de Jean-Hubert Martin pretendia neutralizar o etnocentrismo colonial da arte contempor\u00e2nea, incluindo um n\u00famero igual de obras de arte da \u00c1frica, \u00c1sia, Am\u00e9rica Latina e Austr\u00e1lia, bem como dos Estados Unidos e da Europa em uma pesquisa corretiva de obras de arte globais. Embora a mostra fosse uma resposta corretiva \u00e0s exposi\u00e7\u00f5es anteriores no MoMA e na Bienal de Paris, &#8220;Magiciens de la Terre&#8221; foi recebida com muitas cr\u00edticas &#8211; sem mencionar o fato de que a exposi\u00e7\u00e3o de Martin teve seus pr\u00f3prios problemas de apresenta\u00e7\u00e3o &#8211; n\u00e3o h\u00e1 d\u00favida que as discuss\u00f5es que ela provocou mudaram permanentemente os rumos das pr\u00e1ticas de curadoria internacional. Ao lado de artistas ocidentais mundialmente reconhecidos como Alighiero Boetti, Louise Bourgeois, Daniel Spoerri, Mario Merz e Rebecca Horn, a exposi\u00e7\u00e3o apresentou trabalhos de artistas menos conhecidos de pa\u00edses &#8220;marginais&#8221; como Kane Kwei, Mike Chukwukelu e Ch\u00e9ri Samba. O fato de que esses artistas s\u00e3o agora t\u00e3o conhecidos quanto muitos de seus colegas ocidentais mostra que o mundo da arte \u00e9 certamente mais globalizado agora do que era em 1989. Mas n\u00e3o h\u00e1 d\u00favida de que ainda h\u00e1 muito trabalho a fazer.<\/p>\n\n\n<div style=\"margin-top:var(--wp--preset--spacing--80);margin-bottom:var(--wp--preset--spacing--80);\" class=\"mio-section-content-boxed align wp-block-museuio-companion-section\"><div class=\"mio-section__content\">\n\n<h2 class=\"wp-block-heading has-mio-subheader-2-font-size\">Exposi\u00e7\u00f5es em destaque<\/h2>\n\n\n<div style=\"padding-top:0px;padding-right:0px;padding-bottom:0px;padding-left:0px;\" class=\"mio-display-carousel spacing-mode-default has-sizing-mode-item align wp-block-museuio-companion-carousel\" data-option-free-scroll=\"1\" data-option-wrap-around=\"\" data-option-auto-play=\"\" data-option-fade=\"\" data-option-contain=\"1\" data-option-prev-next-buttons=\"1\" data-option-cell-align=\"left\"><div class=\"mio-display-carousel__content\">\n<div style=\"--mio-grid-rows--desktop: 4;--mio-grid-rows--mobile: 6;--mio-grid-cols--desktop: 6;--mio-grid-cols--mobile: 1;--mio-item-desktop-height: var(--mio-item-height, auto);--mio-item-desktop-width: 40%;--mio-item-height: auto;--mio-item-width: 85%;\" class=\"mio-custom-size has-percent-item-width align wp-block-museuio-companion-featured-item-custom\"><a class=\"mio-featured-item-custom-wrapper-link\" href=\"https:\/\/museu.io\/tema\/exposicao\/infinity-mirror-room\/\">\n<div style=\"--mio-image-box-position--desktop: 50% 20%;--mio-image-box-position: 50% 40%;--mio-image-box-height--desktop: 240px;--mio-image-box-height: 240px;--mio-image-box-width: 100%;--mio-object-fit--desktop: cover;--mio-object-fit: cover;--mio-image-box-mode: cover;\" class=\"mio-image has-mio-size-fit-box align wp-block-museuio-companion-image\"><figure><div class=\"mio-image-wrapper\"  style=\"\"><img loading=\"lazy\" decoding=\"async\" width=\"1920\" height=\"1373\" src=\"https:\/\/museu.io\/tema\/wp-content\/uploads\/2023\/05\/expo_yayoi-01.jpg\" class=\"attachment-full size-full\" alt=\"\" srcset=\"https:\/\/museu.io\/tema\/wp-content\/uploads\/2023\/05\/expo_yayoi-01.jpg 1920w, https:\/\/museu.io\/tema\/wp-content\/uploads\/2023\/05\/expo_yayoi-01-800x572.jpg 800w, https:\/\/museu.io\/tema\/wp-content\/uploads\/2023\/05\/expo_yayoi-01-1510x1080.jpg 1510w, https:\/\/museu.io\/tema\/wp-content\/uploads\/2023\/05\/expo_yayoi-01-768x549.jpg 768w, https:\/\/museu.io\/tema\/wp-content\/uploads\/2023\/05\/expo_yayoi-01-1536x1098.jpg 1536w, https:\/\/museu.io\/tema\/wp-content\/uploads\/2023\/05\/expo_yayoi-01-205x147.jpg 205w, https:\/\/museu.io\/tema\/wp-content\/uploads\/2023\/05\/expo_yayoi-01-480x343.jpg 480w, https:\/\/museu.io\/tema\/wp-content\/uploads\/2023\/05\/expo_yayoi-01-1074x768.jpg 1074w\" sizes=\"auto, (max-width: 1920px) 100vw, 1920px\" \/><\/div><\/figure><\/div>\n\n\n<div class=\"wp-block-group has-luminous-vivid-amber-background-color has-background has-global-padding is-content-justification-left is-layout-constrained wp-container-core-group-is-layout-275490c1 wp-block-group-is-layout-constrained\" style=\"padding-top:var(--wp--preset--spacing--50);padding-right:var(--wp--preset--spacing--50);padding-bottom:var(--wp--preset--spacing--50);padding-left:var(--wp--preset--spacing--50);\">\n<p class=\"has-text-align-left has-mio-small-font-size\" style=\"font-style:normal;font-weight:700;text-transform:uppercase\">EXPOSI\u00c7\u00c3O TEMPOR\u00c1RIA<\/p>\n\n\n\n<h2 class=\"wp-block-heading is-style-mio-remove-margin-block has-mio-medium-font-size\">Infinity Mirror Room<\/h2>\n\n\n\n<p class=\"has-mio-small-font-size\">De 04 de abril at\u00e9 30 de setembro<\/p>\n<\/div>\n\n<\/a><\/div>\n\n<div style=\"--mio-grid-rows--desktop: 4;--mio-grid-rows--mobile: 6;--mio-grid-cols--desktop: 6;--mio-grid-cols--mobile: 1;--mio-item-desktop-height: var(--mio-item-height, auto);--mio-item-desktop-width: 40%;--mio-item-height: auto;--mio-item-width: 85%;\" class=\"mio-custom-size has-percent-item-width align wp-block-museuio-companion-featured-item-custom\"><a class=\"mio-featured-item-custom-wrapper-link\" href=\"https:\/\/museu.io\/tema\/exposicao\/ai-weiwei-according-to-what\/\">\n<div style=\"--mio-image-box-position--desktop: 50% 20%;--mio-image-box-position: 50% 40%;--mio-image-box-height--desktop: 240px;--mio-image-box-height: 240px;--mio-image-box-width: 100%;--mio-object-fit--desktop: cover;--mio-object-fit: cover;--mio-image-box-mode: cover;\" class=\"mio-image has-mio-size-fit-box align wp-block-museuio-companion-image\"><figure><div class=\"mio-image-wrapper\"  style=\"\"><img loading=\"lazy\" decoding=\"async\" width=\"1920\" height=\"1626\" src=\"https:\/\/museu.io\/tema\/wp-content\/uploads\/2023\/05\/expo-weiwei-04.jpg\" class=\"attachment-full size-full\" alt=\"\" srcset=\"https:\/\/museu.io\/tema\/wp-content\/uploads\/2023\/05\/expo-weiwei-04.jpg 1920w, https:\/\/museu.io\/tema\/wp-content\/uploads\/2023\/05\/expo-weiwei-04-800x678.jpg 800w, https:\/\/museu.io\/tema\/wp-content\/uploads\/2023\/05\/expo-weiwei-04-1275x1080.jpg 1275w, https:\/\/museu.io\/tema\/wp-content\/uploads\/2023\/05\/expo-weiwei-04-768x650.jpg 768w, https:\/\/museu.io\/tema\/wp-content\/uploads\/2023\/05\/expo-weiwei-04-1536x1301.jpg 1536w, https:\/\/museu.io\/tema\/wp-content\/uploads\/2023\/05\/expo-weiwei-04-205x174.jpg 205w, https:\/\/museu.io\/tema\/wp-content\/uploads\/2023\/05\/expo-weiwei-04-480x407.jpg 480w, https:\/\/museu.io\/tema\/wp-content\/uploads\/2023\/05\/expo-weiwei-04-907x768.jpg 907w\" sizes=\"auto, (max-width: 1920px) 100vw, 1920px\" \/><\/div><\/figure><\/div>\n\n\n<div class=\"wp-block-group has-background has-global-padding is-content-justification-left is-layout-constrained wp-container-core-group-is-layout-275490c1 wp-block-group-is-layout-constrained\" style=\"background-color:#e7c397;padding-top:var(--wp--preset--spacing--50);padding-right:var(--wp--preset--spacing--50);padding-bottom:var(--wp--preset--spacing--50);padding-left:var(--wp--preset--spacing--50);\">\n<p class=\"has-text-align-left has-mio-small-font-size\" style=\"font-style:normal;font-weight:700;text-transform:uppercase\">EXPOSI\u00c7\u00c3O TEMPOR\u00c1RIA<\/p>\n\n\n\n<h2 class=\"wp-block-heading is-style-mio-remove-margin-block has-mio-medium-font-size\">Ai Weiwei: According to What?<\/h2>\n\n\n\n<p class=\"has-mio-small-font-size\">De 07 de outubro at\u00e9 24 de fevereiro<\/p>\n<\/div>\n\n<\/a><\/div>\n\n<div style=\"--mio-grid-rows--desktop: 4;--mio-grid-rows--mobile: 6;--mio-grid-cols--desktop: 6;--mio-grid-cols--mobile: 1;--mio-item-desktop-height: var(--mio-item-height, auto);--mio-item-desktop-width: 40%;--mio-item-height: auto;--mio-item-width: 85%;\" class=\"mio-custom-size has-percent-item-width align wp-block-museuio-companion-featured-item-custom\"><a class=\"mio-featured-item-custom-wrapper-link\" href=\"https:\/\/museu.io\/tema\/exposicao\/when-attitudes-become-form-1969\/\">\n<div style=\"--mio-image-box-position--desktop: 50% 20%;--mio-image-box-position: 50% 30%;--mio-image-box-height--desktop: 240px;--mio-image-box-height: 240px;--mio-image-box-width: 100%;--mio-object-fit--desktop: cover;--mio-object-fit: cover;--mio-image-box-mode: cover;\" class=\"mio-image has-mio-size-fit-box align wp-block-museuio-companion-image\"><figure><div class=\"mio-image-wrapper\"  style=\"\"><img loading=\"lazy\" decoding=\"async\" width=\"1280\" height=\"850\" src=\"https:\/\/museu.io\/tema\/wp-content\/uploads\/2023\/01\/expo_wabf_11.jpg\" class=\"attachment-full size-full\" alt=\"\" srcset=\"https:\/\/museu.io\/tema\/wp-content\/uploads\/2023\/01\/expo_wabf_11.jpg 1280w, https:\/\/museu.io\/tema\/wp-content\/uploads\/2023\/01\/expo_wabf_11-800x531.jpg 800w, https:\/\/museu.io\/tema\/wp-content\/uploads\/2023\/01\/expo_wabf_11-768x510.jpg 768w, https:\/\/museu.io\/tema\/wp-content\/uploads\/2023\/01\/expo_wabf_11-205x136.jpg 205w, https:\/\/museu.io\/tema\/wp-content\/uploads\/2023\/01\/expo_wabf_11-480x319.jpg 480w, https:\/\/museu.io\/tema\/wp-content\/uploads\/2023\/01\/expo_wabf_11-1157x768.jpg 1157w, https:\/\/museu.io\/tema\/wp-content\/uploads\/2023\/01\/expo_wabf_11-600x398.jpg 600w\" sizes=\"auto, (max-width: 1280px) 100vw, 1280px\" \/><\/div><\/figure><\/div>\n\n\n<div class=\"wp-block-group has-mio-black-background-color has-background has-global-padding is-content-justification-left is-layout-constrained wp-container-core-group-is-layout-275490c1 wp-block-group-is-layout-constrained\" style=\"padding-top:var(--wp--preset--spacing--50);padding-right:var(--wp--preset--spacing--50);padding-bottom:var(--wp--preset--spacing--50);padding-left:var(--wp--preset--spacing--50);\">\n<p class=\"has-text-align-left has-mio-white-color has-text-color has-mio-small-font-size\" style=\"font-style:normal;font-weight:700;text-transform:uppercase\">EXPOSI\u00c7\u00c3O TEMPOR\u00c1RIA<\/p>\n\n\n\n<h2 class=\"wp-block-heading is-style-mio-remove-margin-block has-mio-white-color has-text-color has-mio-medium-font-size\">When Attitudes Become Form<\/h2>\n\n\n\n<p class=\"has-mio-white-color has-text-color has-mio-small-font-size\">De 04 de abril at\u00e9 30 de setembro<\/p>\n<\/div>\n\n<\/a><\/div>\n<\/div><\/div>\n<\/div><\/div>","protected":false},"excerpt":{"rendered":"<p>A exposi\u00e7\u00e3o de Jean-Hubert Martin pretendia neutralizar o etnocentrismo colonial da arte contempor\u00e2nea, incluindo um n\u00famero igual de obras de arte de todo o mundo em uma pesquisa corretiva de obras de arte globais.<\/p>\n","protected":false},"featured_media":2929,"menu_order":0,"template":"","meta":{"_acf_changed":false,"_EventAllDay":false,"_EventTimezone":"","_EventStartDate":"","_EventEndDate":"","_EventStartDateUTC":"","_EventEndDateUTC":"","_EventShowMap":false,"_EventShowMapLink":false,"_EventURL":"","_EventCost":"","_EventCostDescription":"","_EventCurrencySymbol":"","_EventCurrencyCode":"","_EventCurrencyPosition":"","_EventDateTimeSeparator":"","_EventTimeRangeSeparator":"","_EventOrganizerID":[],"_EventVenueID":[],"_OrganizerEmail":"","_OrganizerPhone":"","_OrganizerWebsite":"","_VenueAddress":"","_VenueCity":"","_VenueCountry":"","_VenueProvince":"","_VenueState":"","_VenueZip":"","_VenuePhone":"","_VenueURL":"","_VenueStateProvince":"","_VenueLat":"","_VenueLng":"","_VenueShowMap":false,"_VenueShowMapLink":false,"mio_support_image":0,"mio_support_text":"","mio_alternative_title":"","mio_custom_heading":"","exhibition_opening_date":"19890518","exhibition_closing_date":"19890814","footnotes":""},"mio_exhibition_type":[],"mio_featured_post_classifier":[],"mio_tags":[],"class_list":["post-2928","mio_exhibition","type-mio_exhibition","status-publish","has-post-thumbnail","hentry"],"acf":[],"yoast_head":"<!-- This site is optimized with the Yoast SEO plugin v27.5 - https:\/\/yoast.com\/product\/yoast-seo-wordpress\/ -->\n<title>Magiciens de la Terre - Tema museu.io<\/title>\n<meta name=\"robots\" content=\"index, follow, max-snippet:-1, max-image-preview:large, max-video-preview:-1\" \/>\n<link rel=\"canonical\" href=\"https:\/\/museu.io\/tema\/exposicao\/magiciens-de-la-terre\/\" \/>\n<meta property=\"og:locale\" content=\"pt_BR\" \/>\n<meta property=\"og:type\" content=\"article\" \/>\n<meta property=\"og:title\" content=\"Magiciens de la Terre - Tema museu.io\" \/>\n<meta property=\"og:description\" content=\"A exposi\u00e7\u00e3o de Jean-Hubert Martin pretendia neutralizar o etnocentrismo colonial da arte contempor\u00e2nea, incluindo um n\u00famero igual de obras de arte de todo o mundo em uma pesquisa corretiva de obras de arte globais.\" \/>\n<meta property=\"og:url\" content=\"https:\/\/museu.io\/tema\/exposicao\/magiciens-de-la-terre\/\" \/>\n<meta property=\"og:site_name\" content=\"Tema museu.io\" \/>\n<meta property=\"article:modified_time\" content=\"2023-05-12T18:17:49+00:00\" \/>\n<meta property=\"og:image\" content=\"https:\/\/museu.io\/tema\/wp-content\/uploads\/2023\/02\/expo_magiciens_01.jpg\" \/>\n\t<meta property=\"og:image:width\" content=\"1920\" \/>\n\t<meta property=\"og:image:height\" content=\"1240\" \/>\n\t<meta property=\"og:image:type\" content=\"image\/jpeg\" \/>\n<meta name=\"twitter:card\" content=\"summary_large_image\" \/>\n<meta name=\"twitter:label1\" content=\"Est. tempo de leitura\" \/>\n\t<meta name=\"twitter:data1\" content=\"2 minutos\" \/>\n<script type=\"application\/ld+json\" class=\"yoast-schema-graph\">{\"@context\":\"https:\\\/\\\/schema.org\",\"@graph\":[{\"@type\":\"WebPage\",\"@id\":\"https:\\\/\\\/museu.io\\\/tema\\\/exposicao\\\/magiciens-de-la-terre\\\/\",\"url\":\"https:\\\/\\\/museu.io\\\/tema\\\/exposicao\\\/magiciens-de-la-terre\\\/\",\"name\":\"Magiciens de la Terre - Tema museu.io\",\"isPartOf\":{\"@id\":\"https:\\\/\\\/museu.io\\\/tema\\\/#website\"},\"primaryImageOfPage\":{\"@id\":\"https:\\\/\\\/museu.io\\\/tema\\\/exposicao\\\/magiciens-de-la-terre\\\/#primaryimage\"},\"image\":{\"@id\":\"https:\\\/\\\/museu.io\\\/tema\\\/exposicao\\\/magiciens-de-la-terre\\\/#primaryimage\"},\"thumbnailUrl\":\"https:\\\/\\\/museu.io\\\/tema\\\/wp-content\\\/uploads\\\/2023\\\/02\\\/expo_magiciens_01.jpg\",\"datePublished\":\"2023-02-22T19:31:18+00:00\",\"dateModified\":\"2023-05-12T18:17:49+00:00\",\"breadcrumb\":{\"@id\":\"https:\\\/\\\/museu.io\\\/tema\\\/exposicao\\\/magiciens-de-la-terre\\\/#breadcrumb\"},\"inLanguage\":\"pt-BR\",\"potentialAction\":[{\"@type\":\"ReadAction\",\"target\":[\"https:\\\/\\\/museu.io\\\/tema\\\/exposicao\\\/magiciens-de-la-terre\\\/\"]}]},{\"@type\":\"ImageObject\",\"inLanguage\":\"pt-BR\",\"@id\":\"https:\\\/\\\/museu.io\\\/tema\\\/exposicao\\\/magiciens-de-la-terre\\\/#primaryimage\",\"url\":\"https:\\\/\\\/museu.io\\\/tema\\\/wp-content\\\/uploads\\\/2023\\\/02\\\/expo_magiciens_01.jpg\",\"contentUrl\":\"https:\\\/\\\/museu.io\\\/tema\\\/wp-content\\\/uploads\\\/2023\\\/02\\\/expo_magiciens_01.jpg\",\"width\":1920,\"height\":1240},{\"@type\":\"BreadcrumbList\",\"@id\":\"https:\\\/\\\/museu.io\\\/tema\\\/exposicao\\\/magiciens-de-la-terre\\\/#breadcrumb\",\"itemListElement\":[{\"@type\":\"ListItem\",\"position\":1,\"name\":\"In\u00edcio\",\"item\":\"https:\\\/\\\/museu.io\\\/tema\\\/\"},{\"@type\":\"ListItem\",\"position\":2,\"name\":\"Exhibitions\",\"item\":\"https:\\\/\\\/dev.museu.io\\\/tema\\\/exposicoes\\\/\"},{\"@type\":\"ListItem\",\"position\":3,\"name\":\"Magiciens de la Terre\"}]},{\"@type\":\"WebSite\",\"@id\":\"https:\\\/\\\/museu.io\\\/tema\\\/#website\",\"url\":\"https:\\\/\\\/museu.io\\\/tema\\\/\",\"name\":\"Tema Museu.io\",\"description\":\"Site demonstra\u00e7\u00e3o do tema Museu.io\",\"publisher\":{\"@id\":\"https:\\\/\\\/museu.io\\\/tema\\\/#organization\"},\"potentialAction\":[{\"@type\":\"SearchAction\",\"target\":{\"@type\":\"EntryPoint\",\"urlTemplate\":\"https:\\\/\\\/museu.io\\\/tema\\\/?s={search_term_string}\"},\"query-input\":{\"@type\":\"PropertyValueSpecification\",\"valueRequired\":true,\"valueName\":\"search_term_string\"}}],\"inLanguage\":\"pt-BR\"},{\"@type\":\"Organization\",\"@id\":\"https:\\\/\\\/museu.io\\\/tema\\\/#organization\",\"name\":\"Museu.io\",\"url\":\"https:\\\/\\\/museu.io\\\/tema\\\/\",\"logo\":{\"@type\":\"ImageObject\",\"inLanguage\":\"pt-BR\",\"@id\":\"https:\\\/\\\/museu.io\\\/tema\\\/#\\\/schema\\\/logo\\\/image\\\/\",\"url\":\"https:\\\/\\\/museu.io\\\/tema\\\/wp-content\\\/uploads\\\/2023\\\/02\\\/Artboard-1.png\",\"contentUrl\":\"https:\\\/\\\/museu.io\\\/tema\\\/wp-content\\\/uploads\\\/2023\\\/02\\\/Artboard-1.png\",\"width\":339,\"height\":305,\"caption\":\"Museu.io\"},\"image\":{\"@id\":\"https:\\\/\\\/museu.io\\\/tema\\\/#\\\/schema\\\/logo\\\/image\\\/\"}}]}<\/script>\n<!-- \/ Yoast SEO plugin. -->","yoast_head_json":{"title":"Magiciens de la Terre - Tema museu.io","robots":{"index":"index","follow":"follow","max-snippet":"max-snippet:-1","max-image-preview":"max-image-preview:large","max-video-preview":"max-video-preview:-1"},"canonical":"https:\/\/museu.io\/tema\/exposicao\/magiciens-de-la-terre\/","og_locale":"pt_BR","og_type":"article","og_title":"Magiciens de la Terre - Tema museu.io","og_description":"A exposi\u00e7\u00e3o de Jean-Hubert Martin pretendia neutralizar o etnocentrismo colonial da arte contempor\u00e2nea, incluindo um n\u00famero igual de obras de arte de todo o mundo em uma pesquisa corretiva de obras de arte globais.","og_url":"https:\/\/museu.io\/tema\/exposicao\/magiciens-de-la-terre\/","og_site_name":"Tema museu.io","article_modified_time":"2023-05-12T18:17:49+00:00","og_image":[{"width":1920,"height":1240,"url":"https:\/\/museu.io\/tema\/wp-content\/uploads\/2023\/02\/expo_magiciens_01.jpg","type":"image\/jpeg"}],"twitter_card":"summary_large_image","twitter_misc":{"Est. tempo de leitura":"2 minutos"},"schema":{"@context":"https:\/\/schema.org","@graph":[{"@type":"WebPage","@id":"https:\/\/museu.io\/tema\/exposicao\/magiciens-de-la-terre\/","url":"https:\/\/museu.io\/tema\/exposicao\/magiciens-de-la-terre\/","name":"Magiciens de la Terre - Tema museu.io","isPartOf":{"@id":"https:\/\/museu.io\/tema\/#website"},"primaryImageOfPage":{"@id":"https:\/\/museu.io\/tema\/exposicao\/magiciens-de-la-terre\/#primaryimage"},"image":{"@id":"https:\/\/museu.io\/tema\/exposicao\/magiciens-de-la-terre\/#primaryimage"},"thumbnailUrl":"https:\/\/museu.io\/tema\/wp-content\/uploads\/2023\/02\/expo_magiciens_01.jpg","datePublished":"2023-02-22T19:31:18+00:00","dateModified":"2023-05-12T18:17:49+00:00","breadcrumb":{"@id":"https:\/\/museu.io\/tema\/exposicao\/magiciens-de-la-terre\/#breadcrumb"},"inLanguage":"pt-BR","potentialAction":[{"@type":"ReadAction","target":["https:\/\/museu.io\/tema\/exposicao\/magiciens-de-la-terre\/"]}]},{"@type":"ImageObject","inLanguage":"pt-BR","@id":"https:\/\/museu.io\/tema\/exposicao\/magiciens-de-la-terre\/#primaryimage","url":"https:\/\/museu.io\/tema\/wp-content\/uploads\/2023\/02\/expo_magiciens_01.jpg","contentUrl":"https:\/\/museu.io\/tema\/wp-content\/uploads\/2023\/02\/expo_magiciens_01.jpg","width":1920,"height":1240},{"@type":"BreadcrumbList","@id":"https:\/\/museu.io\/tema\/exposicao\/magiciens-de-la-terre\/#breadcrumb","itemListElement":[{"@type":"ListItem","position":1,"name":"In\u00edcio","item":"https:\/\/museu.io\/tema\/"},{"@type":"ListItem","position":2,"name":"Exhibitions","item":"https:\/\/dev.museu.io\/tema\/exposicoes\/"},{"@type":"ListItem","position":3,"name":"Magiciens de la Terre"}]},{"@type":"WebSite","@id":"https:\/\/museu.io\/tema\/#website","url":"https:\/\/museu.io\/tema\/","name":"Tema Museu.io","description":"Site demonstra\u00e7\u00e3o do tema Museu.io","publisher":{"@id":"https:\/\/museu.io\/tema\/#organization"},"potentialAction":[{"@type":"SearchAction","target":{"@type":"EntryPoint","urlTemplate":"https:\/\/museu.io\/tema\/?s={search_term_string}"},"query-input":{"@type":"PropertyValueSpecification","valueRequired":true,"valueName":"search_term_string"}}],"inLanguage":"pt-BR"},{"@type":"Organization","@id":"https:\/\/museu.io\/tema\/#organization","name":"Museu.io","url":"https:\/\/museu.io\/tema\/","logo":{"@type":"ImageObject","inLanguage":"pt-BR","@id":"https:\/\/museu.io\/tema\/#\/schema\/logo\/image\/","url":"https:\/\/museu.io\/tema\/wp-content\/uploads\/2023\/02\/Artboard-1.png","contentUrl":"https:\/\/museu.io\/tema\/wp-content\/uploads\/2023\/02\/Artboard-1.png","width":339,"height":305,"caption":"Museu.io"},"image":{"@id":"https:\/\/museu.io\/tema\/#\/schema\/logo\/image\/"}}]}},"_links":{"self":[{"href":"https:\/\/museu.io\/tema\/wp-json\/wp\/v2\/mio_exhibition\/2928","targetHints":{"allow":["GET"]}}],"collection":[{"href":"https:\/\/museu.io\/tema\/wp-json\/wp\/v2\/mio_exhibition"}],"about":[{"href":"https:\/\/museu.io\/tema\/wp-json\/wp\/v2\/types\/mio_exhibition"}],"version-history":[{"count":8,"href":"https:\/\/museu.io\/tema\/wp-json\/wp\/v2\/mio_exhibition\/2928\/revisions"}],"predecessor-version":[{"id":7109,"href":"https:\/\/museu.io\/tema\/wp-json\/wp\/v2\/mio_exhibition\/2928\/revisions\/7109"}],"wp:featuredmedia":[{"embeddable":true,"href":"https:\/\/museu.io\/tema\/wp-json\/wp\/v2\/media\/2929"}],"wp:attachment":[{"href":"https:\/\/museu.io\/tema\/wp-json\/wp\/v2\/media?parent=2928"}],"wp:term":[{"taxonomy":"mio_exhibition_type","embeddable":true,"href":"https:\/\/museu.io\/tema\/wp-json\/wp\/v2\/mio_exhibition_type?post=2928"},{"taxonomy":"mio_featured_post_classifier","embeddable":true,"href":"https:\/\/museu.io\/tema\/wp-json\/wp\/v2\/mio_featured_post_classifier?post=2928"},{"taxonomy":"mio_tags","embeddable":true,"href":"https:\/\/museu.io\/tema\/wp-json\/wp\/v2\/mio_tags?post=2928"}],"curies":[{"name":"wp","href":"https:\/\/api.w.org\/{rel}","templated":true}]}}