{"id":1630,"date":"2023-01-23T23:13:46","date_gmt":"2023-01-24T02:13:46","guid":{"rendered":"https:\/\/museu.io\/tema\/?post_type=mio_exhibition&#038;p=1630"},"modified":"2023-04-17T13:30:23","modified_gmt":"2023-04-17T16:30:23","slug":"jardim-das-esculturas","status":"publish","type":"mio_exhibition","link":"https:\/\/museu.io\/tema\/exposicao\/jardim-das-esculturas\/","title":{"rendered":"Jardim das esculturas"},"content":{"rendered":"\n<p>Projetado por Burle Marx em 1993, o Jardim das Esculturas \u2013 um dos principais acervos brasileiros ao ar livre \u2013 acaba de ganhar vida nova. Todas as 30 obras, dispostas em uma \u00e1rea de seis mil metros quadrados localizada ao redor do MAM, passaram por um amplo processo de restaura\u00e7\u00e3o e receberam ilumina\u00e7\u00e3o especial, com projetos espec\u00edficos para cada uma delas, j\u00e1 que o desafio era iluminar obras a c\u00e9u aberto em uma pra\u00e7a urbana p\u00fablica.<\/p>\n\n\n\n<p>Todo o processo levou quase um ano para ser conclu\u00eddo e contou com a\u00e7\u00f5es de pintura, reparos, identifica\u00e7\u00e3o das obras e limpeza. Algumas esculturas necessitaram de reparos mais complexos, como \u00e9 o caso obra Sem t\u00edtulo (1997) de Iole de Freitas que contou com a participa\u00e7\u00e3o da artista no processo de substitui\u00e7\u00e3o de malhas met\u00e1licas e ajustes na estrutura.<\/p>\n\n\n\n<p>Uma visita ao Jardim de Esculturas permite conhecer uma amostra significativa da arte tridimensional produzida no Brasil a partir da segunda metade do s\u00e9culo XX, atrav\u00e9s de trabalhos como os de Antonio Liz\u00e1rraga, Carlos Fajardo, Amilcar de Castro, Emanoel Ara\u00fajo, Jos\u00e9 Resende, Am\u00e9lia Toledo, Ana Maria Tavares, Franz Weissmann, Elisa Bracher e Nuno Ramos, entre outros.<\/p>\n\n\n\n<p><em>Com informa\u00e7\u00f5es da Arte Hall, Glamurama e MAM<\/em><\/p>\n","protected":false},"excerpt":{"rendered":"<p>Projetado por Burle Marx em 1993, o Jardim das Esculturas \u00e9 um dos principais acervos brasileiros ao ar livre<\/p>\n","protected":false},"featured_media":2936,"menu_order":0,"template":"","meta":{"_acf_changed":false,"_EventAllDay":false,"_EventTimezone":"","_EventStartDate":"","_EventEndDate":"","_EventStartDateUTC":"","_EventEndDateUTC":"","_EventShowMap":false,"_EventShowMapLink":false,"_EventURL":"","_EventCost":"","_EventCostDescription":"","_EventCurrencySymbol":"","_EventCurrencyCode":"","_EventCurrencyPosition":"","_EventDateTimeSeparator":"","_EventTimeRangeSeparator":"","_EventOrganizerID":[],"_EventVenueID":[],"_OrganizerEmail":"","_OrganizerPhone":"","_OrganizerWebsite":"","_VenueAddress":"","_VenueCity":"","_VenueCountry":"","_VenueProvince":"","_VenueState":"","_VenueZip":"","_VenuePhone":"","_VenueURL":"","_VenueStateProvince":"","_VenueLat":"","_VenueLng":"","_VenueShowMap":false,"_VenueShowMapLink":false,"mio_support_image":0,"mio_support_text":"","mio_alternative_title":"","mio_custom_heading":"","exhibition_opening_date":"","exhibition_closing_date":"","footnotes":""},"mio_exhibition_type":[27],"mio_featured_post_classifier":[],"mio_tags":[],"class_list":["post-1630","mio_exhibition","type-mio_exhibition","status-publish","has-post-thumbnail","hentry","mio_exhibition_type-longa-duracao"],"acf":[],"yoast_head":"<!-- This site is optimized with the Yoast SEO plugin v27.5 - https:\/\/yoast.com\/product\/yoast-seo-wordpress\/ -->\n<title>Jardim das esculturas - Tema museu.io<\/title>\n<meta name=\"robots\" content=\"index, follow, max-snippet:-1, max-image-preview:large, max-video-preview:-1\" \/>\n<link rel=\"canonical\" href=\"https:\/\/museu.io\/tema\/exposicao\/jardim-das-esculturas\/\" \/>\n<meta property=\"og:locale\" content=\"pt_BR\" \/>\n<meta property=\"og:type\" content=\"article\" \/>\n<meta property=\"og:title\" content=\"Jardim das esculturas - Tema museu.io\" \/>\n<meta property=\"og:description\" content=\"Projetado por Burle Marx em 1993, o Jardim das Esculturas \u00e9 um dos principais acervos brasileiros ao ar livre\" \/>\n<meta property=\"og:url\" content=\"https:\/\/museu.io\/tema\/exposicao\/jardim-das-esculturas\/\" \/>\n<meta property=\"og:site_name\" content=\"Tema museu.io\" \/>\n<meta property=\"article:modified_time\" content=\"2023-04-17T16:30:23+00:00\" \/>\n<meta property=\"og:image\" content=\"https:\/\/museu.io\/tema\/wp-content\/uploads\/2023\/01\/expo_jardim_01.jpg\" \/>\n\t<meta property=\"og:image:width\" content=\"1920\" \/>\n\t<meta property=\"og:image:height\" content=\"1240\" \/>\n\t<meta property=\"og:image:type\" content=\"image\/jpeg\" \/>\n<meta name=\"twitter:card\" content=\"summary_large_image\" \/>\n<meta name=\"twitter:label1\" content=\"Est. tempo de leitura\" \/>\n\t<meta name=\"twitter:data1\" content=\"2 minutos\" \/>\n<script type=\"application\/ld+json\" class=\"yoast-schema-graph\">{\"@context\":\"https:\\\/\\\/schema.org\",\"@graph\":[{\"@type\":\"WebPage\",\"@id\":\"https:\\\/\\\/museu.io\\\/tema\\\/exposicao\\\/jardim-das-esculturas\\\/\",\"url\":\"https:\\\/\\\/museu.io\\\/tema\\\/exposicao\\\/jardim-das-esculturas\\\/\",\"name\":\"Jardim das esculturas - Tema museu.io\",\"isPartOf\":{\"@id\":\"https:\\\/\\\/museu.io\\\/tema\\\/#website\"},\"primaryImageOfPage\":{\"@id\":\"https:\\\/\\\/museu.io\\\/tema\\\/exposicao\\\/jardim-das-esculturas\\\/#primaryimage\"},\"image\":{\"@id\":\"https:\\\/\\\/museu.io\\\/tema\\\/exposicao\\\/jardim-das-esculturas\\\/#primaryimage\"},\"thumbnailUrl\":\"https:\\\/\\\/museu.io\\\/tema\\\/wp-content\\\/uploads\\\/2023\\\/01\\\/expo_jardim_01.jpg\",\"datePublished\":\"2023-01-24T02:13:46+00:00\",\"dateModified\":\"2023-04-17T16:30:23+00:00\",\"breadcrumb\":{\"@id\":\"https:\\\/\\\/museu.io\\\/tema\\\/exposicao\\\/jardim-das-esculturas\\\/#breadcrumb\"},\"inLanguage\":\"pt-BR\",\"potentialAction\":[{\"@type\":\"ReadAction\",\"target\":[\"https:\\\/\\\/museu.io\\\/tema\\\/exposicao\\\/jardim-das-esculturas\\\/\"]}]},{\"@type\":\"ImageObject\",\"inLanguage\":\"pt-BR\",\"@id\":\"https:\\\/\\\/museu.io\\\/tema\\\/exposicao\\\/jardim-das-esculturas\\\/#primaryimage\",\"url\":\"https:\\\/\\\/museu.io\\\/tema\\\/wp-content\\\/uploads\\\/2023\\\/01\\\/expo_jardim_01.jpg\",\"contentUrl\":\"https:\\\/\\\/museu.io\\\/tema\\\/wp-content\\\/uploads\\\/2023\\\/01\\\/expo_jardim_01.jpg\",\"width\":1920,\"height\":1240},{\"@type\":\"BreadcrumbList\",\"@id\":\"https:\\\/\\\/museu.io\\\/tema\\\/exposicao\\\/jardim-das-esculturas\\\/#breadcrumb\",\"itemListElement\":[{\"@type\":\"ListItem\",\"position\":1,\"name\":\"In\u00edcio\",\"item\":\"https:\\\/\\\/museu.io\\\/tema\\\/\"},{\"@type\":\"ListItem\",\"position\":2,\"name\":\"Exhibitions\",\"item\":\"https:\\\/\\\/dev.museu.io\\\/tema\\\/exposicoes\\\/\"},{\"@type\":\"ListItem\",\"position\":3,\"name\":\"Jardim das esculturas\"}]},{\"@type\":\"WebSite\",\"@id\":\"https:\\\/\\\/museu.io\\\/tema\\\/#website\",\"url\":\"https:\\\/\\\/museu.io\\\/tema\\\/\",\"name\":\"Tema Museu.io\",\"description\":\"Site demonstra\u00e7\u00e3o do tema Museu.io\",\"publisher\":{\"@id\":\"https:\\\/\\\/museu.io\\\/tema\\\/#organization\"},\"potentialAction\":[{\"@type\":\"SearchAction\",\"target\":{\"@type\":\"EntryPoint\",\"urlTemplate\":\"https:\\\/\\\/museu.io\\\/tema\\\/?s={search_term_string}\"},\"query-input\":{\"@type\":\"PropertyValueSpecification\",\"valueRequired\":true,\"valueName\":\"search_term_string\"}}],\"inLanguage\":\"pt-BR\"},{\"@type\":\"Organization\",\"@id\":\"https:\\\/\\\/museu.io\\\/tema\\\/#organization\",\"name\":\"Museu.io\",\"url\":\"https:\\\/\\\/museu.io\\\/tema\\\/\",\"logo\":{\"@type\":\"ImageObject\",\"inLanguage\":\"pt-BR\",\"@id\":\"https:\\\/\\\/museu.io\\\/tema\\\/#\\\/schema\\\/logo\\\/image\\\/\",\"url\":\"https:\\\/\\\/museu.io\\\/tema\\\/wp-content\\\/uploads\\\/2023\\\/02\\\/Artboard-1.png\",\"contentUrl\":\"https:\\\/\\\/museu.io\\\/tema\\\/wp-content\\\/uploads\\\/2023\\\/02\\\/Artboard-1.png\",\"width\":339,\"height\":305,\"caption\":\"Museu.io\"},\"image\":{\"@id\":\"https:\\\/\\\/museu.io\\\/tema\\\/#\\\/schema\\\/logo\\\/image\\\/\"}}]}<\/script>\n<!-- \/ Yoast SEO plugin. -->","yoast_head_json":{"title":"Jardim das esculturas - Tema museu.io","robots":{"index":"index","follow":"follow","max-snippet":"max-snippet:-1","max-image-preview":"max-image-preview:large","max-video-preview":"max-video-preview:-1"},"canonical":"https:\/\/museu.io\/tema\/exposicao\/jardim-das-esculturas\/","og_locale":"pt_BR","og_type":"article","og_title":"Jardim das esculturas - Tema museu.io","og_description":"Projetado por Burle Marx em 1993, o Jardim das Esculturas \u00e9 um dos principais acervos brasileiros ao ar livre","og_url":"https:\/\/museu.io\/tema\/exposicao\/jardim-das-esculturas\/","og_site_name":"Tema museu.io","article_modified_time":"2023-04-17T16:30:23+00:00","og_image":[{"width":1920,"height":1240,"url":"https:\/\/museu.io\/tema\/wp-content\/uploads\/2023\/01\/expo_jardim_01.jpg","type":"image\/jpeg"}],"twitter_card":"summary_large_image","twitter_misc":{"Est. tempo de leitura":"2 minutos"},"schema":{"@context":"https:\/\/schema.org","@graph":[{"@type":"WebPage","@id":"https:\/\/museu.io\/tema\/exposicao\/jardim-das-esculturas\/","url":"https:\/\/museu.io\/tema\/exposicao\/jardim-das-esculturas\/","name":"Jardim das esculturas - Tema museu.io","isPartOf":{"@id":"https:\/\/museu.io\/tema\/#website"},"primaryImageOfPage":{"@id":"https:\/\/museu.io\/tema\/exposicao\/jardim-das-esculturas\/#primaryimage"},"image":{"@id":"https:\/\/museu.io\/tema\/exposicao\/jardim-das-esculturas\/#primaryimage"},"thumbnailUrl":"https:\/\/museu.io\/tema\/wp-content\/uploads\/2023\/01\/expo_jardim_01.jpg","datePublished":"2023-01-24T02:13:46+00:00","dateModified":"2023-04-17T16:30:23+00:00","breadcrumb":{"@id":"https:\/\/museu.io\/tema\/exposicao\/jardim-das-esculturas\/#breadcrumb"},"inLanguage":"pt-BR","potentialAction":[{"@type":"ReadAction","target":["https:\/\/museu.io\/tema\/exposicao\/jardim-das-esculturas\/"]}]},{"@type":"ImageObject","inLanguage":"pt-BR","@id":"https:\/\/museu.io\/tema\/exposicao\/jardim-das-esculturas\/#primaryimage","url":"https:\/\/museu.io\/tema\/wp-content\/uploads\/2023\/01\/expo_jardim_01.jpg","contentUrl":"https:\/\/museu.io\/tema\/wp-content\/uploads\/2023\/01\/expo_jardim_01.jpg","width":1920,"height":1240},{"@type":"BreadcrumbList","@id":"https:\/\/museu.io\/tema\/exposicao\/jardim-das-esculturas\/#breadcrumb","itemListElement":[{"@type":"ListItem","position":1,"name":"In\u00edcio","item":"https:\/\/museu.io\/tema\/"},{"@type":"ListItem","position":2,"name":"Exhibitions","item":"https:\/\/dev.museu.io\/tema\/exposicoes\/"},{"@type":"ListItem","position":3,"name":"Jardim das esculturas"}]},{"@type":"WebSite","@id":"https:\/\/museu.io\/tema\/#website","url":"https:\/\/museu.io\/tema\/","name":"Tema Museu.io","description":"Site demonstra\u00e7\u00e3o do tema Museu.io","publisher":{"@id":"https:\/\/museu.io\/tema\/#organization"},"potentialAction":[{"@type":"SearchAction","target":{"@type":"EntryPoint","urlTemplate":"https:\/\/museu.io\/tema\/?s={search_term_string}"},"query-input":{"@type":"PropertyValueSpecification","valueRequired":true,"valueName":"search_term_string"}}],"inLanguage":"pt-BR"},{"@type":"Organization","@id":"https:\/\/museu.io\/tema\/#organization","name":"Museu.io","url":"https:\/\/museu.io\/tema\/","logo":{"@type":"ImageObject","inLanguage":"pt-BR","@id":"https:\/\/museu.io\/tema\/#\/schema\/logo\/image\/","url":"https:\/\/museu.io\/tema\/wp-content\/uploads\/2023\/02\/Artboard-1.png","contentUrl":"https:\/\/museu.io\/tema\/wp-content\/uploads\/2023\/02\/Artboard-1.png","width":339,"height":305,"caption":"Museu.io"},"image":{"@id":"https:\/\/museu.io\/tema\/#\/schema\/logo\/image\/"}}]}},"_links":{"self":[{"href":"https:\/\/museu.io\/tema\/wp-json\/wp\/v2\/mio_exhibition\/1630","targetHints":{"allow":["GET"]}}],"collection":[{"href":"https:\/\/museu.io\/tema\/wp-json\/wp\/v2\/mio_exhibition"}],"about":[{"href":"https:\/\/museu.io\/tema\/wp-json\/wp\/v2\/types\/mio_exhibition"}],"version-history":[{"count":4,"href":"https:\/\/museu.io\/tema\/wp-json\/wp\/v2\/mio_exhibition\/1630\/revisions"}],"predecessor-version":[{"id":2938,"href":"https:\/\/museu.io\/tema\/wp-json\/wp\/v2\/mio_exhibition\/1630\/revisions\/2938"}],"wp:featuredmedia":[{"embeddable":true,"href":"https:\/\/museu.io\/tema\/wp-json\/wp\/v2\/media\/2936"}],"wp:attachment":[{"href":"https:\/\/museu.io\/tema\/wp-json\/wp\/v2\/media?parent=1630"}],"wp:term":[{"taxonomy":"mio_exhibition_type","embeddable":true,"href":"https:\/\/museu.io\/tema\/wp-json\/wp\/v2\/mio_exhibition_type?post=1630"},{"taxonomy":"mio_featured_post_classifier","embeddable":true,"href":"https:\/\/museu.io\/tema\/wp-json\/wp\/v2\/mio_featured_post_classifier?post=1630"},{"taxonomy":"mio_tags","embeddable":true,"href":"https:\/\/museu.io\/tema\/wp-json\/wp\/v2\/mio_tags?post=1630"}],"curies":[{"name":"wp","href":"https:\/\/api.w.org\/{rel}","templated":true}]}}