{"id":1565,"date":"2023-01-23T12:47:12","date_gmt":"2023-01-23T15:47:12","guid":{"rendered":"https:\/\/museu.io\/tema\/?page_id=1565"},"modified":"2023-05-12T15:22:01","modified_gmt":"2023-05-12T18:22:01","slug":"primary-structures-1966","status":"publish","type":"mio_exhibition","link":"https:\/\/museu.io\/tema\/exposicao\/primary-structures-1966\/","title":{"rendered":"Primary Structures, 1966"},"content":{"rendered":"<div style=\"--mio-image-box-position--desktop: 50% 50%;--mio-image-box-position: 50% 50%;--mio-image-box-height: 60vh;--mio-image-box-width: 100%;--mio-object-fit--desktop: cover;--mio-object-fit: cover;--mio-image-box-mode: cover;\" class=\"mio-image has-mio-size-fit-box alignfull wp-block-museuio-companion-image\"><figure><div class=\"mio-image-wrapper\"  style=\"\"><img loading=\"lazy\" decoding=\"async\" width=\"1200\" height=\"937\" src=\"https:\/\/museu.io\/tema\/wp-content\/uploads\/2023\/01\/expo_ps_3.jpg\" class=\"attachment-full size-full\" alt=\"\" srcset=\"https:\/\/museu.io\/tema\/wp-content\/uploads\/2023\/01\/expo_ps_3.jpg 1200w, https:\/\/museu.io\/tema\/wp-content\/uploads\/2023\/01\/expo_ps_3-800x625.jpg 800w, https:\/\/museu.io\/tema\/wp-content\/uploads\/2023\/01\/expo_ps_3-768x600.jpg 768w, https:\/\/museu.io\/tema\/wp-content\/uploads\/2023\/01\/expo_ps_3-205x160.jpg 205w, https:\/\/museu.io\/tema\/wp-content\/uploads\/2023\/01\/expo_ps_3-480x375.jpg 480w, https:\/\/museu.io\/tema\/wp-content\/uploads\/2023\/01\/expo_ps_3-984x768.jpg 984w, https:\/\/museu.io\/tema\/wp-content\/uploads\/2023\/01\/expo_ps_3-600x469.jpg 600w\" sizes=\"auto, (max-width: 1200px) 100vw, 1200px\" \/><\/div><\/figure><\/div>\n\n\n<div style=\"height:40px\" aria-hidden=\"true\" class=\"wp-block-spacer\"><\/div>\n\n\n\n<p class=\"has-medium-font-size\"><strong>Primary Structures: Younger American and British Sculptors<\/strong>\u00a0foi uma exposi\u00e7\u00e3o apresentada pelo\u00a0Jewish Museum\u00a0na cidade de Nova York de 27 de abril a 12 de junho de 1966. A mostra foi uma pesquisa de trabalhos recentes em escultura de artistas do nordeste dos Estados Unidos, Calif\u00f3rnia e Grande Gr\u00e3-Bretanha que compartilhava caracter\u00edsticas gerais de escala, geometria simplificada e superf\u00edcies industriais lisas, muitas vezes coloridas.[1] Seu legado, que se concentra em um subconjunto dos artistas da mostra, \u00e9 como a exposi\u00e7\u00e3o que apresentou a\u00a0Arte Minimal\u00a0a um p\u00fablico amplo, tanto por meio da pr\u00f3pria exposi\u00e7\u00e3o quanto pela ampla aten\u00e7\u00e3o que recebeu na m\u00eddia nacional.[2]Estruturas Prim\u00e1rias\u00a0foi organizado por\u00a0Kynaston McShine, curador de pintura e escultura do Museu Judaico.<\/p>\n\n\n\n<div class=\"wp-block-group alignwide wp-embed-aspect-16-9 wp-has-aspect-ratio has-background has-global-padding is-layout-constrained wp-block-group-is-layout-constrained\" style=\"background-color:#abb7c233;margin-top:var(--wp--preset--spacing--80);margin-bottom:var(--wp--preset--spacing--80);\"><div style=\"--mio-grid-column-gap: 16px;--mio-grid-row-gap: 24px;--mio-grid-columns: 2;\" class=\"mio-auto-grid-row-height alignwide wp-block-museuio-companion-grid\"><div class=\"mio-display-grid__content\">\n<div style=\"--mio-grid-rows--desktop: 4;--mio-grid-rows--mobile: 6;--mio-grid-cols--desktop: 4;--mio-grid-cols--mobile: 1;--mio-item-desktop-height: var(--mio-item-height, auto);--mio-item-desktop-width: var(--mio-item-width, auto);--mio-item-height: auto;--mio-item-width: auto;\" class=\"mio-custom-size align wp-block-museuio-companion-featured-item-custom\">\n\n<div class=\"wp-block-group has-global-padding is-layout-constrained wp-container-core-group-is-layout-0ca39a12 wp-block-group-is-layout-constrained\">\n<div class=\"wp-block-group is-vertical is-content-justification-center is-layout-flex wp-container-core-group-is-layout-ce155fab wp-block-group-is-layout-flex\">\n<h2 class=\"wp-block-heading has-text-align-center is-style-mio-remove-margin-block has-mio-subheader-2-font-size\"><i class=\"fas fa-calendar\"><\/i><\/h2>\n<\/div>\n\n\n\n<div class=\"wp-block-group has-global-padding is-layout-constrained wp-container-core-group-is-layout-d3393552 wp-block-group-is-layout-constrained\">\n<hr class=\"wp-block-separator has-text-color has-mio-black-color has-alpha-channel-opacity has-mio-black-background-color has-background is-style-default wp-container-content-c73ccdec\"\/>\n<\/div>\n\n\n\n<p class=\"has-text-align-center has-mio-regular-font-size\">02.07 at\u00e9 20.09<br>1970<\/p>\n<\/div>\n\n<\/div>\n\n<div style=\"--mio-grid-rows--desktop: 4;--mio-grid-rows--mobile: 6;--mio-grid-cols--desktop: 4;--mio-grid-cols--mobile: 1;--mio-item-desktop-height: var(--mio-item-height, auto);--mio-item-desktop-width: var(--mio-item-width, auto);--mio-item-height: auto;--mio-item-width: auto;\" class=\"mio-custom-size align wp-block-museuio-companion-featured-item-custom\">\n\n<div class=\"wp-block-group has-global-padding is-layout-constrained wp-container-core-group-is-layout-0ca39a12 wp-block-group-is-layout-constrained\">\n<div class=\"wp-block-group is-vertical is-content-justification-center is-layout-flex wp-container-core-group-is-layout-ce155fab wp-block-group-is-layout-flex\">\n<h2 class=\"wp-block-heading has-text-align-center is-style-mio-remove-margin-block has-mio-subheader-2-font-size\" id=\"block-b5d9828b-c92a-487c-bf8b-76402a6dcea6\"><i class=\"fas fa-location-dot\"><\/i><\/h2>\n<\/div>\n\n\n\n<div class=\"wp-block-group has-global-padding is-layout-constrained wp-container-core-group-is-layout-d3393552 wp-block-group-is-layout-constrained\">\n<hr class=\"wp-block-separator has-text-color has-mio-black-color has-alpha-channel-opacity has-mio-black-background-color has-background is-style-default wp-container-content-c73ccdec\"\/>\n<\/div>\n\n\n\n<p class=\"has-text-align-center has-mio-regular-font-size\">MoMA<br>New York, EUA<\/p>\n<\/div>\n\n<\/div>\n\n<div style=\"--mio-grid-rows--desktop: 4;--mio-grid-rows--mobile: 6;--mio-grid-cols--desktop: 4;--mio-grid-cols--mobile: 1;--mio-item-desktop-height: var(--mio-item-height, auto);--mio-item-desktop-width: var(--mio-item-width, auto);--mio-item-height: auto;--mio-item-width: auto;\" class=\"mio-custom-size align wp-block-museuio-companion-featured-item-custom\">\n\n<div class=\"wp-block-group has-global-padding is-layout-constrained wp-container-core-group-is-layout-0ca39a12 wp-block-group-is-layout-constrained\">\n<div class=\"wp-block-group is-vertical is-content-justification-center is-layout-flex wp-container-core-group-is-layout-ce155fab wp-block-group-is-layout-flex\">\n<h2 class=\"wp-block-heading has-text-align-center is-style-mio-remove-margin-block has-mio-subheader-2-font-size\" id=\"block-b5d9828b-c92a-487c-bf8b-76402a6dcea6\"><i class=\"fas fa-person\"><\/i><\/h2>\n<\/div>\n\n\n\n<div class=\"wp-block-group has-global-padding is-layout-constrained wp-container-core-group-is-layout-d3393552 wp-block-group-is-layout-constrained\">\n<hr class=\"wp-block-separator has-text-color has-mio-black-color has-alpha-channel-opacity has-mio-black-background-color has-background is-style-default wp-container-content-c73ccdec\"\/>\n<\/div>\n\n\n\n<p class=\"has-text-align-center has-mio-regular-font-size\">Curador: Kynaston McShine<\/p>\n<\/div>\n\n<\/div>\n<\/div><\/div><\/div>\n\n\n\n<h2 class=\"wp-block-heading has-large-font-size\">Resposta<\/h2>\n\n\n\n<p>Esta exposi\u00e7\u00e3o foi um sucesso de cr\u00edtica e m\u00eddia conforme relatado em&nbsp;Time[3]&nbsp;e&nbsp;Newsweek,[4]&nbsp;apresentando ao p\u00fablico uma mostra dedicada a uma &#8220;Nova Arte&#8221;. R\u00f3tulos cr\u00edticos para a arte inclu\u00edam &#8220;arte ABC&#8221;, &#8220;arte redutiva&#8221; e &#8220;Minimalismo&#8221;,[5]&nbsp;embora esses r\u00f3tulos tenham sido totalmente rejeitados pelos pr\u00f3prios artistas, principalmente&nbsp;Donald Judd.<\/p>\n\n\n\n<p>A arte das Estruturas Prim\u00e1rias apresentava novos materiais nus e despojados com superf\u00edcies lisas e brilhantes, mas talvez a nova ideia mais incomum que veio da exposi\u00e7\u00e3o tenha sido o conceito de artista como &#8220;designer&#8221;, n\u00e3o necessariamente como &#8220;criador&#8221;. Durante um f\u00f3rum sobre a &#8220;Nova Escultura&#8221; realizado no museu, no qual McShine, Judd,&nbsp;Barbara Rose,&nbsp;Robert Morris e&nbsp;Mark di Suvero&nbsp;participaram, di Suvero fez a famosa observa\u00e7\u00e3o: &#8220;Estruturas prim\u00e1rias \u00e9 a principal mostra da d\u00e9cada de 1960\u2026 &#8220;, e tamb\u00e9m, &#8220;\u2026meu amigo Donald Judd n\u00e3o pode se qualificar como artista porque n\u00e3o faz o trabalho&#8221;, ao que Judd respondeu: &#8220;\u2026A quest\u00e3o n\u00e3o \u00e9 se algu\u00e9m faz o trabalho ou n\u00e3o.. . N\u00e3o vejo\u2026 por que uma t\u00e9cnica \u00e9 mais essencialmente arte do que outra\u2026&#8221;[6]&nbsp;Esta mostra inaugurou uma nova forma radical de apresentar ideias e espa\u00e7o que n\u00e3o dependia da m\u00e3o do artista, mas sim no resultado final.<\/p>\n\n\n\n<p>McShine, em um esfor\u00e7o para ampliar o apelo e mostrar uma grande variedade de artistas trabalhando nesta forma, incluiu um contingente da Costa Oeste e a maioria dos artistas brit\u00e2nicos da mostra &#8220;New Generation&#8221; na&nbsp;Whitechapel Art Gallery&nbsp;de 1965.[7] Parecia que as Estruturas Prim\u00e1rias seriam formuladas em torno dos ex-alunos de St. Martin de Anthony Caro e do grupo americano liderado por um Tony Smith relativamente estabelecido.<\/p>\n\n\n\n<h2 class=\"wp-block-heading has-large-font-size\">Renova\u00e7\u00e3o 1993<\/h2>\n\n\n\n<p>Em 1989, um grande projeto de amplia\u00e7\u00e3o e reforma foi realizado no museu. Ap\u00f3s a conclus\u00e3o em junho de 1993, o layout da mostra das Estruturas Prim\u00e1rias foi eliminado, e apenas algumas fotos de instala\u00e7\u00e3o da mostra permanecem para registrar a exposi\u00e7\u00e3o original e as antigas galerias.<\/p>\n\n\n\n<h2 class=\"wp-block-heading has-large-font-size\">Lista<\/h2>\n\n\n\n<h3 class=\"wp-block-heading has-medium-font-size\">Pavilhao das esculturas<\/h3>\n\n\n\n<ul class=\"wp-block-list\">\n<li>David Annesley,&nbsp;<em>Swing Low<\/em>, 1964<\/li>\n\n\n\n<li><a href=\"https:\/\/en.wikipedia.org\/wiki\/Anthony_Caro\">Anthony Caro<\/a>,&nbsp;<em>Titan<\/em>, 1964<\/li>\n\n\n\n<li><a href=\"https:\/\/en.wikipedia.org\/wiki\/Tony_Smith_(sculptor)\">Tony Smith<\/a>,&nbsp;<em>Free Ride<\/em>, 1962<\/li>\n<\/ul>\n\n\n\n<figure class=\"wp-block-image size-large\"><img loading=\"lazy\" decoding=\"async\" width=\"1182\" height=\"1080\" src=\"https:\/\/museu.io\/tema\/wp-content\/uploads\/2023\/01\/expo_ps_7-1182x1080.jpg\" alt=\"\" class=\"wp-image-1588\" srcset=\"https:\/\/museu.io\/tema\/wp-content\/uploads\/2023\/01\/expo_ps_7-1182x1080.jpg 1182w, https:\/\/museu.io\/tema\/wp-content\/uploads\/2023\/01\/expo_ps_7-800x731.jpg 800w, https:\/\/museu.io\/tema\/wp-content\/uploads\/2023\/01\/expo_ps_7-768x702.jpg 768w, https:\/\/museu.io\/tema\/wp-content\/uploads\/2023\/01\/expo_ps_7-205x187.jpg 205w, https:\/\/museu.io\/tema\/wp-content\/uploads\/2023\/01\/expo_ps_7-480x439.jpg 480w, https:\/\/museu.io\/tema\/wp-content\/uploads\/2023\/01\/expo_ps_7-840x768.jpg 840w, https:\/\/museu.io\/tema\/wp-content\/uploads\/2023\/01\/expo_ps_7-600x548.jpg 600w, https:\/\/museu.io\/tema\/wp-content\/uploads\/2023\/01\/expo_ps_7.jpg 1536w\" sizes=\"auto, (max-width: 1182px) 100vw, 1182px\" \/><figcaption class=\"wp-element-caption\">David Annesley,&nbsp;<em>Swing Low<\/em>, 1964<\/figcaption><\/figure>\n\n\n\n<h3 class=\"wp-block-heading has-medium-font-size\">Lobby<\/h3>\n\n\n\n<ul class=\"wp-block-list\">\n<li>Judy Cohen Gerowitz (<a href=\"https:\/\/en.wikipedia.org\/wiki\/Judy_Chicago\">Judy Chicago<\/a>),&nbsp;<em>Rainbow Picket<\/em>, 1966<\/li>\n\n\n\n<li><a href=\"https:\/\/en.wikipedia.org\/wiki\/Robert_Smithson\">Robert Smithson<\/a>,&nbsp;<em>Cryosphere<\/em>, 1966<\/li>\n<\/ul>\n\n\n\n<h3 class=\"wp-block-heading has-medium-font-size\">Galeria 1<\/h3>\n\n\n\n<ul class=\"wp-block-list\">\n<li><a href=\"https:\/\/en.wikipedia.org\/wiki\/Dan_Flavin\">Dan Flavin<\/a>,&nbsp;<em>corner monument 4 for those who have been killed in ambush (for Jewish Museum) (for *P.K. who reminded me about death)<\/em>, 1964<\/li>\n\n\n\n<li><a href=\"https:\/\/en.wikipedia.org\/wiki\/Peter_Forakis\">Peter Forakis<\/a>,&nbsp;<em>JFK<\/em>, 1963<\/li>\n\n\n\n<li><a href=\"https:\/\/en.wikipedia.org\/wiki\/Ellsworth_Kelly\">Ellsworth Kelly<\/a>,&nbsp;<em>Blue Disc<\/em>, 1963<\/li>\n\n\n\n<li><a href=\"https:\/\/en.wikipedia.org\/wiki\/Forrest_Myers\">Forrest Myers<\/a>,&nbsp;<em>Zygarat &amp; W. &amp; W.W.W.<\/em>, 1965<\/li>\n\n\n\n<li>Salvatore Romano,&nbsp;<em>Zeno II<\/em>, 1965<\/li>\n\n\n\n<li><a href=\"https:\/\/en.wikipedia.org\/wiki\/William_G._Tucker\">William Tucker<\/a>,&nbsp;<em>Meru I<\/em>, 1964<\/li>\n\n\n\n<li>William Tucker,&nbsp;<em>Meru II<\/em>, 1964<\/li>\n\n\n\n<li>William Tucker,&nbsp;<em>Meru III<\/em>, 1964\u201365<\/li>\n\n\n\n<li><a href=\"https:\/\/en.wikipedia.org\/wiki\/David_von_Schlegell\">David von Schlegell<\/a>,&nbsp;<em>Wave<\/em>, 1964<\/li>\n<\/ul>\n\n\n<div class=\"mio-section-content-wide align wp-block-museuio-companion-section\"><div class=\"mio-section__content\">\n<div style=\"padding-top:8px;padding-right:0px;padding-bottom:8px;padding-left:0px;\" class=\"mio-display-carousel spacing-mode-default has-mio-preset-small mio-carousel-height-carousel-defined mio-carousel-height-preset-small align wp-block-museuio-companion-carousel\" data-option-free-scroll=\"1\" data-option-wrap-around=\"\" data-option-auto-play=\"\" data-option-fade=\"\" data-option-contain=\"1\" data-option-prev-next-buttons=\"1\" data-option-cell-align=\"left\"><div class=\"mio-display-carousel__content\">\n<div style=\"--mio-bg-image-position: 50% 50%;--mio-bg-image-url: url(https:\/\/museu.io\/tema\/wp-content\/uploads\/2023\/01\/expo_ps_8.jpg);--mio-cta-bg-color: #1a1a1a;--mio-cta-fg-color: #ffffff;--mio-title-bg-color: transparent;--mio-title-fg-color: #1a1a1a;--mio-top-bg-color: ;--mio-top-fg-color: #1a1a1a;--mio-image-overlay-bg-color: transparent;\" class=\"has-mio-empty-top --mio-in-carousel has-mio-padding-block-medium has-mio-padding-inline-medium mio-preset-medium align wp-block-museuio-companion-featured-item-a\"><div class=\"mio-piece-display\">\n\t\t\t<div class=\"mio-piece-display__info\">\n\t\t\t\t\n\t\t\t\t\n\t\t\t\t\n    \n\t\t\t<\/div>\n    <\/div><\/div>\n\n<div style=\"--mio-bg-image-position: 50% 50%;--mio-bg-image-url: url(https:\/\/museu.io\/tema\/wp-content\/uploads\/2023\/01\/expo_ps_9.jpg);--mio-cta-bg-color: #1a1a1a;--mio-cta-fg-color: #ffffff;--mio-title-bg-color: transparent;--mio-title-fg-color: #1a1a1a;--mio-top-bg-color: ;--mio-top-fg-color: #1a1a1a;--mio-image-overlay-bg-color: transparent;\" class=\"has-mio-empty-top --mio-in-carousel has-mio-padding-block-medium has-mio-padding-inline-medium mio-preset-medium align wp-block-museuio-companion-featured-item-a\"><div class=\"mio-piece-display\">\n\t\t\t<div class=\"mio-piece-display__info\">\n\t\t\t\t\n\t\t\t\t\n\t\t\t\t\n    \n\t\t\t<\/div>\n    <\/div><\/div>\n\n<div style=\"--mio-bg-image-position: 50% 50%;--mio-bg-image-url: url(https:\/\/museu.io\/tema\/wp-content\/uploads\/2023\/01\/expo_ps_10.jpg);--mio-cta-bg-color: #1a1a1a;--mio-cta-fg-color: #ffffff;--mio-title-bg-color: transparent;--mio-title-fg-color: #1a1a1a;--mio-top-bg-color: ;--mio-top-fg-color: #1a1a1a;--mio-image-overlay-bg-color: transparent;\" class=\"has-mio-empty-top --mio-in-carousel has-mio-padding-block-medium has-mio-padding-inline-medium mio-preset-medium align wp-block-museuio-companion-featured-item-a\"><div class=\"mio-piece-display\">\n\t\t\t<div class=\"mio-piece-display__info\">\n\t\t\t\t\n\t\t\t\t\n\t\t\t\t\n    \n\t\t\t<\/div>\n    <\/div><\/div>\n<\/div><\/div>\n\n\n<p class=\"has-small-font-size\">Forrest Myers,&nbsp;<em>Zygarat &amp; W. &amp; W.W.W.<\/em>, 1965<\/p>\n\n<\/div><\/div>\n\n\n<h3 class=\"wp-block-heading has-medium-font-size\">Passagem subterr\u00e2nea<\/h3>\n\n\n\n<ul class=\"wp-block-list\">\n<li><a href=\"https:\/\/en.wikipedia.org\/wiki\/Gerald_Laing\">Gerald Laing<\/a>,&nbsp;<em>Indenty<\/em>, 1966<\/li>\n\n\n\n<li>Gerald Laing,&nbsp;<em>Trace<\/em>, 1965<\/li>\n\n\n\n<li>Tina Matkovic (Spiro),&nbsp;<em>Projection<\/em>, 1965<\/li>\n<\/ul>\n\n\n\n<h3 class=\"wp-block-heading has-medium-font-size\">Galeria 2<\/h3>\n\n\n\n<ul class=\"wp-block-list\">\n<li><a href=\"https:\/\/en.wikipedia.org\/wiki\/Carl_Andre\">Carl Andre<\/a>,&nbsp;<em><a href=\"https:\/\/en.wikipedia.org\/wiki\/Lever_(1966)\">Lever<\/a><\/em>, 1966<\/li>\n\n\n\n<li><a href=\"https:\/\/en.wikipedia.org\/wiki\/Lyman_Kipp\">Lyman Kipp<\/a>,&nbsp;<em>Andy&#8217;s Cart Blanche<\/em><\/li>\n\n\n\n<li>Tim Scott,&nbsp;<em>Peach Wheels<\/em>, 1962<\/li>\n\n\n\n<li>Richard Van Buren,&nbsp;<em>Free Epton<\/em>, 1966<\/li>\n\n\n\n<li><a href=\"https:\/\/en.wikipedia.org\/wiki\/Isaac_Witkin\">Isaac Witkin<\/a>,&nbsp;<em>Nagas<\/em>, 1964<\/li>\n<\/ul>\n\n\n\n<figure class=\"wp-block-image size-large\"><img loading=\"lazy\" decoding=\"async\" width=\"1580\" height=\"1080\" src=\"https:\/\/museu.io\/tema\/wp-content\/uploads\/2023\/01\/expo_ps_11-1-1580x1080.jpg\" alt=\"\" class=\"wp-image-1615\" srcset=\"https:\/\/museu.io\/tema\/wp-content\/uploads\/2023\/01\/expo_ps_11-1-1580x1080.jpg 1580w, https:\/\/museu.io\/tema\/wp-content\/uploads\/2023\/01\/expo_ps_11-1-800x547.jpg 800w, https:\/\/museu.io\/tema\/wp-content\/uploads\/2023\/01\/expo_ps_11-1-768x525.jpg 768w, https:\/\/museu.io\/tema\/wp-content\/uploads\/2023\/01\/expo_ps_11-1-1536x1050.jpg 1536w, https:\/\/museu.io\/tema\/wp-content\/uploads\/2023\/01\/expo_ps_11-1-205x140.jpg 205w, https:\/\/museu.io\/tema\/wp-content\/uploads\/2023\/01\/expo_ps_11-1-480x328.jpg 480w, https:\/\/museu.io\/tema\/wp-content\/uploads\/2023\/01\/expo_ps_11-1-1123x768.jpg 1123w, https:\/\/museu.io\/tema\/wp-content\/uploads\/2023\/01\/expo_ps_11-1-600x410.jpg 600w, https:\/\/museu.io\/tema\/wp-content\/uploads\/2023\/01\/expo_ps_11-1.jpg 1600w\" sizes=\"auto, (max-width: 1580px) 100vw, 1580px\" \/><figcaption class=\"wp-element-caption\">Carl Andre, Lever, 1966<\/figcaption><\/figure>\n\n\n\n<h3 class=\"wp-block-heading has-medium-font-size\">Galeria 3<\/h3>\n\n\n\n<ul class=\"wp-block-list\">\n<li><a href=\"https:\/\/en.wikipedia.org\/wiki\/Tony_DeLap\">Tony DeLap<\/a>,&nbsp;<em>Ka<\/em>, 1965<\/li>\n\n\n\n<li>Tom Doyle,&nbsp;<em>Over Owl&#8217;s Creek<\/em>, 1966<\/li>\n<\/ul>\n\n\n\n<h3 class=\"wp-block-heading has-medium-font-size\">Galeria 4<\/h3>\n\n\n\n<ul class=\"wp-block-list\">\n<li><a href=\"https:\/\/en.wikipedia.org\/wiki\/Richard_Artschwager\">Richard Artschwager<\/a>,&nbsp;<em>Table with Pink Tablecloth<\/em>, 1964<\/li>\n\n\n\n<li>Richard Artschwager,&nbsp;<em>Rocker<\/em>, 1965\u201375<\/li>\n\n\n\n<li><a href=\"https:\/\/en.wikipedia.org\/wiki\/Michael_Bolus\">Michael Bolus<\/a>,&nbsp;<em>No. 7<\/em>, 1965<\/li>\n\n\n\n<li>Paul Frazier,&nbsp;<em>Pink Split<\/em>, 1965<\/li>\n\n\n\n<li><a href=\"https:\/\/en.wikipedia.org\/wiki\/Douglas_Huebler\">Douglas Huebler<\/a>,&nbsp;<em>Bradford 2-66<\/em>, 1966<\/li>\n\n\n\n<li><a href=\"https:\/\/en.wikipedia.org\/wiki\/John_McCracken_(artist)\">John McCracken<\/a>,&nbsp;<em>Northumberland<\/em>, 1965<\/li>\n\n\n\n<li><a href=\"https:\/\/en.wikipedia.org\/wiki\/Peter_Phillips_(artist)\">Peter Phillips<\/a>,&nbsp;<em>Tricurvular<\/em>, 1964\u201365<\/li>\n\n\n\n<li><a href=\"https:\/\/en.wikipedia.org\/wiki\/Anne_Truitt\">Anne Truitt<\/a>,&nbsp;<em>Sea Garden<\/em>, 1964<\/li>\n<\/ul>\n\n\n\n<h3 class=\"wp-block-heading has-medium-font-size\">Galeria 5<\/h3>\n\n\n\n<ul class=\"wp-block-list\">\n<li><a href=\"https:\/\/en.wikipedia.org\/wiki\/Ronald_Bladen\">Ronald Bladen<\/a>,&nbsp;<em>Three Elements<\/em>, 1965<\/li>\n\n\n\n<li><a href=\"https:\/\/en.wikipedia.org\/wiki\/Robert_Grosvenor_(artist)\">Robert Grosvenor<\/a>,&nbsp;<em>Transoxiana<\/em>, 1965<\/li>\n\n\n\n<li><a href=\"https:\/\/en.wikipedia.org\/wiki\/Donald_Judd\">Donald Judd<\/a>,&nbsp;<em>Untitled<\/em>, floor 1966<\/li>\n\n\n\n<li>Donald Judd,&nbsp;<em>Untitled<\/em>, wall 1966<\/li>\n\n\n\n<li><a href=\"https:\/\/en.wikipedia.org\/wiki\/Robert_Morris_(artist)\">Robert Morris<\/a>,&nbsp;<em>Untitled (L Beams)<\/em>,<sup><a href=\"https:\/\/en.wikipedia.org\/wiki\/Primary_Structures_(1966_exhibition)#cite_note-8\">[8]<\/a><\/sup>&nbsp;1966-67<\/li>\n<\/ul>\n\n\n\n<figure class=\"wp-block-image size-large\"><img loading=\"lazy\" decoding=\"async\" width=\"1797\" height=\"1080\" src=\"https:\/\/museu.io\/tema\/wp-content\/uploads\/2023\/01\/expo_ps_12-1797x1080.jpg\" alt=\"\" class=\"wp-image-1618\" srcset=\"https:\/\/museu.io\/tema\/wp-content\/uploads\/2023\/01\/expo_ps_12-1797x1080.jpg 1797w, https:\/\/museu.io\/tema\/wp-content\/uploads\/2023\/01\/expo_ps_12-800x481.jpg 800w, https:\/\/museu.io\/tema\/wp-content\/uploads\/2023\/01\/expo_ps_12-768x462.jpg 768w, https:\/\/museu.io\/tema\/wp-content\/uploads\/2023\/01\/expo_ps_12-1536x923.jpg 1536w, https:\/\/museu.io\/tema\/wp-content\/uploads\/2023\/01\/expo_ps_12-205x123.jpg 205w, https:\/\/museu.io\/tema\/wp-content\/uploads\/2023\/01\/expo_ps_12-480x288.jpg 480w, https:\/\/museu.io\/tema\/wp-content\/uploads\/2023\/01\/expo_ps_12-1278x768.jpg 1278w, https:\/\/museu.io\/tema\/wp-content\/uploads\/2023\/01\/expo_ps_12-600x361.jpg 600w, https:\/\/museu.io\/tema\/wp-content\/uploads\/2023\/01\/expo_ps_12.jpg 2000w\" sizes=\"auto, (max-width: 1797px) 100vw, 1797px\" \/><figcaption class=\"wp-element-caption\">Donald Judd, Untitled, floor 1966<\/figcaption><\/figure>\n\n\n\n<h3 class=\"wp-block-heading has-medium-font-size\">Galeria 8<\/h3>\n\n\n\n<ul class=\"wp-block-list\">\n<li><a href=\"https:\/\/en.wikipedia.org\/wiki\/Larry_Bell_(artist)\">Larry Bell<\/a>,&nbsp;<em>Untitled(peach)<\/em><\/li>\n\n\n\n<li>Larry Bell,&nbsp;<em>Untitled(pink)<\/em><\/li>\n\n\n\n<li>Larry Bell,&nbsp;<em>Untitled(gold)<\/em><\/li>\n\n\n\n<li><a href=\"https:\/\/en.wikipedia.org\/wiki\/Walter_De_Maria\">Walter de Maria<\/a>,&nbsp;<em>Cage<\/em>,<sup><a href=\"https:\/\/en.wikipedia.org\/wiki\/Primary_Structures_(1966_exhibition)#cite_note-9\">[9]<\/a><\/sup>&nbsp;1961-65<\/li>\n\n\n\n<li><a href=\"https:\/\/en.wikipedia.org\/wiki\/Sol_LeWitt\">Sol LeWitt<\/a>,&nbsp;<em>Untitled<\/em>, 1966<\/li>\n<\/ul>\n\n\n\n<figure class=\"wp-block-image size-large\"><img loading=\"lazy\" decoding=\"async\" width=\"699\" height=\"1080\" src=\"https:\/\/museu.io\/tema\/wp-content\/uploads\/2023\/01\/expo_ps_13-699x1080.jpg\" alt=\"\" class=\"wp-image-1620\" srcset=\"https:\/\/museu.io\/tema\/wp-content\/uploads\/2023\/01\/expo_ps_13-699x1080.jpg 699w, https:\/\/museu.io\/tema\/wp-content\/uploads\/2023\/01\/expo_ps_13-518x800.jpg 518w, https:\/\/museu.io\/tema\/wp-content\/uploads\/2023\/01\/expo_ps_13-768x1187.jpg 768w, https:\/\/museu.io\/tema\/wp-content\/uploads\/2023\/01\/expo_ps_13-994x1536.jpg 994w, https:\/\/museu.io\/tema\/wp-content\/uploads\/2023\/01\/expo_ps_13-205x317.jpg 205w, https:\/\/museu.io\/tema\/wp-content\/uploads\/2023\/01\/expo_ps_13-480x742.jpg 480w, https:\/\/museu.io\/tema\/wp-content\/uploads\/2023\/01\/expo_ps_13-497x768.jpg 497w, https:\/\/museu.io\/tema\/wp-content\/uploads\/2023\/01\/expo_ps_13-600x927.jpg 600w, https:\/\/museu.io\/tema\/wp-content\/uploads\/2023\/01\/expo_ps_13.jpg 1294w\" sizes=\"auto, (max-width: 699px) 100vw, 699px\" \/><figcaption class=\"wp-element-caption\">Walter De Maria, Cage II, 1965<\/figcaption><\/figure>\n\n\n\n<h3 class=\"wp-block-heading has-medium-font-size\">Galeria 10<\/h3>\n\n\n\n<ul class=\"wp-block-list\">\n<li>Daniel Gorski,&nbsp;<em>Fourth Down<\/em><\/li>\n\n\n\n<li>David Gray,&nbsp;<em>LA\/2<\/em>, 1965<\/li>\n\n\n\n<li><a href=\"https:\/\/en.wikipedia.org\/wiki\/David_Hall_(video_artist)\">David Hall<\/a>,&nbsp;<em>Izzard<\/em>, 1966<\/li>\n\n\n\n<li><a href=\"https:\/\/en.wikipedia.org\/wiki\/Phillip_King_(artist)\">Phillip King<\/a>,&nbsp;<em>Through<\/em>, 1966<\/li>\n\n\n\n<li><a href=\"https:\/\/en.wikipedia.org\/wiki\/John_McCracken_(artist)\">John McCracken<\/a>,&nbsp;<em>Manchu<\/em>, 1965<\/li>\n\n\n\n<li>Peter Pinchbeck,&nbsp;<em>Space Jump<\/em><\/li>\n\n\n\n<li><a href=\"https:\/\/en.wikipedia.org\/wiki\/Michael_Todd_(artist)\">Michael Todd<\/a>,&nbsp;<em>Viet<\/em>, 1966<\/li>\n\n\n\n<li><a href=\"https:\/\/en.wikipedia.org\/wiki\/Michael_Todd_(artist)\">Michael Todd<\/a>,&nbsp;<em>Ball Joint<\/em>,<sup><a href=\"https:\/\/en.wikipedia.org\/wiki\/Primary_Structures_(1966_exhibition)#cite_note-10\">[10]<\/a><\/sup>&nbsp;1966<\/li>\n\n\n\n<li>Derrick Woodham,&nbsp;<em>Siviley<\/em>, 1965<\/li>\n<\/ul>\n\n\n\n<h2 class=\"wp-block-heading has-large-font-size\">Notas<\/h2>\n\n\n\n<p><\/p>\n\n\n\n<ol class=\"wp-block-list\">\n<li>Hoffman, Jens; McShine, Kynaston (2014).&nbsp;<em><strong>Other Primary Structures, Vol. 2<\/strong> (reprint edition of 1966&nbsp;<\/em>Primary Structures<em>&nbsp;catalogue)<\/em>. New Haven: Yale University Press. p.&nbsp;n.p.&nbsp;<a href=\"https:\/\/en.wikipedia.org\/wiki\/ISBN_(identifier)\">ISBN<\/a>&nbsp;<a href=\"https:\/\/en.wikipedia.org\/wiki\/Special:BookSources\/9780300197334\"><bdi>9780300197334<\/bdi><\/a>.<\/li>\n\n\n\n<li>Altshuler, Bruce (2013).&nbsp;<a href=\"https:\/\/archive.org\/details\/exhibitionsthatm0000unse\/page\/53\"><em><strong>Biennials and Beyond: Exhibitions that Made Art History, 1962-2002<\/strong><\/em><\/a>. London: Phaidon. p.&nbsp;<a href=\"https:\/\/archive.org\/details\/exhibitionsthatm0000unse\/page\/53\">53<\/a>.&nbsp;<a href=\"https:\/\/en.wikipedia.org\/wiki\/ISBN_(identifier)\">ISBN<\/a>&nbsp;<a href=\"https:\/\/en.wikipedia.org\/wiki\/Special:BookSources\/9780714864952\"><bdi>9780714864952<\/bdi><\/a>.<\/li>\n\n\n\n<li><strong><em>Time<\/em>&nbsp;magazine<\/strong>, June 3, 1676, &#8220;Engineer&#8217;s Esthetic&#8221;, pg. 64<\/li>\n\n\n\n<li><strong><em>Newsweek<\/em>&nbsp;magazine,<\/strong> May 16, 1966, &#8220;The New Druids&#8221;, pg. 104<\/li>\n\n\n\n<li>See Battcock&#8217;s,&nbsp;<em><strong>Minimal Art: A Critical Anthology<\/strong><\/em><\/li>\n\n\n\n<li>See Meyer&#8217;s&nbsp;<em><strong>Minimalism<\/strong><\/em>&nbsp;for a partial transcript of this discussion.<\/li>\n\n\n\n<li>Juliff, Toby (2018). &#8220;<strong>A New Generation of British Art: A Problem of Provincialism<\/strong>&#8220;. Sydney: Australian and New Zealand Journal of Art. p.&nbsp;125-145.<\/li>\n\n\n\n<li>Exhibit catalog lists Morris&#8217;&nbsp;<strong><em>Floor Piece<\/em>&nbsp;as the expected work<\/strong><\/li>\n\n\n\n<li>Exhibit images have also illustrated&nbsp;<em><strong>Cage<\/strong><\/em>&nbsp;in Gallery 5<\/li>\n\n\n\n<li>Although listed in the catalog, inclusion of this piece has not been confirmed.<\/li>\n<\/ol>\n\n\n\n<h2 class=\"wp-block-heading has-large-font-size\">Refer\u00eancias<\/h2>\n\n\n\n<ul class=\"wp-block-list\">\n<li>Altshuler, Bruce,&nbsp;<em><strong>The Avant-Garde in Exhibition: New Art in the 20th century<\/strong><\/em>&nbsp;(Harry N. Abrams, Inc., 1994).&nbsp;<a href=\"https:\/\/en.wikipedia.org\/wiki\/ISBN_(identifier)\">ISBN<\/a>&nbsp;<a href=\"https:\/\/en.wikipedia.org\/wiki\/Special:BookSources\/0-8109-3637-2\">0-8109-3637-2<\/a><\/li>\n\n\n\n<li>Battcock, Gregory ed.,&nbsp;<em><strong>Minimal Art: A Critical Anthology<\/strong><\/em>&nbsp;(E.P Dutton &amp; Co, Inc., 1968).&nbsp;<a href=\"https:\/\/en.wikipedia.org\/wiki\/ISBN_(identifier)\">ISBN<\/a>&nbsp;<a href=\"https:\/\/en.wikipedia.org\/wiki\/Special:BookSources\/0-525-47211-8\">0-525-47211-8<\/a>.<\/li>\n\n\n\n<li>Goldstein, Ann,&nbsp;<em><strong>A Minimalist Future? Art as Object 1958-1968<\/strong><\/em>&nbsp;(MIT Press, 2004).&nbsp;<a href=\"https:\/\/en.wikipedia.org\/wiki\/ISBN_(identifier)\">ISBN<\/a>&nbsp;<a href=\"https:\/\/en.wikipedia.org\/wiki\/Special:BookSources\/0-914357-87-5\">0-914357-87-5<\/a><\/li>\n\n\n\n<li>Juliff, Toby, &#8216;A New Generation of British Art: A Problem of Provincialism&#8217; in&nbsp;<em>Australian and New Zealand <strong>Journal of Art: vol 18, n.1<\/strong><\/em>&nbsp;(Power Institute, Sydney, 2018) ({<a href=\"https:\/\/doi.org\/10.1080\/14434318.2018.1481335%7D\">https:\/\/doi.org\/10.1080\/14434318.2018.1481335}<\/a>)<\/li>\n\n\n\n<li>McShine, Kynaston,&nbsp;<em><strong>Primary Structures: Younger American and British Sculptors<\/strong><\/em>&nbsp;(Jewish Museum: New York, 1966)<\/li>\n\n\n\n<li>Meyer, James,&nbsp;<em><strong>Minimalism: Art and Polemics of the Sixties<\/strong><\/em>&nbsp;(Yale University Press, 2000).&nbsp;<a href=\"https:\/\/en.wikipedia.org\/wiki\/ISBN_(identifier)\">ISBN<\/a>&nbsp;<a href=\"https:\/\/en.wikipedia.org\/wiki\/Special:BookSources\/0-300-10590-8\">0-300-10590-8<\/a><\/li>\n\n\n\n<li>Meyer, James ed.,&nbsp;<em><strong>Minimalism<\/strong><\/em>&nbsp;(Phaidon Press Limited, 2000).&nbsp;<a href=\"https:\/\/en.wikipedia.org\/wiki\/ISBN_(identifier)\">ISBN<\/a>&nbsp;<a href=\"https:\/\/en.wikipedia.org\/wiki\/Special:BookSources\/0-7148-4523-X\">0-7148-4523-X<\/a><\/li>\n<\/ul>\n","protected":false},"excerpt":{"rendered":"<p>A exposi\u00e7\u00e3o que apresentou a Arte Minimal a um p\u00fablico amplo<\/p>\n","protected":false},"featured_media":1579,"menu_order":0,"template":"","meta":{"_acf_changed":false,"_EventAllDay":false,"_EventTimezone":"","_EventStartDate":"","_EventEndDate":"","_EventStartDateUTC":"","_EventEndDateUTC":"","_EventShowMap":false,"_EventShowMapLink":false,"_EventURL":"","_EventCost":"","_EventCostDescription":"","_EventCurrencySymbol":"","_EventCurrencyCode":"","_EventCurrencyPosition":"","_EventDateTimeSeparator":"","_EventTimeRangeSeparator":"","_EventOrganizerID":[],"_EventVenueID":[],"_OrganizerEmail":"","_OrganizerPhone":"","_OrganizerWebsite":"","_VenueAddress":"","_VenueCity":"","_VenueCountry":"","_VenueProvince":"","_VenueState":"","_VenueZip":"","_VenuePhone":"","_VenueURL":"","_VenueStateProvince":"","_VenueLat":"","_VenueLng":"","_VenueShowMap":false,"_VenueShowMapLink":false,"mio_support_image":0,"mio_support_text":"","mio_alternative_title":"","mio_custom_heading":"","exhibition_opening_date":"19660427","exhibition_closing_date":"19660612","footnotes":""},"mio_exhibition_type":[],"mio_featured_post_classifier":[],"mio_tags":[],"class_list":["post-1565","mio_exhibition","type-mio_exhibition","status-publish","has-post-thumbnail","hentry"],"acf":[],"yoast_head":"<!-- This site is optimized with the Yoast SEO plugin v27.5 - https:\/\/yoast.com\/product\/yoast-seo-wordpress\/ -->\n<title>Primary Structures, 1966 - Tema museu.io<\/title>\n<meta name=\"robots\" content=\"index, follow, max-snippet:-1, max-image-preview:large, max-video-preview:-1\" \/>\n<link rel=\"canonical\" href=\"https:\/\/museu.io\/tema\/exposicao\/primary-structures-1966\/\" \/>\n<meta property=\"og:locale\" content=\"pt_BR\" \/>\n<meta property=\"og:type\" content=\"article\" \/>\n<meta property=\"og:title\" content=\"Primary Structures, 1966 - Tema museu.io\" \/>\n<meta property=\"og:description\" content=\"A exposi\u00e7\u00e3o que apresentou a Arte Minimal a um p\u00fablico amplo\" \/>\n<meta property=\"og:url\" content=\"https:\/\/museu.io\/tema\/exposicao\/primary-structures-1966\/\" \/>\n<meta property=\"og:site_name\" content=\"Tema museu.io\" \/>\n<meta property=\"article:modified_time\" content=\"2023-05-12T18:22:01+00:00\" \/>\n<meta property=\"og:image\" content=\"https:\/\/museu.io\/tema\/wp-content\/uploads\/2023\/01\/expo_ps_3.jpg\" \/>\n\t<meta property=\"og:image:width\" content=\"1200\" \/>\n\t<meta property=\"og:image:height\" content=\"937\" \/>\n\t<meta property=\"og:image:type\" content=\"image\/jpeg\" \/>\n<meta name=\"twitter:card\" content=\"summary_large_image\" \/>\n<meta name=\"twitter:label1\" content=\"Est. tempo de leitura\" \/>\n\t<meta name=\"twitter:data1\" content=\"7 minutos\" \/>\n<script type=\"application\/ld+json\" class=\"yoast-schema-graph\">{\"@context\":\"https:\\\/\\\/schema.org\",\"@graph\":[{\"@type\":\"WebPage\",\"@id\":\"https:\\\/\\\/museu.io\\\/tema\\\/exposicao\\\/primary-structures-1966\\\/\",\"url\":\"https:\\\/\\\/museu.io\\\/tema\\\/exposicao\\\/primary-structures-1966\\\/\",\"name\":\"Primary Structures, 1966 - Tema museu.io\",\"isPartOf\":{\"@id\":\"https:\\\/\\\/museu.io\\\/tema\\\/#website\"},\"primaryImageOfPage\":{\"@id\":\"https:\\\/\\\/museu.io\\\/tema\\\/exposicao\\\/primary-structures-1966\\\/#primaryimage\"},\"image\":{\"@id\":\"https:\\\/\\\/museu.io\\\/tema\\\/exposicao\\\/primary-structures-1966\\\/#primaryimage\"},\"thumbnailUrl\":\"https:\\\/\\\/museu.io\\\/tema\\\/wp-content\\\/uploads\\\/2023\\\/01\\\/expo_ps_3.jpg\",\"datePublished\":\"2023-01-23T15:47:12+00:00\",\"dateModified\":\"2023-05-12T18:22:01+00:00\",\"breadcrumb\":{\"@id\":\"https:\\\/\\\/museu.io\\\/tema\\\/exposicao\\\/primary-structures-1966\\\/#breadcrumb\"},\"inLanguage\":\"pt-BR\",\"potentialAction\":[{\"@type\":\"ReadAction\",\"target\":[\"https:\\\/\\\/museu.io\\\/tema\\\/exposicao\\\/primary-structures-1966\\\/\"]}]},{\"@type\":\"ImageObject\",\"inLanguage\":\"pt-BR\",\"@id\":\"https:\\\/\\\/museu.io\\\/tema\\\/exposicao\\\/primary-structures-1966\\\/#primaryimage\",\"url\":\"https:\\\/\\\/museu.io\\\/tema\\\/wp-content\\\/uploads\\\/2023\\\/01\\\/expo_ps_3.jpg\",\"contentUrl\":\"https:\\\/\\\/museu.io\\\/tema\\\/wp-content\\\/uploads\\\/2023\\\/01\\\/expo_ps_3.jpg\",\"width\":1200,\"height\":937,\"caption\":\"Installation view, Primary Structures: Younger American and British Sculptors, The Jewish Museum, 1966. Courtesy of The Jewish Museum.\"},{\"@type\":\"BreadcrumbList\",\"@id\":\"https:\\\/\\\/museu.io\\\/tema\\\/exposicao\\\/primary-structures-1966\\\/#breadcrumb\",\"itemListElement\":[{\"@type\":\"ListItem\",\"position\":1,\"name\":\"In\u00edcio\",\"item\":\"https:\\\/\\\/museu.io\\\/tema\\\/\"},{\"@type\":\"ListItem\",\"position\":2,\"name\":\"Exhibitions\",\"item\":\"https:\\\/\\\/dev.museu.io\\\/tema\\\/exposicoes\\\/\"},{\"@type\":\"ListItem\",\"position\":3,\"name\":\"Primary Structures, 1966\"}]},{\"@type\":\"WebSite\",\"@id\":\"https:\\\/\\\/museu.io\\\/tema\\\/#website\",\"url\":\"https:\\\/\\\/museu.io\\\/tema\\\/\",\"name\":\"Tema Museu.io\",\"description\":\"Site demonstra\u00e7\u00e3o do tema Museu.io\",\"publisher\":{\"@id\":\"https:\\\/\\\/museu.io\\\/tema\\\/#organization\"},\"potentialAction\":[{\"@type\":\"SearchAction\",\"target\":{\"@type\":\"EntryPoint\",\"urlTemplate\":\"https:\\\/\\\/museu.io\\\/tema\\\/?s={search_term_string}\"},\"query-input\":{\"@type\":\"PropertyValueSpecification\",\"valueRequired\":true,\"valueName\":\"search_term_string\"}}],\"inLanguage\":\"pt-BR\"},{\"@type\":\"Organization\",\"@id\":\"https:\\\/\\\/museu.io\\\/tema\\\/#organization\",\"name\":\"Museu.io\",\"url\":\"https:\\\/\\\/museu.io\\\/tema\\\/\",\"logo\":{\"@type\":\"ImageObject\",\"inLanguage\":\"pt-BR\",\"@id\":\"https:\\\/\\\/museu.io\\\/tema\\\/#\\\/schema\\\/logo\\\/image\\\/\",\"url\":\"https:\\\/\\\/museu.io\\\/tema\\\/wp-content\\\/uploads\\\/2023\\\/02\\\/Artboard-1.png\",\"contentUrl\":\"https:\\\/\\\/museu.io\\\/tema\\\/wp-content\\\/uploads\\\/2023\\\/02\\\/Artboard-1.png\",\"width\":339,\"height\":305,\"caption\":\"Museu.io\"},\"image\":{\"@id\":\"https:\\\/\\\/museu.io\\\/tema\\\/#\\\/schema\\\/logo\\\/image\\\/\"}}]}<\/script>\n<!-- \/ Yoast SEO plugin. -->","yoast_head_json":{"title":"Primary Structures, 1966 - Tema museu.io","robots":{"index":"index","follow":"follow","max-snippet":"max-snippet:-1","max-image-preview":"max-image-preview:large","max-video-preview":"max-video-preview:-1"},"canonical":"https:\/\/museu.io\/tema\/exposicao\/primary-structures-1966\/","og_locale":"pt_BR","og_type":"article","og_title":"Primary Structures, 1966 - Tema museu.io","og_description":"A exposi\u00e7\u00e3o que apresentou a Arte Minimal a um p\u00fablico amplo","og_url":"https:\/\/museu.io\/tema\/exposicao\/primary-structures-1966\/","og_site_name":"Tema museu.io","article_modified_time":"2023-05-12T18:22:01+00:00","og_image":[{"width":1200,"height":937,"url":"https:\/\/museu.io\/tema\/wp-content\/uploads\/2023\/01\/expo_ps_3.jpg","type":"image\/jpeg"}],"twitter_card":"summary_large_image","twitter_misc":{"Est. tempo de leitura":"7 minutos"},"schema":{"@context":"https:\/\/schema.org","@graph":[{"@type":"WebPage","@id":"https:\/\/museu.io\/tema\/exposicao\/primary-structures-1966\/","url":"https:\/\/museu.io\/tema\/exposicao\/primary-structures-1966\/","name":"Primary Structures, 1966 - Tema museu.io","isPartOf":{"@id":"https:\/\/museu.io\/tema\/#website"},"primaryImageOfPage":{"@id":"https:\/\/museu.io\/tema\/exposicao\/primary-structures-1966\/#primaryimage"},"image":{"@id":"https:\/\/museu.io\/tema\/exposicao\/primary-structures-1966\/#primaryimage"},"thumbnailUrl":"https:\/\/museu.io\/tema\/wp-content\/uploads\/2023\/01\/expo_ps_3.jpg","datePublished":"2023-01-23T15:47:12+00:00","dateModified":"2023-05-12T18:22:01+00:00","breadcrumb":{"@id":"https:\/\/museu.io\/tema\/exposicao\/primary-structures-1966\/#breadcrumb"},"inLanguage":"pt-BR","potentialAction":[{"@type":"ReadAction","target":["https:\/\/museu.io\/tema\/exposicao\/primary-structures-1966\/"]}]},{"@type":"ImageObject","inLanguage":"pt-BR","@id":"https:\/\/museu.io\/tema\/exposicao\/primary-structures-1966\/#primaryimage","url":"https:\/\/museu.io\/tema\/wp-content\/uploads\/2023\/01\/expo_ps_3.jpg","contentUrl":"https:\/\/museu.io\/tema\/wp-content\/uploads\/2023\/01\/expo_ps_3.jpg","width":1200,"height":937,"caption":"Installation view, Primary Structures: Younger American and British Sculptors, The Jewish Museum, 1966. Courtesy of The Jewish Museum."},{"@type":"BreadcrumbList","@id":"https:\/\/museu.io\/tema\/exposicao\/primary-structures-1966\/#breadcrumb","itemListElement":[{"@type":"ListItem","position":1,"name":"In\u00edcio","item":"https:\/\/museu.io\/tema\/"},{"@type":"ListItem","position":2,"name":"Exhibitions","item":"https:\/\/dev.museu.io\/tema\/exposicoes\/"},{"@type":"ListItem","position":3,"name":"Primary Structures, 1966"}]},{"@type":"WebSite","@id":"https:\/\/museu.io\/tema\/#website","url":"https:\/\/museu.io\/tema\/","name":"Tema Museu.io","description":"Site demonstra\u00e7\u00e3o do tema Museu.io","publisher":{"@id":"https:\/\/museu.io\/tema\/#organization"},"potentialAction":[{"@type":"SearchAction","target":{"@type":"EntryPoint","urlTemplate":"https:\/\/museu.io\/tema\/?s={search_term_string}"},"query-input":{"@type":"PropertyValueSpecification","valueRequired":true,"valueName":"search_term_string"}}],"inLanguage":"pt-BR"},{"@type":"Organization","@id":"https:\/\/museu.io\/tema\/#organization","name":"Museu.io","url":"https:\/\/museu.io\/tema\/","logo":{"@type":"ImageObject","inLanguage":"pt-BR","@id":"https:\/\/museu.io\/tema\/#\/schema\/logo\/image\/","url":"https:\/\/museu.io\/tema\/wp-content\/uploads\/2023\/02\/Artboard-1.png","contentUrl":"https:\/\/museu.io\/tema\/wp-content\/uploads\/2023\/02\/Artboard-1.png","width":339,"height":305,"caption":"Museu.io"},"image":{"@id":"https:\/\/museu.io\/tema\/#\/schema\/logo\/image\/"}}]}},"_links":{"self":[{"href":"https:\/\/museu.io\/tema\/wp-json\/wp\/v2\/mio_exhibition\/1565","targetHints":{"allow":["GET"]}}],"collection":[{"href":"https:\/\/museu.io\/tema\/wp-json\/wp\/v2\/mio_exhibition"}],"about":[{"href":"https:\/\/museu.io\/tema\/wp-json\/wp\/v2\/types\/mio_exhibition"}],"version-history":[{"count":45,"href":"https:\/\/museu.io\/tema\/wp-json\/wp\/v2\/mio_exhibition\/1565\/revisions"}],"predecessor-version":[{"id":7113,"href":"https:\/\/museu.io\/tema\/wp-json\/wp\/v2\/mio_exhibition\/1565\/revisions\/7113"}],"wp:featuredmedia":[{"embeddable":true,"href":"https:\/\/museu.io\/tema\/wp-json\/wp\/v2\/media\/1579"}],"wp:attachment":[{"href":"https:\/\/museu.io\/tema\/wp-json\/wp\/v2\/media?parent=1565"}],"wp:term":[{"taxonomy":"mio_exhibition_type","embeddable":true,"href":"https:\/\/museu.io\/tema\/wp-json\/wp\/v2\/mio_exhibition_type?post=1565"},{"taxonomy":"mio_featured_post_classifier","embeddable":true,"href":"https:\/\/museu.io\/tema\/wp-json\/wp\/v2\/mio_featured_post_classifier?post=1565"},{"taxonomy":"mio_tags","embeddable":true,"href":"https:\/\/museu.io\/tema\/wp-json\/wp\/v2\/mio_tags?post=1565"}],"curies":[{"name":"wp","href":"https:\/\/api.w.org\/{rel}","templated":true}]}}