{"id":1456,"date":"2023-01-12T01:40:21","date_gmt":"2023-01-12T04:40:21","guid":{"rendered":"https:\/\/museu.io\/tema\/?page_id=1456"},"modified":"2023-05-11T15:38:48","modified_gmt":"2023-05-11T18:38:48","slug":"when-attitudes-become-form-1969","status":"publish","type":"mio_exhibition","link":"https:\/\/museu.io\/tema\/exposicao\/when-attitudes-become-form-1969\/","title":{"rendered":"When Attitudes Become Form"},"content":{"rendered":"<div style=\"--mio-background-blend-mode: normal;--mio-background-attachment: scroll;--mio-hero-background-position--desktop: 50% 12%;--mio-hero-background-position: 50% 12%;--mio-hero-background-image: url(https:\/\/museu.io\/tema\/wp-content\/uploads\/2023\/01\/expo_wabf_1.jpg);--mio-hero-min-height--desktop: 70vh;--mio-hero-min-height: 70vh;--mio-image-overlay-bg-color: #00000078;\" class=\"alignfull mio-hero-content-boxed has-mio-hero-min-height has-mio-hero-min-height--desktop has-mio-hero-background-image has-mio-hero-content-position-top-left wp-block-museuio-companion-hero\"><div class=\"mio-hero__positioner\" style=\"\"><div class=\"mio-hero__content\">\n<div style=\"--mio-bg-image-position: 50% 50%;--mio-bg-image-url: ;--mio-cta-bg-color: #fcb900;--mio-cta-fg-color: #000000;--mio-title-fg-color: #ffffff;--mio-top-fg-color: #ffffff;--mio-image-overlay-bg-color: transparent;\" class=\"has-mio-padding-block-large has-mio-padding-inline-none mio-preset-medium align wp-block-museuio-companion-featured-item-a\"><a class=\"mio-piece-display\" href=\"https:\/\/museu.io\/tema\/textos-e-afins\/\">\n\t\t\t<div class=\"mio-piece-display__top-wrapper\">\n\t\t\t\t<div class=\"mio-piece-display__top-box\">\n\t\t\t\t\t<p class=\"mio-piece-display__top\">EXPOSI\u00c7\u00c3O TEMPOR\u00c1RIA<\/p> \n\t\t\t\t<\/div>\n\t\t\t<\/div>\n\t\t\t<div class=\"mio-piece-display__info\">\n\t\t\t\t<h2 class=\"mio-piece-display__title\">When Attitudes Become Form<\/h2>\n\t\t\t\t<p class=\"mio-piece-display__description\">Live In Your Head: When Attitudes Become Form\u00a0foi uma exposi\u00e7\u00e3o no\u00a0Kunsthalle Bern\u00a0com curadoria do curador su\u00ed\u00e7o,\u00a0Harald Szeemann, em 1969.<\/p>\n\t\t\t\t<div class=\"mio-piece-display__cta-wrapper\"><p class=\"mio-piece-display__cta\">INGRESSOS<\/div>\n    \n\t\t\t<\/div>\n    <\/a><\/div>\n<\/div><\/div><\/div>\n\n\n<div style=\"height:40px\" aria-hidden=\"true\" class=\"wp-block-spacer\"><\/div>\n\n\n\n<div style=\"height:40px\" aria-hidden=\"true\" class=\"wp-block-spacer\"><\/div>\n\n\n\n<p class=\"has-mio-medium-bis-font-size\"><strong><em>Live In Your Head: When Attitudes Become Form<\/em><\/strong>&nbsp;foi uma exposi\u00e7\u00e3o no&nbsp;Kunsthalle Bern&nbsp;com curadoria do curador su\u00ed\u00e7o,&nbsp;Harald Szeemann, em 1969.[1] A mostra \u00e9 considerada um marco inovador para o trabalho&nbsp;p\u00f3s-minimalista&nbsp;e&nbsp;Arte Povera&nbsp;que, de acordo com o New York Times, foi &#8220;indiscutivelmente a mais famosa exposi\u00e7\u00e3o de nova arte do p\u00f3s-guerra&#8221;.<\/p>\n\n\n\n<div style=\"height:40px\" aria-hidden=\"true\" class=\"wp-block-spacer\"><\/div>\n\n\n\n<p>A exposi\u00e7\u00e3o redefiniu o papel do curador em rela\u00e7\u00e3o aos artistas \u2013 como uma parceria.[3] A exposi\u00e7\u00e3o incluiu 127 obras de 69 artistas (tr\u00eas dos quais mulheres) da Europa Ocidental e dos Estados Unidos. Os artistas constru\u00edram suas obras no local dentro dos espa\u00e7os da galeria do Kunsthalle. Muitos de seus trabalhos eram orientados a processos. Uma sele\u00e7\u00e3o de artistas do show inclui Eva Hesse, Gary Kuehn, Robert Smithson, Alighiero Boetti, Joseph Beuys, Bruce Naumann, Hanne Darboven, Mario Merz, Hans Haacke, entre outros.[4][3] A exposi\u00e7\u00e3o permitiu a Szeemann redefinir seu papel como curador independente trabalhando fora das restri\u00e7\u00f5es de uma institui\u00e7\u00e3o.[5][6]<\/p>\n\n\n\n<h2 class=\"wp-block-heading has-mio-subheader-1-font-size\" style=\"font-style:normal;font-weight:400\">Cat\u00e1logo da exposi\u00e7\u00e3o<\/h2>\n\n\n\n<p>O Kunsthalle produziu um cat\u00e1logo,&nbsp;Quando as atitudes se tornam forma: trabalhos-conceitos-processos-situa\u00e7\u00f5es-informa\u00e7\u00f5es,&nbsp;com um \u00edndice exclusivo recortado em ordem alfab\u00e9tica encadernado com acess\u00f3rios de hardware para os artistas individuais. Em&nbsp;Notes on the New, um ensaio no cat\u00e1logo da exposi\u00e7\u00e3o,&nbsp;Scott Burton&nbsp;escreve: &#8220;A arte foi verdadeiramente&nbsp;invadida&nbsp;pela vida, se a vida significa fluxo, mudan\u00e7a, chance, tempo, imprevisibilidade.&#8221; O cat\u00e1logo da exposi\u00e7\u00e3o tamb\u00e9m continha escritos de&nbsp;Gr\u00e9goire M\u00fcller, Tommaso Trini e do pr\u00f3prio Szeemann.[7]<\/p>\n\n\n<div class=\"mio-section-content-boxed align wp-block-museuio-companion-section\"><div class=\"mio-section__content\">\n<div style=\"padding-bottom:0px;\" class=\"mio-display-carousel spacing-mode-no-spacing has-sizing-mode-item mio-gallery-enabled align wp-block-museuio-companion-carousel\" data-option-free-scroll=\"1\" data-option-wrap-around=\"\" data-option-auto-play=\"\" data-option-fade=\"\" data-option-contain=\"1\" data-option-prev-next-buttons=\"1\" data-option-cell-align=\"left\"><div class=\"mio-display-carousel__content\">\n<div class=\"align wp-block-museuio-companion-featured-item-custom\"><a class=\"mio-featured-item-custom-wrapper-link\" href=\"javascript:void(0)\">\n<div style=\"--mio-image-dimension--desktop: 420px;--mio-image-dimension: 420px;\" class=\"mio-image has-mio-size-fix-dimension has-mio-fixed-height align wp-block-museuio-companion-image\"><figure><div class=\"mio-image-wrapper\"  style=\"\"><img loading=\"lazy\" decoding=\"async\" width=\"1920\" height=\"1240\" src=\"https:\/\/museu.io\/tema\/wp-content\/uploads\/2023\/01\/expo_wabf_2.jpg\" class=\"attachment-full size-full\" alt=\"\" srcset=\"https:\/\/museu.io\/tema\/wp-content\/uploads\/2023\/01\/expo_wabf_2.jpg 1920w, https:\/\/museu.io\/tema\/wp-content\/uploads\/2023\/01\/expo_wabf_2-800x517.jpg 800w, https:\/\/museu.io\/tema\/wp-content\/uploads\/2023\/01\/expo_wabf_2-1672x1080.jpg 1672w, https:\/\/museu.io\/tema\/wp-content\/uploads\/2023\/01\/expo_wabf_2-768x496.jpg 768w, https:\/\/museu.io\/tema\/wp-content\/uploads\/2023\/01\/expo_wabf_2-1536x992.jpg 1536w, https:\/\/museu.io\/tema\/wp-content\/uploads\/2023\/01\/expo_wabf_2-205x132.jpg 205w, https:\/\/museu.io\/tema\/wp-content\/uploads\/2023\/01\/expo_wabf_2-480x310.jpg 480w, https:\/\/museu.io\/tema\/wp-content\/uploads\/2023\/01\/expo_wabf_2-1189x768.jpg 1189w, https:\/\/museu.io\/tema\/wp-content\/uploads\/2023\/01\/expo_wabf_2-600x388.jpg 600w\" sizes=\"auto, (max-width: 1920px) 100vw, 1920px\" \/><\/div><\/figure><\/div>\n<\/a><\/div>\n\n<div class=\"align wp-block-museuio-companion-featured-item-custom\"><a class=\"mio-featured-item-custom-wrapper-link\" href=\"javascript:void(0)\">\n<div style=\"--mio-image-dimension--desktop: 420px;--mio-image-dimension: 420px;\" class=\"mio-image has-mio-size-fix-dimension has-mio-fixed-height align wp-block-museuio-companion-image\"><figure><div class=\"mio-image-wrapper\"  style=\"\"><img loading=\"lazy\" decoding=\"async\" width=\"1920\" height=\"1240\" src=\"https:\/\/museu.io\/tema\/wp-content\/uploads\/2023\/01\/expo_wabf_3.jpg\" class=\"attachment-full size-full\" alt=\"\" srcset=\"https:\/\/museu.io\/tema\/wp-content\/uploads\/2023\/01\/expo_wabf_3.jpg 1920w, https:\/\/museu.io\/tema\/wp-content\/uploads\/2023\/01\/expo_wabf_3-800x517.jpg 800w, https:\/\/museu.io\/tema\/wp-content\/uploads\/2023\/01\/expo_wabf_3-1672x1080.jpg 1672w, https:\/\/museu.io\/tema\/wp-content\/uploads\/2023\/01\/expo_wabf_3-768x496.jpg 768w, https:\/\/museu.io\/tema\/wp-content\/uploads\/2023\/01\/expo_wabf_3-1536x992.jpg 1536w, https:\/\/museu.io\/tema\/wp-content\/uploads\/2023\/01\/expo_wabf_3-205x132.jpg 205w, https:\/\/museu.io\/tema\/wp-content\/uploads\/2023\/01\/expo_wabf_3-480x310.jpg 480w, https:\/\/museu.io\/tema\/wp-content\/uploads\/2023\/01\/expo_wabf_3-1189x768.jpg 1189w, https:\/\/museu.io\/tema\/wp-content\/uploads\/2023\/01\/expo_wabf_3-600x388.jpg 600w\" sizes=\"auto, (max-width: 1920px) 100vw, 1920px\" \/><\/div><\/figure><\/div>\n<\/a><\/div>\n\n<div class=\"align wp-block-museuio-companion-featured-item-custom\"><a class=\"mio-featured-item-custom-wrapper-link\" href=\"javascript:void(0)\">\n<div style=\"--mio-image-dimension--desktop: 420px;--mio-image-dimension: 420px;\" class=\"mio-image has-mio-size-fix-dimension has-mio-fixed-height align wp-block-museuio-companion-image\"><figure><div class=\"mio-image-wrapper\"  style=\"\"><img loading=\"lazy\" decoding=\"async\" width=\"1920\" height=\"1240\" src=\"https:\/\/museu.io\/tema\/wp-content\/uploads\/2023\/01\/expo_wabf_4.jpg\" class=\"attachment-full size-full\" alt=\"\" srcset=\"https:\/\/museu.io\/tema\/wp-content\/uploads\/2023\/01\/expo_wabf_4.jpg 1920w, https:\/\/museu.io\/tema\/wp-content\/uploads\/2023\/01\/expo_wabf_4-800x517.jpg 800w, https:\/\/museu.io\/tema\/wp-content\/uploads\/2023\/01\/expo_wabf_4-1672x1080.jpg 1672w, https:\/\/museu.io\/tema\/wp-content\/uploads\/2023\/01\/expo_wabf_4-768x496.jpg 768w, https:\/\/museu.io\/tema\/wp-content\/uploads\/2023\/01\/expo_wabf_4-1536x992.jpg 1536w, https:\/\/museu.io\/tema\/wp-content\/uploads\/2023\/01\/expo_wabf_4-205x132.jpg 205w, https:\/\/museu.io\/tema\/wp-content\/uploads\/2023\/01\/expo_wabf_4-480x310.jpg 480w, https:\/\/museu.io\/tema\/wp-content\/uploads\/2023\/01\/expo_wabf_4-1189x768.jpg 1189w, https:\/\/museu.io\/tema\/wp-content\/uploads\/2023\/01\/expo_wabf_4-600x388.jpg 600w\" sizes=\"auto, (max-width: 1920px) 100vw, 1920px\" \/><\/div><\/figure><\/div>\n<\/a><\/div>\n<\/div><\/div>\n<\/div><\/div>\n\n\n<h2 class=\"wp-block-heading has-mio-subheader-1-font-size\" style=\"font-style:normal;font-weight:400\">Legado<\/h2>\n\n\n\n<p>Em 2003, o&nbsp;Walker Art Center&nbsp;montou uma exposi\u00e7\u00e3o com curadoria de&nbsp;Philippe Vergne, Douglas Fogle e Olukemi Ilesanmi intitulada,&nbsp;How Latitudes Become Forms: Art in a Global Age. Os curadores &#8220;tra\u00e7am a genealogia&#8221; de sua exposi\u00e7\u00e3o at\u00e9 a mostra de Szeeman de 1969, visto que viram essa exposi\u00e7\u00e3o como um modelo para uma nova forma de exposi\u00e7\u00f5es internacionais onde o curador se torna um &#8220;autor&#8221; co-participativo do processo de fazer arte dentro de contextos espec\u00edficos do site. O show no Walker representou uma gama mais globalmente diversificada de praticantes do que o show em Berna, e incluiu mais mulheres. O cat\u00e1logo da mostra tamb\u00e9m foi encadernado com acess\u00f3rios de hardware.[8]<\/p>\n\n\n\n<p>Em 2013,&nbsp;Germano Celant, que se encontrou com Szeemann na \u00e9poca da exposi\u00e7\u00e3o original e at\u00e9 fez uma breve apresenta\u00e7\u00e3o oral durante a noite de abertura em Berna, recriou a mostra na \u00edntegra. A exposi\u00e7\u00e3o foi apresentada na&nbsp;Fondazione Prada&nbsp;em&nbsp;Ca&#8217; Corner della Regina, Veneza, It\u00e1lia, durante a semana de abertura da&nbsp;Bienal de Veneza.[9] Celant escolheu co-organizar a exposi\u00e7\u00e3o junto com&nbsp;Rem Koolhaas, que ajudou a recriar o cen\u00e1rio original em Berna, e o artista e fot\u00f3grafo&nbsp;Thomas Demand.[10][11][12]<\/p>\n\n\n\n<div style=\"height:40px\" aria-hidden=\"true\" class=\"wp-block-spacer\"><\/div>\n\n\n<div class=\"mio-section-content-max-safe align wp-block-museuio-companion-section\"><div class=\"mio-section__content\">\n<div style=\"padding-bottom:var(--wp--preset--spacing--30);\" class=\"mio-display-carousel spacing-mode-default has-sizing-mode-item mio-gallery-enabled align wp-block-museuio-companion-carousel\" data-option-free-scroll=\"1\" data-option-wrap-around=\"\" data-option-auto-play=\"\" data-option-fade=\"\" data-option-contain=\"1\" data-option-prev-next-buttons=\"1\" data-option-cell-align=\"left\"><div class=\"mio-display-carousel__content\">\n<div class=\"align wp-block-museuio-companion-featured-item-custom\"><a class=\"mio-featured-item-custom-wrapper-link\" href=\"javascript:void(0)\">\n<div style=\"--mio-image-box-position--desktop: 50% 50%;--mio-image-box-position: 50% 50%;--mio-image-box-height--desktop: 320px;--mio-image-box-height: 240px;--mio-object-fit--desktop: cover;--mio-object-fit: cover;--mio-image-box-mode: cover;\" class=\"mio-image has-mio-size-fit-box has-mio-auto-width align wp-block-museuio-companion-image\"><figure><div class=\"mio-image-wrapper\"  style=\"\"><img loading=\"lazy\" decoding=\"async\" width=\"1280\" height=\"1290\" src=\"https:\/\/museu.io\/tema\/wp-content\/uploads\/2023\/01\/expo_wabf_19.jpg\" class=\"attachment-full size-full\" alt=\"\" srcset=\"https:\/\/museu.io\/tema\/wp-content\/uploads\/2023\/01\/expo_wabf_19.jpg 1280w, https:\/\/museu.io\/tema\/wp-content\/uploads\/2023\/01\/expo_wabf_19-794x800.jpg 794w, https:\/\/museu.io\/tema\/wp-content\/uploads\/2023\/01\/expo_wabf_19-1072x1080.jpg 1072w, https:\/\/museu.io\/tema\/wp-content\/uploads\/2023\/01\/expo_wabf_19-768x774.jpg 768w, https:\/\/museu.io\/tema\/wp-content\/uploads\/2023\/01\/expo_wabf_19-40x40.jpg 40w, https:\/\/museu.io\/tema\/wp-content\/uploads\/2023\/01\/expo_wabf_19-205x207.jpg 205w, https:\/\/museu.io\/tema\/wp-content\/uploads\/2023\/01\/expo_wabf_19-480x484.jpg 480w, https:\/\/museu.io\/tema\/wp-content\/uploads\/2023\/01\/expo_wabf_19-762x768.jpg 762w, https:\/\/museu.io\/tema\/wp-content\/uploads\/2023\/01\/expo_wabf_19-600x605.jpg 600w, https:\/\/museu.io\/tema\/wp-content\/uploads\/2023\/01\/expo_wabf_19-100x100.jpg 100w\" sizes=\"auto, (max-width: 1280px) 100vw, 1280px\" \/><\/div><\/figure><\/div>\n<\/a><\/div>\n\n<div class=\"align wp-block-museuio-companion-featured-item-custom\"><a class=\"mio-featured-item-custom-wrapper-link\" href=\"javascript:void(0)\">\n<div style=\"--mio-image-box-position--desktop: 50% 50%;--mio-image-box-position: 50% 50%;--mio-image-box-height--desktop: 320px;--mio-image-box-height: 240px;--mio-object-fit--desktop: cover;--mio-object-fit: cover;--mio-image-box-mode: cover;\" class=\"mio-image has-mio-size-fit-box has-mio-auto-width align wp-block-museuio-companion-image\"><figure><div class=\"mio-image-wrapper\"  style=\"\"><img loading=\"lazy\" decoding=\"async\" width=\"1280\" height=\"1290\" src=\"https:\/\/museu.io\/tema\/wp-content\/uploads\/2023\/01\/expo_wabf_5.jpg\" class=\"attachment-full size-full\" alt=\"\" srcset=\"https:\/\/museu.io\/tema\/wp-content\/uploads\/2023\/01\/expo_wabf_5.jpg 1280w, https:\/\/museu.io\/tema\/wp-content\/uploads\/2023\/01\/expo_wabf_5-794x800.jpg 794w, https:\/\/museu.io\/tema\/wp-content\/uploads\/2023\/01\/expo_wabf_5-1072x1080.jpg 1072w, https:\/\/museu.io\/tema\/wp-content\/uploads\/2023\/01\/expo_wabf_5-768x774.jpg 768w, https:\/\/museu.io\/tema\/wp-content\/uploads\/2023\/01\/expo_wabf_5-40x40.jpg 40w, https:\/\/museu.io\/tema\/wp-content\/uploads\/2023\/01\/expo_wabf_5-205x207.jpg 205w, https:\/\/museu.io\/tema\/wp-content\/uploads\/2023\/01\/expo_wabf_5-480x484.jpg 480w, https:\/\/museu.io\/tema\/wp-content\/uploads\/2023\/01\/expo_wabf_5-762x768.jpg 762w, https:\/\/museu.io\/tema\/wp-content\/uploads\/2023\/01\/expo_wabf_5-600x605.jpg 600w, https:\/\/museu.io\/tema\/wp-content\/uploads\/2023\/01\/expo_wabf_5-100x100.jpg 100w\" sizes=\"auto, (max-width: 1280px) 100vw, 1280px\" \/><\/div><\/figure><\/div>\n<\/a><\/div>\n\n<div class=\"align wp-block-museuio-companion-featured-item-custom\"><a class=\"mio-featured-item-custom-wrapper-link\" href=\"javascript:void(0)\">\n<div style=\"--mio-image-box-position--desktop: 50% 50%;--mio-image-box-position: 50% 50%;--mio-image-box-height--desktop: 320px;--mio-image-box-height: 240px;--mio-object-fit--desktop: cover;--mio-object-fit: cover;--mio-image-box-mode: cover;\" class=\"mio-image has-mio-size-fit-box has-mio-auto-width align wp-block-museuio-companion-image\"><figure><div class=\"mio-image-wrapper\"  style=\"\"><img loading=\"lazy\" decoding=\"async\" width=\"1280\" height=\"1290\" src=\"https:\/\/museu.io\/tema\/wp-content\/uploads\/2023\/01\/expo_wabf_6.jpg\" class=\"attachment-full size-full\" alt=\"\" srcset=\"https:\/\/museu.io\/tema\/wp-content\/uploads\/2023\/01\/expo_wabf_6.jpg 1280w, https:\/\/museu.io\/tema\/wp-content\/uploads\/2023\/01\/expo_wabf_6-794x800.jpg 794w, https:\/\/museu.io\/tema\/wp-content\/uploads\/2023\/01\/expo_wabf_6-1072x1080.jpg 1072w, https:\/\/museu.io\/tema\/wp-content\/uploads\/2023\/01\/expo_wabf_6-768x774.jpg 768w, https:\/\/museu.io\/tema\/wp-content\/uploads\/2023\/01\/expo_wabf_6-40x40.jpg 40w, https:\/\/museu.io\/tema\/wp-content\/uploads\/2023\/01\/expo_wabf_6-205x207.jpg 205w, https:\/\/museu.io\/tema\/wp-content\/uploads\/2023\/01\/expo_wabf_6-480x484.jpg 480w, https:\/\/museu.io\/tema\/wp-content\/uploads\/2023\/01\/expo_wabf_6-762x768.jpg 762w, https:\/\/museu.io\/tema\/wp-content\/uploads\/2023\/01\/expo_wabf_6-600x605.jpg 600w, https:\/\/museu.io\/tema\/wp-content\/uploads\/2023\/01\/expo_wabf_6-100x100.jpg 100w\" sizes=\"auto, (max-width: 1280px) 100vw, 1280px\" \/><\/div><\/figure><\/div>\n<\/a><\/div>\n\n<div class=\"align wp-block-museuio-companion-featured-item-custom\"><a class=\"mio-featured-item-custom-wrapper-link\" href=\"javascript:void(0)\">\n<div style=\"--mio-image-box-position--desktop: 50% 50%;--mio-image-box-position: 50% 50%;--mio-image-box-height--desktop: 320px;--mio-image-box-height: 240px;--mio-object-fit--desktop: cover;--mio-object-fit: cover;--mio-image-box-mode: cover;\" class=\"mio-image has-mio-size-fit-box has-mio-auto-width align wp-block-museuio-companion-image\"><figure><div class=\"mio-image-wrapper\"  style=\"\"><img loading=\"lazy\" decoding=\"async\" width=\"1280\" height=\"1290\" src=\"https:\/\/museu.io\/tema\/wp-content\/uploads\/2023\/01\/expo_wabf_7.jpg\" class=\"attachment-full size-full\" alt=\"\" srcset=\"https:\/\/museu.io\/tema\/wp-content\/uploads\/2023\/01\/expo_wabf_7.jpg 1280w, https:\/\/museu.io\/tema\/wp-content\/uploads\/2023\/01\/expo_wabf_7-794x800.jpg 794w, https:\/\/museu.io\/tema\/wp-content\/uploads\/2023\/01\/expo_wabf_7-1072x1080.jpg 1072w, https:\/\/museu.io\/tema\/wp-content\/uploads\/2023\/01\/expo_wabf_7-768x774.jpg 768w, https:\/\/museu.io\/tema\/wp-content\/uploads\/2023\/01\/expo_wabf_7-40x40.jpg 40w, https:\/\/museu.io\/tema\/wp-content\/uploads\/2023\/01\/expo_wabf_7-205x207.jpg 205w, https:\/\/museu.io\/tema\/wp-content\/uploads\/2023\/01\/expo_wabf_7-480x484.jpg 480w, https:\/\/museu.io\/tema\/wp-content\/uploads\/2023\/01\/expo_wabf_7-762x768.jpg 762w, https:\/\/museu.io\/tema\/wp-content\/uploads\/2023\/01\/expo_wabf_7-600x605.jpg 600w, https:\/\/museu.io\/tema\/wp-content\/uploads\/2023\/01\/expo_wabf_7-100x100.jpg 100w\" sizes=\"auto, (max-width: 1280px) 100vw, 1280px\" \/><\/div><\/figure><\/div>\n<\/a><\/div>\n\n<div class=\"align wp-block-museuio-companion-featured-item-custom\"><a class=\"mio-featured-item-custom-wrapper-link\" href=\"javascript:void(0)\">\n<div style=\"--mio-image-box-position--desktop: 50% 50%;--mio-image-box-position: 50% 50%;--mio-image-box-height--desktop: 320px;--mio-image-box-height: 240px;--mio-object-fit--desktop: cover;--mio-object-fit: cover;--mio-image-box-mode: cover;\" class=\"mio-image has-mio-size-fit-box has-mio-auto-width align wp-block-museuio-companion-image\"><figure><div class=\"mio-image-wrapper\"  style=\"\"><img loading=\"lazy\" decoding=\"async\" width=\"1280\" height=\"1286\" src=\"https:\/\/museu.io\/tema\/wp-content\/uploads\/2023\/01\/expo_wabf_9.jpg\" class=\"attachment-full size-full\" alt=\"\" srcset=\"https:\/\/museu.io\/tema\/wp-content\/uploads\/2023\/01\/expo_wabf_9.jpg 1280w, https:\/\/museu.io\/tema\/wp-content\/uploads\/2023\/01\/expo_wabf_9-796x800.jpg 796w, https:\/\/museu.io\/tema\/wp-content\/uploads\/2023\/01\/expo_wabf_9-1075x1080.jpg 1075w, https:\/\/museu.io\/tema\/wp-content\/uploads\/2023\/01\/expo_wabf_9-768x772.jpg 768w, https:\/\/museu.io\/tema\/wp-content\/uploads\/2023\/01\/expo_wabf_9-40x40.jpg 40w, https:\/\/museu.io\/tema\/wp-content\/uploads\/2023\/01\/expo_wabf_9-275x275.jpg 275w, https:\/\/museu.io\/tema\/wp-content\/uploads\/2023\/01\/expo_wabf_9-205x206.jpg 205w, https:\/\/museu.io\/tema\/wp-content\/uploads\/2023\/01\/expo_wabf_9-480x482.jpg 480w, https:\/\/museu.io\/tema\/wp-content\/uploads\/2023\/01\/expo_wabf_9-764x768.jpg 764w, https:\/\/museu.io\/tema\/wp-content\/uploads\/2023\/01\/expo_wabf_9-300x300.jpg 300w, https:\/\/museu.io\/tema\/wp-content\/uploads\/2023\/01\/expo_wabf_9-600x603.jpg 600w, https:\/\/museu.io\/tema\/wp-content\/uploads\/2023\/01\/expo_wabf_9-100x100.jpg 100w\" sizes=\"auto, (max-width: 1280px) 100vw, 1280px\" \/><\/div><\/figure><\/div>\n<\/a><\/div>\n\n<div class=\"align wp-block-museuio-companion-featured-item-custom\"><a class=\"mio-featured-item-custom-wrapper-link\" href=\"javascript:void(0)\">\n<div style=\"--mio-image-box-position--desktop: 50% 50%;--mio-image-box-position: 50% 50%;--mio-image-box-height--desktop: 320px;--mio-image-box-height: 240px;--mio-object-fit--desktop: cover;--mio-object-fit: cover;--mio-image-box-mode: cover;\" class=\"mio-image has-mio-size-fit-box has-mio-auto-width align wp-block-museuio-companion-image\"><figure><div class=\"mio-image-wrapper\"  style=\"\"><img loading=\"lazy\" decoding=\"async\" width=\"1280\" height=\"1236\" src=\"https:\/\/museu.io\/tema\/wp-content\/uploads\/2023\/01\/expo_wabf_8.jpg\" class=\"attachment-full size-full\" alt=\"\" srcset=\"https:\/\/museu.io\/tema\/wp-content\/uploads\/2023\/01\/expo_wabf_8.jpg 1280w, https:\/\/museu.io\/tema\/wp-content\/uploads\/2023\/01\/expo_wabf_8-800x773.jpg 800w, https:\/\/museu.io\/tema\/wp-content\/uploads\/2023\/01\/expo_wabf_8-1118x1080.jpg 1118w, https:\/\/museu.io\/tema\/wp-content\/uploads\/2023\/01\/expo_wabf_8-768x742.jpg 768w, https:\/\/museu.io\/tema\/wp-content\/uploads\/2023\/01\/expo_wabf_8-40x40.jpg 40w, https:\/\/museu.io\/tema\/wp-content\/uploads\/2023\/01\/expo_wabf_8-205x198.jpg 205w, https:\/\/museu.io\/tema\/wp-content\/uploads\/2023\/01\/expo_wabf_8-480x464.jpg 480w, https:\/\/museu.io\/tema\/wp-content\/uploads\/2023\/01\/expo_wabf_8-795x768.jpg 795w, https:\/\/museu.io\/tema\/wp-content\/uploads\/2023\/01\/expo_wabf_8-600x579.jpg 600w\" sizes=\"auto, (max-width: 1280px) 100vw, 1280px\" \/><\/div><\/figure><\/div>\n<\/a><\/div>\n\n<div class=\"align wp-block-museuio-companion-featured-item-custom\"><a class=\"mio-featured-item-custom-wrapper-link\" href=\"javascript:void(0)\">\n<div style=\"--mio-image-box-position--desktop: 50% 50%;--mio-image-box-position: 50% 50%;--mio-image-box-height--desktop: 320px;--mio-image-box-height: 240px;--mio-object-fit--desktop: cover;--mio-object-fit: cover;--mio-image-box-mode: cover;\" class=\"mio-image has-mio-size-fit-box has-mio-auto-width align wp-block-museuio-companion-image\"><figure><div class=\"mio-image-wrapper\"  style=\"\"><img loading=\"lazy\" decoding=\"async\" width=\"1280\" height=\"1290\" src=\"https:\/\/museu.io\/tema\/wp-content\/uploads\/2023\/01\/expo_wabf_20.jpg\" class=\"attachment-full size-full\" alt=\"\" srcset=\"https:\/\/museu.io\/tema\/wp-content\/uploads\/2023\/01\/expo_wabf_20.jpg 1280w, https:\/\/museu.io\/tema\/wp-content\/uploads\/2023\/01\/expo_wabf_20-794x800.jpg 794w, https:\/\/museu.io\/tema\/wp-content\/uploads\/2023\/01\/expo_wabf_20-1072x1080.jpg 1072w, https:\/\/museu.io\/tema\/wp-content\/uploads\/2023\/01\/expo_wabf_20-768x774.jpg 768w, https:\/\/museu.io\/tema\/wp-content\/uploads\/2023\/01\/expo_wabf_20-40x40.jpg 40w, https:\/\/museu.io\/tema\/wp-content\/uploads\/2023\/01\/expo_wabf_20-205x207.jpg 205w, https:\/\/museu.io\/tema\/wp-content\/uploads\/2023\/01\/expo_wabf_20-480x484.jpg 480w, https:\/\/museu.io\/tema\/wp-content\/uploads\/2023\/01\/expo_wabf_20-762x768.jpg 762w, https:\/\/museu.io\/tema\/wp-content\/uploads\/2023\/01\/expo_wabf_20-600x605.jpg 600w, https:\/\/museu.io\/tema\/wp-content\/uploads\/2023\/01\/expo_wabf_20-100x100.jpg 100w\" sizes=\"auto, (max-width: 1280px) 100vw, 1280px\" \/><\/div><\/figure><\/div>\n<\/a><\/div>\n\n<div class=\"align wp-block-museuio-companion-featured-item-custom\"><a class=\"mio-featured-item-custom-wrapper-link\" href=\"javascript:void(0)\">\n<div style=\"--mio-image-box-position--desktop: 50% 50%;--mio-image-box-position: 50% 50%;--mio-image-box-height--desktop: 320px;--mio-image-box-height: 240px;--mio-object-fit--desktop: cover;--mio-object-fit: cover;--mio-image-box-mode: cover;\" class=\"mio-image has-mio-size-fit-box has-mio-auto-width align wp-block-museuio-companion-image\"><figure><div class=\"mio-image-wrapper\"  style=\"\"><img loading=\"lazy\" decoding=\"async\" width=\"1280\" height=\"1290\" src=\"https:\/\/museu.io\/tema\/wp-content\/uploads\/2023\/01\/expo_wabf_23.jpg\" class=\"attachment-full size-full\" alt=\"\" srcset=\"https:\/\/museu.io\/tema\/wp-content\/uploads\/2023\/01\/expo_wabf_23.jpg 1280w, https:\/\/museu.io\/tema\/wp-content\/uploads\/2023\/01\/expo_wabf_23-794x800.jpg 794w, https:\/\/museu.io\/tema\/wp-content\/uploads\/2023\/01\/expo_wabf_23-1072x1080.jpg 1072w, https:\/\/museu.io\/tema\/wp-content\/uploads\/2023\/01\/expo_wabf_23-768x774.jpg 768w, https:\/\/museu.io\/tema\/wp-content\/uploads\/2023\/01\/expo_wabf_23-40x40.jpg 40w, https:\/\/museu.io\/tema\/wp-content\/uploads\/2023\/01\/expo_wabf_23-205x207.jpg 205w, https:\/\/museu.io\/tema\/wp-content\/uploads\/2023\/01\/expo_wabf_23-480x484.jpg 480w, https:\/\/museu.io\/tema\/wp-content\/uploads\/2023\/01\/expo_wabf_23-762x768.jpg 762w, https:\/\/museu.io\/tema\/wp-content\/uploads\/2023\/01\/expo_wabf_23-600x605.jpg 600w, https:\/\/museu.io\/tema\/wp-content\/uploads\/2023\/01\/expo_wabf_23-100x100.jpg 100w\" sizes=\"auto, (max-width: 1280px) 100vw, 1280px\" \/><\/div><\/figure><\/div>\n<\/a><\/div>\n\n<div class=\"align wp-block-museuio-companion-featured-item-custom\"><a class=\"mio-featured-item-custom-wrapper-link\" href=\"javascript:void(0)\">\n<div style=\"--mio-image-box-position--desktop: 50% 50%;--mio-image-box-position: 50% 50%;--mio-image-box-height--desktop: 320px;--mio-image-box-height: 240px;--mio-object-fit--desktop: cover;--mio-object-fit: cover;--mio-image-box-mode: cover;\" class=\"mio-image has-mio-size-fit-box has-mio-auto-width align wp-block-museuio-companion-image\"><figure><div class=\"mio-image-wrapper\"  style=\"\"><img loading=\"lazy\" decoding=\"async\" width=\"1280\" height=\"1230\" src=\"https:\/\/museu.io\/tema\/wp-content\/uploads\/2023\/01\/expo_wabf_18.jpg\" class=\"attachment-full size-full\" alt=\"\" srcset=\"https:\/\/museu.io\/tema\/wp-content\/uploads\/2023\/01\/expo_wabf_18.jpg 1280w, https:\/\/museu.io\/tema\/wp-content\/uploads\/2023\/01\/expo_wabf_18-800x769.jpg 800w, https:\/\/museu.io\/tema\/wp-content\/uploads\/2023\/01\/expo_wabf_18-1124x1080.jpg 1124w, https:\/\/museu.io\/tema\/wp-content\/uploads\/2023\/01\/expo_wabf_18-768x738.jpg 768w, https:\/\/museu.io\/tema\/wp-content\/uploads\/2023\/01\/expo_wabf_18-205x197.jpg 205w, https:\/\/museu.io\/tema\/wp-content\/uploads\/2023\/01\/expo_wabf_18-480x461.jpg 480w, https:\/\/museu.io\/tema\/wp-content\/uploads\/2023\/01\/expo_wabf_18-799x768.jpg 799w, https:\/\/museu.io\/tema\/wp-content\/uploads\/2023\/01\/expo_wabf_18-600x577.jpg 600w\" sizes=\"auto, (max-width: 1280px) 100vw, 1280px\" \/><\/div><\/figure><\/div>\n<\/a><\/div>\n\n<div class=\"align wp-block-museuio-companion-featured-item-custom\"><a class=\"mio-featured-item-custom-wrapper-link\" href=\"javascript:void(0)\">\n<div style=\"--mio-image-box-position--desktop: 50% 50%;--mio-image-box-position: 50% 50%;--mio-image-box-height--desktop: 320px;--mio-image-box-height: 240px;--mio-object-fit--desktop: cover;--mio-object-fit: cover;--mio-image-box-mode: cover;\" class=\"mio-image has-mio-size-fit-box has-mio-auto-width align wp-block-museuio-companion-image\"><figure><div class=\"mio-image-wrapper\"  style=\"\"><img loading=\"lazy\" decoding=\"async\" width=\"1280\" height=\"846\" src=\"https:\/\/museu.io\/tema\/wp-content\/uploads\/2023\/01\/expo_wabf_30.jpg\" class=\"attachment-full size-full\" alt=\"\" srcset=\"https:\/\/museu.io\/tema\/wp-content\/uploads\/2023\/01\/expo_wabf_30.jpg 1280w, https:\/\/museu.io\/tema\/wp-content\/uploads\/2023\/01\/expo_wabf_30-800x529.jpg 800w, https:\/\/museu.io\/tema\/wp-content\/uploads\/2023\/01\/expo_wabf_30-768x508.jpg 768w, https:\/\/museu.io\/tema\/wp-content\/uploads\/2023\/01\/expo_wabf_30-205x135.jpg 205w, https:\/\/museu.io\/tema\/wp-content\/uploads\/2023\/01\/expo_wabf_30-480x317.jpg 480w, https:\/\/museu.io\/tema\/wp-content\/uploads\/2023\/01\/expo_wabf_30-1162x768.jpg 1162w, https:\/\/museu.io\/tema\/wp-content\/uploads\/2023\/01\/expo_wabf_30-600x397.jpg 600w\" sizes=\"auto, (max-width: 1280px) 100vw, 1280px\" \/><\/div><\/figure><\/div>\n<\/a><\/div>\n\n<div class=\"align wp-block-museuio-companion-featured-item-custom\"><a class=\"mio-featured-item-custom-wrapper-link\" href=\"javascript:void(0)\">\n<div style=\"--mio-image-box-position--desktop: 50% 50%;--mio-image-box-position: 50% 50%;--mio-image-box-height--desktop: 320px;--mio-image-box-height: 240px;--mio-object-fit--desktop: cover;--mio-object-fit: cover;--mio-image-box-mode: cover;\" class=\"mio-image has-mio-size-fit-box has-mio-auto-width align wp-block-museuio-companion-image\"><figure><div class=\"mio-image-wrapper\"  style=\"\"><img loading=\"lazy\" decoding=\"async\" width=\"1280\" height=\"1230\" src=\"https:\/\/museu.io\/tema\/wp-content\/uploads\/2023\/01\/expo_wabf_17.jpg\" class=\"attachment-full size-full\" alt=\"\" srcset=\"https:\/\/museu.io\/tema\/wp-content\/uploads\/2023\/01\/expo_wabf_17.jpg 1280w, https:\/\/museu.io\/tema\/wp-content\/uploads\/2023\/01\/expo_wabf_17-800x769.jpg 800w, https:\/\/museu.io\/tema\/wp-content\/uploads\/2023\/01\/expo_wabf_17-1124x1080.jpg 1124w, https:\/\/museu.io\/tema\/wp-content\/uploads\/2023\/01\/expo_wabf_17-768x738.jpg 768w, https:\/\/museu.io\/tema\/wp-content\/uploads\/2023\/01\/expo_wabf_17-205x197.jpg 205w, https:\/\/museu.io\/tema\/wp-content\/uploads\/2023\/01\/expo_wabf_17-480x461.jpg 480w, https:\/\/museu.io\/tema\/wp-content\/uploads\/2023\/01\/expo_wabf_17-799x768.jpg 799w, https:\/\/museu.io\/tema\/wp-content\/uploads\/2023\/01\/expo_wabf_17-600x577.jpg 600w\" sizes=\"auto, (max-width: 1280px) 100vw, 1280px\" \/><\/div><\/figure><\/div>\n<\/a><\/div>\n\n<div class=\"align wp-block-museuio-companion-featured-item-custom\"><a class=\"mio-featured-item-custom-wrapper-link\" href=\"javascript:void(0)\">\n<div style=\"--mio-image-box-position--desktop: 50% 50%;--mio-image-box-position: 50% 50%;--mio-image-box-height--desktop: 320px;--mio-image-box-height: 240px;--mio-object-fit--desktop: cover;--mio-object-fit: cover;--mio-image-box-mode: cover;\" class=\"mio-image has-mio-size-fit-box has-mio-auto-width align wp-block-museuio-companion-image\"><figure><div class=\"mio-image-wrapper\"  style=\"\"><img loading=\"lazy\" decoding=\"async\" width=\"1280\" height=\"1269\" src=\"https:\/\/museu.io\/tema\/wp-content\/uploads\/2023\/01\/expo_wabf_14.jpg\" class=\"attachment-full size-full\" alt=\"\" srcset=\"https:\/\/museu.io\/tema\/wp-content\/uploads\/2023\/01\/expo_wabf_14.jpg 1280w, https:\/\/museu.io\/tema\/wp-content\/uploads\/2023\/01\/expo_wabf_14-800x793.jpg 800w, https:\/\/museu.io\/tema\/wp-content\/uploads\/2023\/01\/expo_wabf_14-1089x1080.jpg 1089w, https:\/\/museu.io\/tema\/wp-content\/uploads\/2023\/01\/expo_wabf_14-768x761.jpg 768w, https:\/\/museu.io\/tema\/wp-content\/uploads\/2023\/01\/expo_wabf_14-40x40.jpg 40w, https:\/\/museu.io\/tema\/wp-content\/uploads\/2023\/01\/expo_wabf_14-205x203.jpg 205w, https:\/\/museu.io\/tema\/wp-content\/uploads\/2023\/01\/expo_wabf_14-480x476.jpg 480w, https:\/\/museu.io\/tema\/wp-content\/uploads\/2023\/01\/expo_wabf_14-775x768.jpg 775w, https:\/\/museu.io\/tema\/wp-content\/uploads\/2023\/01\/expo_wabf_14-600x595.jpg 600w, https:\/\/museu.io\/tema\/wp-content\/uploads\/2023\/01\/expo_wabf_14-100x100.jpg 100w\" sizes=\"auto, (max-width: 1280px) 100vw, 1280px\" \/><\/div><\/figure><\/div>\n<\/a><\/div>\n\n<div class=\"align wp-block-museuio-companion-featured-item-custom\"><a class=\"mio-featured-item-custom-wrapper-link\" href=\"javascript:void(0)\">\n<div style=\"--mio-image-box-position--desktop: 50% 50%;--mio-image-box-position: 50% 50%;--mio-image-box-height--desktop: 320px;--mio-image-box-height: 240px;--mio-object-fit--desktop: cover;--mio-object-fit: cover;--mio-image-box-mode: cover;\" class=\"mio-image has-mio-size-fit-box has-mio-auto-width align wp-block-museuio-companion-image\"><figure><div class=\"mio-image-wrapper\"  style=\"\"><img loading=\"lazy\" decoding=\"async\" width=\"1280\" height=\"1290\" src=\"https:\/\/museu.io\/tema\/wp-content\/uploads\/2023\/01\/expo_wabf_22.jpg\" class=\"attachment-full size-full\" alt=\"\" srcset=\"https:\/\/museu.io\/tema\/wp-content\/uploads\/2023\/01\/expo_wabf_22.jpg 1280w, https:\/\/museu.io\/tema\/wp-content\/uploads\/2023\/01\/expo_wabf_22-794x800.jpg 794w, https:\/\/museu.io\/tema\/wp-content\/uploads\/2023\/01\/expo_wabf_22-1072x1080.jpg 1072w, https:\/\/museu.io\/tema\/wp-content\/uploads\/2023\/01\/expo_wabf_22-768x774.jpg 768w, https:\/\/museu.io\/tema\/wp-content\/uploads\/2023\/01\/expo_wabf_22-40x40.jpg 40w, https:\/\/museu.io\/tema\/wp-content\/uploads\/2023\/01\/expo_wabf_22-205x207.jpg 205w, https:\/\/museu.io\/tema\/wp-content\/uploads\/2023\/01\/expo_wabf_22-480x484.jpg 480w, https:\/\/museu.io\/tema\/wp-content\/uploads\/2023\/01\/expo_wabf_22-762x768.jpg 762w, https:\/\/museu.io\/tema\/wp-content\/uploads\/2023\/01\/expo_wabf_22-600x605.jpg 600w, https:\/\/museu.io\/tema\/wp-content\/uploads\/2023\/01\/expo_wabf_22-100x100.jpg 100w\" sizes=\"auto, (max-width: 1280px) 100vw, 1280px\" \/><\/div><\/figure><\/div>\n<\/a><\/div>\n<\/div><\/div>\n\n<div style=\"padding-top:0;\" class=\"mio-display-carousel spacing-mode-default has-sizing-mode-item mio-gallery-enabled align wp-block-museuio-companion-carousel\" data-option-free-scroll=\"1\" data-option-wrap-around=\"\" data-option-auto-play=\"\" data-option-fade=\"\" data-option-contain=\"1\" data-option-prev-next-buttons=\"1\" data-option-cell-align=\"left\"><div class=\"mio-display-carousel__content\">\n<div class=\"align wp-block-museuio-companion-featured-item-custom\"><a class=\"mio-featured-item-custom-wrapper-link\" href=\"javascript:void(0)\">\n<div style=\"--mio-image-box-position--desktop: 50% 50%;--mio-image-box-position: 50% 50%;--mio-image-box-height--desktop: 320px;--mio-image-box-height: 240px;--mio-object-fit--desktop: cover;--mio-object-fit: cover;--mio-image-box-mode: cover;\" class=\"mio-image has-mio-size-fit-box has-mio-auto-width align wp-block-museuio-companion-image\"><figure><div class=\"mio-image-wrapper\"  style=\"\"><img loading=\"lazy\" decoding=\"async\" width=\"1280\" height=\"850\" src=\"https:\/\/museu.io\/tema\/wp-content\/uploads\/2023\/01\/expo_wabf_11.jpg\" class=\"attachment-full size-full\" alt=\"\" srcset=\"https:\/\/museu.io\/tema\/wp-content\/uploads\/2023\/01\/expo_wabf_11.jpg 1280w, https:\/\/museu.io\/tema\/wp-content\/uploads\/2023\/01\/expo_wabf_11-800x531.jpg 800w, https:\/\/museu.io\/tema\/wp-content\/uploads\/2023\/01\/expo_wabf_11-768x510.jpg 768w, https:\/\/museu.io\/tema\/wp-content\/uploads\/2023\/01\/expo_wabf_11-205x136.jpg 205w, https:\/\/museu.io\/tema\/wp-content\/uploads\/2023\/01\/expo_wabf_11-480x319.jpg 480w, https:\/\/museu.io\/tema\/wp-content\/uploads\/2023\/01\/expo_wabf_11-1157x768.jpg 1157w, https:\/\/museu.io\/tema\/wp-content\/uploads\/2023\/01\/expo_wabf_11-600x398.jpg 600w\" sizes=\"auto, (max-width: 1280px) 100vw, 1280px\" \/><\/div><\/figure><\/div>\n<\/a><\/div>\n\n<div class=\"align wp-block-museuio-companion-featured-item-custom\"><a class=\"mio-featured-item-custom-wrapper-link\" href=\"javascript:void(0)\">\n<div style=\"--mio-image-box-position--desktop: 50% 50%;--mio-image-box-position: 50% 50%;--mio-image-box-height--desktop: 320px;--mio-image-box-height: 240px;--mio-object-fit--desktop: cover;--mio-object-fit: cover;--mio-image-box-mode: cover;\" class=\"mio-image has-mio-size-fit-box has-mio-auto-width align wp-block-museuio-companion-image\"><figure><div class=\"mio-image-wrapper\"  style=\"\"><img loading=\"lazy\" decoding=\"async\" width=\"1280\" height=\"1350\" src=\"https:\/\/museu.io\/tema\/wp-content\/uploads\/2023\/01\/expo_wabf_16.jpg\" class=\"attachment-full size-full\" alt=\"\" srcset=\"https:\/\/museu.io\/tema\/wp-content\/uploads\/2023\/01\/expo_wabf_16.jpg 1280w, https:\/\/museu.io\/tema\/wp-content\/uploads\/2023\/01\/expo_wabf_16-759x800.jpg 759w, https:\/\/museu.io\/tema\/wp-content\/uploads\/2023\/01\/expo_wabf_16-1024x1080.jpg 1024w, https:\/\/museu.io\/tema\/wp-content\/uploads\/2023\/01\/expo_wabf_16-768x810.jpg 768w, https:\/\/museu.io\/tema\/wp-content\/uploads\/2023\/01\/expo_wabf_16-205x216.jpg 205w, https:\/\/museu.io\/tema\/wp-content\/uploads\/2023\/01\/expo_wabf_16-480x506.jpg 480w, https:\/\/museu.io\/tema\/wp-content\/uploads\/2023\/01\/expo_wabf_16-728x768.jpg 728w, https:\/\/museu.io\/tema\/wp-content\/uploads\/2023\/01\/expo_wabf_16-600x633.jpg 600w\" sizes=\"auto, (max-width: 1280px) 100vw, 1280px\" \/><\/div><\/figure><\/div>\n<\/a><\/div>\n\n<div class=\"align wp-block-museuio-companion-featured-item-custom\"><a class=\"mio-featured-item-custom-wrapper-link\" href=\"javascript:void(0)\">\n<div style=\"--mio-image-box-position--desktop: 50% 50%;--mio-image-box-position: 50% 50%;--mio-image-box-height--desktop: 320px;--mio-image-box-height: 240px;--mio-object-fit--desktop: cover;--mio-object-fit: cover;--mio-image-box-mode: cover;\" class=\"mio-image has-mio-size-fit-box has-mio-auto-width align wp-block-museuio-companion-image\"><figure><div class=\"mio-image-wrapper\"  style=\"\"><img loading=\"lazy\" decoding=\"async\" width=\"1280\" height=\"1326\" src=\"https:\/\/museu.io\/tema\/wp-content\/uploads\/2023\/01\/expo_wabf_25.jpg\" class=\"attachment-full size-full\" alt=\"\" srcset=\"https:\/\/museu.io\/tema\/wp-content\/uploads\/2023\/01\/expo_wabf_25.jpg 1280w, https:\/\/museu.io\/tema\/wp-content\/uploads\/2023\/01\/expo_wabf_25-772x800.jpg 772w, https:\/\/museu.io\/tema\/wp-content\/uploads\/2023\/01\/expo_wabf_25-1043x1080.jpg 1043w, https:\/\/museu.io\/tema\/wp-content\/uploads\/2023\/01\/expo_wabf_25-768x796.jpg 768w, https:\/\/museu.io\/tema\/wp-content\/uploads\/2023\/01\/expo_wabf_25-40x40.jpg 40w, https:\/\/museu.io\/tema\/wp-content\/uploads\/2023\/01\/expo_wabf_25-205x212.jpg 205w, https:\/\/museu.io\/tema\/wp-content\/uploads\/2023\/01\/expo_wabf_25-480x497.jpg 480w, https:\/\/museu.io\/tema\/wp-content\/uploads\/2023\/01\/expo_wabf_25-741x768.jpg 741w, https:\/\/museu.io\/tema\/wp-content\/uploads\/2023\/01\/expo_wabf_25-600x622.jpg 600w\" sizes=\"auto, (max-width: 1280px) 100vw, 1280px\" \/><\/div><\/figure><\/div>\n<\/a><\/div>\n\n<div class=\"align wp-block-museuio-companion-featured-item-custom\"><a class=\"mio-featured-item-custom-wrapper-link\" href=\"javascript:void(0)\">\n<div style=\"--mio-image-box-position--desktop: 50% 50%;--mio-image-box-position: 50% 50%;--mio-image-box-height--desktop: 320px;--mio-image-box-height: 240px;--mio-object-fit--desktop: cover;--mio-object-fit: cover;--mio-image-box-mode: cover;\" class=\"mio-image has-mio-size-fit-box has-mio-auto-width align wp-block-museuio-companion-image\"><figure><div class=\"mio-image-wrapper\"  style=\"\"><img loading=\"lazy\" decoding=\"async\" width=\"1280\" height=\"836\" src=\"https:\/\/museu.io\/tema\/wp-content\/uploads\/2023\/01\/expo_wabf_10.jpg\" class=\"attachment-full size-full\" alt=\"\" srcset=\"https:\/\/museu.io\/tema\/wp-content\/uploads\/2023\/01\/expo_wabf_10.jpg 1280w, https:\/\/museu.io\/tema\/wp-content\/uploads\/2023\/01\/expo_wabf_10-800x523.jpg 800w, https:\/\/museu.io\/tema\/wp-content\/uploads\/2023\/01\/expo_wabf_10-768x502.jpg 768w, https:\/\/museu.io\/tema\/wp-content\/uploads\/2023\/01\/expo_wabf_10-205x134.jpg 205w, https:\/\/museu.io\/tema\/wp-content\/uploads\/2023\/01\/expo_wabf_10-480x314.jpg 480w, https:\/\/museu.io\/tema\/wp-content\/uploads\/2023\/01\/expo_wabf_10-1176x768.jpg 1176w, https:\/\/museu.io\/tema\/wp-content\/uploads\/2023\/01\/expo_wabf_10-600x392.jpg 600w\" sizes=\"auto, (max-width: 1280px) 100vw, 1280px\" \/><\/div><\/figure><\/div>\n<\/a><\/div>\n\n<div class=\"align wp-block-museuio-companion-featured-item-custom\"><a class=\"mio-featured-item-custom-wrapper-link\" href=\"javascript:void(0)\">\n<div style=\"--mio-image-box-position--desktop: 50% 50%;--mio-image-box-position: 50% 50%;--mio-image-box-height--desktop: 320px;--mio-image-box-height: 240px;--mio-object-fit--desktop: cover;--mio-object-fit: cover;--mio-image-box-mode: cover;\" class=\"mio-image has-mio-size-fit-box has-mio-auto-width align wp-block-museuio-companion-image\"><figure><div class=\"mio-image-wrapper\"  style=\"\"><img loading=\"lazy\" decoding=\"async\" width=\"1280\" height=\"1922\" src=\"https:\/\/museu.io\/tema\/wp-content\/uploads\/2023\/01\/expo_wabf_28.jpg\" class=\"attachment-full size-full\" alt=\"\" srcset=\"https:\/\/museu.io\/tema\/wp-content\/uploads\/2023\/01\/expo_wabf_28.jpg 1280w, https:\/\/museu.io\/tema\/wp-content\/uploads\/2023\/01\/expo_wabf_28-533x800.jpg 533w, https:\/\/museu.io\/tema\/wp-content\/uploads\/2023\/01\/expo_wabf_28-719x1080.jpg 719w, https:\/\/museu.io\/tema\/wp-content\/uploads\/2023\/01\/expo_wabf_28-768x1153.jpg 768w, https:\/\/museu.io\/tema\/wp-content\/uploads\/2023\/01\/expo_wabf_28-1023x1536.jpg 1023w, https:\/\/museu.io\/tema\/wp-content\/uploads\/2023\/01\/expo_wabf_28-205x308.jpg 205w, https:\/\/museu.io\/tema\/wp-content\/uploads\/2023\/01\/expo_wabf_28-480x721.jpg 480w, https:\/\/museu.io\/tema\/wp-content\/uploads\/2023\/01\/expo_wabf_28-511x768.jpg 511w, https:\/\/museu.io\/tema\/wp-content\/uploads\/2023\/01\/expo_wabf_28-600x901.jpg 600w\" sizes=\"auto, (max-width: 1280px) 100vw, 1280px\" \/><\/div><\/figure><\/div>\n<\/a><\/div>\n\n<div class=\"align wp-block-museuio-companion-featured-item-custom\"><a class=\"mio-featured-item-custom-wrapper-link\" href=\"javascript:void(0)\">\n<div style=\"--mio-image-box-position--desktop: 50% 50%;--mio-image-box-position: 50% 50%;--mio-image-box-height--desktop: 320px;--mio-image-box-height: 240px;--mio-object-fit--desktop: cover;--mio-object-fit: cover;--mio-image-box-mode: cover;\" class=\"mio-image has-mio-size-fit-box has-mio-auto-width align wp-block-museuio-companion-image\"><figure><div class=\"mio-image-wrapper\"  style=\"\"><img loading=\"lazy\" decoding=\"async\" width=\"1280\" height=\"846\" src=\"https:\/\/museu.io\/tema\/wp-content\/uploads\/2023\/01\/expo_wabf_29.jpg\" class=\"attachment-full size-full\" alt=\"\" srcset=\"https:\/\/museu.io\/tema\/wp-content\/uploads\/2023\/01\/expo_wabf_29.jpg 1280w, https:\/\/museu.io\/tema\/wp-content\/uploads\/2023\/01\/expo_wabf_29-800x529.jpg 800w, https:\/\/museu.io\/tema\/wp-content\/uploads\/2023\/01\/expo_wabf_29-768x508.jpg 768w, https:\/\/museu.io\/tema\/wp-content\/uploads\/2023\/01\/expo_wabf_29-205x135.jpg 205w, https:\/\/museu.io\/tema\/wp-content\/uploads\/2023\/01\/expo_wabf_29-480x317.jpg 480w, https:\/\/museu.io\/tema\/wp-content\/uploads\/2023\/01\/expo_wabf_29-1162x768.jpg 1162w, https:\/\/museu.io\/tema\/wp-content\/uploads\/2023\/01\/expo_wabf_29-600x397.jpg 600w\" sizes=\"auto, (max-width: 1280px) 100vw, 1280px\" \/><\/div><\/figure><\/div>\n<\/a><\/div>\n\n<div class=\"align wp-block-museuio-companion-featured-item-custom\"><a class=\"mio-featured-item-custom-wrapper-link\" href=\"javascript:void(0)\">\n<div style=\"--mio-image-box-position--desktop: 50% 50%;--mio-image-box-position: 50% 50%;--mio-image-box-height--desktop: 320px;--mio-image-box-height: 240px;--mio-object-fit--desktop: cover;--mio-object-fit: cover;--mio-image-box-mode: cover;\" class=\"mio-image has-mio-size-fit-box has-mio-auto-width align wp-block-museuio-companion-image\"><figure><div class=\"mio-image-wrapper\"  style=\"\"><img loading=\"lazy\" decoding=\"async\" width=\"1280\" height=\"1937\" src=\"https:\/\/museu.io\/tema\/wp-content\/uploads\/2023\/01\/expo_wabf_31.jpg\" class=\"attachment-full size-full\" alt=\"\" srcset=\"https:\/\/museu.io\/tema\/wp-content\/uploads\/2023\/01\/expo_wabf_31.jpg 1280w, https:\/\/museu.io\/tema\/wp-content\/uploads\/2023\/01\/expo_wabf_31-529x800.jpg 529w, https:\/\/museu.io\/tema\/wp-content\/uploads\/2023\/01\/expo_wabf_31-714x1080.jpg 714w, https:\/\/museu.io\/tema\/wp-content\/uploads\/2023\/01\/expo_wabf_31-768x1162.jpg 768w, https:\/\/museu.io\/tema\/wp-content\/uploads\/2023\/01\/expo_wabf_31-1015x1536.jpg 1015w, https:\/\/museu.io\/tema\/wp-content\/uploads\/2023\/01\/expo_wabf_31-205x310.jpg 205w, https:\/\/museu.io\/tema\/wp-content\/uploads\/2023\/01\/expo_wabf_31-480x726.jpg 480w, https:\/\/museu.io\/tema\/wp-content\/uploads\/2023\/01\/expo_wabf_31-508x768.jpg 508w, https:\/\/museu.io\/tema\/wp-content\/uploads\/2023\/01\/expo_wabf_31-600x908.jpg 600w\" sizes=\"auto, (max-width: 1280px) 100vw, 1280px\" \/><\/div><\/figure><\/div>\n<\/a><\/div>\n\n<div class=\"align wp-block-museuio-companion-featured-item-custom\"><a class=\"mio-featured-item-custom-wrapper-link\" href=\"javascript:void(0)\">\n<div style=\"--mio-image-box-position--desktop: 50% 50%;--mio-image-box-position: 50% 50%;--mio-image-box-height--desktop: 320px;--mio-image-box-height: 240px;--mio-object-fit--desktop: cover;--mio-object-fit: cover;--mio-image-box-mode: cover;\" class=\"mio-image has-mio-size-fit-box has-mio-auto-width align wp-block-museuio-companion-image\"><figure><div class=\"mio-image-wrapper\"  style=\"\"><img loading=\"lazy\" decoding=\"async\" width=\"1280\" height=\"839\" src=\"https:\/\/museu.io\/tema\/wp-content\/uploads\/2023\/01\/expo_wabf_12.jpg\" class=\"attachment-full size-full\" alt=\"\" srcset=\"https:\/\/museu.io\/tema\/wp-content\/uploads\/2023\/01\/expo_wabf_12.jpg 1280w, https:\/\/museu.io\/tema\/wp-content\/uploads\/2023\/01\/expo_wabf_12-800x524.jpg 800w, https:\/\/museu.io\/tema\/wp-content\/uploads\/2023\/01\/expo_wabf_12-768x503.jpg 768w, https:\/\/museu.io\/tema\/wp-content\/uploads\/2023\/01\/expo_wabf_12-205x134.jpg 205w, https:\/\/museu.io\/tema\/wp-content\/uploads\/2023\/01\/expo_wabf_12-480x315.jpg 480w, https:\/\/museu.io\/tema\/wp-content\/uploads\/2023\/01\/expo_wabf_12-1172x768.jpg 1172w, https:\/\/museu.io\/tema\/wp-content\/uploads\/2023\/01\/expo_wabf_12-600x393.jpg 600w\" sizes=\"auto, (max-width: 1280px) 100vw, 1280px\" \/><\/div><\/figure><\/div>\n<\/a><\/div>\n\n<div class=\"align wp-block-museuio-companion-featured-item-custom\"><a class=\"mio-featured-item-custom-wrapper-link\" href=\"javascript:void(0)\">\n<div style=\"--mio-image-box-position--desktop: 50% 50%;--mio-image-box-position: 50% 50%;--mio-image-box-height--desktop: 320px;--mio-image-box-height: 240px;--mio-object-fit--desktop: cover;--mio-object-fit: cover;--mio-image-box-mode: cover;\" class=\"mio-image has-mio-size-fit-box has-mio-auto-width align wp-block-museuio-companion-image\"><figure><div class=\"mio-image-wrapper\"  style=\"\"><img loading=\"lazy\" decoding=\"async\" width=\"1280\" height=\"850\" src=\"https:\/\/museu.io\/tema\/wp-content\/uploads\/2023\/01\/expo_wabf_13.jpg\" class=\"attachment-full size-full\" alt=\"\" srcset=\"https:\/\/museu.io\/tema\/wp-content\/uploads\/2023\/01\/expo_wabf_13.jpg 1280w, https:\/\/museu.io\/tema\/wp-content\/uploads\/2023\/01\/expo_wabf_13-800x531.jpg 800w, https:\/\/museu.io\/tema\/wp-content\/uploads\/2023\/01\/expo_wabf_13-768x510.jpg 768w, https:\/\/museu.io\/tema\/wp-content\/uploads\/2023\/01\/expo_wabf_13-205x136.jpg 205w, https:\/\/museu.io\/tema\/wp-content\/uploads\/2023\/01\/expo_wabf_13-480x319.jpg 480w, https:\/\/museu.io\/tema\/wp-content\/uploads\/2023\/01\/expo_wabf_13-1157x768.jpg 1157w, https:\/\/museu.io\/tema\/wp-content\/uploads\/2023\/01\/expo_wabf_13-600x398.jpg 600w\" sizes=\"auto, (max-width: 1280px) 100vw, 1280px\" \/><\/div><\/figure><\/div>\n<\/a><\/div>\n\n<div class=\"align wp-block-museuio-companion-featured-item-custom\"><a class=\"mio-featured-item-custom-wrapper-link\" href=\"javascript:void(0)\">\n<div style=\"--mio-image-box-position--desktop: 50% 50%;--mio-image-box-position: 50% 50%;--mio-image-box-height--desktop: 320px;--mio-image-box-height: 240px;--mio-object-fit--desktop: cover;--mio-object-fit: cover;--mio-image-box-mode: cover;\" class=\"mio-image has-mio-size-fit-box has-mio-auto-width align wp-block-museuio-companion-image\"><figure><div class=\"mio-image-wrapper\"  style=\"\"><img loading=\"lazy\" decoding=\"async\" width=\"1280\" height=\"1384\" src=\"https:\/\/museu.io\/tema\/wp-content\/uploads\/2023\/01\/expo_wabf_34.jpg\" class=\"attachment-full size-full\" alt=\"\" srcset=\"https:\/\/museu.io\/tema\/wp-content\/uploads\/2023\/01\/expo_wabf_34.jpg 1280w, https:\/\/museu.io\/tema\/wp-content\/uploads\/2023\/01\/expo_wabf_34-740x800.jpg 740w, https:\/\/museu.io\/tema\/wp-content\/uploads\/2023\/01\/expo_wabf_34-999x1080.jpg 999w, https:\/\/museu.io\/tema\/wp-content\/uploads\/2023\/01\/expo_wabf_34-768x830.jpg 768w, https:\/\/museu.io\/tema\/wp-content\/uploads\/2023\/01\/expo_wabf_34-205x222.jpg 205w, https:\/\/museu.io\/tema\/wp-content\/uploads\/2023\/01\/expo_wabf_34-480x519.jpg 480w, https:\/\/museu.io\/tema\/wp-content\/uploads\/2023\/01\/expo_wabf_34-710x768.jpg 710w, https:\/\/museu.io\/tema\/wp-content\/uploads\/2023\/01\/expo_wabf_34-600x649.jpg 600w\" sizes=\"auto, (max-width: 1280px) 100vw, 1280px\" \/><\/div><\/figure><\/div>\n<\/a><\/div>\n\n<div class=\"align wp-block-museuio-companion-featured-item-custom\"><a class=\"mio-featured-item-custom-wrapper-link\" href=\"javascript:void(0)\">\n<div style=\"--mio-image-box-position--desktop: 50% 50%;--mio-image-box-position: 50% 50%;--mio-image-box-height--desktop: 320px;--mio-image-box-height: 240px;--mio-object-fit--desktop: cover;--mio-object-fit: cover;--mio-image-box-mode: cover;\" class=\"mio-image has-mio-size-fit-box has-mio-auto-width align wp-block-museuio-companion-image\"><figure><div class=\"mio-image-wrapper\"  style=\"\"><img loading=\"lazy\" decoding=\"async\" width=\"1280\" height=\"951\" src=\"https:\/\/museu.io\/tema\/wp-content\/uploads\/2023\/01\/expo_wabf_15.jpg\" class=\"attachment-full size-full\" alt=\"\" srcset=\"https:\/\/museu.io\/tema\/wp-content\/uploads\/2023\/01\/expo_wabf_15.jpg 1280w, https:\/\/museu.io\/tema\/wp-content\/uploads\/2023\/01\/expo_wabf_15-800x594.jpg 800w, https:\/\/museu.io\/tema\/wp-content\/uploads\/2023\/01\/expo_wabf_15-768x571.jpg 768w, https:\/\/museu.io\/tema\/wp-content\/uploads\/2023\/01\/expo_wabf_15-205x152.jpg 205w, https:\/\/museu.io\/tema\/wp-content\/uploads\/2023\/01\/expo_wabf_15-480x357.jpg 480w, https:\/\/museu.io\/tema\/wp-content\/uploads\/2023\/01\/expo_wabf_15-1034x768.jpg 1034w, https:\/\/museu.io\/tema\/wp-content\/uploads\/2023\/01\/expo_wabf_15-600x446.jpg 600w\" sizes=\"auto, (max-width: 1280px) 100vw, 1280px\" \/><\/div><\/figure><\/div>\n<\/a><\/div>\n\n<div class=\"align wp-block-museuio-companion-featured-item-custom\"><a class=\"mio-featured-item-custom-wrapper-link\" href=\"javascript:void(0)\">\n<div style=\"--mio-image-box-position--desktop: 50% 50%;--mio-image-box-position: 50% 50%;--mio-image-box-height--desktop: 320px;--mio-image-box-height: 240px;--mio-object-fit--desktop: cover;--mio-object-fit: cover;--mio-image-box-mode: cover;\" class=\"mio-image has-mio-size-fit-box has-mio-auto-width align wp-block-museuio-companion-image\"><figure><div class=\"mio-image-wrapper\"  style=\"\"><img loading=\"lazy\" decoding=\"async\" width=\"1280\" height=\"1958\" src=\"https:\/\/museu.io\/tema\/wp-content\/uploads\/2023\/01\/expo_wabf_21.jpg\" class=\"attachment-full size-full\" alt=\"\" srcset=\"https:\/\/museu.io\/tema\/wp-content\/uploads\/2023\/01\/expo_wabf_21.jpg 1280w, https:\/\/museu.io\/tema\/wp-content\/uploads\/2023\/01\/expo_wabf_21-523x800.jpg 523w, https:\/\/museu.io\/tema\/wp-content\/uploads\/2023\/01\/expo_wabf_21-706x1080.jpg 706w, https:\/\/museu.io\/tema\/wp-content\/uploads\/2023\/01\/expo_wabf_21-768x1175.jpg 768w, https:\/\/museu.io\/tema\/wp-content\/uploads\/2023\/01\/expo_wabf_21-1004x1536.jpg 1004w, https:\/\/museu.io\/tema\/wp-content\/uploads\/2023\/01\/expo_wabf_21-205x314.jpg 205w, https:\/\/museu.io\/tema\/wp-content\/uploads\/2023\/01\/expo_wabf_21-480x734.jpg 480w, https:\/\/museu.io\/tema\/wp-content\/uploads\/2023\/01\/expo_wabf_21-502x768.jpg 502w, https:\/\/museu.io\/tema\/wp-content\/uploads\/2023\/01\/expo_wabf_21-600x918.jpg 600w\" sizes=\"auto, (max-width: 1280px) 100vw, 1280px\" \/><\/div><\/figure><\/div>\n<\/a><\/div>\n\n<div class=\"align wp-block-museuio-companion-featured-item-custom\"><a class=\"mio-featured-item-custom-wrapper-link\" href=\"javascript:void(0)\">\n<div style=\"--mio-image-box-position--desktop: 50% 50%;--mio-image-box-position: 50% 50%;--mio-image-box-height--desktop: 320px;--mio-image-box-height: 240px;--mio-object-fit--desktop: cover;--mio-object-fit: cover;--mio-image-box-mode: cover;\" class=\"mio-image has-mio-size-fit-box has-mio-auto-width align wp-block-museuio-companion-image\"><figure><div class=\"mio-image-wrapper\"  style=\"\"><img loading=\"lazy\" decoding=\"async\" width=\"1280\" height=\"842\" src=\"https:\/\/museu.io\/tema\/wp-content\/uploads\/2023\/01\/expo_wabf_27.jpg\" class=\"attachment-full size-full\" alt=\"\" srcset=\"https:\/\/museu.io\/tema\/wp-content\/uploads\/2023\/01\/expo_wabf_27.jpg 1280w, https:\/\/museu.io\/tema\/wp-content\/uploads\/2023\/01\/expo_wabf_27-800x526.jpg 800w, https:\/\/museu.io\/tema\/wp-content\/uploads\/2023\/01\/expo_wabf_27-768x505.jpg 768w, https:\/\/museu.io\/tema\/wp-content\/uploads\/2023\/01\/expo_wabf_27-205x135.jpg 205w, https:\/\/museu.io\/tema\/wp-content\/uploads\/2023\/01\/expo_wabf_27-480x316.jpg 480w, https:\/\/museu.io\/tema\/wp-content\/uploads\/2023\/01\/expo_wabf_27-1168x768.jpg 1168w, https:\/\/museu.io\/tema\/wp-content\/uploads\/2023\/01\/expo_wabf_27-600x395.jpg 600w\" sizes=\"auto, (max-width: 1280px) 100vw, 1280px\" \/><\/div><\/figure><\/div>\n<\/a><\/div>\n\n<div class=\"align wp-block-museuio-companion-featured-item-custom\"><a class=\"mio-featured-item-custom-wrapper-link\" href=\"javascript:void(0)\">\n<div style=\"--mio-image-box-position--desktop: 50% 50%;--mio-image-box-position: 50% 50%;--mio-image-box-height--desktop: 320px;--mio-image-box-height: 240px;--mio-object-fit--desktop: cover;--mio-object-fit: cover;--mio-image-box-mode: cover;\" class=\"mio-image has-mio-size-fit-box has-mio-auto-width align wp-block-museuio-companion-image\"><figure><div class=\"mio-image-wrapper\"  style=\"\"><img loading=\"lazy\" decoding=\"async\" width=\"1280\" height=\"844\" src=\"https:\/\/museu.io\/tema\/wp-content\/uploads\/2023\/01\/expo_wabf_26.jpg\" class=\"attachment-full size-full\" alt=\"\" srcset=\"https:\/\/museu.io\/tema\/wp-content\/uploads\/2023\/01\/expo_wabf_26.jpg 1280w, https:\/\/museu.io\/tema\/wp-content\/uploads\/2023\/01\/expo_wabf_26-800x528.jpg 800w, https:\/\/museu.io\/tema\/wp-content\/uploads\/2023\/01\/expo_wabf_26-768x506.jpg 768w, https:\/\/museu.io\/tema\/wp-content\/uploads\/2023\/01\/expo_wabf_26-205x135.jpg 205w, https:\/\/museu.io\/tema\/wp-content\/uploads\/2023\/01\/expo_wabf_26-480x317.jpg 480w, https:\/\/museu.io\/tema\/wp-content\/uploads\/2023\/01\/expo_wabf_26-1165x768.jpg 1165w, https:\/\/museu.io\/tema\/wp-content\/uploads\/2023\/01\/expo_wabf_26-600x396.jpg 600w\" sizes=\"auto, (max-width: 1280px) 100vw, 1280px\" \/><\/div><\/figure><\/div>\n<\/a><\/div>\n\n<div class=\"align wp-block-museuio-companion-featured-item-custom\"><a class=\"mio-featured-item-custom-wrapper-link\" href=\"javascript:void(0)\">\n<div style=\"--mio-image-box-position--desktop: 50% 50%;--mio-image-box-position: 50% 50%;--mio-image-box-height--desktop: 320px;--mio-image-box-height: 240px;--mio-object-fit--desktop: cover;--mio-object-fit: cover;--mio-image-box-mode: cover;\" class=\"mio-image has-mio-size-fit-box has-mio-auto-width align wp-block-museuio-companion-image\"><figure><div class=\"mio-image-wrapper\"  style=\"\"><img loading=\"lazy\" decoding=\"async\" width=\"1280\" height=\"1922\" src=\"https:\/\/museu.io\/tema\/wp-content\/uploads\/2023\/01\/expo_wabf_33.jpg\" class=\"attachment-full size-full\" alt=\"\" srcset=\"https:\/\/museu.io\/tema\/wp-content\/uploads\/2023\/01\/expo_wabf_33.jpg 1280w, https:\/\/museu.io\/tema\/wp-content\/uploads\/2023\/01\/expo_wabf_33-533x800.jpg 533w, https:\/\/museu.io\/tema\/wp-content\/uploads\/2023\/01\/expo_wabf_33-719x1080.jpg 719w, https:\/\/museu.io\/tema\/wp-content\/uploads\/2023\/01\/expo_wabf_33-768x1153.jpg 768w, https:\/\/museu.io\/tema\/wp-content\/uploads\/2023\/01\/expo_wabf_33-1023x1536.jpg 1023w, https:\/\/museu.io\/tema\/wp-content\/uploads\/2023\/01\/expo_wabf_33-205x308.jpg 205w, https:\/\/museu.io\/tema\/wp-content\/uploads\/2023\/01\/expo_wabf_33-480x721.jpg 480w, https:\/\/museu.io\/tema\/wp-content\/uploads\/2023\/01\/expo_wabf_33-511x768.jpg 511w, https:\/\/museu.io\/tema\/wp-content\/uploads\/2023\/01\/expo_wabf_33-600x901.jpg 600w\" sizes=\"auto, (max-width: 1280px) 100vw, 1280px\" \/><\/div><\/figure><\/div>\n<\/a><\/div>\n\n<div class=\"align wp-block-museuio-companion-featured-item-custom\"><a class=\"mio-featured-item-custom-wrapper-link\" href=\"javascript:void(0)\">\n<div style=\"--mio-image-box-position--desktop: 50% 50%;--mio-image-box-position: 50% 50%;--mio-image-box-height--desktop: 320px;--mio-image-box-height: 240px;--mio-object-fit--desktop: cover;--mio-object-fit: cover;--mio-image-box-mode: cover;\" class=\"mio-image has-mio-size-fit-box has-mio-auto-width align wp-block-museuio-companion-image\"><figure><div class=\"mio-image-wrapper\"  style=\"\"><img loading=\"lazy\" decoding=\"async\" width=\"1280\" height=\"1937\" src=\"https:\/\/museu.io\/tema\/wp-content\/uploads\/2023\/01\/expo_wabf_32.jpg\" class=\"attachment-full size-full\" alt=\"\" srcset=\"https:\/\/museu.io\/tema\/wp-content\/uploads\/2023\/01\/expo_wabf_32.jpg 1280w, https:\/\/museu.io\/tema\/wp-content\/uploads\/2023\/01\/expo_wabf_32-529x800.jpg 529w, https:\/\/museu.io\/tema\/wp-content\/uploads\/2023\/01\/expo_wabf_32-714x1080.jpg 714w, https:\/\/museu.io\/tema\/wp-content\/uploads\/2023\/01\/expo_wabf_32-768x1162.jpg 768w, https:\/\/museu.io\/tema\/wp-content\/uploads\/2023\/01\/expo_wabf_32-1015x1536.jpg 1015w, https:\/\/museu.io\/tema\/wp-content\/uploads\/2023\/01\/expo_wabf_32-205x310.jpg 205w, https:\/\/museu.io\/tema\/wp-content\/uploads\/2023\/01\/expo_wabf_32-480x726.jpg 480w, https:\/\/museu.io\/tema\/wp-content\/uploads\/2023\/01\/expo_wabf_32-508x768.jpg 508w, https:\/\/museu.io\/tema\/wp-content\/uploads\/2023\/01\/expo_wabf_32-600x908.jpg 600w\" sizes=\"auto, (max-width: 1280px) 100vw, 1280px\" \/><\/div><\/figure><\/div>\n<\/a><\/div>\n\n<div class=\"align wp-block-museuio-companion-featured-item-custom\"><a class=\"mio-featured-item-custom-wrapper-link\" href=\"javascript:void(0)\">\n<div style=\"--mio-image-box-position--desktop: 50% 50%;--mio-image-box-position: 50% 50%;--mio-image-box-height--desktop: 320px;--mio-image-box-height: 240px;--mio-object-fit--desktop: cover;--mio-object-fit: cover;--mio-image-box-mode: cover;\" class=\"mio-image has-mio-size-fit-box has-mio-auto-width align wp-block-museuio-companion-image\"><figure><div class=\"mio-image-wrapper\"  style=\"\"><img loading=\"lazy\" decoding=\"async\" width=\"1280\" height=\"886\" src=\"https:\/\/museu.io\/tema\/wp-content\/uploads\/2023\/01\/expo_wabf_24.jpg\" class=\"attachment-full size-full\" alt=\"\" srcset=\"https:\/\/museu.io\/tema\/wp-content\/uploads\/2023\/01\/expo_wabf_24.jpg 1280w, https:\/\/museu.io\/tema\/wp-content\/uploads\/2023\/01\/expo_wabf_24-800x554.jpg 800w, https:\/\/museu.io\/tema\/wp-content\/uploads\/2023\/01\/expo_wabf_24-768x532.jpg 768w, https:\/\/museu.io\/tema\/wp-content\/uploads\/2023\/01\/expo_wabf_24-205x142.jpg 205w, https:\/\/museu.io\/tema\/wp-content\/uploads\/2023\/01\/expo_wabf_24-480x332.jpg 480w, https:\/\/museu.io\/tema\/wp-content\/uploads\/2023\/01\/expo_wabf_24-1110x768.jpg 1110w, https:\/\/museu.io\/tema\/wp-content\/uploads\/2023\/01\/expo_wabf_24-600x415.jpg 600w\" sizes=\"auto, (max-width: 1280px) 100vw, 1280px\" \/><\/div><\/figure><\/div>\n<\/a><\/div>\n<\/div><\/div>\n<\/div><\/div>\n\n\n<h2 class=\"wp-block-heading has-mio-subheader-1-font-size\" style=\"font-style:normal;font-weight:400\">Refer\u00eancias<\/h2>\n\n\n\n<ol class=\"wp-block-list\">\n<li><a href=\"https:\/\/kunsthalle-bern.ch\/ausstellungen\/1969\/when-attitudes-become-form\/\"><strong>&#8220;When Attitudes Become Form (Works, Concepts, Processes, Situations, Information)&#8221;<\/strong><\/a>. Kunsthalle Bern. Retrieved&nbsp;4 December&nbsp;2021.<\/li>\n\n\n\n<li><strong><a href=\"https:\/\/en.wikipedia.org\/wiki\/Live_In_Your_Head:_When_Attitudes_Become_Form#cite_ref-NYT_2-0\">^<\/a><\/strong>&nbsp;Smith, Roberta (25 February 2005).&nbsp;<a href=\"https:\/\/www.nytimes.com\/2005\/02\/25\/arts\/design\/harald-szeemann-71-curator-of-groundbreaking-shows-dies.html\">&#8220;Harald Szeemann, 71, Curator of Groundbreaking Shows, Dies&#8221;<\/a>.&nbsp;<em><strong>The New York Times<\/strong><\/em>. Retrieved&nbsp;4 December&nbsp;2021.<\/li>\n\n\n\n<li><a href=\"https:\/\/en.wikipedia.org\/wiki\/Live_In_Your_Head:_When_Attitudes_Become_Form#cite_ref-AL_3-2\"><sup><em><strong>c<\/strong><\/em><\/sup><\/a>&nbsp;Wolfe, Shira.&nbsp;<a href=\"https:\/\/magazine.artland.com\/shows-that-made-contemporary-art-history-live-in-your-head-when-attitudes-become-form\/\">&#8220;The Shows That Made Contemporary Art History: Live in Your Head. When Attitudes Become Form&#8221;<\/a>. <strong>ARTLAND Magazine<\/strong>. Retrieved&nbsp;4 December&nbsp;2021.<\/li>\n\n\n\n<li><em>Gary Kuehn: Practitioner&#8217;s Delight<\/em>. <strong>Mousse Publishing<\/strong>. 2019.&nbsp;<a href=\"https:\/\/en.wikipedia.org\/wiki\/ISBN_(identifier)\">ISBN<\/a>&nbsp;<a href=\"https:\/\/en.wikipedia.org\/wiki\/Special:BookSources\/978-8867493494\"><bdi>978-8867493494<\/bdi><\/a>.<\/li>\n\n\n\n<li><a href=\"https:\/\/www.phaidon.com\/agenda\/art\/articles\/2013\/february\/08\/the-show-that-made-harald-szeemann-a-star\/\"><strong>&#8220;The show that made Harald Szeemann a star&#8221;<\/strong><\/a>. Phaidon. Retrieved&nbsp;4 December&nbsp;2021.<\/li>\n\n\n\n<li><a href=\"https:\/\/observer.com\/2013\/06\/bad-attitudes-harald-szeemanns-landmark-exhibition-was-a-scandal-in-its-day\/\">&#8220;Bad Attitudes: Harald Szeemann&#8217;s Landmark Exhibition Was a Scandal in Its Day&#8221;<\/a>.&nbsp;<em><strong>Observer<\/strong><\/em>. 2013-06-01. Retrieved&nbsp;2019-01-25.<\/li>\n\n\n\n<li>Szeemann, Harald.&nbsp;<em><strong>Live In Your Head: When Attitudes Become Form: Works-Concepts-Processes-Situations_Information<\/strong><\/em>. Switzerland: Kunsthalle Bern.<\/li>\n\n\n\n<li>Vergne, Philippe (2003).&nbsp;<em><strong>How Latitudes Become Forms: Art in a Global Age<\/strong><\/em>. Minneapolis: Walker Art Center.<\/li>\n\n\n\n<li>Cotter, Holland (13 August 2013).&nbsp;<a href=\"https:\/\/www.nytimes.com\/2013\/08\/14\/arts\/design\/prada-foundation-remounts-a-1969-exhibition.html\">&#8220;Art&#8217;s Future Meets Its Past&#8221;<\/a>.&nbsp;<em><strong>The New York Times<\/strong><\/em>. Retrieved&nbsp;4 December&nbsp;2021.<\/li>\n\n\n\n<li><a href=\"https:\/\/www.fondazioneprada.org\/project\/when-attitudes-become-form\/?lang=en\"><strong>&#8220;When Attitudes Become Form: Bern 1969\/Venice 2013&#8221;<\/strong><\/a>. Fondazione Prada. Retrieved&nbsp;4 December&nbsp;2021.<\/li>\n\n\n\n<li>Larios, Pablo (7 September 2013).&nbsp;<a href=\"https:\/\/www.frieze.com\/article\/when-attitudes-become-form\"><strong>&#8220;When Attitudes Become Form&#8221;<\/strong><\/a>.&nbsp;<em>Frieze<\/em>. Retrieved&nbsp;4 December&nbsp;2021.<\/li>\n\n\n\n<li>Rapolt, Mark.&nbsp;<a href=\"https:\/\/artreview.com\/september-review-when-attitudes-become-form\/\"><strong>&#8220;When Attitudes Become Form: Bern 1969\/Venice 2013, Fondazione Prada, Venice&#8221;<\/strong><\/a>. Art Review. Retrieved&nbsp;4 December&nbsp;2021.\n<ul class=\"wp-block-list\">\n<li><\/li>\n<\/ul>\n<\/li>\n<\/ol>\n\n\n\n<div style=\"height:48px\" aria-hidden=\"true\" class=\"wp-block-spacer\"><\/div>\n\n\n<div style=\"margin-top:var(--wp--preset--spacing--80);margin-bottom:var(--wp--preset--spacing--80);\" class=\"mio-section-content-boxed align wp-block-museuio-companion-section\"><div class=\"mio-section__content\">\n\n<h2 class=\"wp-block-heading has-mio-subheader-2-font-size\">Exposi\u00e7\u00f5es em destaque<\/h2>\n\n\n<div style=\"padding-top:0px;padding-right:0px;padding-bottom:0px;padding-left:0px;\" class=\"mio-display-carousel spacing-mode-default has-sizing-mode-item align wp-block-museuio-companion-carousel\" data-option-free-scroll=\"1\" data-option-wrap-around=\"\" data-option-auto-play=\"\" data-option-fade=\"\" data-option-contain=\"1\" data-option-prev-next-buttons=\"1\" data-option-cell-align=\"left\"><div class=\"mio-display-carousel__content\">\n<div style=\"--mio-grid-rows--desktop: 4;--mio-grid-rows--mobile: 6;--mio-grid-cols--desktop: 6;--mio-grid-cols--mobile: 1;--mio-item-desktop-height: var(--mio-item-height, auto);--mio-item-desktop-width: 40%;--mio-item-height: auto;--mio-item-width: 85%;\" class=\"mio-custom-size has-percent-item-width align wp-block-museuio-companion-featured-item-custom\"><a class=\"mio-featured-item-custom-wrapper-link\" href=\"https:\/\/museu.io\/tema\/exposicao\/infinity-mirror-room\/\">\n<div style=\"--mio-image-box-position--desktop: 50% 20%;--mio-image-box-position: 50% 40%;--mio-image-box-height--desktop: 240px;--mio-image-box-height: 240px;--mio-image-box-width: 100%;--mio-object-fit--desktop: cover;--mio-object-fit: cover;--mio-image-box-mode: cover;\" class=\"mio-image has-mio-size-fit-box align wp-block-museuio-companion-image\"><figure><div class=\"mio-image-wrapper\"  style=\"\"><img loading=\"lazy\" decoding=\"async\" width=\"1920\" height=\"1373\" src=\"https:\/\/museu.io\/tema\/wp-content\/uploads\/2023\/05\/expo_yayoi-01.jpg\" class=\"attachment-full size-full\" alt=\"\" srcset=\"https:\/\/museu.io\/tema\/wp-content\/uploads\/2023\/05\/expo_yayoi-01.jpg 1920w, https:\/\/museu.io\/tema\/wp-content\/uploads\/2023\/05\/expo_yayoi-01-800x572.jpg 800w, https:\/\/museu.io\/tema\/wp-content\/uploads\/2023\/05\/expo_yayoi-01-1510x1080.jpg 1510w, https:\/\/museu.io\/tema\/wp-content\/uploads\/2023\/05\/expo_yayoi-01-768x549.jpg 768w, https:\/\/museu.io\/tema\/wp-content\/uploads\/2023\/05\/expo_yayoi-01-1536x1098.jpg 1536w, https:\/\/museu.io\/tema\/wp-content\/uploads\/2023\/05\/expo_yayoi-01-205x147.jpg 205w, https:\/\/museu.io\/tema\/wp-content\/uploads\/2023\/05\/expo_yayoi-01-480x343.jpg 480w, https:\/\/museu.io\/tema\/wp-content\/uploads\/2023\/05\/expo_yayoi-01-1074x768.jpg 1074w\" sizes=\"auto, (max-width: 1920px) 100vw, 1920px\" \/><\/div><\/figure><\/div>\n\n\n<div class=\"wp-block-group has-luminous-vivid-amber-background-color has-background has-global-padding is-content-justification-left is-layout-constrained wp-container-core-group-is-layout-275490c1 wp-block-group-is-layout-constrained\" style=\"padding-top:var(--wp--preset--spacing--50);padding-right:var(--wp--preset--spacing--50);padding-bottom:var(--wp--preset--spacing--50);padding-left:var(--wp--preset--spacing--50);\">\n<p class=\"has-text-align-left has-mio-small-font-size\" style=\"font-style:normal;font-weight:700;text-transform:uppercase\">EXPOSI\u00c7\u00c3O TEMPOR\u00c1RIA<\/p>\n\n\n\n<h2 class=\"wp-block-heading is-style-mio-remove-margin-block has-mio-medium-font-size\">Infinity Mirror Room<\/h2>\n\n\n\n<p class=\"has-mio-small-font-size\">De 04 de abril at\u00e9 30 de setembro<\/p>\n<\/div>\n\n<\/a><\/div>\n\n<div style=\"--mio-grid-rows--desktop: 4;--mio-grid-rows--mobile: 6;--mio-grid-cols--desktop: 6;--mio-grid-cols--mobile: 1;--mio-item-desktop-height: var(--mio-item-height, auto);--mio-item-desktop-width: 40%;--mio-item-height: auto;--mio-item-width: 85%;\" class=\"mio-custom-size has-percent-item-width align wp-block-museuio-companion-featured-item-custom\"><a class=\"mio-featured-item-custom-wrapper-link\" href=\"https:\/\/museu.io\/tema\/exposicao\/ai-weiwei-according-to-what\/\">\n<div style=\"--mio-image-box-position--desktop: 50% 20%;--mio-image-box-position: 50% 40%;--mio-image-box-height--desktop: 240px;--mio-image-box-height: 240px;--mio-image-box-width: 100%;--mio-object-fit--desktop: cover;--mio-object-fit: cover;--mio-image-box-mode: cover;\" class=\"mio-image has-mio-size-fit-box align wp-block-museuio-companion-image\"><figure><div class=\"mio-image-wrapper\"  style=\"\"><img loading=\"lazy\" decoding=\"async\" width=\"1920\" height=\"1626\" src=\"https:\/\/museu.io\/tema\/wp-content\/uploads\/2023\/05\/expo-weiwei-04.jpg\" class=\"attachment-full size-full\" alt=\"\" srcset=\"https:\/\/museu.io\/tema\/wp-content\/uploads\/2023\/05\/expo-weiwei-04.jpg 1920w, https:\/\/museu.io\/tema\/wp-content\/uploads\/2023\/05\/expo-weiwei-04-800x678.jpg 800w, https:\/\/museu.io\/tema\/wp-content\/uploads\/2023\/05\/expo-weiwei-04-1275x1080.jpg 1275w, https:\/\/museu.io\/tema\/wp-content\/uploads\/2023\/05\/expo-weiwei-04-768x650.jpg 768w, https:\/\/museu.io\/tema\/wp-content\/uploads\/2023\/05\/expo-weiwei-04-1536x1301.jpg 1536w, https:\/\/museu.io\/tema\/wp-content\/uploads\/2023\/05\/expo-weiwei-04-205x174.jpg 205w, https:\/\/museu.io\/tema\/wp-content\/uploads\/2023\/05\/expo-weiwei-04-480x407.jpg 480w, https:\/\/museu.io\/tema\/wp-content\/uploads\/2023\/05\/expo-weiwei-04-907x768.jpg 907w\" sizes=\"auto, (max-width: 1920px) 100vw, 1920px\" \/><\/div><\/figure><\/div>\n\n\n<div class=\"wp-block-group has-background has-global-padding is-content-justification-left is-layout-constrained wp-container-core-group-is-layout-275490c1 wp-block-group-is-layout-constrained\" style=\"background-color:#e7c397;padding-top:var(--wp--preset--spacing--50);padding-right:var(--wp--preset--spacing--50);padding-bottom:var(--wp--preset--spacing--50);padding-left:var(--wp--preset--spacing--50);\">\n<p class=\"has-text-align-left has-mio-small-font-size\" style=\"font-style:normal;font-weight:700;text-transform:uppercase\">EXPOSI\u00c7\u00c3O TEMPOR\u00c1RIA<\/p>\n\n\n\n<h2 class=\"wp-block-heading is-style-mio-remove-margin-block has-mio-medium-font-size\">Ai Weiwei: According to What?<\/h2>\n\n\n\n<p class=\"has-mio-small-font-size\">De 07 de outubro at\u00e9 24 de fevereiro<\/p>\n<\/div>\n\n<\/a><\/div>\n\n<div style=\"--mio-grid-rows--desktop: 4;--mio-grid-rows--mobile: 6;--mio-grid-cols--desktop: 6;--mio-grid-cols--mobile: 1;--mio-item-desktop-height: var(--mio-item-height, auto);--mio-item-desktop-width: 40%;--mio-item-height: auto;--mio-item-width: 85%;\" class=\"mio-custom-size has-percent-item-width align wp-block-museuio-companion-featured-item-custom\"><a class=\"mio-featured-item-custom-wrapper-link\" href=\"https:\/\/museu.io\/tema\/exposicao\/when-attitudes-become-form-1969\/\">\n<div style=\"--mio-image-box-position--desktop: 50% 20%;--mio-image-box-position: 50% 30%;--mio-image-box-height--desktop: 240px;--mio-image-box-height: 240px;--mio-image-box-width: 100%;--mio-object-fit--desktop: cover;--mio-object-fit: cover;--mio-image-box-mode: cover;\" class=\"mio-image has-mio-size-fit-box align wp-block-museuio-companion-image\"><figure><div class=\"mio-image-wrapper\"  style=\"\"><img loading=\"lazy\" decoding=\"async\" width=\"1280\" height=\"850\" src=\"https:\/\/museu.io\/tema\/wp-content\/uploads\/2023\/01\/expo_wabf_11.jpg\" class=\"attachment-full size-full\" alt=\"\" srcset=\"https:\/\/museu.io\/tema\/wp-content\/uploads\/2023\/01\/expo_wabf_11.jpg 1280w, https:\/\/museu.io\/tema\/wp-content\/uploads\/2023\/01\/expo_wabf_11-800x531.jpg 800w, https:\/\/museu.io\/tema\/wp-content\/uploads\/2023\/01\/expo_wabf_11-768x510.jpg 768w, https:\/\/museu.io\/tema\/wp-content\/uploads\/2023\/01\/expo_wabf_11-205x136.jpg 205w, https:\/\/museu.io\/tema\/wp-content\/uploads\/2023\/01\/expo_wabf_11-480x319.jpg 480w, https:\/\/museu.io\/tema\/wp-content\/uploads\/2023\/01\/expo_wabf_11-1157x768.jpg 1157w, https:\/\/museu.io\/tema\/wp-content\/uploads\/2023\/01\/expo_wabf_11-600x398.jpg 600w\" sizes=\"auto, (max-width: 1280px) 100vw, 1280px\" \/><\/div><\/figure><\/div>\n\n\n<div class=\"wp-block-group has-mio-black-background-color has-background has-global-padding is-content-justification-left is-layout-constrained wp-container-core-group-is-layout-275490c1 wp-block-group-is-layout-constrained\" style=\"padding-top:var(--wp--preset--spacing--50);padding-right:var(--wp--preset--spacing--50);padding-bottom:var(--wp--preset--spacing--50);padding-left:var(--wp--preset--spacing--50);\">\n<p class=\"has-text-align-left has-mio-white-color has-text-color has-mio-small-font-size\" style=\"font-style:normal;font-weight:700;text-transform:uppercase\">EXPOSI\u00c7\u00c3O TEMPOR\u00c1RIA<\/p>\n\n\n\n<h2 class=\"wp-block-heading is-style-mio-remove-margin-block has-mio-white-color has-text-color has-mio-medium-font-size\">When Attitudes Become Form<\/h2>\n\n\n\n<p class=\"has-mio-white-color has-text-color has-mio-small-font-size\">De 04 de abril at\u00e9 30 de setembro<\/p>\n<\/div>\n\n<\/a><\/div>\n<\/div><\/div>\n<\/div><\/div>","protected":false},"excerpt":{"rendered":"<p>Live In Your Head: When Attitudes Become Form\u00a0foi uma exposi\u00e7\u00e3o no\u00a0Kunsthalle Bern\u00a0com curadoria do curador su\u00ed\u00e7o,\u00a0Harald Szeemann, em 1969.<\/p>\n","protected":false},"featured_media":1457,"menu_order":0,"template":"","meta":{"_acf_changed":false,"_EventAllDay":false,"_EventTimezone":"","_EventStartDate":"","_EventEndDate":"","_EventStartDateUTC":"","_EventEndDateUTC":"","_EventShowMap":false,"_EventShowMapLink":false,"_EventURL":"","_EventCost":"","_EventCostDescription":"","_EventCurrencySymbol":"","_EventCurrencyCode":"","_EventCurrencyPosition":"","_EventDateTimeSeparator":"","_EventTimeRangeSeparator":"","_EventOrganizerID":[],"_EventVenueID":[],"_OrganizerEmail":"","_OrganizerPhone":"","_OrganizerWebsite":"","_VenueAddress":"","_VenueCity":"","_VenueCountry":"","_VenueProvince":"","_VenueState":"","_VenueZip":"","_VenuePhone":"","_VenueURL":"","_VenueStateProvince":"","_VenueLat":"","_VenueLng":"","_VenueShowMap":false,"_VenueShowMapLink":false,"mio_support_image":0,"mio_support_text":"","mio_alternative_title":"","mio_custom_heading":"","exhibition_opening_date":"19690322","exhibition_closing_date":"19690427","footnotes":""},"mio_exhibition_type":[],"mio_featured_post_classifier":[],"mio_tags":[],"class_list":["post-1456","mio_exhibition","type-mio_exhibition","status-publish","has-post-thumbnail","hentry"],"acf":[],"yoast_head":"<!-- This site is optimized with the Yoast SEO plugin v27.5 - https:\/\/yoast.com\/product\/yoast-seo-wordpress\/ -->\n<title>When Attitudes Become Form - Tema museu.io<\/title>\n<meta name=\"robots\" content=\"index, follow, max-snippet:-1, max-image-preview:large, max-video-preview:-1\" \/>\n<link rel=\"canonical\" href=\"https:\/\/museu.io\/tema\/exposicao\/when-attitudes-become-form-1969\/\" \/>\n<meta property=\"og:locale\" content=\"pt_BR\" \/>\n<meta property=\"og:type\" content=\"article\" \/>\n<meta property=\"og:title\" content=\"When Attitudes Become Form - Tema museu.io\" \/>\n<meta property=\"og:description\" content=\"Live In Your Head: When Attitudes Become Form\u00a0foi uma exposi\u00e7\u00e3o no\u00a0Kunsthalle Bern\u00a0com curadoria do curador su\u00ed\u00e7o,\u00a0Harald Szeemann, em 1969.\" \/>\n<meta property=\"og:url\" content=\"https:\/\/museu.io\/tema\/exposicao\/when-attitudes-become-form-1969\/\" \/>\n<meta property=\"og:site_name\" content=\"Tema museu.io\" \/>\n<meta property=\"article:modified_time\" content=\"2023-05-11T18:38:48+00:00\" \/>\n<meta property=\"og:image\" content=\"https:\/\/museu.io\/tema\/wp-content\/uploads\/2023\/01\/expo_wabf_1.jpg\" \/>\n\t<meta property=\"og:image:width\" content=\"1920\" \/>\n\t<meta property=\"og:image:height\" content=\"1240\" \/>\n\t<meta property=\"og:image:type\" content=\"image\/jpeg\" \/>\n<meta name=\"twitter:card\" content=\"summary_large_image\" \/>\n<meta name=\"twitter:label1\" content=\"Est. tempo de leitura\" \/>\n\t<meta name=\"twitter:data1\" content=\"4 minutos\" \/>\n<script type=\"application\/ld+json\" class=\"yoast-schema-graph\">{\"@context\":\"https:\\\/\\\/schema.org\",\"@graph\":[{\"@type\":\"WebPage\",\"@id\":\"https:\\\/\\\/museu.io\\\/tema\\\/exposicao\\\/when-attitudes-become-form-1969\\\/\",\"url\":\"https:\\\/\\\/museu.io\\\/tema\\\/exposicao\\\/when-attitudes-become-form-1969\\\/\",\"name\":\"When Attitudes Become Form - Tema museu.io\",\"isPartOf\":{\"@id\":\"https:\\\/\\\/museu.io\\\/tema\\\/#website\"},\"primaryImageOfPage\":{\"@id\":\"https:\\\/\\\/museu.io\\\/tema\\\/exposicao\\\/when-attitudes-become-form-1969\\\/#primaryimage\"},\"image\":{\"@id\":\"https:\\\/\\\/museu.io\\\/tema\\\/exposicao\\\/when-attitudes-become-form-1969\\\/#primaryimage\"},\"thumbnailUrl\":\"https:\\\/\\\/museu.io\\\/tema\\\/wp-content\\\/uploads\\\/2023\\\/01\\\/expo_wabf_1.jpg\",\"datePublished\":\"2023-01-12T04:40:21+00:00\",\"dateModified\":\"2023-05-11T18:38:48+00:00\",\"breadcrumb\":{\"@id\":\"https:\\\/\\\/museu.io\\\/tema\\\/exposicao\\\/when-attitudes-become-form-1969\\\/#breadcrumb\"},\"inLanguage\":\"pt-BR\",\"potentialAction\":[{\"@type\":\"ReadAction\",\"target\":[\"https:\\\/\\\/museu.io\\\/tema\\\/exposicao\\\/when-attitudes-become-form-1969\\\/\"]}]},{\"@type\":\"ImageObject\",\"inLanguage\":\"pt-BR\",\"@id\":\"https:\\\/\\\/museu.io\\\/tema\\\/exposicao\\\/when-attitudes-become-form-1969\\\/#primaryimage\",\"url\":\"https:\\\/\\\/museu.io\\\/tema\\\/wp-content\\\/uploads\\\/2023\\\/01\\\/expo_wabf_1.jpg\",\"contentUrl\":\"https:\\\/\\\/museu.io\\\/tema\\\/wp-content\\\/uploads\\\/2023\\\/01\\\/expo_wabf_1.jpg\",\"width\":1920,\"height\":1240},{\"@type\":\"BreadcrumbList\",\"@id\":\"https:\\\/\\\/museu.io\\\/tema\\\/exposicao\\\/when-attitudes-become-form-1969\\\/#breadcrumb\",\"itemListElement\":[{\"@type\":\"ListItem\",\"position\":1,\"name\":\"In\u00edcio\",\"item\":\"https:\\\/\\\/museu.io\\\/tema\\\/\"},{\"@type\":\"ListItem\",\"position\":2,\"name\":\"Exhibitions\",\"item\":\"https:\\\/\\\/dev.museu.io\\\/tema\\\/exposicoes\\\/\"},{\"@type\":\"ListItem\",\"position\":3,\"name\":\"When Attitudes Become Form\"}]},{\"@type\":\"WebSite\",\"@id\":\"https:\\\/\\\/museu.io\\\/tema\\\/#website\",\"url\":\"https:\\\/\\\/museu.io\\\/tema\\\/\",\"name\":\"Tema Museu.io\",\"description\":\"Site demonstra\u00e7\u00e3o do tema Museu.io\",\"publisher\":{\"@id\":\"https:\\\/\\\/museu.io\\\/tema\\\/#organization\"},\"potentialAction\":[{\"@type\":\"SearchAction\",\"target\":{\"@type\":\"EntryPoint\",\"urlTemplate\":\"https:\\\/\\\/museu.io\\\/tema\\\/?s={search_term_string}\"},\"query-input\":{\"@type\":\"PropertyValueSpecification\",\"valueRequired\":true,\"valueName\":\"search_term_string\"}}],\"inLanguage\":\"pt-BR\"},{\"@type\":\"Organization\",\"@id\":\"https:\\\/\\\/museu.io\\\/tema\\\/#organization\",\"name\":\"Museu.io\",\"url\":\"https:\\\/\\\/museu.io\\\/tema\\\/\",\"logo\":{\"@type\":\"ImageObject\",\"inLanguage\":\"pt-BR\",\"@id\":\"https:\\\/\\\/museu.io\\\/tema\\\/#\\\/schema\\\/logo\\\/image\\\/\",\"url\":\"https:\\\/\\\/museu.io\\\/tema\\\/wp-content\\\/uploads\\\/2023\\\/02\\\/Artboard-1.png\",\"contentUrl\":\"https:\\\/\\\/museu.io\\\/tema\\\/wp-content\\\/uploads\\\/2023\\\/02\\\/Artboard-1.png\",\"width\":339,\"height\":305,\"caption\":\"Museu.io\"},\"image\":{\"@id\":\"https:\\\/\\\/museu.io\\\/tema\\\/#\\\/schema\\\/logo\\\/image\\\/\"}}]}<\/script>\n<!-- \/ Yoast SEO plugin. -->","yoast_head_json":{"title":"When Attitudes Become Form - Tema museu.io","robots":{"index":"index","follow":"follow","max-snippet":"max-snippet:-1","max-image-preview":"max-image-preview:large","max-video-preview":"max-video-preview:-1"},"canonical":"https:\/\/museu.io\/tema\/exposicao\/when-attitudes-become-form-1969\/","og_locale":"pt_BR","og_type":"article","og_title":"When Attitudes Become Form - Tema museu.io","og_description":"Live In Your Head: When Attitudes Become Form\u00a0foi uma exposi\u00e7\u00e3o no\u00a0Kunsthalle Bern\u00a0com curadoria do curador su\u00ed\u00e7o,\u00a0Harald Szeemann, em 1969.","og_url":"https:\/\/museu.io\/tema\/exposicao\/when-attitudes-become-form-1969\/","og_site_name":"Tema museu.io","article_modified_time":"2023-05-11T18:38:48+00:00","og_image":[{"width":1920,"height":1240,"url":"https:\/\/museu.io\/tema\/wp-content\/uploads\/2023\/01\/expo_wabf_1.jpg","type":"image\/jpeg"}],"twitter_card":"summary_large_image","twitter_misc":{"Est. tempo de leitura":"4 minutos"},"schema":{"@context":"https:\/\/schema.org","@graph":[{"@type":"WebPage","@id":"https:\/\/museu.io\/tema\/exposicao\/when-attitudes-become-form-1969\/","url":"https:\/\/museu.io\/tema\/exposicao\/when-attitudes-become-form-1969\/","name":"When Attitudes Become Form - Tema museu.io","isPartOf":{"@id":"https:\/\/museu.io\/tema\/#website"},"primaryImageOfPage":{"@id":"https:\/\/museu.io\/tema\/exposicao\/when-attitudes-become-form-1969\/#primaryimage"},"image":{"@id":"https:\/\/museu.io\/tema\/exposicao\/when-attitudes-become-form-1969\/#primaryimage"},"thumbnailUrl":"https:\/\/museu.io\/tema\/wp-content\/uploads\/2023\/01\/expo_wabf_1.jpg","datePublished":"2023-01-12T04:40:21+00:00","dateModified":"2023-05-11T18:38:48+00:00","breadcrumb":{"@id":"https:\/\/museu.io\/tema\/exposicao\/when-attitudes-become-form-1969\/#breadcrumb"},"inLanguage":"pt-BR","potentialAction":[{"@type":"ReadAction","target":["https:\/\/museu.io\/tema\/exposicao\/when-attitudes-become-form-1969\/"]}]},{"@type":"ImageObject","inLanguage":"pt-BR","@id":"https:\/\/museu.io\/tema\/exposicao\/when-attitudes-become-form-1969\/#primaryimage","url":"https:\/\/museu.io\/tema\/wp-content\/uploads\/2023\/01\/expo_wabf_1.jpg","contentUrl":"https:\/\/museu.io\/tema\/wp-content\/uploads\/2023\/01\/expo_wabf_1.jpg","width":1920,"height":1240},{"@type":"BreadcrumbList","@id":"https:\/\/museu.io\/tema\/exposicao\/when-attitudes-become-form-1969\/#breadcrumb","itemListElement":[{"@type":"ListItem","position":1,"name":"In\u00edcio","item":"https:\/\/museu.io\/tema\/"},{"@type":"ListItem","position":2,"name":"Exhibitions","item":"https:\/\/dev.museu.io\/tema\/exposicoes\/"},{"@type":"ListItem","position":3,"name":"When Attitudes Become Form"}]},{"@type":"WebSite","@id":"https:\/\/museu.io\/tema\/#website","url":"https:\/\/museu.io\/tema\/","name":"Tema Museu.io","description":"Site demonstra\u00e7\u00e3o do tema Museu.io","publisher":{"@id":"https:\/\/museu.io\/tema\/#organization"},"potentialAction":[{"@type":"SearchAction","target":{"@type":"EntryPoint","urlTemplate":"https:\/\/museu.io\/tema\/?s={search_term_string}"},"query-input":{"@type":"PropertyValueSpecification","valueRequired":true,"valueName":"search_term_string"}}],"inLanguage":"pt-BR"},{"@type":"Organization","@id":"https:\/\/museu.io\/tema\/#organization","name":"Museu.io","url":"https:\/\/museu.io\/tema\/","logo":{"@type":"ImageObject","inLanguage":"pt-BR","@id":"https:\/\/museu.io\/tema\/#\/schema\/logo\/image\/","url":"https:\/\/museu.io\/tema\/wp-content\/uploads\/2023\/02\/Artboard-1.png","contentUrl":"https:\/\/museu.io\/tema\/wp-content\/uploads\/2023\/02\/Artboard-1.png","width":339,"height":305,"caption":"Museu.io"},"image":{"@id":"https:\/\/museu.io\/tema\/#\/schema\/logo\/image\/"}}]}},"_links":{"self":[{"href":"https:\/\/museu.io\/tema\/wp-json\/wp\/v2\/mio_exhibition\/1456","targetHints":{"allow":["GET"]}}],"collection":[{"href":"https:\/\/museu.io\/tema\/wp-json\/wp\/v2\/mio_exhibition"}],"about":[{"href":"https:\/\/museu.io\/tema\/wp-json\/wp\/v2\/types\/mio_exhibition"}],"version-history":[{"count":138,"href":"https:\/\/museu.io\/tema\/wp-json\/wp\/v2\/mio_exhibition\/1456\/revisions"}],"predecessor-version":[{"id":8578,"href":"https:\/\/museu.io\/tema\/wp-json\/wp\/v2\/mio_exhibition\/1456\/revisions\/8578"}],"wp:featuredmedia":[{"embeddable":true,"href":"https:\/\/museu.io\/tema\/wp-json\/wp\/v2\/media\/1457"}],"wp:attachment":[{"href":"https:\/\/museu.io\/tema\/wp-json\/wp\/v2\/media?parent=1456"}],"wp:term":[{"taxonomy":"mio_exhibition_type","embeddable":true,"href":"https:\/\/museu.io\/tema\/wp-json\/wp\/v2\/mio_exhibition_type?post=1456"},{"taxonomy":"mio_featured_post_classifier","embeddable":true,"href":"https:\/\/museu.io\/tema\/wp-json\/wp\/v2\/mio_featured_post_classifier?post=1456"},{"taxonomy":"mio_tags","embeddable":true,"href":"https:\/\/museu.io\/tema\/wp-json\/wp\/v2\/mio_tags?post=1456"}],"curies":[{"name":"wp","href":"https:\/\/api.w.org\/{rel}","templated":true}]}}